{"id":10381,"date":"2025-06-12T17:24:51","date_gmt":"2025-06-12T15:24:51","guid":{"rendered":"https:\/\/www.tourisme-volvestre.fr\/our-key-events\/"},"modified":"2026-03-27T15:36:53","modified_gmt":"2026-03-27T14:36:53","slug":"our-key-events","status":"publish","type":"page","link":"https:\/\/www.tourisme-volvestre.fr\/en\/our-key-events\/","title":{"rendered":"Our key events"},"content":{"rendered":"\n<div class=\"wp-block-columns is-layout-flex wp-container-core-columns-is-layout-28f84493 wp-block-columns-is-layout-flex\">\n<div class=\"wp-block-column is-layout-flow wp-block-column-is-layout-flow\">\n<h2 class=\"wp-block-heading has-text-align-center\" style=\"font-size:clamp(1.25rem, 1.25rem + ((1vw - 0.2rem) * 1.25), 2rem);\">Don&#8217;t miss the key events of the Volvestre ! <\/h2>\n\n\n\n<h3 class=\"wp-block-heading has-text-align-center\" style=\"font-size:clamp(0.875rem, 0.875rem + ((1vw - 0.2rem) * 0.708), 1.3rem);\">Art, tradition, theater, cinema, music\u2026<\/h3>\n\n\n\n<p class=\"has-text-align-center\">Volvestre invites you to discover its festive events throughout the year!<\/p>\n\n\n\n<figure class=\"wp-block-image aligncenter size-full is-style-rounded is-style-rounded--1\"><img loading=\"lazy\" decoding=\"async\" width=\"2560\" height=\"1133\" src=\"https:\/\/www.tourisme-volvestre.fr\/wp-content\/uploads\/2025\/06\/volvestre-2025-82.jpg\" alt=\"\" class=\"wp-image-4973\" srcset=\"https:\/\/www.tourisme-volvestre.fr\/wp-content\/uploads\/2025\/06\/volvestre-2025-82.jpg 2560w, https:\/\/www.tourisme-volvestre.fr\/wp-content\/uploads\/2025\/06\/volvestre-2025-82-300x133.jpg 300w, https:\/\/www.tourisme-volvestre.fr\/wp-content\/uploads\/2025\/06\/volvestre-2025-82-1024x453.jpg 1024w, https:\/\/www.tourisme-volvestre.fr\/wp-content\/uploads\/2025\/06\/volvestre-2025-82-768x340.jpg 768w, https:\/\/www.tourisme-volvestre.fr\/wp-content\/uploads\/2025\/06\/volvestre-2025-82-1536x680.jpg 1536w, https:\/\/www.tourisme-volvestre.fr\/wp-content\/uploads\/2025\/06\/volvestre-2025-82-2048x906.jpg 2048w\" sizes=\"auto, (max-width: 2560px) 100vw, 2560px\" \/><figcaption class=\"wp-element-caption\">Festival 31 notes d&#8217;\u00e9t\u00e9 @MathieuCalviac<\/figcaption><\/figure>\n<\/div>\n<\/div>\n\n<div class=\"wp-block-columns is-layout-flex wp-container-core-columns-is-layout-28f84493 wp-block-columns-is-layout-flex\">\n<div class=\"wp-block-column is-layout-flow wp-block-column-is-layout-flow\">\n<h2 class=\"wp-block-heading has-text-align-center has-large-font-size\"><strong>Les Journ\u00e9es Europ\u00e9ennes <\/strong><strong>des M\u00e9tiers d&#8217;Art<\/strong><\/h2>\n\n\n\n<p class=\"has-contrast-2-color has-text-color has-link-color has-medium-font-size wp-elements-5fbd44056ec4672a0b53d26d261eac79\"><strong>Travel the roads and meet our creators in Volvestre !<\/strong><\/p>\n\n\n\n<p>Whether they are ceramists, sculptors, or upholsterers, they all have one thing in common: a passion for their craft ! <br\/><br\/>A tour is created each year, but you can visit their workshops by appointment.<br\/><br\/>\ud83d\udcc5 The first weekend of April in Volvestre.<\/p>\n\n\n\n<div class=\"wp-block-buttons is-content-justification-center is-layout-flex wp-container-core-buttons-is-layout-a89b3969 wp-block-buttons-is-layout-flex\">\n<div class=\"wp-block-button\"><a class=\"wp-block-button__link wp-element-button\" href=\"https:\/\/www.journeesdesmetiersdart.fr\/\" target=\"_blank\" rel=\"noreferrer noopener\">Find out more !<\/a><\/div>\n<\/div>\n<\/div>\n\n\n\n<div class=\"wp-block-column is-layout-flow wp-block-column-is-layout-flow\">\n<figure class=\"wp-block-image aligncenter size-full is-style-rounded is-style-rounded--2\"><img loading=\"lazy\" decoding=\"async\" width=\"640\" height=\"640\" src=\"https:\/\/www.tourisme-volvestre.fr\/wp-content\/uploads\/2025\/06\/JEMA-2025-Affiche-officielle-640x640-crop-1733410241.webp\" alt=\"\" class=\"wp-image-4979\" style=\"aspect-ratio:1;object-fit:cover\" srcset=\"https:\/\/www.tourisme-volvestre.fr\/wp-content\/uploads\/2025\/06\/JEMA-2025-Affiche-officielle-640x640-crop-1733410241.webp 640w, https:\/\/www.tourisme-volvestre.fr\/wp-content\/uploads\/2025\/06\/JEMA-2025-Affiche-officielle-640x640-crop-1733410241-300x300.webp 300w, https:\/\/www.tourisme-volvestre.fr\/wp-content\/uploads\/2025\/06\/JEMA-2025-Affiche-officielle-640x640-crop-1733410241-150x150.webp 150w\" sizes=\"auto, (max-width: 640px) 100vw, 640px\" \/><figcaption class=\"wp-element-caption\">Poster 2025 @JEMA<\/figcaption><\/figure>\n<\/div>\n<\/div>\n\n<div class=\"wp-block-columns is-layout-flex wp-container-core-columns-is-layout-28f84493 wp-block-columns-is-layout-flex\">\n<div class=\"wp-block-column is-layout-flow wp-block-column-is-layout-flow\">\n<figure class=\"wp-block-image aligncenter size-full is-style-rounded is-style-rounded--3\"><img loading=\"lazy\" decoding=\"async\" width=\"1920\" height=\"2560\" src=\"https:\/\/www.tourisme-volvestre.fr\/wp-content\/uploads\/2025\/05\/rieuxvolvestre_anim_papogay_fig@mathieucalviac-1-scaled.jpg\" alt=\"\" class=\"wp-image-3175\" style=\"aspect-ratio:1;object-fit:cover\" srcset=\"https:\/\/www.tourisme-volvestre.fr\/wp-content\/uploads\/2025\/05\/rieuxvolvestre_anim_papogay_fig@mathieucalviac-1-scaled.jpg 1920w, https:\/\/www.tourisme-volvestre.fr\/wp-content\/uploads\/2025\/05\/rieuxvolvestre_anim_papogay_fig@mathieucalviac-1-225x300.jpg 225w, https:\/\/www.tourisme-volvestre.fr\/wp-content\/uploads\/2025\/05\/rieuxvolvestre_anim_papogay_fig@mathieucalviac-1-768x1024.jpg 768w, https:\/\/www.tourisme-volvestre.fr\/wp-content\/uploads\/2025\/05\/rieuxvolvestre_anim_papogay_fig@mathieucalviac-1-1152x1536.jpg 1152w, https:\/\/www.tourisme-volvestre.fr\/wp-content\/uploads\/2025\/05\/rieuxvolvestre_anim_papogay_fig@mathieucalviac-1-1536x2048.jpg 1536w\" sizes=\"auto, (max-width: 1920px) 100vw, 1920px\" \/><figcaption class=\"wp-element-caption\">Papogay shooting @MathieuCalviac<\/figcaption><\/figure>\n<\/div>\n\n\n\n<div class=\"wp-block-column is-layout-flow wp-block-column-is-layout-flow\">\n<h2 class=\"wp-block-heading has-text-align-center has-large-font-size\"><strong>The Papogay Festival<\/strong><\/h2>\n\n\n\n<p class=\"has-contrast-2-color has-text-color has-link-color has-medium-font-size wp-elements-301ae9749305ec91696e956f5bda24c6\"><strong>The inhabitants of Rieux-Volvestre have managed to preserve and promote the popular tradition of \u201cPapogay shooting\u201d !<\/strong><\/p>\n\n\n\n<p>Every first Sunday in May, Papogay shooting takes place. <br\/>A metal parrot is placed on a 45-meter-high pole. The archer who knocks it down becomes King of the Papogay for the year. <br\/><br\/>This event also features a mass in Occitan and a parade in medieval costumes. <br\/><br\/>\ud83d\udcc5 First weekend in May in Rieux-Volvestre.<\/p>\n\n\n\n<div class=\"wp-block-buttons is-content-justification-center is-layout-flex wp-container-core-buttons-is-layout-a89b3969 wp-block-buttons-is-layout-flex\">\n<div class=\"wp-block-button\"><a class=\"wp-block-button__link wp-element-button\" href=\"https:\/\/www.tourisme-volvestre.fr\/en\/le-papogay\/\">Find out more !<\/a><\/div>\n\n\n\n<div class=\"wp-block-button\"><a class=\"wp-block-button__link wp-element-button\" href=\"https:\/\/www.tourisme-volvestre.fr\/en\/the-museums-in-the-tourism-office\/\">Papogay museum<\/a><\/div>\n<\/div>\n<\/div>\n<\/div>\n\n<div class=\"wp-block-columns is-layout-flex wp-container-core-columns-is-layout-28f84493 wp-block-columns-is-layout-flex\">\n<div class=\"wp-block-column is-layout-flow wp-block-column-is-layout-flow\">\n<h2 class=\"wp-block-heading has-text-align-center has-large-font-size\"><strong>Empreinte Carbonne<\/strong><\/h2>\n\n\n\n<p class=\"has-contrast-2-color has-text-color has-link-color has-medium-font-size wp-elements-23b3f87915b00e20b19a6ae7be455357\"><strong>The crime fiction festival takes place in the central hall of Carbonne every year !<\/strong><\/p>\n\n\n\n<p>An event that allows you to meet authors, discover new books, attend panel discussions, and stroll through the city.<br\/><br\/>\ud83d\udcc5 In May in Carbonne.<\/p>\n\n\n\n<div class=\"wp-block-buttons is-content-justification-center is-layout-flex wp-container-core-buttons-is-layout-a89b3969 wp-block-buttons-is-layout-flex\">\n<div class=\"wp-block-button\"><a class=\"wp-block-button__link wp-element-button\" href=\"https:\/\/www.facebook.com\/EmpreinteCarbonne?locale=fr_FR\" target=\"_blank\" rel=\"noreferrer noopener\">Find out more ! <\/a><\/div>\n<\/div>\n<\/div>\n\n\n\n<div class=\"wp-block-column is-layout-flow wp-block-column-is-layout-flow\">\n<figure class=\"wp-block-image aligncenter size-full is-style-rounded is-style-rounded--4\"><img loading=\"lazy\" decoding=\"async\" width=\"2048\" height=\"2048\" src=\"https:\/\/www.tourisme-volvestre.fr\/wp-content\/uploads\/2025\/06\/339084483_1226971844596074_2241416840056930004_n.jpg\" alt=\"\" class=\"wp-image-5007\" style=\"aspect-ratio:1;object-fit:cover\" srcset=\"https:\/\/www.tourisme-volvestre.fr\/wp-content\/uploads\/2025\/06\/339084483_1226971844596074_2241416840056930004_n.jpg 2048w, https:\/\/www.tourisme-volvestre.fr\/wp-content\/uploads\/2025\/06\/339084483_1226971844596074_2241416840056930004_n-300x300.jpg 300w, https:\/\/www.tourisme-volvestre.fr\/wp-content\/uploads\/2025\/06\/339084483_1226971844596074_2241416840056930004_n-1024x1024.jpg 1024w, https:\/\/www.tourisme-volvestre.fr\/wp-content\/uploads\/2025\/06\/339084483_1226971844596074_2241416840056930004_n-150x150.jpg 150w, https:\/\/www.tourisme-volvestre.fr\/wp-content\/uploads\/2025\/06\/339084483_1226971844596074_2241416840056930004_n-768x768.jpg 768w, https:\/\/www.tourisme-volvestre.fr\/wp-content\/uploads\/2025\/06\/339084483_1226971844596074_2241416840056930004_n-1536x1536.jpg 1536w\" sizes=\"auto, (max-width: 2048px) 100vw, 2048px\" \/><figcaption class=\"wp-element-caption\">Poster 2025 @EmpreinteCarbonne<\/figcaption><\/figure>\n<\/div>\n<\/div>\n\n<div class=\"wp-block-columns is-layout-flex wp-container-core-columns-is-layout-28f84493 wp-block-columns-is-layout-flex\">\n<div class=\"wp-block-column is-layout-flow wp-block-column-is-layout-flow\">\n<h2 class=\"wp-block-heading has-text-align-center has-large-font-size\"><strong>Les rendez-vous aux jardins<\/strong>, journ\u00e9es des moulins<\/h2>\n\n\n\n<p class=\"has-contrast-2-color has-text-color has-link-color has-medium-font-size wp-elements-e949e598833c56ef4793c510340a3e1c\"><strong>A beautiful invitation to slow down, breathe\u2026 and marvel .<\/strong><\/p>\n\n\n\n<p>Discover more than 2,200 parks and 600 gardens open throughout France, some of which are open for special occasions !<br\/><br\/>In partnership with C\u0153ur de Garonne and the Bassin Auterivain, the Volvestre Tourist Office offers a program packed with walks and unusual discoveries !<br\/><br\/>\ud83d\udcc5 1st weekend of June in Volvestre.<\/p>\n\n\n\n<div class=\"wp-block-buttons is-content-justification-center is-layout-flex wp-container-core-buttons-is-layout-a89b3969 wp-block-buttons-is-layout-flex\">\n<div class=\"wp-block-button\"><a class=\"wp-block-button__link wp-element-button\" href=\"https:\/\/www.calameo.com\/read\/0071118531c922ce66519\" target=\"_blank\" rel=\"noreferrer noopener\">Find out more ! <\/a><\/div>\n<\/div>\n<\/div>\n\n\n\n<div class=\"wp-block-column is-layout-flow wp-block-column-is-layout-flow\">\n<figure class=\"wp-block-image aligncenter size-full is-style-rounded is-style-rounded--5\"><img loading=\"lazy\" decoding=\"async\" width=\"789\" height=\"789\" src=\"https:\/\/www.tourisme-volvestre.fr\/wp-content\/uploads\/2025\/06\/492669658_1296578439139071_8408138316080646644_n-1.jpg\" alt=\"\" class=\"wp-image-5026\" style=\"aspect-ratio:1;object-fit:cover\" srcset=\"https:\/\/www.tourisme-volvestre.fr\/wp-content\/uploads\/2025\/06\/492669658_1296578439139071_8408138316080646644_n-1.jpg 789w, https:\/\/www.tourisme-volvestre.fr\/wp-content\/uploads\/2025\/06\/492669658_1296578439139071_8408138316080646644_n-1-300x300.jpg 300w, https:\/\/www.tourisme-volvestre.fr\/wp-content\/uploads\/2025\/06\/492669658_1296578439139071_8408138316080646644_n-1-150x150.jpg 150w, https:\/\/www.tourisme-volvestre.fr\/wp-content\/uploads\/2025\/06\/492669658_1296578439139071_8408138316080646644_n-1-768x768.jpg 768w\" sizes=\"auto, (max-width: 789px) 100vw, 789px\" \/><figcaption class=\"wp-element-caption\">Poster 2025 @Minist\u00e8redelaCulture<\/figcaption><\/figure>\n<\/div>\n<\/div>\n\n<div class=\"wp-block-columns is-layout-flex wp-container-core-columns-is-layout-28f84493 wp-block-columns-is-layout-flex\">\n<div class=\"wp-block-column is-layout-flow wp-block-column-is-layout-flow\">\n<figure class=\"wp-block-image aligncenter size-full is-style-rounded is-style-rounded--6\"><img loading=\"lazy\" decoding=\"async\" width=\"2560\" height=\"1442\" src=\"https:\/\/www.tourisme-volvestre.fr\/wp-content\/uploads\/2025\/08\/longages_naturolacs_2025@oti.jpg\" alt=\"\" class=\"wp-image-8474\" style=\"aspect-ratio:1;object-fit:cover\" srcset=\"https:\/\/www.tourisme-volvestre.fr\/wp-content\/uploads\/2025\/08\/longages_naturolacs_2025@oti.jpg 2560w, https:\/\/www.tourisme-volvestre.fr\/wp-content\/uploads\/2025\/08\/longages_naturolacs_2025@oti-300x169.jpg 300w, https:\/\/www.tourisme-volvestre.fr\/wp-content\/uploads\/2025\/08\/longages_naturolacs_2025@oti-1024x577.jpg 1024w, https:\/\/www.tourisme-volvestre.fr\/wp-content\/uploads\/2025\/08\/longages_naturolacs_2025@oti-768x433.jpg 768w, https:\/\/www.tourisme-volvestre.fr\/wp-content\/uploads\/2025\/08\/longages_naturolacs_2025@oti-1536x865.jpg 1536w, https:\/\/www.tourisme-volvestre.fr\/wp-content\/uploads\/2025\/08\/longages_naturolacs_2025@oti-2048x1154.jpg 2048w\" sizes=\"auto, (max-width: 2560px) 100vw, 2560px\" \/><figcaption class=\"wp-element-caption\">Naturolacs in Longages @OTIduVolvestre<\/figcaption><\/figure>\n<\/div>\n\n\n\n<div class=\"wp-block-column is-layout-flow wp-block-column-is-layout-flow\">\n<h2 class=\"wp-block-heading has-text-align-center has-large-font-size\"><strong>naturolacs<\/strong><\/h2>\n\n\n\n<p class=\"has-contrast-2-color has-text-color has-link-color has-medium-font-size wp-elements-224fcfeaf7a768f1246306a61c4065b4\"><strong>A green event in Volvestre on the edge of the Sabatouse lakes in Longages <\/strong><\/p>\n\n\n\n<p>Participate in workshops, stroll through the farmers&#8217; and artisans&#8217; market, attend a show, and many other activities for the whole family ! <br\/><br\/>\ud83d\udcc5 In June in Longages.<\/p>\n<\/div>\n<\/div>\n\n<div class=\"wp-block-columns is-layout-flex wp-container-core-columns-is-layout-28f84493 wp-block-columns-is-layout-flex\">\n<div class=\"wp-block-column is-layout-flow wp-block-column-is-layout-flow\">\n<h2 class=\"wp-block-heading has-text-align-center has-large-font-size\"><strong>lafitt&#8217;en Afrik<\/strong><\/h2>\n\n\n\n<p class=\"has-contrast-2-color has-text-color has-link-color has-medium-font-size wp-elements-0002931601c01590bd1d166a639bf6f3\"><strong>An exotic weekend in the heart of Volvestre.<\/strong><\/p>\n\n\n\n<p>On the program, enjoy concerts, dances, and shows straight from Africa. <br\/><br\/>\ud83d\udcc5 In June in Lafitte-Vigordane.<\/p>\n\n\n\n<div class=\"wp-block-buttons is-content-justification-center is-layout-flex wp-container-core-buttons-is-layout-a89b3969 wp-block-buttons-is-layout-flex\">\n<div class=\"wp-block-button\"><a class=\"wp-block-button__link wp-element-button\" href=\"https:\/\/www.facebook.com\/lafitten.afrik\" target=\"_blank\" rel=\"noreferrer noopener\">More info !<\/a><\/div>\n<\/div>\n<\/div>\n\n\n\n<div class=\"wp-block-column is-layout-flow wp-block-column-is-layout-flow\">\n<figure class=\"wp-block-image aligncenter size-full is-style-rounded is-style-rounded--7\"><img loading=\"lazy\" decoding=\"async\" width=\"960\" height=\"960\" src=\"https:\/\/www.tourisme-volvestre.fr\/wp-content\/uploads\/2025\/08\/443713088_761156656193935_8011299832844958155_n.jpg\" alt=\"\" class=\"wp-image-8480\" style=\"aspect-ratio:1;object-fit:cover\" srcset=\"https:\/\/www.tourisme-volvestre.fr\/wp-content\/uploads\/2025\/08\/443713088_761156656193935_8011299832844958155_n.jpg 960w, https:\/\/www.tourisme-volvestre.fr\/wp-content\/uploads\/2025\/08\/443713088_761156656193935_8011299832844958155_n-300x300.jpg 300w, https:\/\/www.tourisme-volvestre.fr\/wp-content\/uploads\/2025\/08\/443713088_761156656193935_8011299832844958155_n-150x150.jpg 150w, https:\/\/www.tourisme-volvestre.fr\/wp-content\/uploads\/2025\/08\/443713088_761156656193935_8011299832844958155_n-768x768.jpg 768w\" sizes=\"auto, (max-width: 960px) 100vw, 960px\" \/><figcaption class=\"wp-element-caption\">LaFitt&#8217; en Afrik 2024 in Lafitte-Vigordane @LaFitt&#8217;enAfrik<\/figcaption><\/figure>\n<\/div>\n<\/div>\n\n<div class=\"wp-block-columns is-layout-flex wp-container-core-columns-is-layout-28f84493 wp-block-columns-is-layout-flex\">\n<div class=\"wp-block-column is-layout-flow wp-block-column-is-layout-flow\">\n<figure class=\"wp-block-image aligncenter size-full is-style-rounded is-style-rounded--8\"><img loading=\"lazy\" decoding=\"async\" width=\"923\" height=\"585\" src=\"https:\/\/www.tourisme-volvestre.fr\/wp-content\/uploads\/2025\/06\/Capture-decran-2021-04-26-a-10.32.41-1024x649-2.png\" alt=\"\" class=\"wp-image-4986\" style=\"aspect-ratio:1;object-fit:cover\" srcset=\"https:\/\/www.tourisme-volvestre.fr\/wp-content\/uploads\/2025\/06\/Capture-decran-2021-04-26-a-10.32.41-1024x649-2.png 923w, https:\/\/www.tourisme-volvestre.fr\/wp-content\/uploads\/2025\/06\/Capture-decran-2021-04-26-a-10.32.41-1024x649-2-300x190.png 300w, https:\/\/www.tourisme-volvestre.fr\/wp-content\/uploads\/2025\/06\/Capture-decran-2021-04-26-a-10.32.41-1024x649-2-768x487.png 768w\" sizes=\"auto, (max-width: 923px) 100vw, 923px\" \/><figcaption class=\"wp-element-caption\">L&#8217;\u00cele au th\u00e9\u00e2tre @Jean-ChristopheCharrier<\/figcaption><\/figure>\n<\/div>\n\n\n\n<div class=\"wp-block-column is-layout-flow wp-block-column-is-layout-flow\">\n<h2 class=\"wp-block-heading has-text-align-center has-large-font-size\"><strong>L&#8217;\u00eele au th\u00e9\u00e2tre<\/strong><\/h2>\n\n\n\n<p class=\"has-contrast-2-color has-text-color has-link-color has-medium-font-size wp-elements-b9e827d4a7bb5c3a1aa2a8d77030aee2\"><strong>The L&#8217;\u00eele au th\u00e9\u00e2tre festival takes place over 3 days on the first weekend of June.<\/strong><\/p>\n\n\n\n<p>The big top hosts four shows (including one for younger audiences) on Ramier Island in Montesquieu-Volvestre. A celebration of popular theater, this festival aims to introduce audiences to the theatrical act. <br\/><br\/>It features an eclectic program, more than ever, on the theme of laughter to tears.<br\/><br\/>\ud83d\udcc5 In June in Montesquieu-Volvestre.<\/p>\n\n\n\n<div class=\"wp-block-buttons is-content-justification-center is-layout-flex wp-container-core-buttons-is-layout-a89b3969 wp-block-buttons-is-layout-flex\">\n<div class=\"wp-block-button\"><a class=\"wp-block-button__link wp-element-button\" href=\"https:\/\/lileautheatre.fr\/\" target=\"_blank\" rel=\"noreferrer noopener\">Find out more !<\/a><\/div>\n<\/div>\n<\/div>\n<\/div>\n\n<div class=\"wp-block-columns is-layout-flex wp-container-core-columns-is-layout-28f84493 wp-block-columns-is-layout-flex\">\n<div class=\"wp-block-column is-layout-flow wp-block-column-is-layout-flow\">\n<h2 class=\"wp-block-heading has-text-align-center has-large-font-size\"><strong><strong>Le festival du conte<\/strong><\/strong><\/h2>\n\n\n\n<p class=\"has-contrast-2-color has-text-color has-link-color has-medium-font-size wp-elements-ebfc66df95c1e2e2259cd1bacbef3470\"><strong>The Festival du conte, is three days of storytelling ! <\/strong><\/p>\n\n\n\n<p class=\"has-contrast-color has-text-color has-link-color has-medium-font-size wp-elements-808c9a1255cba9cdd4e267136d07fea0\">The storytellers of the Association Et Cric et Crac au bout du conte meet you every year in July, in several towns, to share their passion with you in a friendly atmosphere !<br\/><br\/>\ud83d\udcc5 In July in Volvestre.<\/p>\n<\/div>\n\n\n\n<div class=\"wp-block-column is-layout-flow wp-block-column-is-layout-flow\">\n<figure class=\"wp-block-image aligncenter size-full is-style-rounded is-style-rounded--9\"><img loading=\"lazy\" decoding=\"async\" width=\"1024\" height=\"673\" src=\"https:\/\/www.tourisme-volvestre.fr\/wp-content\/uploads\/2025\/06\/Capture-decran-2021-04-26-a-10.42.24-1024x673-1.jpg\" alt=\"\" class=\"wp-image-4993\" style=\"aspect-ratio:1;object-fit:cover\" srcset=\"https:\/\/www.tourisme-volvestre.fr\/wp-content\/uploads\/2025\/06\/Capture-decran-2021-04-26-a-10.42.24-1024x673-1.jpg 1024w, https:\/\/www.tourisme-volvestre.fr\/wp-content\/uploads\/2025\/06\/Capture-decran-2021-04-26-a-10.42.24-1024x673-1-300x197.jpg 300w, https:\/\/www.tourisme-volvestre.fr\/wp-content\/uploads\/2025\/06\/Capture-decran-2021-04-26-a-10.42.24-1024x673-1-768x505.jpg 768w\" sizes=\"auto, (max-width: 1024px) 100vw, 1024px\" \/><figcaption class=\"wp-element-caption\">Le Festival du Conte @EtCricetCracauboutdumonde<\/figcaption><\/figure>\n<\/div>\n<\/div>\n\n<div class=\"wp-block-columns is-layout-flex wp-container-core-columns-is-layout-28f84493 wp-block-columns-is-layout-flex\">\n<div class=\"wp-block-column is-layout-flow wp-block-column-is-layout-flow\">\n<figure class=\"wp-block-image aligncenter size-full is-style-rounded is-style-rounded--10\"><img loading=\"lazy\" decoding=\"async\" width=\"1920\" height=\"2560\" src=\"https:\/\/www.tourisme-volvestre.fr\/wp-content\/uploads\/2025\/05\/rieuxvolvestre_patrimoine_tourasse_theatre_zoom@lisaoti-4-scaled.jpeg\" alt=\"\" class=\"wp-image-1615\" style=\"aspect-ratio:1;object-fit:cover\" srcset=\"https:\/\/www.tourisme-volvestre.fr\/wp-content\/uploads\/2025\/05\/rieuxvolvestre_patrimoine_tourasse_theatre_zoom@lisaoti-4-scaled.jpeg 1920w, https:\/\/www.tourisme-volvestre.fr\/wp-content\/uploads\/2025\/05\/rieuxvolvestre_patrimoine_tourasse_theatre_zoom@lisaoti-4-225x300.jpeg 225w, https:\/\/www.tourisme-volvestre.fr\/wp-content\/uploads\/2025\/05\/rieuxvolvestre_patrimoine_tourasse_theatre_zoom@lisaoti-4-768x1024.jpeg 768w, https:\/\/www.tourisme-volvestre.fr\/wp-content\/uploads\/2025\/05\/rieuxvolvestre_patrimoine_tourasse_theatre_zoom@lisaoti-4-1152x1536.jpeg 1152w, https:\/\/www.tourisme-volvestre.fr\/wp-content\/uploads\/2025\/05\/rieuxvolvestre_patrimoine_tourasse_theatre_zoom@lisaoti-4-1536x2048.jpeg 1536w\" sizes=\"auto, (max-width: 1920px) 100vw, 1920px\" \/><figcaption class=\"wp-element-caption\">La Tourasse, le th\u00e9\u00e2tre \u00e0 l&#8217;italienne @OTIduVolvestre<\/figcaption><\/figure>\n<\/div>\n\n\n\n<div class=\"wp-block-column is-layout-flow wp-block-column-is-layout-flow\">\n<h2 class=\"wp-block-heading has-text-align-center has-large-font-size\"><strong><strong><strong>Les Th\u00e9\u00e2trales du Volvestre<\/strong><\/strong><\/strong><\/h2>\n\n\n\n<p class=\"has-contrast-2-color has-text-color has-link-color has-medium-font-size wp-elements-b45c4fe38a71964fc5f2dea58935851d\"><strong>This festival, dedicated to all forms of theatre, is supported by Tour&#8217;Art Collectif in collaboration with the town hall of Rieux-Volvestre.<\/strong><\/p>\n\n\n\n<p>It brings together the town, cultural associations and residents around the project to rehabilitate La Tourasse (an Italian-style theatre dating from 1923).<br\/><br\/>\ud83d\udcc5 First weekend in August in Rieux-Volvestre.<\/p>\n<\/div>\n<\/div>\n\n<div class=\"wp-block-columns is-layout-flex wp-container-core-columns-is-layout-28f84493 wp-block-columns-is-layout-flex\">\n<div class=\"wp-block-column is-layout-flow wp-block-column-is-layout-flow\">\n<h2 class=\"wp-block-heading has-text-align-center has-large-font-size\"><strong><strong>Festival du film britannique<\/strong><\/strong><\/h2>\n\n\n\n<p class=\"has-contrast-2-color has-text-color has-link-color has-medium-font-size wp-elements-86e216d94cdb8591ccca94b2ceb29339\"><strong>Every year, Montesquieu-Volvestre hosts the Festival du Film Britannique.<\/strong><\/p>\n\n\n\n<p>The Festival du Film Britannique invites you to discover its selection of English and Irish films screened in their original language with subtitles.<br\/><br\/>\ud83d\udcc5 This August at Montesquieu-Volvestre.<\/p>\n<\/div>\n\n\n\n<div class=\"wp-block-column is-layout-flow wp-block-column-is-layout-flow\">\n<figure class=\"wp-block-image aligncenter size-full is-style-rounded is-style-rounded--11\"><img loading=\"lazy\" decoding=\"async\" width=\"2560\" height=\"2560\" src=\"https:\/\/www.tourisme-volvestre.fr\/wp-content\/uploads\/2025\/08\/20250707_FFB_RESEAUX_SOCIAUX_FB_IMAGE_PRINCIPALE-1.jpg\" alt=\"\" class=\"wp-image-8488\" style=\"aspect-ratio:1;object-fit:cover\" srcset=\"https:\/\/www.tourisme-volvestre.fr\/wp-content\/uploads\/2025\/08\/20250707_FFB_RESEAUX_SOCIAUX_FB_IMAGE_PRINCIPALE-1.jpg 2560w, https:\/\/www.tourisme-volvestre.fr\/wp-content\/uploads\/2025\/08\/20250707_FFB_RESEAUX_SOCIAUX_FB_IMAGE_PRINCIPALE-1-300x300.jpg 300w, https:\/\/www.tourisme-volvestre.fr\/wp-content\/uploads\/2025\/08\/20250707_FFB_RESEAUX_SOCIAUX_FB_IMAGE_PRINCIPALE-1-1024x1024.jpg 1024w, https:\/\/www.tourisme-volvestre.fr\/wp-content\/uploads\/2025\/08\/20250707_FFB_RESEAUX_SOCIAUX_FB_IMAGE_PRINCIPALE-1-150x150.jpg 150w, https:\/\/www.tourisme-volvestre.fr\/wp-content\/uploads\/2025\/08\/20250707_FFB_RESEAUX_SOCIAUX_FB_IMAGE_PRINCIPALE-1-768x768.jpg 768w, https:\/\/www.tourisme-volvestre.fr\/wp-content\/uploads\/2025\/08\/20250707_FFB_RESEAUX_SOCIAUX_FB_IMAGE_PRINCIPALE-1-1536x1536.jpg 1536w, https:\/\/www.tourisme-volvestre.fr\/wp-content\/uploads\/2025\/08\/20250707_FFB_RESEAUX_SOCIAUX_FB_IMAGE_PRINCIPALE-1-2048x2048.jpg 2048w\" sizes=\"auto, (max-width: 2560px) 100vw, 2560px\" \/><figcaption class=\"wp-element-caption\">Poster 2025 @FestivalduFilmBritannique<\/figcaption><\/figure>\n<\/div>\n<\/div>\n\n<div class=\"wp-block-columns is-layout-flex wp-container-core-columns-is-layout-28f84493 wp-block-columns-is-layout-flex\">\n<div class=\"wp-block-column is-layout-flow wp-block-column-is-layout-flow\">\n<figure class=\"wp-block-image aligncenter size-full is-style-rounded is-style-rounded--12\"><img loading=\"lazy\" decoding=\"async\" width=\"972\" height=\"639\" src=\"https:\/\/www.tourisme-volvestre.fr\/wp-content\/uploads\/2025\/06\/Capture-decran-2021-04-26-a-10.36.58-1024x673-1.jpg\" alt=\"\" class=\"wp-image-4990\" style=\"aspect-ratio:1;object-fit:cover\" srcset=\"https:\/\/www.tourisme-volvestre.fr\/wp-content\/uploads\/2025\/06\/Capture-decran-2021-04-26-a-10.36.58-1024x673-1.jpg 972w, https:\/\/www.tourisme-volvestre.fr\/wp-content\/uploads\/2025\/06\/Capture-decran-2021-04-26-a-10.36.58-1024x673-1-300x197.jpg 300w, https:\/\/www.tourisme-volvestre.fr\/wp-content\/uploads\/2025\/06\/Capture-decran-2021-04-26-a-10.36.58-1024x673-1-768x505.jpg 768w\" sizes=\"auto, (max-width: 972px) 100vw, 972px\" \/><figcaption class=\"wp-element-caption\">Festival @Les31notesd&#8217;\u00e9t\u00e9<\/figcaption><\/figure>\n<\/div>\n\n\n\n<div class=\"wp-block-column is-layout-flow wp-block-column-is-layout-flow\">\n<h2 class=\"wp-block-heading has-text-align-center has-large-font-size\">Festival <strong><strong>Les 31 Notes d&#8217;\u00e9t\u00e9<\/strong><\/strong><\/h2>\n\n\n\n<p class=\"has-contrast-2-color has-text-color has-link-color has-medium-font-size wp-elements-54f5c7562bc5945a3856b2ccb408618f\"><strong>The Haute-Garonne Departmental Council offers you a clever mix of music, shows, exhibitions and discoveries of local heritage.<\/strong><\/p>\n\n\n\n<p>Young talents from Haute-Garonne and local treasures will enchant you in some thirty town centers across the department.<br\/><br\/>\ud83d\udcc5 Every other year, in August: the next one will take place in 2026 in Volvestre.<\/p>\n<\/div>\n<\/div>\n\n<div class=\"wp-block-columns is-layout-flex wp-container-core-columns-is-layout-28f84493 wp-block-columns-is-layout-flex\">\n<div class=\"wp-block-column is-layout-flow wp-block-column-is-layout-flow\">\n<h2 class=\"wp-block-heading has-text-align-center has-large-font-size\"><strong><strong><strong>Antic&#8217;Agri<\/strong><\/strong><\/strong><\/h2>\n\n\n\n<p class=\"has-contrast-2-color has-text-color has-link-color wp-elements-69eb1d43f2ce64406bf37b51ad37d525\"><strong>An event organized by the Labour Passion association.<\/strong><\/p>\n\n\n\n<p class=\"has-contrast-color has-text-color has-link-color wp-elements-b876bce26f9bb57e27486ab96a493f72\">An exchange fair, old trades, plowing competitions, a mini living farm, and agricultural demonstrations await you every year on the first weekend of September in Longages on a plot of land covering almost 20 hectares.<br\/><br\/>\ud83d\udcc5 First weekend of September in Longages.<\/p>\n\n\n\n<div class=\"wp-block-buttons is-content-justification-center is-layout-flex wp-container-core-buttons-is-layout-a89b3969 wp-block-buttons-is-layout-flex\">\n<div class=\"wp-block-button\"><a class=\"wp-block-button__link wp-element-button\" href=\"https:\/\/www.facebook.com\/p\/Labour-Passion-100071241434167\/?locale=fr_FR\" target=\"_blank\" rel=\"noreferrer noopener\">Find out more !<\/a><\/div>\n<\/div>\n<\/div>\n\n\n\n<div class=\"wp-block-column is-layout-flow wp-block-column-is-layout-flow\">\n<figure class=\"wp-block-image aligncenter size-full is-style-rounded is-style-rounded--13\"><img loading=\"lazy\" decoding=\"async\" width=\"1022\" height=\"679\" src=\"https:\/\/www.tourisme-volvestre.fr\/wp-content\/uploads\/2025\/06\/longages_anticagri_tracteurs@oti.jpg\" alt=\"\" class=\"wp-image-4996\" style=\"aspect-ratio:1;object-fit:cover\" srcset=\"https:\/\/www.tourisme-volvestre.fr\/wp-content\/uploads\/2025\/06\/longages_anticagri_tracteurs@oti.jpg 1022w, https:\/\/www.tourisme-volvestre.fr\/wp-content\/uploads\/2025\/06\/longages_anticagri_tracteurs@oti-300x199.jpg 300w, https:\/\/www.tourisme-volvestre.fr\/wp-content\/uploads\/2025\/06\/longages_anticagri_tracteurs@oti-768x510.jpg 768w\" sizes=\"auto, (max-width: 1022px) 100vw, 1022px\" \/><figcaption class=\"wp-element-caption\">Antic&#8217;Agri @OfficeduTourismeduVolvestre<\/figcaption><\/figure>\n<\/div>\n<\/div>\n\n<div class=\"wp-block-columns is-layout-flex wp-container-core-columns-is-layout-28f84493 wp-block-columns-is-layout-flex\">\n<div class=\"wp-block-column is-layout-flow wp-block-column-is-layout-flow\">\n<figure class=\"wp-block-image aligncenter size-full is-style-rounded is-style-rounded--14\"><img loading=\"lazy\" decoding=\"async\" width=\"2220\" height=\"2220\" src=\"https:\/\/www.tourisme-volvestre.fr\/wp-content\/uploads\/2025\/06\/bbdffc101d05-Affiche-A4.pdf-1.jpg\" alt=\"\" class=\"wp-image-5017\" style=\"aspect-ratio:1;object-fit:cover\" srcset=\"https:\/\/www.tourisme-volvestre.fr\/wp-content\/uploads\/2025\/06\/bbdffc101d05-Affiche-A4.pdf-1.jpg 2220w, https:\/\/www.tourisme-volvestre.fr\/wp-content\/uploads\/2025\/06\/bbdffc101d05-Affiche-A4.pdf-1-300x300.jpg 300w, https:\/\/www.tourisme-volvestre.fr\/wp-content\/uploads\/2025\/06\/bbdffc101d05-Affiche-A4.pdf-1-1024x1024.jpg 1024w, https:\/\/www.tourisme-volvestre.fr\/wp-content\/uploads\/2025\/06\/bbdffc101d05-Affiche-A4.pdf-1-150x150.jpg 150w, https:\/\/www.tourisme-volvestre.fr\/wp-content\/uploads\/2025\/06\/bbdffc101d05-Affiche-A4.pdf-1-768x768.jpg 768w, https:\/\/www.tourisme-volvestre.fr\/wp-content\/uploads\/2025\/06\/bbdffc101d05-Affiche-A4.pdf-1-1536x1536.jpg 1536w, https:\/\/www.tourisme-volvestre.fr\/wp-content\/uploads\/2025\/06\/bbdffc101d05-Affiche-A4.pdf-1-2048x2048.jpg 2048w\" sizes=\"auto, (max-width: 2220px) 100vw, 2220px\" \/><figcaption class=\"wp-element-caption\">Poster @Minist\u00e8redelaCulture<\/figcaption><\/figure>\n<\/div>\n\n\n\n<div class=\"wp-block-column is-layout-flow wp-block-column-is-layout-flow\">\n<h2 class=\"wp-block-heading has-text-align-center has-large-font-size\"><strong>Les journ\u00e9es europ\u00e9ennes du patrimoine<\/strong><\/h2>\n\n\n\n<p class=\"has-contrast-2-color has-text-color has-link-color has-medium-font-size wp-elements-43effdf6b4fa087528d7f8964d986211\"><strong>Original visits and places open especially for the occasion: take part in the Journ\u00e9es Europ\u00e9ennes du Patrimoine !<\/strong><\/p>\n\n\n\n<p>Discover a new theme every year !<br\/>In 2025, the theme is \u201carchitectural heritage\u201d.<br\/><br\/>\ud83d\udcc5 3rd weekend of September in Volvestre.<\/p>\n\n\n\n<div class=\"wp-block-buttons is-content-justification-center is-layout-flex wp-container-core-buttons-is-layout-a89b3969 wp-block-buttons-is-layout-flex\">\n<div class=\"wp-block-button\"><a class=\"wp-block-button__link wp-element-button\" href=\"https:\/\/journeesdupatrimoine.culture.gouv.fr\/\" target=\"_blank\" rel=\"noreferrer noopener\">Find out more !<\/a><\/div>\n<\/div>\n<\/div>\n<\/div>\n\n<div class=\"wp-block-columns is-layout-flex wp-container-core-columns-is-layout-28f84493 wp-block-columns-is-layout-flex\">\n<div class=\"wp-block-column is-layout-flow wp-block-column-is-layout-flow\">\n<h2 class=\"wp-block-heading has-text-align-center has-large-font-size\"><strong><strong><strong><strong>Les fruits oubli\u00e9s<\/strong><\/strong><\/strong><\/strong><\/h2>\n\n\n\n<p class=\"has-contrast-2-color has-text-color has-link-color has-medium-font-size wp-elements-807b49911746270be8829a66d2a6b69e\"><strong>A great celebration that highlights the fruits of yesteryear.<\/strong><\/p>\n\n\n\n<p>Discover the botany and the terroir of yesteryear, quinces, medlars, physalis, persimmons, strawberry trees, elderberries&#8230; Fruits that you will undoubtedly have forgotten but which still persist in our orchards and gardens. <br\/><br\/>\ud83d\udcc5 End of September in Rieux-Volvestre.<\/p>\n<\/div>\n\n\n\n<div class=\"wp-block-column is-layout-flow wp-block-column-is-layout-flow\">\n<figure class=\"wp-block-image aligncenter size-full is-style-rounded is-style-rounded--15\"><img loading=\"lazy\" decoding=\"async\" width=\"1920\" height=\"2560\" src=\"https:\/\/www.tourisme-volvestre.fr\/wp-content\/uploads\/2025\/05\/rieuxvolvestre_animation_fruitsoublies_fruits@arthuroti-scaled.jpg\" alt=\"\" class=\"wp-image-3014\" style=\"aspect-ratio:1;object-fit:cover\" srcset=\"https:\/\/www.tourisme-volvestre.fr\/wp-content\/uploads\/2025\/05\/rieuxvolvestre_animation_fruitsoublies_fruits@arthuroti-scaled.jpg 1920w, https:\/\/www.tourisme-volvestre.fr\/wp-content\/uploads\/2025\/05\/rieuxvolvestre_animation_fruitsoublies_fruits@arthuroti-225x300.jpg 225w, https:\/\/www.tourisme-volvestre.fr\/wp-content\/uploads\/2025\/05\/rieuxvolvestre_animation_fruitsoublies_fruits@arthuroti-768x1024.jpg 768w, https:\/\/www.tourisme-volvestre.fr\/wp-content\/uploads\/2025\/05\/rieuxvolvestre_animation_fruitsoublies_fruits@arthuroti-1152x1536.jpg 1152w, https:\/\/www.tourisme-volvestre.fr\/wp-content\/uploads\/2025\/05\/rieuxvolvestre_animation_fruitsoublies_fruits@arthuroti-1536x2048.jpg 1536w\" sizes=\"auto, (max-width: 1920px) 100vw, 1920px\" \/><figcaption class=\"wp-element-caption\">Festival Les Fruits Oubli\u00e9s @OTIduVolvestre<\/figcaption><\/figure>\n<\/div>\n<\/div>\n\n<div class=\"wp-block-columns is-layout-flex wp-container-core-columns-is-layout-28f84493 wp-block-columns-is-layout-flex\">\n<div class=\"wp-block-column is-layout-flow wp-block-column-is-layout-flow\">\n<figure class=\"wp-block-image aligncenter size-full is-style-rounded is-style-rounded--16\"><img loading=\"lazy\" decoding=\"async\" width=\"2560\" height=\"1707\" src=\"https:\/\/www.tourisme-volvestre.fr\/wp-content\/uploads\/2026\/03\/lahitere_animaux_vache_regard@oceaneoti.jpg\" alt=\"\" class=\"wp-image-11705\" style=\"aspect-ratio:1;object-fit:cover\" srcset=\"https:\/\/www.tourisme-volvestre.fr\/wp-content\/uploads\/2026\/03\/lahitere_animaux_vache_regard@oceaneoti.jpg 2560w, https:\/\/www.tourisme-volvestre.fr\/wp-content\/uploads\/2026\/03\/lahitere_animaux_vache_regard@oceaneoti-300x200.jpg 300w, https:\/\/www.tourisme-volvestre.fr\/wp-content\/uploads\/2026\/03\/lahitere_animaux_vache_regard@oceaneoti-1024x683.jpg 1024w, https:\/\/www.tourisme-volvestre.fr\/wp-content\/uploads\/2026\/03\/lahitere_animaux_vache_regard@oceaneoti-768x512.jpg 768w, https:\/\/www.tourisme-volvestre.fr\/wp-content\/uploads\/2026\/03\/lahitere_animaux_vache_regard@oceaneoti-1536x1024.jpg 1536w, https:\/\/www.tourisme-volvestre.fr\/wp-content\/uploads\/2026\/03\/lahitere_animaux_vache_regard@oceaneoti-2048x1366.jpg 2048w\" sizes=\"auto, (max-width: 2560px) 100vw, 2560px\" \/><figcaption class=\"wp-element-caption\">@OTIduVolvestre.<\/figcaption><\/figure>\n<\/div>\n\n\n\n<div class=\"wp-block-column is-layout-flow wp-block-column-is-layout-flow\">\n<h2 class=\"wp-block-heading has-text-align-center has-large-font-size\"><strong><strong><strong><strong>Les Journ\u00e9es Agricoles du Volvestre<\/strong><\/strong><\/strong><\/strong><\/h2>\n\n\n\n<p class=\"has-contrast-2-color has-text-color has-link-color has-medium-font-size wp-elements-dc0c2610cdf790ba34bb1248888aad7a\"><strong>Every 3 years the Volvestre Agricultural Days are held in Montesquieu-Volvestre. <\/strong><\/p>\n\n\n\n<p>This event, which has been going on for over 50 years, offers the public the opportunity to learn more about the animal breeds raised in our region.<br\/><br\/>It&#8217;s also a showcase of rural life, with numerous activities, play areas for children, and surprising discoveries at each stand ! <br\/><br\/>\ud83d\udcc5 In September every three years in Montesquieu-Volvestre.<\/p>\n<\/div>\n<\/div>\n\n<div class=\"wp-block-columns is-layout-flex wp-container-core-columns-is-layout-28f84493 wp-block-columns-is-layout-flex\">\n<div class=\"wp-block-column is-layout-flow wp-block-column-is-layout-flow\">\n<h2 class=\"wp-block-heading has-text-align-center has-large-font-size\"><strong><strong><strong><strong>Les 16 jours de samonios <\/strong><\/strong><\/strong><\/strong><\/h2>\n\n\n\n<p class=\"has-contrast-2-color has-text-color has-link-color has-medium-font-size wp-elements-9e48ea0b5b856de2c24a8e5def81d2ea\"><strong>Every year, the Village Gaulois invites you to return to the origins of Halloween.<\/strong><\/p>\n\n\n\n<p>The Samonios festivities invite you to come and discover six demonstrations of Gallic crafts. <br\/><br\/>\ud83d\udcc5 In October. <\/p>\n\n\n\n<div class=\"wp-block-buttons is-content-justification-center is-layout-flex wp-container-core-buttons-is-layout-a89b3969 wp-block-buttons-is-layout-flex\">\n<div class=\"wp-block-button\"><a class=\"wp-block-button__link wp-element-button\" href=\"https:\/\/www.village-gaulois.org\/visites-et-activites\/les-rendez-vous-annuels\/#:~:text=Durant%2016%20jours%2C%20les%20festivit%C3%A9s,selon%20le%20programme%20du%20jour)\" target=\"_blank\" rel=\"noreferrer noopener\">Village key events<\/a><\/div>\n<\/div>\n<\/div>\n\n\n\n<div class=\"wp-block-column is-layout-flow wp-block-column-is-layout-flow\">\n<figure class=\"wp-block-image aligncenter size-full is-style-rounded is-style-rounded--17\"><img loading=\"lazy\" decoding=\"async\" width=\"2176\" height=\"1709\" src=\"https:\/\/www.tourisme-volvestre.fr\/wp-content\/uploads\/2025\/08\/rieuxvolvestre_villagegaulois_famille_loisirs_fig_entree@pierrehonore-e1754574720756.jpg\" alt=\"\" class=\"wp-image-8462\" style=\"aspect-ratio:1;object-fit:cover\" srcset=\"https:\/\/www.tourisme-volvestre.fr\/wp-content\/uploads\/2025\/08\/rieuxvolvestre_villagegaulois_famille_loisirs_fig_entree@pierrehonore-e1754574720756.jpg 2176w, https:\/\/www.tourisme-volvestre.fr\/wp-content\/uploads\/2025\/08\/rieuxvolvestre_villagegaulois_famille_loisirs_fig_entree@pierrehonore-e1754574720756-300x236.jpg 300w, https:\/\/www.tourisme-volvestre.fr\/wp-content\/uploads\/2025\/08\/rieuxvolvestre_villagegaulois_famille_loisirs_fig_entree@pierrehonore-e1754574720756-1024x804.jpg 1024w, https:\/\/www.tourisme-volvestre.fr\/wp-content\/uploads\/2025\/08\/rieuxvolvestre_villagegaulois_famille_loisirs_fig_entree@pierrehonore-e1754574720756-768x603.jpg 768w, https:\/\/www.tourisme-volvestre.fr\/wp-content\/uploads\/2025\/08\/rieuxvolvestre_villagegaulois_famille_loisirs_fig_entree@pierrehonore-e1754574720756-1536x1206.jpg 1536w, https:\/\/www.tourisme-volvestre.fr\/wp-content\/uploads\/2025\/08\/rieuxvolvestre_villagegaulois_famille_loisirs_fig_entree@pierrehonore-e1754574720756-2048x1608.jpg 2048w\" sizes=\"auto, (max-width: 2176px) 100vw, 2176px\" \/><figcaption class=\"wp-element-caption\">The Village Gaulois in \u00e0 Saint-Julien-sur-Garonne @PierreHonor\u00e9 <\/figcaption><\/figure>\n<\/div>\n<\/div>\n\n<div class=\"wp-block-columns is-layout-flex wp-container-core-columns-is-layout-28f84493 wp-block-columns-is-layout-flex\">\n<div class=\"wp-block-column is-layout-flow wp-block-column-is-layout-flow\">\n<figure class=\"wp-block-image aligncenter size-full is-style-rounded is-style-rounded--18\"><img loading=\"lazy\" decoding=\"async\" width=\"1719\" height=\"1719\" src=\"https:\/\/www.tourisme-volvestre.fr\/wp-content\/uploads\/2025\/12\/latimundo2025-affiche@2x.jpg\" alt=\"\" class=\"wp-image-11069\" style=\"aspect-ratio:1;object-fit:cover\" srcset=\"https:\/\/www.tourisme-volvestre.fr\/wp-content\/uploads\/2025\/12\/latimundo2025-affiche@2x.jpg 1719w, https:\/\/www.tourisme-volvestre.fr\/wp-content\/uploads\/2025\/12\/latimundo2025-affiche@2x-300x300.jpg 300w, https:\/\/www.tourisme-volvestre.fr\/wp-content\/uploads\/2025\/12\/latimundo2025-affiche@2x-1024x1024.jpg 1024w, https:\/\/www.tourisme-volvestre.fr\/wp-content\/uploads\/2025\/12\/latimundo2025-affiche@2x-150x150.jpg 150w, https:\/\/www.tourisme-volvestre.fr\/wp-content\/uploads\/2025\/12\/latimundo2025-affiche@2x-768x768.jpg 768w, https:\/\/www.tourisme-volvestre.fr\/wp-content\/uploads\/2025\/12\/latimundo2025-affiche@2x-1536x1536.jpg 1536w\" sizes=\"auto, (max-width: 1719px) 100vw, 1719px\" \/><figcaption class=\"wp-element-caption\">Poster 2025 @Latimundo<\/figcaption><\/figure>\n<\/div>\n\n\n\n<div class=\"wp-block-column is-layout-flow wp-block-column-is-layout-flow\">\n<h2 class=\"wp-block-heading has-text-align-center has-large-font-size\"><strong>Festival Latimundo<\/strong><\/h2>\n\n\n\n<p class=\"has-contrast-2-color has-text-color has-link-color has-medium-font-size wp-elements-24d9bc7261bfa385b2bb071f5306c3bc\"><strong>Latin American culture is invited to Volvestre during the Latimundo Festival .<\/strong><\/p>\n\n\n\n<p>Enjoy a meal accompanied by live music and a pop-up exhibition.<br\/><br\/>Proceeds will benefit the \u201cPececitos\u201d association , which supports children living in the slums of Asunci\u00f3n, the capital of Paraguay.<br\/><br\/>\ud83d\udcc5 In December in Gouzens.<\/p>\n\n\n\n<div class=\"wp-block-buttons is-content-justification-center is-layout-flex wp-container-core-buttons-is-layout-a89b3969 wp-block-buttons-is-layout-flex\">\n<div class=\"wp-block-button\"><a class=\"wp-block-button__link wp-element-button\" href=\"https:\/\/gouzens.fr\/tag\/latimundo\/\" target=\"_blank\" rel=\"noreferrer noopener\">Find out more !<\/a><\/div>\n<\/div>\n<\/div>\n<\/div>\n\n<div class=\"wp-block-columns is-layout-flex wp-container-core-columns-is-layout-28f84493 wp-block-columns-is-layout-flex\">\n<div class=\"wp-block-column is-layout-flow wp-block-column-is-layout-flow\">\n<h2 class=\"wp-block-heading has-text-align-center has-large-font-size\"><strong><strong><strong><strong>Christmas markets<\/strong><\/strong><\/strong><\/strong><\/h2>\n\n\n\n<p class=\"has-contrast-2-color has-text-color has-link-color has-medium-font-size wp-elements-1ff895e258dc00c2600b556fb53ac665\"><strong>The magic of Christmas is taking hold in Volvestre at our markets.<\/strong><\/p>\n\n\n\n<p>The market schedule will be available at the end of the year.<br\/><br\/>\ud83d\udcc5 In December in Volvestre.<\/p>\n<\/div>\n\n\n\n<div class=\"wp-block-column is-layout-flow wp-block-column-is-layout-flow\">\n<figure class=\"wp-block-image aligncenter size-full is-style-rounded is-style-rounded--19\"><img loading=\"lazy\" decoding=\"async\" width=\"1920\" height=\"2560\" src=\"https:\/\/www.tourisme-volvestre.fr\/wp-content\/uploads\/2025\/08\/rieuxvolvestre_coffretdenoel_animation_produitslocaux@oti.jpeg\" alt=\"\" class=\"wp-image-8498\" style=\"aspect-ratio:1;object-fit:cover\" srcset=\"https:\/\/www.tourisme-volvestre.fr\/wp-content\/uploads\/2025\/08\/rieuxvolvestre_coffretdenoel_animation_produitslocaux@oti.jpeg 1920w, https:\/\/www.tourisme-volvestre.fr\/wp-content\/uploads\/2025\/08\/rieuxvolvestre_coffretdenoel_animation_produitslocaux@oti-225x300.jpeg 225w, https:\/\/www.tourisme-volvestre.fr\/wp-content\/uploads\/2025\/08\/rieuxvolvestre_coffretdenoel_animation_produitslocaux@oti-768x1024.jpeg 768w, https:\/\/www.tourisme-volvestre.fr\/wp-content\/uploads\/2025\/08\/rieuxvolvestre_coffretdenoel_animation_produitslocaux@oti-1152x1536.jpeg 1152w, https:\/\/www.tourisme-volvestre.fr\/wp-content\/uploads\/2025\/08\/rieuxvolvestre_coffretdenoel_animation_produitslocaux@oti-1536x2048.jpeg 1536w\" sizes=\"auto, (max-width: 1920px) 100vw, 1920px\" \/><figcaption class=\"wp-element-caption\">Christmas boxes @OTIduVolvestre<\/figcaption><\/figure>\n<\/div>\n<\/div>\n\n<div class=\"wp-block-group alignfull has-accent-4-background-color has-background has-global-padding is-layout-constrained wp-container-core-group-is-layout-ed5e8923 wp-block-group-is-layout-constrained\" style=\"margin-top:var(--wp--preset--spacing--20);margin-bottom:0;padding-top:var(--wp--preset--spacing--20);padding-right:var(--wp--preset--spacing--20);padding-bottom:var(--wp--preset--spacing--20);padding-left:var(--wp--preset--spacing--20)\">\n<h2 class=\"wp-block-heading has-text-align-center\">You may also like&#8230;<\/h2>\n\n\n\n<div class=\"wp-block-group has-global-padding is-layout-constrained wp-container-core-group-is-layout-c385debf wp-block-group-is-layout-constrained\" style=\"padding-top:var(--wp--preset--spacing--20);padding-right:var(--wp--preset--spacing--20);padding-bottom:var(--wp--preset--spacing--20);padding-left:var(--wp--preset--spacing--20)\">\n<div class=\"wp-block-columns is-layout-flex wp-container-core-columns-is-layout-28f84493 wp-block-columns-is-layout-flex\">\n<div class=\"wp-block-column is-layout-flow wp-block-column-is-layout-flow\">\n<figure class=\"wp-block-image aligncenter size-full has-custom-border\"><img loading=\"lazy\" decoding=\"async\" width=\"1600\" height=\"1204\" src=\"https:\/\/www.tourisme-volvestre.fr\/wp-content\/uploads\/2025\/05\/saintsulpicesurleze_animation_patrimoine_visiteguidee_groupe_eglise_clocher_fig@lisaoti.jpeg\" alt=\"\" class=\"wp-image-1721\" style=\"border-radius:25px;aspect-ratio:1;object-fit:cover\" srcset=\"https:\/\/www.tourisme-volvestre.fr\/wp-content\/uploads\/2025\/05\/saintsulpicesurleze_animation_patrimoine_visiteguidee_groupe_eglise_clocher_fig@lisaoti.jpeg 1600w, https:\/\/www.tourisme-volvestre.fr\/wp-content\/uploads\/2025\/05\/saintsulpicesurleze_animation_patrimoine_visiteguidee_groupe_eglise_clocher_fig@lisaoti-300x226.jpeg 300w, https:\/\/www.tourisme-volvestre.fr\/wp-content\/uploads\/2025\/05\/saintsulpicesurleze_animation_patrimoine_visiteguidee_groupe_eglise_clocher_fig@lisaoti-1024x771.jpeg 1024w, https:\/\/www.tourisme-volvestre.fr\/wp-content\/uploads\/2025\/05\/saintsulpicesurleze_animation_patrimoine_visiteguidee_groupe_eglise_clocher_fig@lisaoti-768x578.jpeg 768w, https:\/\/www.tourisme-volvestre.fr\/wp-content\/uploads\/2025\/05\/saintsulpicesurleze_animation_patrimoine_visiteguidee_groupe_eglise_clocher_fig@lisaoti-1536x1156.jpeg 1536w\" sizes=\"auto, (max-width: 1600px) 100vw, 1600px\" \/><figcaption class=\"wp-element-caption\">Visit in Saint-Sulpice-sur-L\u00e8ze @OTIduVolvestre<\/figcaption><\/figure>\n\n\n\n<div class=\"wp-block-buttons is-content-justification-center is-layout-flex wp-container-core-buttons-is-layout-a89b3969 wp-block-buttons-is-layout-flex\">\n<div class=\"wp-block-button\"><a class=\"wp-block-button__link wp-element-button\" href=\"https:\/\/www.tourisme-volvestre.fr\/en\/diary-date-diary-move-discover-visit-dance-taste-try\/\">Diary \/Datebook<\/a><\/div>\n<\/div>\n<\/div>\n\n\n\n<div class=\"wp-block-column is-layout-flow wp-block-column-is-layout-flow\">\n<figure class=\"wp-block-image aligncenter size-full has-custom-border\"><img loading=\"lazy\" decoding=\"async\" width=\"1920\" height=\"2560\" src=\"https:\/\/www.tourisme-volvestre.fr\/wp-content\/uploads\/2025\/06\/rieuxvolvestre-animation_visiteguidee_theatralisee_tresor_fig_sebastienriff@lisaot-scaled.jpeg\" alt=\"\" class=\"wp-image-3648\" style=\"border-radius:25px;aspect-ratio:1;object-fit:cover\" srcset=\"https:\/\/www.tourisme-volvestre.fr\/wp-content\/uploads\/2025\/06\/rieuxvolvestre-animation_visiteguidee_theatralisee_tresor_fig_sebastienriff@lisaot-scaled.jpeg 1920w, https:\/\/www.tourisme-volvestre.fr\/wp-content\/uploads\/2025\/06\/rieuxvolvestre-animation_visiteguidee_theatralisee_tresor_fig_sebastienriff@lisaot-225x300.jpeg 225w\" sizes=\"auto, (max-width: 1920px) 100vw, 1920px\" \/><figcaption class=\"wp-element-caption\">Visit to the Episcopal Treasury @OTIduVolvestre<\/figcaption><\/figure>\n\n\n\n<div class=\"wp-block-buttons is-content-justification-center is-layout-flex wp-container-core-buttons-is-layout-a89b3969 wp-block-buttons-is-layout-flex\">\n<div class=\"wp-block-button\"><a class=\"wp-block-button__link wp-element-button\" href=\"https:\/\/www.tourisme-volvestre.fr\/en\/book-a-tour\/\">Our guided tours<\/a><\/div>\n<\/div>\n<\/div>\n\n\n\n<div class=\"wp-block-column is-layout-flow wp-block-column-is-layout-flow\">\n<figure class=\"wp-block-image aligncenter size-full has-custom-border\"><img loading=\"lazy\" decoding=\"async\" width=\"1442\" height=\"2074\" src=\"https:\/\/www.tourisme-volvestre.fr\/wp-content\/uploads\/2025\/08\/massabrac_marche_fig_achat_lavande@oti-1-e1754575655682.jpg\" alt=\"\" class=\"wp-image-8465\" style=\"border-radius:25px;aspect-ratio:1;object-fit:cover\" srcset=\"https:\/\/www.tourisme-volvestre.fr\/wp-content\/uploads\/2025\/08\/massabrac_marche_fig_achat_lavande@oti-1-e1754575655682.jpg 1442w, https:\/\/www.tourisme-volvestre.fr\/wp-content\/uploads\/2025\/08\/massabrac_marche_fig_achat_lavande@oti-1-e1754575655682-209x300.jpg 209w, https:\/\/www.tourisme-volvestre.fr\/wp-content\/uploads\/2025\/08\/massabrac_marche_fig_achat_lavande@oti-1-e1754575655682-712x1024.jpg 712w, https:\/\/www.tourisme-volvestre.fr\/wp-content\/uploads\/2025\/08\/massabrac_marche_fig_achat_lavande@oti-1-e1754575655682-768x1105.jpg 768w, https:\/\/www.tourisme-volvestre.fr\/wp-content\/uploads\/2025\/08\/massabrac_marche_fig_achat_lavande@oti-1-e1754575655682-1068x1536.jpg 1068w, https:\/\/www.tourisme-volvestre.fr\/wp-content\/uploads\/2025\/08\/massabrac_marche_fig_achat_lavande@oti-1-e1754575655682-1424x2048.jpg 1424w\" sizes=\"auto, (max-width: 1442px) 100vw, 1442px\" \/><figcaption class=\"wp-element-caption\">Massabrac Market @OTIduVolvestre<\/figcaption><\/figure>\n\n\n\n<div class=\"wp-block-buttons is-content-justification-center is-layout-flex wp-container-core-buttons-is-layout-a89b3969 wp-block-buttons-is-layout-flex\">\n<div class=\"wp-block-button\"><a class=\"wp-block-button__link wp-element-button\" href=\"https:\/\/www.tourisme-volvestre.fr\/en\/the-volvestre-markets\/\">our market days<\/a><\/div>\n<\/div>\n<\/div>\n<\/div>\n<\/div>\n<\/div>\n","protected":false},"excerpt":{"rendered":"<p>Don&#8217;t miss the key events of the Volvestre ! Art, tradition, theater, cinema, music\u2026 Volvestre invites you to discover its festive events throughout the year! Les Journ\u00e9es Europ\u00e9ennes des M\u00e9tiers d&#8217;Art Travel the roads and meet our creators in Volvestre ! Whether they are ceramists, sculptors, or upholsterers, they all have one thing in common: [&hellip;]<\/p>\n","protected":false},"author":8,"featured_media":4974,"parent":0,"menu_order":0,"comment_status":"closed","ping_status":"closed","template":"page-no-title","meta":{"_acf_changed":false,"inline_featured_image":false,"footnotes":""},"class_list":["post-10381","page","type-page","status-publish","has-post-thumbnail","hentry"],"acf":[],"yoast_head":"<!-- This site is optimized with the Yoast SEO plugin v27.3 - https:\/\/yoast.com\/product\/yoast-seo-wordpress\/ -->\n<title>Our key events - Volvestre Tourisme<\/title>\n<meta name=\"description\" content=\"Want to get out and about ? Volvestre presents the highlights you won&#039;t want to miss each year: JEP, JEMA, Antic&#039;Agri, Papogay...\" \/>\n<meta name=\"robots\" content=\"index, follow, max-snippet:-1, max-image-preview:large, max-video-preview:-1\" \/>\n<link rel=\"canonical\" href=\"https:\/\/www.tourisme-volvestre.fr\/en\/our-key-events\/\" \/>\n<meta property=\"og:locale\" content=\"en_US\" \/>\n<meta property=\"og:type\" content=\"article\" \/>\n<meta property=\"og:title\" content=\"Our key events - Volvestre Tourisme\" \/>\n<meta property=\"og:description\" content=\"Want to get out and about ? Volvestre presents the highlights you won&#039;t want to miss each year: JEP, JEMA, Antic&#039;Agri, Papogay...\" \/>\n<meta property=\"og:url\" content=\"https:\/\/www.tourisme-volvestre.fr\/en\/our-key-events\/\" \/>\n<meta property=\"og:site_name\" content=\"Volvestre Tourisme\" \/>\n<meta property=\"article:publisher\" content=\"https:\/\/www.facebook.com\/TourismeVolvestre\" \/>\n<meta property=\"article:modified_time\" content=\"2026-03-27T14:36:53+00:00\" \/>\n<meta property=\"og:image\" content=\"https:\/\/www.tourisme-volvestre.fr\/wp-content\/uploads\/2025\/06\/volvestre-2025-82.jpg\" \/>\n\t<meta property=\"og:image:width\" content=\"2560\" \/>\n\t<meta property=\"og:image:height\" content=\"1133\" \/>\n\t<meta property=\"og:image:type\" content=\"image\/jpeg\" \/>\n<meta name=\"twitter:card\" content=\"summary_large_image\" \/>\n<meta name=\"twitter:label1\" content=\"Est. reading time\" \/>\n\t<meta name=\"twitter:data1\" content=\"5 minutes\" \/>\n<script type=\"application\/ld+json\" class=\"yoast-schema-graph\">{\"@context\":\"https:\\\/\\\/schema.org\",\"@graph\":[{\"@type\":\"WebPage\",\"@id\":\"https:\\\/\\\/www.tourisme-volvestre.fr\\\/en\\\/our-key-events\\\/\",\"url\":\"https:\\\/\\\/www.tourisme-volvestre.fr\\\/en\\\/our-key-events\\\/\",\"name\":\"Our key events - Volvestre Tourisme\",\"isPartOf\":{\"@id\":\"https:\\\/\\\/www.tourisme-volvestre.fr\\\/en\\\/#website\"},\"primaryImageOfPage\":{\"@id\":\"https:\\\/\\\/www.tourisme-volvestre.fr\\\/en\\\/our-key-events\\\/#primaryimage\"},\"image\":{\"@id\":\"https:\\\/\\\/www.tourisme-volvestre.fr\\\/en\\\/our-key-events\\\/#primaryimage\"},\"thumbnailUrl\":\"https:\\\/\\\/www.tourisme-volvestre.fr\\\/wp-content\\\/uploads\\\/2025\\\/06\\\/volvestre-2025-82.jpg\",\"datePublished\":\"2025-06-12T15:24:51+00:00\",\"dateModified\":\"2026-03-27T14:36:53+00:00\",\"description\":\"Want to get out and about ? Volvestre presents the highlights you won't want to miss each year: JEP, JEMA, Antic'Agri, Papogay...\",\"breadcrumb\":{\"@id\":\"https:\\\/\\\/www.tourisme-volvestre.fr\\\/en\\\/our-key-events\\\/#breadcrumb\"},\"inLanguage\":\"en-US\",\"potentialAction\":[{\"@type\":\"ReadAction\",\"target\":[\"https:\\\/\\\/www.tourisme-volvestre.fr\\\/en\\\/our-key-events\\\/\"]}]},{\"@type\":\"ImageObject\",\"inLanguage\":\"en-US\",\"@id\":\"https:\\\/\\\/www.tourisme-volvestre.fr\\\/en\\\/our-key-events\\\/#primaryimage\",\"url\":\"https:\\\/\\\/www.tourisme-volvestre.fr\\\/wp-content\\\/uploads\\\/2025\\\/06\\\/volvestre-2025-82.jpg\",\"contentUrl\":\"https:\\\/\\\/www.tourisme-volvestre.fr\\\/wp-content\\\/uploads\\\/2025\\\/06\\\/volvestre-2025-82.jpg\",\"width\":2560,\"height\":1133},{\"@type\":\"BreadcrumbList\",\"@id\":\"https:\\\/\\\/www.tourisme-volvestre.fr\\\/en\\\/our-key-events\\\/#breadcrumb\",\"itemListElement\":[{\"@type\":\"ListItem\",\"position\":1,\"name\":\"Accueil\",\"item\":\"https:\\\/\\\/www.tourisme-volvestre.fr\\\/en\\\/?lang=en\"},{\"@type\":\"ListItem\",\"position\":2,\"name\":\"Our key events\"}]},{\"@type\":\"WebSite\",\"@id\":\"https:\\\/\\\/www.tourisme-volvestre.fr\\\/en\\\/#website\",\"url\":\"https:\\\/\\\/www.tourisme-volvestre.fr\\\/en\\\/\",\"name\":\"Volvestre Tourisme\",\"description\":\"\",\"publisher\":{\"@id\":\"https:\\\/\\\/www.tourisme-volvestre.fr\\\/en\\\/#organization\"},\"alternateName\":\"OT Volvestre\",\"potentialAction\":[{\"@type\":\"SearchAction\",\"target\":{\"@type\":\"EntryPoint\",\"urlTemplate\":\"https:\\\/\\\/www.tourisme-volvestre.fr\\\/en\\\/?s={search_term_string}\"},\"query-input\":{\"@type\":\"PropertyValueSpecification\",\"valueRequired\":true,\"valueName\":\"search_term_string\"}}],\"inLanguage\":\"en-US\"},{\"@type\":\"Organization\",\"@id\":\"https:\\\/\\\/www.tourisme-volvestre.fr\\\/en\\\/#organization\",\"name\":\"Volvestre Tourisme\",\"url\":\"https:\\\/\\\/www.tourisme-volvestre.fr\\\/en\\\/\",\"logo\":{\"@type\":\"ImageObject\",\"inLanguage\":\"en-US\",\"@id\":\"https:\\\/\\\/www.tourisme-volvestre.fr\\\/en\\\/#\\\/schema\\\/logo\\\/image\\\/\",\"url\":\"https:\\\/\\\/www.tourisme-volvestre.fr\\\/wp-content\\\/uploads\\\/2025\\\/02\\\/logo-site.png\",\"contentUrl\":\"https:\\\/\\\/www.tourisme-volvestre.fr\\\/wp-content\\\/uploads\\\/2025\\\/02\\\/logo-site.png\",\"width\":152,\"height\":152,\"caption\":\"Volvestre Tourisme\"},\"image\":{\"@id\":\"https:\\\/\\\/www.tourisme-volvestre.fr\\\/en\\\/#\\\/schema\\\/logo\\\/image\\\/\"},\"sameAs\":[\"https:\\\/\\\/www.facebook.com\\\/TourismeVolvestre\",\"https:\\\/\\\/www.instagram.com\\\/tourismevolvestre\"]}]}<\/script>\n<!-- \/ Yoast SEO plugin. -->","yoast_head_json":{"title":"Our key events - Volvestre Tourisme","description":"Want to get out and about ? Volvestre presents the highlights you won't want to miss each year: JEP, JEMA, Antic'Agri, Papogay...","robots":{"index":"index","follow":"follow","max-snippet":"max-snippet:-1","max-image-preview":"max-image-preview:large","max-video-preview":"max-video-preview:-1"},"canonical":"https:\/\/www.tourisme-volvestre.fr\/en\/our-key-events\/","og_locale":"en_US","og_type":"article","og_title":"Our key events - Volvestre Tourisme","og_description":"Want to get out and about ? Volvestre presents the highlights you won't want to miss each year: JEP, JEMA, Antic'Agri, Papogay...","og_url":"https:\/\/www.tourisme-volvestre.fr\/en\/our-key-events\/","og_site_name":"Volvestre Tourisme","article_publisher":"https:\/\/www.facebook.com\/TourismeVolvestre","article_modified_time":"2026-03-27T14:36:53+00:00","og_image":[{"width":2560,"height":1133,"url":"https:\/\/www.tourisme-volvestre.fr\/wp-content\/uploads\/2025\/06\/volvestre-2025-82.jpg","type":"image\/jpeg"}],"twitter_card":"summary_large_image","twitter_misc":{"Est. reading time":"5 minutes"},"schema":{"@context":"https:\/\/schema.org","@graph":[{"@type":"WebPage","@id":"https:\/\/www.tourisme-volvestre.fr\/en\/our-key-events\/","url":"https:\/\/www.tourisme-volvestre.fr\/en\/our-key-events\/","name":"Our key events - Volvestre Tourisme","isPartOf":{"@id":"https:\/\/www.tourisme-volvestre.fr\/en\/#website"},"primaryImageOfPage":{"@id":"https:\/\/www.tourisme-volvestre.fr\/en\/our-key-events\/#primaryimage"},"image":{"@id":"https:\/\/www.tourisme-volvestre.fr\/en\/our-key-events\/#primaryimage"},"thumbnailUrl":"https:\/\/www.tourisme-volvestre.fr\/wp-content\/uploads\/2025\/06\/volvestre-2025-82.jpg","datePublished":"2025-06-12T15:24:51+00:00","dateModified":"2026-03-27T14:36:53+00:00","description":"Want to get out and about ? Volvestre presents the highlights you won't want to miss each year: JEP, JEMA, Antic'Agri, Papogay...","breadcrumb":{"@id":"https:\/\/www.tourisme-volvestre.fr\/en\/our-key-events\/#breadcrumb"},"inLanguage":"en-US","potentialAction":[{"@type":"ReadAction","target":["https:\/\/www.tourisme-volvestre.fr\/en\/our-key-events\/"]}]},{"@type":"ImageObject","inLanguage":"en-US","@id":"https:\/\/www.tourisme-volvestre.fr\/en\/our-key-events\/#primaryimage","url":"https:\/\/www.tourisme-volvestre.fr\/wp-content\/uploads\/2025\/06\/volvestre-2025-82.jpg","contentUrl":"https:\/\/www.tourisme-volvestre.fr\/wp-content\/uploads\/2025\/06\/volvestre-2025-82.jpg","width":2560,"height":1133},{"@type":"BreadcrumbList","@id":"https:\/\/www.tourisme-volvestre.fr\/en\/our-key-events\/#breadcrumb","itemListElement":[{"@type":"ListItem","position":1,"name":"Accueil","item":"https:\/\/www.tourisme-volvestre.fr\/en\/?lang=en"},{"@type":"ListItem","position":2,"name":"Our key events"}]},{"@type":"WebSite","@id":"https:\/\/www.tourisme-volvestre.fr\/en\/#website","url":"https:\/\/www.tourisme-volvestre.fr\/en\/","name":"Volvestre Tourisme","description":"","publisher":{"@id":"https:\/\/www.tourisme-volvestre.fr\/en\/#organization"},"alternateName":"OT Volvestre","potentialAction":[{"@type":"SearchAction","target":{"@type":"EntryPoint","urlTemplate":"https:\/\/www.tourisme-volvestre.fr\/en\/?s={search_term_string}"},"query-input":{"@type":"PropertyValueSpecification","valueRequired":true,"valueName":"search_term_string"}}],"inLanguage":"en-US"},{"@type":"Organization","@id":"https:\/\/www.tourisme-volvestre.fr\/en\/#organization","name":"Volvestre Tourisme","url":"https:\/\/www.tourisme-volvestre.fr\/en\/","logo":{"@type":"ImageObject","inLanguage":"en-US","@id":"https:\/\/www.tourisme-volvestre.fr\/en\/#\/schema\/logo\/image\/","url":"https:\/\/www.tourisme-volvestre.fr\/wp-content\/uploads\/2025\/02\/logo-site.png","contentUrl":"https:\/\/www.tourisme-volvestre.fr\/wp-content\/uploads\/2025\/02\/logo-site.png","width":152,"height":152,"caption":"Volvestre Tourisme"},"image":{"@id":"https:\/\/www.tourisme-volvestre.fr\/en\/#\/schema\/logo\/image\/"},"sameAs":["https:\/\/www.facebook.com\/TourismeVolvestre","https:\/\/www.instagram.com\/tourismevolvestre"]}]}},"_links":{"self":[{"href":"https:\/\/www.tourisme-volvestre.fr\/en\/wp-json\/wp\/v2\/pages\/10381","targetHints":{"allow":["GET"]}}],"collection":[{"href":"https:\/\/www.tourisme-volvestre.fr\/en\/wp-json\/wp\/v2\/pages"}],"about":[{"href":"https:\/\/www.tourisme-volvestre.fr\/en\/wp-json\/wp\/v2\/types\/page"}],"author":[{"embeddable":true,"href":"https:\/\/www.tourisme-volvestre.fr\/en\/wp-json\/wp\/v2\/users\/8"}],"replies":[{"embeddable":true,"href":"https:\/\/www.tourisme-volvestre.fr\/en\/wp-json\/wp\/v2\/comments?post=10381"}],"version-history":[{"count":4,"href":"https:\/\/www.tourisme-volvestre.fr\/en\/wp-json\/wp\/v2\/pages\/10381\/revisions"}],"predecessor-version":[{"id":11709,"href":"https:\/\/www.tourisme-volvestre.fr\/en\/wp-json\/wp\/v2\/pages\/10381\/revisions\/11709"}],"wp:featuredmedia":[{"embeddable":true,"href":"https:\/\/www.tourisme-volvestre.fr\/en\/wp-json\/wp\/v2\/media\/4974"}],"wp:attachment":[{"href":"https:\/\/www.tourisme-volvestre.fr\/en\/wp-json\/wp\/v2\/media?parent=10381"}],"curies":[{"name":"wp","href":"https:\/\/api.w.org\/{rel}","templated":true}]}}