{"id":6693,"date":"2024-11-19T09:10:38","date_gmt":"2024-11-19T08:10:38","guid":{"rendered":"https:\/\/www.tourisme-volvestre.fr\/news\/"},"modified":"2025-09-03T11:23:52","modified_gmt":"2025-09-03T09:23:52","slug":"news","status":"publish","type":"page","link":"https:\/\/www.tourisme-volvestre.fr\/en\/news\/","title":{"rendered":"News"},"content":{"rendered":"\n<main class=\"wp-block-group alignwide has-global-padding is-content-justification-left is-layout-constrained wp-container-core-group-is-layout-37880a9a wp-block-group-is-layout-constrained\" style=\"padding-top:var(--wp--preset--spacing--40);padding-bottom:var(--wp--preset--spacing--20)\"><span><span><a href=\"https:\/\/www.tourisme-volvestre.fr\/en\/?lang=en\">Accueil<\/a><\/span><\/span>\n<\/main>\n\n<div class=\"wp-block-columns alignfull heroactu is-layout-flex wp-container-core-columns-is-layout-09344f28 wp-block-columns-is-layout-flex\" style=\"margin-top:var(--wp--preset--spacing--20);margin-bottom:var(--wp--preset--spacing--20)\">\n<div class=\"wp-block-column is-layout-flow wp-block-column-is-layout-flow\" style=\"flex-basis:50%\"><figure style=\"aspect-ratio:auto;height:400px;\" class=\"wp-block-post-featured-image\"><img loading=\"lazy\" decoding=\"async\" width=\"2560\" height=\"2013\" src=\"https:\/\/www.tourisme-volvestre.fr\/wp-content\/uploads\/2024\/11\/rieuxvolvestre_papogay_animation_danses_tradition_fig@marionoti-scaled-e1754555762332.jpg\" class=\"attachment-post-thumbnail size-post-thumbnail wp-post-image\" alt=\"\" style=\"width:100%;height:100%;object-fit:cover;\" \/><\/figure><\/div>\n\n\n\n<div class=\"wp-block-column is-layout-flow wp-block-column-is-layout-flow\" style=\"flex-basis:50%\"><h1 class=\"wp-block-post-title\">News<\/h1><\/div>\n<\/div>\n\n<div class=\"wp-block-group alignfull fond-vert has-accent-4-background-color has-background is-layout-flow wp-container-core-group-is-layout-5c623733 wp-block-group-is-layout-flow\" style=\"min-height:450px;margin-top:-10rem;margin-bottom:0;padding-top:0;padding-right:0;padding-bottom:0;padding-left:0\"><\/div>\n\n<div class=\"wp-block-query liste-archive has-global-padding is-layout-constrained wp-block-query-is-layout-constrained\">\n<div class=\"wp-block-group is-layout-flow wp-container-core-group-is-layout-e603688c wp-block-group-is-layout-flow\" style=\"margin-top:0;margin-bottom:0;padding-top:0;padding-right:0;padding-bottom:0;padding-left:0\"><ul class=\"columns-3 alignfull wp-block-post-template is-layout-grid wp-container-core-post-template-is-layout-2d080239 wp-block-post-template-is-layout-grid\"><li class=\"wp-block-post post-8649 post type-post status-publish format-standard has-post-thumbnail hentry category-activities\">\n<figure style=\"aspect-ratio:3\/4; padding-bottom:var(--wp--preset--spacing--20);margin-bottom:0;\" class=\"wp-block-post-featured-image\"><a href=\"https:\/\/www.tourisme-volvestre.fr\/en\/our-guided-hikes-in-volvestre\/\" target=\"_self\"  ><img loading=\"lazy\" decoding=\"async\" width=\"2560\" height=\"1707\" src=\"https:\/\/www.tourisme-volvestre.fr\/wp-content\/uploads\/2025\/05\/lonagges_patrimoine_marche_ete_fig_groupe@loicbel.jpg\" class=\"attachment-post-thumbnail size-post-thumbnail wp-post-image\" alt=\"The summer program\" style=\"width:100%;height:100%;object-fit:cover;\" srcset=\"https:\/\/www.tourisme-volvestre.fr\/wp-content\/uploads\/2025\/05\/lonagges_patrimoine_marche_ete_fig_groupe@loicbel.jpg 2560w, https:\/\/www.tourisme-volvestre.fr\/wp-content\/uploads\/2025\/05\/lonagges_patrimoine_marche_ete_fig_groupe@loicbel-300x200.jpg 300w, https:\/\/www.tourisme-volvestre.fr\/wp-content\/uploads\/2025\/05\/lonagges_patrimoine_marche_ete_fig_groupe@loicbel-1024x683.jpg 1024w, https:\/\/www.tourisme-volvestre.fr\/wp-content\/uploads\/2025\/05\/lonagges_patrimoine_marche_ete_fig_groupe@loicbel-768x512.jpg 768w, https:\/\/www.tourisme-volvestre.fr\/wp-content\/uploads\/2025\/05\/lonagges_patrimoine_marche_ete_fig_groupe@loicbel-1536x1024.jpg 1536w, https:\/\/www.tourisme-volvestre.fr\/wp-content\/uploads\/2025\/05\/lonagges_patrimoine_marche_ete_fig_groupe@loicbel-2048x1366.jpg 2048w\" sizes=\"auto, (max-width: 2560px) 100vw, 2560px\" \/><\/a><\/figure>\n\n\n<div class=\"wp-block-group is-vertical is-nowrap is-layout-flex wp-container-core-group-is-layout-97ba36a5 wp-block-group-is-layout-flex\" style=\"margin-top:var(--wp--preset--spacing--20);padding-top:0\"><h2 style=\"font-style:normal;font-weight:700;\" class=\"has-link-color wp-elements-8f3c84859768cedc437879642ad3ea2f wp-block-post-title has-text-color has-contrast-2-color has-large-font-size has-proxima-nova-font-family wp-container-content-32e3a40d\"><a href=\"https:\/\/www.tourisme-volvestre.fr\/en\/our-guided-hikes-in-volvestre\/\" target=\"_self\" >The summer program<\/a><\/h2>\n\n\n<div class=\"wp-block-group is-nowrap is-layout-flex wp-container-core-group-is-layout-6c531013 wp-block-group-is-layout-flex\"><div class=\"has-link-color wp-elements-cbe3aaeb4463dd4254847ba4e387c00e wp-block-post-date has-text-color has-contrast-color\"><time datetime=\"2026-04-20T16:35:18+02:00\">20 April 2026<\/time><\/div>\n\n<div class=\"taxonomy-category has-link-color categorie-actu wp-elements-27d5e2bbeb5b1a77b57bdf661f41068b wp-block-post-terms has-text-color has-contrast-color has-hasthon-font-family\"><a href=\"https:\/\/www.tourisme-volvestre.fr\/en\/category\/activities\/\" rel=\"tag\">Activities<\/a><\/div><\/div>\n\n\n<div class=\"wp-block-post-excerpt has-text-color has-contrast-color has-small-font-size wp-container-content-32e3a40d\"><p class=\"wp-block-post-excerpt__excerpt\">Our Summer Activities A new program combining nature getaways and discoveries! Are you passionate about hiking and nature?Embark on an adventure with our \u00c9chos&#8217;Randos : guided walks in the heart of nature to explore our landscapes and a variety of themes, step by step. Are you a history buff and fascinated by captivating anecdotes?Let yourself<\/p><p class=\"wp-block-post-excerpt__more-text\"><a class=\"wp-block-post-excerpt__more-link\" href=\"https:\/\/www.tourisme-volvestre.fr\/en\/our-guided-hikes-in-volvestre\/\">Find out more<\/a><\/p><\/div>\n\n\n<div style=\"height:0px\" aria-hidden=\"true\" class=\"wp-block-spacer wp-container-content-32e3a40d\"><\/div>\n<\/div>\n\n<\/li><li class=\"wp-block-post post-11626 post type-post status-publish format-standard has-post-thumbnail hentry category-non-categorise\">\n<figure style=\"aspect-ratio:3\/4; padding-bottom:var(--wp--preset--spacing--20);margin-bottom:0;\" class=\"wp-block-post-featured-image\"><a href=\"https:\/\/www.tourisme-volvestre.fr\/en\/journees-europeennes-des-metiers-dart\/\" target=\"_self\"  ><img loading=\"lazy\" decoding=\"async\" width=\"2560\" height=\"1280\" src=\"https:\/\/www.tourisme-volvestre.fr\/wp-content\/uploads\/2026\/03\/Design-sans-titre.jpg\" class=\"attachment-post-thumbnail size-post-thumbnail wp-post-image\" alt=\"Journ\u00e9es Europ\u00e9ennes des M\u00e9tiers d&#8217;Art\" style=\"width:100%;height:100%;object-fit:cover;\" srcset=\"https:\/\/www.tourisme-volvestre.fr\/wp-content\/uploads\/2026\/03\/Design-sans-titre.jpg 2560w, https:\/\/www.tourisme-volvestre.fr\/wp-content\/uploads\/2026\/03\/Design-sans-titre-300x150.jpg 300w, https:\/\/www.tourisme-volvestre.fr\/wp-content\/uploads\/2026\/03\/Design-sans-titre-1024x512.jpg 1024w, https:\/\/www.tourisme-volvestre.fr\/wp-content\/uploads\/2026\/03\/Design-sans-titre-768x384.jpg 768w, https:\/\/www.tourisme-volvestre.fr\/wp-content\/uploads\/2026\/03\/Design-sans-titre-1536x768.jpg 1536w, https:\/\/www.tourisme-volvestre.fr\/wp-content\/uploads\/2026\/03\/Design-sans-titre-2048x1024.jpg 2048w\" sizes=\"auto, (max-width: 2560px) 100vw, 2560px\" \/><\/a><\/figure>\n\n\n<div class=\"wp-block-group is-vertical is-nowrap is-layout-flex wp-container-core-group-is-layout-97ba36a5 wp-block-group-is-layout-flex\" style=\"margin-top:var(--wp--preset--spacing--20);padding-top:0\"><h2 style=\"font-style:normal;font-weight:700;\" class=\"has-link-color wp-elements-8f3c84859768cedc437879642ad3ea2f wp-block-post-title has-text-color has-contrast-2-color has-large-font-size has-proxima-nova-font-family wp-container-content-32e3a40d\"><a href=\"https:\/\/www.tourisme-volvestre.fr\/en\/journees-europeennes-des-metiers-dart\/\" target=\"_self\" >Journ\u00e9es Europ\u00e9ennes des M\u00e9tiers d&#8217;Art<\/a><\/h2>\n\n\n<div class=\"wp-block-group is-nowrap is-layout-flex wp-container-core-group-is-layout-6c531013 wp-block-group-is-layout-flex\"><div class=\"has-link-color wp-elements-cbe3aaeb4463dd4254847ba4e387c00e wp-block-post-date has-text-color has-contrast-color\"><time datetime=\"2026-03-30T14:27:53+02:00\">30 March 2026<\/time><\/div>\n\n<div class=\"taxonomy-category has-link-color categorie-actu wp-elements-27d5e2bbeb5b1a77b57bdf661f41068b wp-block-post-terms has-text-color has-contrast-color has-hasthon-font-family\"><a href=\"https:\/\/www.tourisme-volvestre.fr\/en\/category\/non-categorise\/\" rel=\"tag\">Non cat\u00e9goris\u00e9<\/a><\/div><\/div>\n\n\n<div class=\"wp-block-post-excerpt has-text-color has-contrast-color has-small-font-size wp-container-content-32e3a40d\"><p class=\"wp-block-post-excerpt__excerpt\">Stroll, discover, exchange ideas, celebrate creativity with us during these days dedicated to art ! Throughout France and Europe, the Journ\u00e9es Europ\u00e9ennes des M\u00e9tiers d&#8217;Art are a unique and free event celebrating artistic crafts and creative artisans. A must-see for those passionate about craftsmanship and those curious to experience authenticity! The Intercommunal Tourist Offices of<\/p><p class=\"wp-block-post-excerpt__more-text\"><a class=\"wp-block-post-excerpt__more-link\" href=\"https:\/\/www.tourisme-volvestre.fr\/en\/journees-europeennes-des-metiers-dart\/\">Find out more<\/a><\/p><\/div>\n\n\n<div style=\"height:0px\" aria-hidden=\"true\" class=\"wp-block-spacer wp-container-content-32e3a40d\"><\/div>\n<\/div>\n\n<\/li><li class=\"wp-block-post post-11586 post type-post status-publish format-standard has-post-thumbnail hentry category-actualite\">\n<figure style=\"aspect-ratio:3\/4; padding-bottom:var(--wp--preset--spacing--20);margin-bottom:0;\" class=\"wp-block-post-featured-image\"><a href=\"https:\/\/www.tourisme-volvestre.fr\/en\/the-salon-occygene-2026\/\" target=\"_self\"  ><img loading=\"lazy\" decoding=\"async\" width=\"1080\" height=\"1080\" src=\"https:\/\/www.tourisme-volvestre.fr\/wp-content\/uploads\/2026\/03\/vignette_salon_occygene_1000_1000.jpg\" class=\"attachment-post-thumbnail size-post-thumbnail wp-post-image\" alt=\"The Salon Occ&#8217;yg\u00e8ne 2026\" style=\"width:100%;height:100%;object-fit:cover;\" srcset=\"https:\/\/www.tourisme-volvestre.fr\/wp-content\/uploads\/2026\/03\/vignette_salon_occygene_1000_1000.jpg 1080w, https:\/\/www.tourisme-volvestre.fr\/wp-content\/uploads\/2026\/03\/vignette_salon_occygene_1000_1000-300x300.jpg 300w, https:\/\/www.tourisme-volvestre.fr\/wp-content\/uploads\/2026\/03\/vignette_salon_occygene_1000_1000-1024x1024.jpg 1024w, https:\/\/www.tourisme-volvestre.fr\/wp-content\/uploads\/2026\/03\/vignette_salon_occygene_1000_1000-150x150.jpg 150w, https:\/\/www.tourisme-volvestre.fr\/wp-content\/uploads\/2026\/03\/vignette_salon_occygene_1000_1000-768x768.jpg 768w\" sizes=\"auto, (max-width: 1080px) 100vw, 1080px\" \/><\/a><\/figure>\n\n\n<div class=\"wp-block-group is-vertical is-nowrap is-layout-flex wp-container-core-group-is-layout-97ba36a5 wp-block-group-is-layout-flex\" style=\"margin-top:var(--wp--preset--spacing--20);padding-top:0\"><h2 style=\"font-style:normal;font-weight:700;\" class=\"has-link-color wp-elements-8f3c84859768cedc437879642ad3ea2f wp-block-post-title has-text-color has-contrast-2-color has-large-font-size has-proxima-nova-font-family wp-container-content-32e3a40d\"><a href=\"https:\/\/www.tourisme-volvestre.fr\/en\/the-salon-occygene-2026\/\" target=\"_self\" >The Salon Occ&#8217;yg\u00e8ne 2026<\/a><\/h2>\n\n\n<div class=\"wp-block-group is-nowrap is-layout-flex wp-container-core-group-is-layout-6c531013 wp-block-group-is-layout-flex\"><div class=\"has-link-color wp-elements-cbe3aaeb4463dd4254847ba4e387c00e wp-block-post-date has-text-color has-contrast-color\"><time datetime=\"2026-03-13T16:34:43+01:00\">13 March 2026<\/time><\/div>\n\n<div class=\"taxonomy-category has-link-color categorie-actu wp-elements-27d5e2bbeb5b1a77b57bdf661f41068b wp-block-post-terms has-text-color has-contrast-color has-hasthon-font-family\"><a href=\"https:\/\/www.tourisme-volvestre.fr\/category\/actualite\/\" rel=\"tag\">Actualit\u00e9<\/a><\/div><\/div>\n\n\n<div class=\"wp-block-post-excerpt has-text-color has-contrast-color has-small-font-size wp-container-content-32e3a40d\"><p class=\"wp-block-post-excerpt__excerpt\">Need a holiday? Need some inspiration for your getaways? Look no further and come and participate in the Occ&#8217;yg\u00e8ne trade fair in Aussonne, near Toulouse ! We&#8217;ll meet at MEETT, Exhibition Park, Convention &amp; Congress Centre Concorde Avenue in Aussonne. The Salon Occ&#8217;yg\u00e8ne is the perfect place for lovers of adventure and outdoor getaways: tourism,<\/p><p class=\"wp-block-post-excerpt__more-text\"><a class=\"wp-block-post-excerpt__more-link\" href=\"https:\/\/www.tourisme-volvestre.fr\/en\/the-salon-occygene-2026\/\">Find out more<\/a><\/p><\/div>\n\n\n<div style=\"height:0px\" aria-hidden=\"true\" class=\"wp-block-spacer wp-container-content-32e3a40d\"><\/div>\n<\/div>\n\n<\/li><li class=\"wp-block-post post-11517 post type-post status-publish format-standard has-post-thumbnail hentry category-activities category-news\">\n<figure style=\"aspect-ratio:3\/4; padding-bottom:var(--wp--preset--spacing--20);margin-bottom:0;\" class=\"wp-block-post-featured-image\"><a href=\"https:\/\/www.tourisme-volvestre.fr\/en\/february-holidays-in-volvestre\/\" target=\"_self\"  ><img loading=\"lazy\" decoding=\"async\" width=\"1920\" height=\"2560\" src=\"https:\/\/www.tourisme-volvestre.fr\/wp-content\/uploads\/2026\/02\/rieuxvolvestre_paysage_patrimoine_fig_hvr@oti.jpg\" class=\"attachment-post-thumbnail size-post-thumbnail wp-post-image\" alt=\"February holidays in Volvestre\" style=\"width:100%;height:100%;object-fit:cover;\" srcset=\"https:\/\/www.tourisme-volvestre.fr\/wp-content\/uploads\/2026\/02\/rieuxvolvestre_paysage_patrimoine_fig_hvr@oti.jpg 1920w, https:\/\/www.tourisme-volvestre.fr\/wp-content\/uploads\/2026\/02\/rieuxvolvestre_paysage_patrimoine_fig_hvr@oti-225x300.jpg 225w, https:\/\/www.tourisme-volvestre.fr\/wp-content\/uploads\/2026\/02\/rieuxvolvestre_paysage_patrimoine_fig_hvr@oti-768x1024.jpg 768w, https:\/\/www.tourisme-volvestre.fr\/wp-content\/uploads\/2026\/02\/rieuxvolvestre_paysage_patrimoine_fig_hvr@oti-1152x1536.jpg 1152w, https:\/\/www.tourisme-volvestre.fr\/wp-content\/uploads\/2026\/02\/rieuxvolvestre_paysage_patrimoine_fig_hvr@oti-1536x2048.jpg 1536w\" sizes=\"auto, (max-width: 1920px) 100vw, 1920px\" \/><\/a><\/figure>\n\n\n<div class=\"wp-block-group is-vertical is-nowrap is-layout-flex wp-container-core-group-is-layout-97ba36a5 wp-block-group-is-layout-flex\" style=\"margin-top:var(--wp--preset--spacing--20);padding-top:0\"><h2 style=\"font-style:normal;font-weight:700;\" class=\"has-link-color wp-elements-8f3c84859768cedc437879642ad3ea2f wp-block-post-title has-text-color has-contrast-2-color has-large-font-size has-proxima-nova-font-family wp-container-content-32e3a40d\"><a href=\"https:\/\/www.tourisme-volvestre.fr\/en\/february-holidays-in-volvestre\/\" target=\"_self\" >February holidays in Volvestre<\/a><\/h2>\n\n\n<div class=\"wp-block-group is-nowrap is-layout-flex wp-container-core-group-is-layout-6c531013 wp-block-group-is-layout-flex\"><div class=\"has-link-color wp-elements-cbe3aaeb4463dd4254847ba4e387c00e wp-block-post-date has-text-color has-contrast-color\"><time datetime=\"2026-02-18T16:00:47+01:00\">18 February 2026<\/time><\/div>\n\n<div class=\"taxonomy-category has-link-color categorie-actu wp-elements-27d5e2bbeb5b1a77b57bdf661f41068b wp-block-post-terms has-text-color has-contrast-color has-hasthon-font-family\"><a href=\"https:\/\/www.tourisme-volvestre.fr\/en\/category\/activities\/\" rel=\"tag\">Activities<\/a><span class=\"wp-block-post-terms__separator\"> \/ <\/span><a href=\"https:\/\/www.tourisme-volvestre.fr\/en\/category\/news\/\" rel=\"tag\">News<\/a><\/div><\/div>\n\n\n<div class=\"wp-block-post-excerpt has-text-color has-contrast-color has-small-font-size wp-container-content-32e3a40d\"><p class=\"wp-block-post-excerpt__excerpt\">Activities for young and old In February, share good times and explore the Volvestre in a different way ! Need holiday ideas ? The Tourist Office team has prepared a special selection to help you make the most of your school holidays. A well-deserved holiday awaits you in Volvestre ! The holidays are fast approaching\u2026<\/p><p class=\"wp-block-post-excerpt__more-text\"><a class=\"wp-block-post-excerpt__more-link\" href=\"https:\/\/www.tourisme-volvestre.fr\/en\/february-holidays-in-volvestre\/\">Find out more<\/a><\/p><\/div>\n\n\n<div style=\"height:0px\" aria-hidden=\"true\" class=\"wp-block-spacer wp-container-content-32e3a40d\"><\/div>\n<\/div>\n\n<\/li><li class=\"wp-block-post post-11361 post type-post status-publish format-standard has-post-thumbnail hentry category-news category-stay\">\n<figure style=\"aspect-ratio:3\/4; padding-bottom:var(--wp--preset--spacing--20);margin-bottom:0;\" class=\"wp-block-post-featured-image\"><a href=\"https:\/\/www.tourisme-volvestre.fr\/en\/valentines-day-in-volvestre\/\" target=\"_self\"  ><img loading=\"lazy\" decoding=\"async\" width=\"1200\" height=\"1600\" src=\"https:\/\/www.tourisme-volvestre.fr\/wp-content\/uploads\/2026\/01\/rieuxvolvestre_fleur_rose_pri@ambre-2.jpg\" class=\"attachment-post-thumbnail size-post-thumbnail wp-post-image\" alt=\"Valentine&#8217;s Day in Volvestre\" style=\"width:100%;height:100%;object-fit:cover;\" srcset=\"https:\/\/www.tourisme-volvestre.fr\/wp-content\/uploads\/2026\/01\/rieuxvolvestre_fleur_rose_pri@ambre-2.jpg 1200w, https:\/\/www.tourisme-volvestre.fr\/wp-content\/uploads\/2026\/01\/rieuxvolvestre_fleur_rose_pri@ambre-2-225x300.jpg 225w, https:\/\/www.tourisme-volvestre.fr\/wp-content\/uploads\/2026\/01\/rieuxvolvestre_fleur_rose_pri@ambre-2-768x1024.jpg 768w, https:\/\/www.tourisme-volvestre.fr\/wp-content\/uploads\/2026\/01\/rieuxvolvestre_fleur_rose_pri@ambre-2-1152x1536.jpg 1152w\" sizes=\"auto, (max-width: 1200px) 100vw, 1200px\" \/><\/a><\/figure>\n\n\n<div class=\"wp-block-group is-vertical is-nowrap is-layout-flex wp-container-core-group-is-layout-97ba36a5 wp-block-group-is-layout-flex\" style=\"margin-top:var(--wp--preset--spacing--20);padding-top:0\"><h2 style=\"font-style:normal;font-weight:700;\" class=\"has-link-color wp-elements-8f3c84859768cedc437879642ad3ea2f wp-block-post-title has-text-color has-contrast-2-color has-large-font-size has-proxima-nova-font-family wp-container-content-32e3a40d\"><a href=\"https:\/\/www.tourisme-volvestre.fr\/en\/valentines-day-in-volvestre\/\" target=\"_self\" >Valentine&#8217;s Day in Volvestre<\/a><\/h2>\n\n\n<div class=\"wp-block-group is-nowrap is-layout-flex wp-container-core-group-is-layout-6c531013 wp-block-group-is-layout-flex\"><div class=\"has-link-color wp-elements-cbe3aaeb4463dd4254847ba4e387c00e wp-block-post-date has-text-color has-contrast-color\"><time datetime=\"2026-02-02T10:43:41+01:00\">2 February 2026<\/time><\/div>\n\n<div class=\"taxonomy-category has-link-color categorie-actu wp-elements-27d5e2bbeb5b1a77b57bdf661f41068b wp-block-post-terms has-text-color has-contrast-color has-hasthon-font-family\"><a href=\"https:\/\/www.tourisme-volvestre.fr\/en\/category\/news\/\" rel=\"tag\">News<\/a><span class=\"wp-block-post-terms__separator\"> \/ <\/span><a href=\"https:\/\/www.tourisme-volvestre.fr\/en\/category\/stay\/\" rel=\"tag\">Stay<\/a><\/div><\/div>\n\n\n<div class=\"wp-block-post-excerpt has-text-color has-contrast-color has-small-font-size wp-container-content-32e3a40d\"><p class=\"wp-block-post-excerpt__excerpt\">a romantic weekend in the Volvestre Volvestre : a peaceful, natural destination for a romantic getaway Need ideas for Valentine&#8217;s Day? The tourist office team has prepared a special selection for your Valentine&#8217;s Day ! Our special Valentine&#8217;s Day selection As long as there is love, there will be countless opportunities to declare your feelings<\/p><p class=\"wp-block-post-excerpt__more-text\"><a class=\"wp-block-post-excerpt__more-link\" href=\"https:\/\/www.tourisme-volvestre.fr\/en\/valentines-day-in-volvestre\/\">Find out more<\/a><\/p><\/div>\n\n\n<div style=\"height:0px\" aria-hidden=\"true\" class=\"wp-block-spacer wp-container-content-32e3a40d\"><\/div>\n<\/div>\n\n<\/li><li class=\"wp-block-post post-11317 post type-post status-publish format-standard has-post-thumbnail hentry category-actualite\">\n<figure style=\"aspect-ratio:3\/4; padding-bottom:var(--wp--preset--spacing--20);margin-bottom:0;\" class=\"wp-block-post-featured-image\"><a href=\"https:\/\/www.tourisme-volvestre.fr\/en\/fundraising-campaign-for-the-renovation-of-the-lapeyrere-church\/\" target=\"_self\"  ><img loading=\"lazy\" decoding=\"async\" width=\"1080\" height=\"1350\" src=\"https:\/\/www.tourisme-volvestre.fr\/wp-content\/uploads\/2026\/01\/9.jpg\" class=\"attachment-post-thumbnail size-post-thumbnail wp-post-image\" alt=\"Fundraising campaign for the renovation of the Lapeyr\u00e8re church\" style=\"width:100%;height:100%;object-fit:cover;\" srcset=\"https:\/\/www.tourisme-volvestre.fr\/wp-content\/uploads\/2026\/01\/9.jpg 1080w, https:\/\/www.tourisme-volvestre.fr\/wp-content\/uploads\/2026\/01\/9-240x300.jpg 240w, https:\/\/www.tourisme-volvestre.fr\/wp-content\/uploads\/2026\/01\/9-819x1024.jpg 819w, https:\/\/www.tourisme-volvestre.fr\/wp-content\/uploads\/2026\/01\/9-768x960.jpg 768w\" sizes=\"auto, (max-width: 1080px) 100vw, 1080px\" \/><\/a><\/figure>\n\n\n<div class=\"wp-block-group is-vertical is-nowrap is-layout-flex wp-container-core-group-is-layout-97ba36a5 wp-block-group-is-layout-flex\" style=\"margin-top:var(--wp--preset--spacing--20);padding-top:0\"><h2 style=\"font-style:normal;font-weight:700;\" class=\"has-link-color wp-elements-8f3c84859768cedc437879642ad3ea2f wp-block-post-title has-text-color has-contrast-2-color has-large-font-size has-proxima-nova-font-family wp-container-content-32e3a40d\"><a href=\"https:\/\/www.tourisme-volvestre.fr\/en\/fundraising-campaign-for-the-renovation-of-the-lapeyrere-church\/\" target=\"_self\" >Fundraising campaign for the renovation of the Lapeyr\u00e8re church<\/a><\/h2>\n\n\n<div class=\"wp-block-group is-nowrap is-layout-flex wp-container-core-group-is-layout-6c531013 wp-block-group-is-layout-flex\"><div class=\"has-link-color wp-elements-cbe3aaeb4463dd4254847ba4e387c00e wp-block-post-date has-text-color has-contrast-color\"><time datetime=\"2026-01-26T14:37:03+01:00\">26 January 2026<\/time><\/div>\n\n<div class=\"taxonomy-category has-link-color categorie-actu wp-elements-27d5e2bbeb5b1a77b57bdf661f41068b wp-block-post-terms has-text-color has-contrast-color has-hasthon-font-family\"><a href=\"https:\/\/www.tourisme-volvestre.fr\/category\/actualite\/\" rel=\"tag\">Actualit\u00e9<\/a><\/div><\/div>\n\n\n<div class=\"wp-block-post-excerpt has-text-color has-contrast-color has-small-font-size wp-container-content-32e3a40d\"><p class=\"wp-block-post-excerpt__excerpt\">The municipality of Lapeyr\u00e8re is officially launching an online fundraising campaign to finance the restoration of its Saint-Aubin church, formerly Notre-Dame. The church of Saint-Aubin, a heritage gem that has stood the test of time. A true heritage landmark of the village, this remarkable building has its roots in local history dating back to the<\/p><p class=\"wp-block-post-excerpt__more-text\"><a class=\"wp-block-post-excerpt__more-link\" href=\"https:\/\/www.tourisme-volvestre.fr\/en\/fundraising-campaign-for-the-renovation-of-the-lapeyrere-church\/\">Find out more<\/a><\/p><\/div>\n\n\n<div style=\"height:0px\" aria-hidden=\"true\" class=\"wp-block-spacer wp-container-content-32e3a40d\"><\/div>\n<\/div>\n\n<\/li><li class=\"wp-block-post post-11313 post type-post status-publish format-standard has-post-thumbnail hentry category-actualite\">\n<figure style=\"aspect-ratio:3\/4; padding-bottom:var(--wp--preset--spacing--20);margin-bottom:0;\" class=\"wp-block-post-featured-image\"><a href=\"https:\/\/www.tourisme-volvestre.fr\/en\/your-new-years-resolutions-volvestre-style\/\" target=\"_self\"  ><img loading=\"lazy\" decoding=\"async\" width=\"2560\" height=\"967\" src=\"https:\/\/www.tourisme-volvestre.fr\/wp-content\/uploads\/2026\/01\/P1055608-2.jpg\" class=\"attachment-post-thumbnail size-post-thumbnail wp-post-image\" alt=\"Your New Year&#8217;s resolutions, Volvestre style\" style=\"width:100%;height:100%;object-fit:cover;\" srcset=\"https:\/\/www.tourisme-volvestre.fr\/wp-content\/uploads\/2026\/01\/P1055608-2.jpg 2560w, https:\/\/www.tourisme-volvestre.fr\/wp-content\/uploads\/2026\/01\/P1055608-2-300x113.jpg 300w, https:\/\/www.tourisme-volvestre.fr\/wp-content\/uploads\/2026\/01\/P1055608-2-1024x387.jpg 1024w, https:\/\/www.tourisme-volvestre.fr\/wp-content\/uploads\/2026\/01\/P1055608-2-768x290.jpg 768w, https:\/\/www.tourisme-volvestre.fr\/wp-content\/uploads\/2026\/01\/P1055608-2-1536x580.jpg 1536w, https:\/\/www.tourisme-volvestre.fr\/wp-content\/uploads\/2026\/01\/P1055608-2-2048x774.jpg 2048w\" sizes=\"auto, (max-width: 2560px) 100vw, 2560px\" \/><\/a><\/figure>\n\n\n<div class=\"wp-block-group is-vertical is-nowrap is-layout-flex wp-container-core-group-is-layout-97ba36a5 wp-block-group-is-layout-flex\" style=\"margin-top:var(--wp--preset--spacing--20);padding-top:0\"><h2 style=\"font-style:normal;font-weight:700;\" class=\"has-link-color wp-elements-8f3c84859768cedc437879642ad3ea2f wp-block-post-title has-text-color has-contrast-2-color has-large-font-size has-proxima-nova-font-family wp-container-content-32e3a40d\"><a href=\"https:\/\/www.tourisme-volvestre.fr\/en\/your-new-years-resolutions-volvestre-style\/\" target=\"_self\" >Your New Year&#8217;s resolutions, Volvestre style<\/a><\/h2>\n\n\n<div class=\"wp-block-group is-nowrap is-layout-flex wp-container-core-group-is-layout-6c531013 wp-block-group-is-layout-flex\"><div class=\"has-link-color wp-elements-cbe3aaeb4463dd4254847ba4e387c00e wp-block-post-date has-text-color has-contrast-color\"><time datetime=\"2026-01-01T10:00:15+01:00\">1 January 2026<\/time><\/div>\n\n<div class=\"taxonomy-category has-link-color categorie-actu wp-elements-27d5e2bbeb5b1a77b57bdf661f41068b wp-block-post-terms has-text-color has-contrast-color has-hasthon-font-family\"><a href=\"https:\/\/www.tourisme-volvestre.fr\/category\/actualite\/\" rel=\"tag\">Actualit\u00e9<\/a><\/div><\/div>\n\n\n<div class=\"wp-block-post-excerpt has-text-color has-contrast-color has-small-font-size wp-container-content-32e3a40d\"><p class=\"wp-block-post-excerpt__excerpt\">What if this year you explored desires that truly make you feel good? Volvestre is the ideal destination to explore new desires. The region&#8217;s rich heritage offers countless opportunities combining pleasure, culinary delights, and discovery. So, let yourself be captivated by our 100% Volvestre resolutions ! Resolution 1: Breathe fresh air far from the cities\u2026<\/p><p class=\"wp-block-post-excerpt__more-text\"><a class=\"wp-block-post-excerpt__more-link\" href=\"https:\/\/www.tourisme-volvestre.fr\/en\/your-new-years-resolutions-volvestre-style\/\">Find out more<\/a><\/p><\/div>\n\n\n<div style=\"height:0px\" aria-hidden=\"true\" class=\"wp-block-spacer wp-container-content-32e3a40d\"><\/div>\n<\/div>\n\n<\/li><li class=\"wp-block-post post-11063 post type-post status-publish format-standard has-post-thumbnail hentry category-actualite category-consommer-local\">\n<figure style=\"aspect-ratio:3\/4; padding-bottom:var(--wp--preset--spacing--20);margin-bottom:0;\" class=\"wp-block-post-featured-image\"><a href=\"https:\/\/www.tourisme-volvestre.fr\/en\/our-christmas-markets-in-volvestre\/\" target=\"_self\"  ><img loading=\"lazy\" decoding=\"async\" width=\"1280\" height=\"605\" src=\"https:\/\/www.tourisme-volvestre.fr\/wp-content\/uploads\/2025\/12\/christmas-2918_1280.jpg\" class=\"attachment-post-thumbnail size-post-thumbnail wp-post-image\" alt=\"Our Christmas markets in Volvestre\" style=\"width:100%;height:100%;object-fit:cover;\" srcset=\"https:\/\/www.tourisme-volvestre.fr\/wp-content\/uploads\/2025\/12\/christmas-2918_1280.jpg 1280w, https:\/\/www.tourisme-volvestre.fr\/wp-content\/uploads\/2025\/12\/christmas-2918_1280-300x142.jpg 300w, https:\/\/www.tourisme-volvestre.fr\/wp-content\/uploads\/2025\/12\/christmas-2918_1280-1024x484.jpg 1024w, https:\/\/www.tourisme-volvestre.fr\/wp-content\/uploads\/2025\/12\/christmas-2918_1280-768x363.jpg 768w\" sizes=\"auto, (max-width: 1280px) 100vw, 1280px\" \/><\/a><\/figure>\n\n\n<div class=\"wp-block-group is-vertical is-nowrap is-layout-flex wp-container-core-group-is-layout-97ba36a5 wp-block-group-is-layout-flex\" style=\"margin-top:var(--wp--preset--spacing--20);padding-top:0\"><h2 style=\"font-style:normal;font-weight:700;\" class=\"has-link-color wp-elements-8f3c84859768cedc437879642ad3ea2f wp-block-post-title has-text-color has-contrast-2-color has-large-font-size has-proxima-nova-font-family wp-container-content-32e3a40d\"><a href=\"https:\/\/www.tourisme-volvestre.fr\/en\/our-christmas-markets-in-volvestre\/\" target=\"_self\" >Our Christmas markets in Volvestre<\/a><\/h2>\n\n\n<div class=\"wp-block-group is-nowrap is-layout-flex wp-container-core-group-is-layout-6c531013 wp-block-group-is-layout-flex\"><div class=\"has-link-color wp-elements-cbe3aaeb4463dd4254847ba4e387c00e wp-block-post-date has-text-color has-contrast-color\"><time datetime=\"2025-12-01T14:05:23+01:00\">1 December 2025<\/time><\/div>\n\n<div class=\"taxonomy-category has-link-color categorie-actu wp-elements-27d5e2bbeb5b1a77b57bdf661f41068b wp-block-post-terms has-text-color has-contrast-color has-hasthon-font-family\"><a href=\"https:\/\/www.tourisme-volvestre.fr\/category\/actualite\/\" rel=\"tag\">Actualit\u00e9<\/a><span class=\"wp-block-post-terms__separator\"> \/ <\/span><a href=\"https:\/\/www.tourisme-volvestre.fr\/category\/consommer-local\/\" rel=\"tag\">Consommer local<\/a><\/div><\/div>\n\n\n<div class=\"wp-block-post-excerpt has-text-color has-contrast-color has-small-font-size wp-container-content-32e3a40d\"><p class=\"wp-block-post-excerpt__excerpt\">HO HO HO ! The magic of Christmas is coming to our markets \ud83c\udf85 Looking for gift ideas ? Come stroll among the stalls of our local artisans, artists, and producers to find just what you&#8217;re looking for. Let yourself be enchanted by the aromas of mulled wine, waffles, and delicious crepes. \ud83d\udc47 Discover the<\/p><p class=\"wp-block-post-excerpt__more-text\"><a class=\"wp-block-post-excerpt__more-link\" href=\"https:\/\/www.tourisme-volvestre.fr\/en\/our-christmas-markets-in-volvestre\/\">Find out more<\/a><\/p><\/div>\n\n\n<div style=\"height:0px\" aria-hidden=\"true\" class=\"wp-block-spacer wp-container-content-32e3a40d\"><\/div>\n<\/div>\n\n<\/li><li class=\"wp-block-post post-10802 post type-post status-publish format-standard has-post-thumbnail hentry category-heritage category-news\">\n<figure style=\"aspect-ratio:3\/4; padding-bottom:var(--wp--preset--spacing--20);margin-bottom:0;\" class=\"wp-block-post-featured-image\"><a href=\"https:\/\/www.tourisme-volvestre.fr\/en\/restoration-project-in-volvestre\/\" target=\"_self\"  ><img loading=\"lazy\" decoding=\"async\" width=\"750\" height=\"500\" src=\"https:\/\/www.tourisme-volvestre.fr\/wp-content\/uploads\/2025\/10\/medium_IMG_3512_cr_d1010eb1cc.jpg\" class=\"attachment-post-thumbnail size-post-thumbnail wp-post-image\" alt=\"Restoration project in Volvestre\" style=\"width:100%;height:100%;object-fit:cover;\" srcset=\"https:\/\/www.tourisme-volvestre.fr\/wp-content\/uploads\/2025\/10\/medium_IMG_3512_cr_d1010eb1cc.jpg 750w, https:\/\/www.tourisme-volvestre.fr\/wp-content\/uploads\/2025\/10\/medium_IMG_3512_cr_d1010eb1cc-300x200.jpg 300w\" sizes=\"auto, (max-width: 750px) 100vw, 750px\" \/><\/a><\/figure>\n\n\n<div class=\"wp-block-group is-vertical is-nowrap is-layout-flex wp-container-core-group-is-layout-97ba36a5 wp-block-group-is-layout-flex\" style=\"margin-top:var(--wp--preset--spacing--20);padding-top:0\"><h2 style=\"font-style:normal;font-weight:700;\" class=\"has-link-color wp-elements-8f3c84859768cedc437879642ad3ea2f wp-block-post-title has-text-color has-contrast-2-color has-large-font-size has-proxima-nova-font-family wp-container-content-32e3a40d\"><a href=\"https:\/\/www.tourisme-volvestre.fr\/en\/restoration-project-in-volvestre\/\" target=\"_self\" >Restoration project in Volvestre<\/a><\/h2>\n\n\n<div class=\"wp-block-group is-nowrap is-layout-flex wp-container-core-group-is-layout-6c531013 wp-block-group-is-layout-flex\"><div class=\"has-link-color wp-elements-cbe3aaeb4463dd4254847ba4e387c00e wp-block-post-date has-text-color has-contrast-color\"><time datetime=\"2025-10-14T16:31:34+02:00\">14 October 2025<\/time><\/div>\n\n<div class=\"taxonomy-category has-link-color categorie-actu wp-elements-27d5e2bbeb5b1a77b57bdf661f41068b wp-block-post-terms has-text-color has-contrast-color has-hasthon-font-family\"><a href=\"https:\/\/www.tourisme-volvestre.fr\/en\/category\/heritage\/\" rel=\"tag\">Heritage<\/a><span class=\"wp-block-post-terms__separator\"> \/ <\/span><a href=\"https:\/\/www.tourisme-volvestre.fr\/en\/category\/news\/\" rel=\"tag\">News<\/a><\/div><\/div>\n\n\n<div class=\"wp-block-post-excerpt has-text-color has-contrast-color has-small-font-size wp-container-content-32e3a40d\"><p class=\"wp-block-post-excerpt__excerpt\">Discover the restoration project of the Maison d\u2019Alphonse de Poitiers, listed as a Monuments Historiques, located in Saint-Sulpice-sur-L\u00e8ze. an unmissable village of character Near Toulouse, Saint-Sulpice-sur-L\u00e8ze is a must-see destination in Volvestre. Typical of the southwest, this picturesque fortified town will charm you with its atmosphere, its friendliness and its remarkable architectural heritage. Stroll under<\/p><p class=\"wp-block-post-excerpt__more-text\"><a class=\"wp-block-post-excerpt__more-link\" href=\"https:\/\/www.tourisme-volvestre.fr\/en\/restoration-project-in-volvestre\/\">Find out more<\/a><\/p><\/div>\n\n\n<div style=\"height:0px\" aria-hidden=\"true\" class=\"wp-block-spacer wp-container-content-32e3a40d\"><\/div>\n<\/div>\n\n<\/li><li class=\"wp-block-post post-10716 post type-post status-publish format-standard has-post-thumbnail hentry category-news\">\n<figure style=\"aspect-ratio:3\/4; padding-bottom:var(--wp--preset--spacing--20);margin-bottom:0;\" class=\"wp-block-post-featured-image\"><a href=\"https:\/\/www.tourisme-volvestre.fr\/en\/our-new-hours\/\" target=\"_self\"  ><img loading=\"lazy\" decoding=\"async\" width=\"2560\" height=\"1204\" src=\"https:\/\/www.tourisme-volvestre.fr\/wp-content\/uploads\/2025\/09\/2-rieuxvolvestre_oti_interieur-2.jpg\" class=\"attachment-post-thumbnail size-post-thumbnail wp-post-image\" alt=\"Our new hours\" style=\"width:100%;height:100%;object-fit:cover;\" srcset=\"https:\/\/www.tourisme-volvestre.fr\/wp-content\/uploads\/2025\/09\/2-rieuxvolvestre_oti_interieur-2.jpg 2560w, https:\/\/www.tourisme-volvestre.fr\/wp-content\/uploads\/2025\/09\/2-rieuxvolvestre_oti_interieur-2-300x141.jpg 300w, https:\/\/www.tourisme-volvestre.fr\/wp-content\/uploads\/2025\/09\/2-rieuxvolvestre_oti_interieur-2-1024x482.jpg 1024w, https:\/\/www.tourisme-volvestre.fr\/wp-content\/uploads\/2025\/09\/2-rieuxvolvestre_oti_interieur-2-768x361.jpg 768w, https:\/\/www.tourisme-volvestre.fr\/wp-content\/uploads\/2025\/09\/2-rieuxvolvestre_oti_interieur-2-1536x722.jpg 1536w, https:\/\/www.tourisme-volvestre.fr\/wp-content\/uploads\/2025\/09\/2-rieuxvolvestre_oti_interieur-2-2048x963.jpg 2048w\" sizes=\"auto, (max-width: 2560px) 100vw, 2560px\" \/><\/a><\/figure>\n\n\n<div class=\"wp-block-group is-vertical is-nowrap is-layout-flex wp-container-core-group-is-layout-97ba36a5 wp-block-group-is-layout-flex\" style=\"margin-top:var(--wp--preset--spacing--20);padding-top:0\"><h2 style=\"font-style:normal;font-weight:700;\" class=\"has-link-color wp-elements-8f3c84859768cedc437879642ad3ea2f wp-block-post-title has-text-color has-contrast-2-color has-large-font-size has-proxima-nova-font-family wp-container-content-32e3a40d\"><a href=\"https:\/\/www.tourisme-volvestre.fr\/en\/our-new-hours\/\" target=\"_self\" >Our new hours<\/a><\/h2>\n\n\n<div class=\"wp-block-group is-nowrap is-layout-flex wp-container-core-group-is-layout-6c531013 wp-block-group-is-layout-flex\"><div class=\"has-link-color wp-elements-cbe3aaeb4463dd4254847ba4e387c00e wp-block-post-date has-text-color has-contrast-color\"><time datetime=\"2025-09-26T11:53:38+02:00\">26 September 2025<\/time><\/div>\n\n<div class=\"taxonomy-category has-link-color categorie-actu wp-elements-27d5e2bbeb5b1a77b57bdf661f41068b wp-block-post-terms has-text-color has-contrast-color has-hasthon-font-family\"><a href=\"https:\/\/www.tourisme-volvestre.fr\/en\/category\/news\/\" rel=\"tag\">News<\/a><\/div><\/div>\n\n\n<div class=\"wp-block-post-excerpt has-text-color has-contrast-color has-small-font-size wp-container-content-32e3a40d\"><p class=\"wp-block-post-excerpt__excerpt\">From October 1, 2025, The Volvestre Intercommunal Tourist Office is adapting its opening hours to better welcome you all year round ! Our new opening hours : Outside school holidays School holidays (zone A, zone B and zone C) Monday : Closed to the publicTuesday : 10am \u2013 1pmWednesday : 10am \u2013 1pmThursday : 10am<\/p><p class=\"wp-block-post-excerpt__more-text\"><a class=\"wp-block-post-excerpt__more-link\" href=\"https:\/\/www.tourisme-volvestre.fr\/en\/our-new-hours\/\">Find out more<\/a><\/p><\/div>\n\n\n<div style=\"height:0px\" aria-hidden=\"true\" class=\"wp-block-spacer wp-container-content-32e3a40d\"><\/div>\n<\/div>\n\n<\/li><li class=\"wp-block-post post-10612 post type-post status-publish format-standard has-post-thumbnail hentry category-geocaching\">\n<figure style=\"aspect-ratio:3\/4; padding-bottom:var(--wp--preset--spacing--20);margin-bottom:0;\" class=\"wp-block-post-featured-image\"><a href=\"https:\/\/www.tourisme-volvestre.fr\/en\/geocaching-in-search-of-animals\/\" target=\"_self\"  ><img loading=\"lazy\" decoding=\"async\" width=\"1927\" height=\"2560\" src=\"https:\/\/www.tourisme-volvestre.fr\/wp-content\/uploads\/2025\/08\/rieuxvolvestre_loisir_geocaching_animaux_canard-@oceaneoti.jpg\" class=\"attachment-post-thumbnail size-post-thumbnail wp-post-image\" alt=\"Geocaching \u2013 In search of animals !\" style=\"width:100%;height:100%;object-fit:cover;\" srcset=\"https:\/\/www.tourisme-volvestre.fr\/wp-content\/uploads\/2025\/08\/rieuxvolvestre_loisir_geocaching_animaux_canard-@oceaneoti.jpg 1927w, https:\/\/www.tourisme-volvestre.fr\/wp-content\/uploads\/2025\/08\/rieuxvolvestre_loisir_geocaching_animaux_canard-@oceaneoti-226x300.jpg 226w, https:\/\/www.tourisme-volvestre.fr\/wp-content\/uploads\/2025\/08\/rieuxvolvestre_loisir_geocaching_animaux_canard-@oceaneoti-771x1024.jpg 771w, https:\/\/www.tourisme-volvestre.fr\/wp-content\/uploads\/2025\/08\/rieuxvolvestre_loisir_geocaching_animaux_canard-@oceaneoti-768x1020.jpg 768w, https:\/\/www.tourisme-volvestre.fr\/wp-content\/uploads\/2025\/08\/rieuxvolvestre_loisir_geocaching_animaux_canard-@oceaneoti-1156x1536.jpg 1156w, https:\/\/www.tourisme-volvestre.fr\/wp-content\/uploads\/2025\/08\/rieuxvolvestre_loisir_geocaching_animaux_canard-@oceaneoti-1542x2048.jpg 1542w\" sizes=\"auto, (max-width: 1927px) 100vw, 1927px\" \/><\/a><\/figure>\n\n\n<div class=\"wp-block-group is-vertical is-nowrap is-layout-flex wp-container-core-group-is-layout-97ba36a5 wp-block-group-is-layout-flex\" style=\"margin-top:var(--wp--preset--spacing--20);padding-top:0\"><h2 style=\"font-style:normal;font-weight:700;\" class=\"has-link-color wp-elements-8f3c84859768cedc437879642ad3ea2f wp-block-post-title has-text-color has-contrast-2-color has-large-font-size has-proxima-nova-font-family wp-container-content-32e3a40d\"><a href=\"https:\/\/www.tourisme-volvestre.fr\/en\/geocaching-in-search-of-animals\/\" target=\"_self\" >Geocaching \u2013 In search of animals !<\/a><\/h2>\n\n\n<div class=\"wp-block-group is-nowrap is-layout-flex wp-container-core-group-is-layout-6c531013 wp-block-group-is-layout-flex\"><div class=\"has-link-color wp-elements-cbe3aaeb4463dd4254847ba4e387c00e wp-block-post-date has-text-color has-contrast-color\"><time datetime=\"2025-08-31T18:29:56+02:00\">31 August 2025<\/time><\/div>\n\n<div class=\"taxonomy-category has-link-color categorie-actu wp-elements-27d5e2bbeb5b1a77b57bdf661f41068b wp-block-post-terms has-text-color has-contrast-color has-hasthon-font-family\"><a href=\"https:\/\/www.tourisme-volvestre.fr\/en\/category\/geocaching\/\" rel=\"tag\">Geocaching<\/a><\/div><\/div>\n\n\n<div class=\"wp-block-post-excerpt has-text-color has-contrast-color has-small-font-size wp-container-content-32e3a40d\"><p class=\"wp-block-post-excerpt__excerpt\">Ready for adventure ? 6 figurines have been hidden in Volvestre. Will you be able to find them ? \ud83d\udd0e Some funny animals have ventured into Volvestre : 2 ducks, 3 giraffes, and 1 elephant ! During their journey, they got lost among our 32 towns. They need help to be reunited again. \u26f5 These<\/p><p class=\"wp-block-post-excerpt__more-text\"><a class=\"wp-block-post-excerpt__more-link\" href=\"https:\/\/www.tourisme-volvestre.fr\/en\/geocaching-in-search-of-animals\/\">Find out more<\/a><\/p><\/div>\n\n\n<div style=\"height:0px\" aria-hidden=\"true\" class=\"wp-block-spacer wp-container-content-32e3a40d\"><\/div>\n<\/div>\n\n<\/li><li class=\"wp-block-post post-10477 post type-post status-publish format-standard hentry category-heritage category-news\">\n\n\n\n<div class=\"wp-block-group is-vertical is-nowrap is-layout-flex wp-container-core-group-is-layout-97ba36a5 wp-block-group-is-layout-flex\" style=\"margin-top:var(--wp--preset--spacing--20);padding-top:0\"><h2 style=\"font-style:normal;font-weight:700;\" class=\"has-link-color wp-elements-8f3c84859768cedc437879642ad3ea2f wp-block-post-title has-text-color has-contrast-2-color has-large-font-size has-proxima-nova-font-family wp-container-content-32e3a40d\"><a href=\"https:\/\/www.tourisme-volvestre.fr\/en\/the-journees-europeennes-du-patrimoine\/\" target=\"_self\" >The Journ\u00e9es Europ\u00e9ennes du Patrimoine<\/a><\/h2>\n\n\n<div class=\"wp-block-group is-nowrap is-layout-flex wp-container-core-group-is-layout-6c531013 wp-block-group-is-layout-flex\"><div class=\"has-link-color wp-elements-cbe3aaeb4463dd4254847ba4e387c00e wp-block-post-date has-text-color has-contrast-color\"><time datetime=\"2025-08-28T16:13:06+02:00\">28 August 2025<\/time><\/div>\n\n<div class=\"taxonomy-category has-link-color categorie-actu wp-elements-27d5e2bbeb5b1a77b57bdf661f41068b wp-block-post-terms has-text-color has-contrast-color has-hasthon-font-family\"><a href=\"https:\/\/www.tourisme-volvestre.fr\/en\/category\/heritage\/\" rel=\"tag\">Heritage<\/a><span class=\"wp-block-post-terms__separator\"> \/ <\/span><a href=\"https:\/\/www.tourisme-volvestre.fr\/en\/category\/news\/\" rel=\"tag\">News<\/a><\/div><\/div>\n\n\n<div class=\"wp-block-post-excerpt has-text-color has-contrast-color has-small-font-size wp-container-content-32e3a40d\"><p class=\"wp-block-post-excerpt__excerpt\">This year, the Journ\u00e9es Europ\u00e9ennes du Patrimoinewill take place from September 19 to 21 ! The theme of this 42nd edition is \u201cArchitectural Heritage\u201d The 3 Communities of Communes of South Toulouse (the Bassin Auterivain, C\u0153ur de Garonne and Volvestre) have joined forces to offer you a program of getaways near Toulouse as part of<\/p><p class=\"wp-block-post-excerpt__more-text\"><a class=\"wp-block-post-excerpt__more-link\" href=\"https:\/\/www.tourisme-volvestre.fr\/en\/the-journees-europeennes-du-patrimoine\/\">Find out more<\/a><\/p><\/div>\n\n\n<div style=\"height:0px\" aria-hidden=\"true\" class=\"wp-block-spacer wp-container-content-32e3a40d\"><\/div>\n<\/div>\n\n<\/li><li class=\"wp-block-post post-8274 post type-post status-publish format-standard has-post-thumbnail hentry category-activities\">\n<figure style=\"aspect-ratio:3\/4; padding-bottom:var(--wp--preset--spacing--20);margin-bottom:0;\" class=\"wp-block-post-featured-image\"><a href=\"https:\/\/www.tourisme-volvestre.fr\/en\/art-exhibition-in-saint-sulpice-sur-leze\/\" target=\"_self\"  ><img loading=\"lazy\" decoding=\"async\" width=\"2560\" height=\"1440\" src=\"https:\/\/www.tourisme-volvestre.fr\/wp-content\/uploads\/2025\/06\/PXL_20250621_163754558.MP2_.jpg\" class=\"attachment-post-thumbnail size-post-thumbnail wp-post-image\" alt=\"Art exhibition in Saint-Sulpice-sur-L\u00e8ze\" style=\"width:100%;height:100%;object-fit:cover;\" srcset=\"https:\/\/www.tourisme-volvestre.fr\/wp-content\/uploads\/2025\/06\/PXL_20250621_163754558.MP2_.jpg 2560w, https:\/\/www.tourisme-volvestre.fr\/wp-content\/uploads\/2025\/06\/PXL_20250621_163754558.MP2_-300x169.jpg 300w, https:\/\/www.tourisme-volvestre.fr\/wp-content\/uploads\/2025\/06\/PXL_20250621_163754558.MP2_-1024x576.jpg 1024w, https:\/\/www.tourisme-volvestre.fr\/wp-content\/uploads\/2025\/06\/PXL_20250621_163754558.MP2_-768x432.jpg 768w, https:\/\/www.tourisme-volvestre.fr\/wp-content\/uploads\/2025\/06\/PXL_20250621_163754558.MP2_-1536x864.jpg 1536w, https:\/\/www.tourisme-volvestre.fr\/wp-content\/uploads\/2025\/06\/PXL_20250621_163754558.MP2_-2048x1152.jpg 2048w\" sizes=\"auto, (max-width: 2560px) 100vw, 2560px\" \/><\/a><\/figure>\n\n\n<div class=\"wp-block-group is-vertical is-nowrap is-layout-flex wp-container-core-group-is-layout-97ba36a5 wp-block-group-is-layout-flex\" style=\"margin-top:var(--wp--preset--spacing--20);padding-top:0\"><h2 style=\"font-style:normal;font-weight:700;\" class=\"has-link-color wp-elements-8f3c84859768cedc437879642ad3ea2f wp-block-post-title has-text-color has-contrast-2-color has-large-font-size has-proxima-nova-font-family wp-container-content-32e3a40d\"><a href=\"https:\/\/www.tourisme-volvestre.fr\/en\/art-exhibition-in-saint-sulpice-sur-leze\/\" target=\"_self\" >Art exhibition in Saint-Sulpice-sur-L\u00e8ze<\/a><\/h2>\n\n\n<div class=\"wp-block-group is-nowrap is-layout-flex wp-container-core-group-is-layout-6c531013 wp-block-group-is-layout-flex\"><div class=\"has-link-color wp-elements-cbe3aaeb4463dd4254847ba4e387c00e wp-block-post-date has-text-color has-contrast-color\"><time datetime=\"2025-06-30T15:25:29+02:00\">30 June 2025<\/time><\/div>\n\n<div class=\"taxonomy-category has-link-color categorie-actu wp-elements-27d5e2bbeb5b1a77b57bdf661f41068b wp-block-post-terms has-text-color has-contrast-color has-hasthon-font-family\"><a href=\"https:\/\/www.tourisme-volvestre.fr\/en\/category\/activities\/\" rel=\"tag\">Activities<\/a><\/div><\/div>\n\n\n<div class=\"wp-block-post-excerpt has-text-color has-contrast-color has-small-font-size wp-container-content-32e3a40d\"><p class=\"wp-block-post-excerpt__excerpt\">From 21 June to 31 August, discover Saint-Sulpice-sur-L\u00e8ze, a magnificent medieval bastide. This summer, the town hosts an exceptional exhibition of artists and artisans in the hotel de Boutaud. Open the doors to discover the art handcraft and unique creation : paintings, sculptures, ceramics, textile&#8230; an invitation between art and heritage. Practical information \ud83d\udd70\ufe0f Timetable<\/p><p class=\"wp-block-post-excerpt__more-text\"><a class=\"wp-block-post-excerpt__more-link\" href=\"https:\/\/www.tourisme-volvestre.fr\/en\/art-exhibition-in-saint-sulpice-sur-leze\/\">Find out more<\/a><\/p><\/div>\n\n\n<div style=\"height:0px\" aria-hidden=\"true\" class=\"wp-block-spacer wp-container-content-32e3a40d\"><\/div>\n<\/div>\n\n<\/li><li class=\"wp-block-post post-8633 post type-post status-publish format-standard has-post-thumbnail hentry category-heritage category-news\">\n<figure style=\"aspect-ratio:3\/4; padding-bottom:var(--wp--preset--spacing--20);margin-bottom:0;\" class=\"wp-block-post-featured-image\"><a href=\"https:\/\/www.tourisme-volvestre.fr\/en\/podcast-histoire-histoires-by-gabriel-tamalet\/\" target=\"_self\"  ><img loading=\"lazy\" decoding=\"async\" width=\"1200\" height=\"675\" src=\"https:\/\/www.tourisme-volvestre.fr\/wp-content\/uploads\/2025\/03\/Histoire-histoires__5_-_1_-2.jpg\" class=\"attachment-post-thumbnail size-post-thumbnail wp-post-image\" alt=\"Podcast &#8220;Histoire &#8211; Histoires&#8221; by Gabriel Tamalet\" style=\"width:100%;height:100%;object-fit:cover;\" srcset=\"https:\/\/www.tourisme-volvestre.fr\/wp-content\/uploads\/2025\/03\/Histoire-histoires__5_-_1_-2.jpg 1200w, https:\/\/www.tourisme-volvestre.fr\/wp-content\/uploads\/2025\/03\/Histoire-histoires__5_-_1_-2-300x169.jpg 300w, https:\/\/www.tourisme-volvestre.fr\/wp-content\/uploads\/2025\/03\/Histoire-histoires__5_-_1_-2-1024x576.jpg 1024w, https:\/\/www.tourisme-volvestre.fr\/wp-content\/uploads\/2025\/03\/Histoire-histoires__5_-_1_-2-768x432.jpg 768w\" sizes=\"auto, (max-width: 1200px) 100vw, 1200px\" \/><\/a><\/figure>\n\n\n<div class=\"wp-block-group is-vertical is-nowrap is-layout-flex wp-container-core-group-is-layout-97ba36a5 wp-block-group-is-layout-flex\" style=\"margin-top:var(--wp--preset--spacing--20);padding-top:0\"><h2 style=\"font-style:normal;font-weight:700;\" class=\"has-link-color wp-elements-8f3c84859768cedc437879642ad3ea2f wp-block-post-title has-text-color has-contrast-2-color has-large-font-size has-proxima-nova-font-family wp-container-content-32e3a40d\"><a href=\"https:\/\/www.tourisme-volvestre.fr\/en\/podcast-histoire-histoires-by-gabriel-tamalet\/\" target=\"_self\" >Podcast &#8220;Histoire &#8211; Histoires&#8221; by Gabriel Tamalet<\/a><\/h2>\n\n\n<div class=\"wp-block-group is-nowrap is-layout-flex wp-container-core-group-is-layout-6c531013 wp-block-group-is-layout-flex\"><div class=\"has-link-color wp-elements-cbe3aaeb4463dd4254847ba4e387c00e wp-block-post-date has-text-color has-contrast-color\"><time datetime=\"2025-06-28T17:13:15+02:00\">28 June 2025<\/time><\/div>\n\n<div class=\"taxonomy-category has-link-color categorie-actu wp-elements-27d5e2bbeb5b1a77b57bdf661f41068b wp-block-post-terms has-text-color has-contrast-color has-hasthon-font-family\"><a href=\"https:\/\/www.tourisme-volvestre.fr\/en\/category\/heritage\/\" rel=\"tag\">Heritage<\/a><span class=\"wp-block-post-terms__separator\"> \/ <\/span><a href=\"https:\/\/www.tourisme-volvestre.fr\/en\/category\/news\/\" rel=\"tag\">News<\/a><\/div><\/div>\n\n\n<div class=\"wp-block-post-excerpt has-text-color has-contrast-color has-small-font-size wp-container-content-32e3a40d\"><p class=\"wp-block-post-excerpt__excerpt\">Discover Volvestre in a different way! A storytelling journey in 10 podcasts The Volvestre Intercommunal Tourist Office, the Volvestre Community of Communes and Gabriel Tamalet, storyteller, musician and actor, announce you the launch of &#8220;Histoire-Histoires&#8230;&#8221;. Gabriel offers you a series of new podcasts that invite you to explore Volvestre in a new light. Discover an<\/p><p class=\"wp-block-post-excerpt__more-text\"><a class=\"wp-block-post-excerpt__more-link\" href=\"https:\/\/www.tourisme-volvestre.fr\/en\/podcast-histoire-histoires-by-gabriel-tamalet\/\">Find out more<\/a><\/p><\/div>\n\n\n<div style=\"height:0px\" aria-hidden=\"true\" class=\"wp-block-spacer wp-container-content-32e3a40d\"><\/div>\n<\/div>\n\n<\/li><li class=\"wp-block-post post-8567 post type-post status-publish format-standard has-post-thumbnail hentry category-buy-volvestre\">\n<figure style=\"aspect-ratio:3\/4; padding-bottom:var(--wp--preset--spacing--20);margin-bottom:0;\" class=\"wp-block-post-featured-image\"><a href=\"https:\/\/www.tourisme-volvestre.fr\/en\/guinguettes\/\" target=\"_self\"  ><img loading=\"lazy\" decoding=\"async\" width=\"1280\" height=\"489\" src=\"https:\/\/www.tourisme-volvestre.fr\/wp-content\/uploads\/2025\/06\/Pixabay.jpg\" class=\"attachment-post-thumbnail size-post-thumbnail wp-post-image\" alt=\"&#8220;Guinguettes&#8221;\" style=\"width:100%;height:100%;object-fit:cover;\" srcset=\"https:\/\/www.tourisme-volvestre.fr\/wp-content\/uploads\/2025\/06\/Pixabay.jpg 1280w, https:\/\/www.tourisme-volvestre.fr\/wp-content\/uploads\/2025\/06\/Pixabay-300x115.jpg 300w, https:\/\/www.tourisme-volvestre.fr\/wp-content\/uploads\/2025\/06\/Pixabay-1024x391.jpg 1024w, https:\/\/www.tourisme-volvestre.fr\/wp-content\/uploads\/2025\/06\/Pixabay-768x293.jpg 768w\" sizes=\"auto, (max-width: 1280px) 100vw, 1280px\" \/><\/a><\/figure>\n\n\n<div class=\"wp-block-group is-vertical is-nowrap is-layout-flex wp-container-core-group-is-layout-97ba36a5 wp-block-group-is-layout-flex\" style=\"margin-top:var(--wp--preset--spacing--20);padding-top:0\"><h2 style=\"font-style:normal;font-weight:700;\" class=\"has-link-color wp-elements-8f3c84859768cedc437879642ad3ea2f wp-block-post-title has-text-color has-contrast-2-color has-large-font-size has-proxima-nova-font-family wp-container-content-32e3a40d\"><a href=\"https:\/\/www.tourisme-volvestre.fr\/en\/guinguettes\/\" target=\"_self\" >&#8220;Guinguettes&#8221;<\/a><\/h2>\n\n\n<div class=\"wp-block-group is-nowrap is-layout-flex wp-container-core-group-is-layout-6c531013 wp-block-group-is-layout-flex\"><div class=\"has-link-color wp-elements-cbe3aaeb4463dd4254847ba4e387c00e wp-block-post-date has-text-color has-contrast-color\"><time datetime=\"2025-06-13T15:13:57+02:00\">13 June 2025<\/time><\/div>\n\n<div class=\"taxonomy-category has-link-color categorie-actu wp-elements-27d5e2bbeb5b1a77b57bdf661f41068b wp-block-post-terms has-text-color has-contrast-color has-hasthon-font-family\"><a href=\"https:\/\/www.tourisme-volvestre.fr\/en\/category\/buy-volvestre\/\" rel=\"tag\">Buy Volvestre<\/a><\/div><\/div>\n\n\n<div class=\"wp-block-post-excerpt has-text-color has-contrast-color has-small-font-size wp-container-content-32e3a40d\"><p class=\"wp-block-post-excerpt__excerpt\">Do you need diner under the starry sky? Where summer sings, good cheer dances and taste buds marvel&#8230;Discover our &#8220;guinguettes&#8221; throughout the Volvestre area. La Grange bleue An eco-cultural place located around Rieux-Volvestre and Latrape, an oldfarmhouse proposing artists residences, guesthouse and Saharan tents 30 la Simonette, route de Latrape31310 Rieux-Volvestre06 59 94 04 33lagrangebleue.cultures@gmail.com<\/p><p class=\"wp-block-post-excerpt__more-text\"><a class=\"wp-block-post-excerpt__more-link\" href=\"https:\/\/www.tourisme-volvestre.fr\/en\/guinguettes\/\">Find out more<\/a><\/p><\/div>\n\n\n<div style=\"height:0px\" aria-hidden=\"true\" class=\"wp-block-spacer wp-container-content-32e3a40d\"><\/div>\n<\/div>\n\n<\/li><li class=\"wp-block-post post-8589 post type-post status-publish format-standard has-post-thumbnail hentry category-activities category-heritage\">\n<figure style=\"aspect-ratio:3\/4; padding-bottom:var(--wp--preset--spacing--20);margin-bottom:0;\" class=\"wp-block-post-featured-image\"><a href=\"https:\/\/www.tourisme-volvestre.fr\/en\/quesaco-an-immersive-application\/\" target=\"_self\"  ><img loading=\"lazy\" decoding=\"async\" width=\"1754\" height=\"2481\" src=\"https:\/\/www.tourisme-volvestre.fr\/wp-content\/uploads\/2025\/05\/20250515_quesaquo_affiche_page-0001-2-2.jpg\" class=\"attachment-post-thumbnail size-post-thumbnail wp-post-image\" alt=\"Quesaco : an immersive application\" style=\"width:100%;height:100%;object-fit:cover;\" srcset=\"https:\/\/www.tourisme-volvestre.fr\/wp-content\/uploads\/2025\/05\/20250515_quesaquo_affiche_page-0001-2-2.jpg 1754w, https:\/\/www.tourisme-volvestre.fr\/wp-content\/uploads\/2025\/05\/20250515_quesaquo_affiche_page-0001-2-2-212x300.jpg 212w, https:\/\/www.tourisme-volvestre.fr\/wp-content\/uploads\/2025\/05\/20250515_quesaquo_affiche_page-0001-2-2-724x1024.jpg 724w, https:\/\/www.tourisme-volvestre.fr\/wp-content\/uploads\/2025\/05\/20250515_quesaquo_affiche_page-0001-2-2-768x1086.jpg 768w, https:\/\/www.tourisme-volvestre.fr\/wp-content\/uploads\/2025\/05\/20250515_quesaquo_affiche_page-0001-2-2-1086x1536.jpg 1086w, https:\/\/www.tourisme-volvestre.fr\/wp-content\/uploads\/2025\/05\/20250515_quesaquo_affiche_page-0001-2-2-1448x2048.jpg 1448w\" sizes=\"auto, (max-width: 1754px) 100vw, 1754px\" \/><\/a><\/figure>\n\n\n<div class=\"wp-block-group is-vertical is-nowrap is-layout-flex wp-container-core-group-is-layout-97ba36a5 wp-block-group-is-layout-flex\" style=\"margin-top:var(--wp--preset--spacing--20);padding-top:0\"><h2 style=\"font-style:normal;font-weight:700;\" class=\"has-link-color wp-elements-8f3c84859768cedc437879642ad3ea2f wp-block-post-title has-text-color has-contrast-2-color has-large-font-size has-proxima-nova-font-family wp-container-content-32e3a40d\"><a href=\"https:\/\/www.tourisme-volvestre.fr\/en\/quesaco-an-immersive-application\/\" target=\"_self\" >Quesaco : an immersive application<\/a><\/h2>\n\n\n<div class=\"wp-block-group is-nowrap is-layout-flex wp-container-core-group-is-layout-6c531013 wp-block-group-is-layout-flex\"><div class=\"has-link-color wp-elements-cbe3aaeb4463dd4254847ba4e387c00e wp-block-post-date has-text-color has-contrast-color\"><time datetime=\"2025-05-28T14:49:24+02:00\">28 May 2025<\/time><\/div>\n\n<div class=\"taxonomy-category has-link-color categorie-actu wp-elements-27d5e2bbeb5b1a77b57bdf661f41068b wp-block-post-terms has-text-color has-contrast-color has-hasthon-font-family\"><a href=\"https:\/\/www.tourisme-volvestre.fr\/en\/category\/activities\/\" rel=\"tag\">Activities<\/a><span class=\"wp-block-post-terms__separator\"> \/ <\/span><a href=\"https:\/\/www.tourisme-volvestre.fr\/en\/category\/heritage\/\" rel=\"tag\">Heritage<\/a><\/div><\/div>\n\n\n<div class=\"wp-block-post-excerpt has-text-color has-contrast-color has-small-font-size wp-container-content-32e3a40d\"><p class=\"wp-block-post-excerpt__excerpt\">\u201cQu\u00e8saco\u201d: provincial expression \u201cwhat is it?\u201d Have you ever found yourself in front of a closed historical monument and said the famous phrase : &#8220;Damn, it&#8217;s closed, it&#8217;s annoying. Okay, let&#8217;s go again ! &#8220;. Wait, stay. The &#8220;Quesaquo&#8221; QR Code is here to help you. Armed with your mobile phone, scan the plaque. The<\/p><p class=\"wp-block-post-excerpt__more-text\"><a class=\"wp-block-post-excerpt__more-link\" href=\"https:\/\/www.tourisme-volvestre.fr\/en\/quesaco-an-immersive-application\/\">Find out more<\/a><\/p><\/div>\n\n\n<div style=\"height:0px\" aria-hidden=\"true\" class=\"wp-block-spacer wp-container-content-32e3a40d\"><\/div>\n<\/div>\n\n<\/li><li class=\"wp-block-post post-8641 post type-post status-publish format-standard has-post-thumbnail hentry category-activities category-heritage\">\n<figure style=\"aspect-ratio:3\/4; padding-bottom:var(--wp--preset--spacing--20);margin-bottom:0;\" class=\"wp-block-post-featured-image\"><a href=\"https:\/\/www.tourisme-volvestre.fr\/en\/night-tours-in-volvestre\/\" target=\"_self\"  ><img loading=\"lazy\" decoding=\"async\" width=\"2560\" height=\"1707\" src=\"https:\/\/www.tourisme-volvestre.fr\/wp-content\/uploads\/2025\/06\/Astro_Volvestre_3-1.jpg\" class=\"attachment-post-thumbnail size-post-thumbnail wp-post-image\" alt=\"Night tours in Volvestre\" style=\"width:100%;height:100%;object-fit:cover;\" srcset=\"https:\/\/www.tourisme-volvestre.fr\/wp-content\/uploads\/2025\/06\/Astro_Volvestre_3-1.jpg 2560w, https:\/\/www.tourisme-volvestre.fr\/wp-content\/uploads\/2025\/06\/Astro_Volvestre_3-1-300x200.jpg 300w, https:\/\/www.tourisme-volvestre.fr\/wp-content\/uploads\/2025\/06\/Astro_Volvestre_3-1-1024x683.jpg 1024w, https:\/\/www.tourisme-volvestre.fr\/wp-content\/uploads\/2025\/06\/Astro_Volvestre_3-1-768x512.jpg 768w, https:\/\/www.tourisme-volvestre.fr\/wp-content\/uploads\/2025\/06\/Astro_Volvestre_3-1-1536x1024.jpg 1536w, https:\/\/www.tourisme-volvestre.fr\/wp-content\/uploads\/2025\/06\/Astro_Volvestre_3-1-2048x1366.jpg 2048w\" sizes=\"auto, (max-width: 2560px) 100vw, 2560px\" \/><\/a><\/figure>\n\n\n<div class=\"wp-block-group is-vertical is-nowrap is-layout-flex wp-container-core-group-is-layout-97ba36a5 wp-block-group-is-layout-flex\" style=\"margin-top:var(--wp--preset--spacing--20);padding-top:0\"><h2 style=\"font-style:normal;font-weight:700;\" class=\"has-link-color wp-elements-8f3c84859768cedc437879642ad3ea2f wp-block-post-title has-text-color has-contrast-2-color has-large-font-size has-proxima-nova-font-family wp-container-content-32e3a40d\"><a href=\"https:\/\/www.tourisme-volvestre.fr\/en\/night-tours-in-volvestre\/\" target=\"_self\" >Night tours in Volvestre<\/a><\/h2>\n\n\n<div class=\"wp-block-group is-nowrap is-layout-flex wp-container-core-group-is-layout-6c531013 wp-block-group-is-layout-flex\"><div class=\"has-link-color wp-elements-cbe3aaeb4463dd4254847ba4e387c00e wp-block-post-date has-text-color has-contrast-color\"><time datetime=\"2025-05-14T14:42:39+02:00\">14 May 2025<\/time><\/div>\n\n<div class=\"taxonomy-category has-link-color categorie-actu wp-elements-27d5e2bbeb5b1a77b57bdf661f41068b wp-block-post-terms has-text-color has-contrast-color has-hasthon-font-family\"><a href=\"https:\/\/www.tourisme-volvestre.fr\/en\/category\/activities\/\" rel=\"tag\">Activities<\/a><span class=\"wp-block-post-terms__separator\"> \/ <\/span><a href=\"https:\/\/www.tourisme-volvestre.fr\/en\/category\/heritage\/\" rel=\"tag\">Heritage<\/a><\/div><\/div>\n\n\n<div class=\"wp-block-post-excerpt has-text-color has-contrast-color has-small-font-size wp-container-content-32e3a40d\"><p class=\"wp-block-post-excerpt__excerpt\">What if you discovered the Volvestre\u2026 at nightfall? Every tuesday evening from July to August, enjoy our night tours. An unique and friendly way to explore the villages of Volvestre in an unusual atmosphere, featuring stories and historical anecdotes. Our summer night tours Montbrun-Bocage July 8, 2025 Participate at a narrated and dramatized night tour<\/p><p class=\"wp-block-post-excerpt__more-text\"><a class=\"wp-block-post-excerpt__more-link\" href=\"https:\/\/www.tourisme-volvestre.fr\/en\/night-tours-in-volvestre\/\">Find out more<\/a><\/p><\/div>\n\n\n<div style=\"height:0px\" aria-hidden=\"true\" class=\"wp-block-spacer wp-container-content-32e3a40d\"><\/div>\n<\/div>\n\n<\/li><\/ul>\n\n\n<div style=\"margin-top:0;margin-bottom:0;height:var(--wp--preset--spacing--40)\" aria-hidden=\"true\" class=\"wp-block-spacer\"><\/div>\n\n\n<\/div>\n<\/div>\n","protected":false},"excerpt":{"rendered":"","protected":false},"author":1,"featured_media":842,"parent":0,"menu_order":0,"comment_status":"closed","ping_status":"closed","template":"page-no-title","meta":{"_acf_changed":false,"inline_featured_image":false,"footnotes":""},"class_list":["post-6693","page","type-page","status-publish","has-post-thumbnail","hentry"],"acf":[],"yoast_head":"<!-- This site is optimized with the Yoast SEO plugin v27.3 - https:\/\/yoast.com\/product\/yoast-seo-wordpress\/ -->\n<title>News - Volvestre Tourisme<\/title>\n<meta name=\"description\" content=\"Follow all the latest news from Volvestre ! Key events, new tourist offers and the latest information.\" \/>\n<meta name=\"robots\" content=\"index, follow, max-snippet:-1, max-image-preview:large, max-video-preview:-1\" \/>\n<link rel=\"canonical\" href=\"https:\/\/www.tourisme-volvestre.fr\/en\/news\/\" \/>\n<meta property=\"og:locale\" content=\"en_US\" \/>\n<meta property=\"og:type\" content=\"article\" \/>\n<meta property=\"og:title\" content=\"News - Volvestre Tourisme\" \/>\n<meta property=\"og:description\" content=\"Follow all the latest news from Volvestre ! Key events, new tourist offers and the latest information.\" \/>\n<meta property=\"og:url\" content=\"https:\/\/www.tourisme-volvestre.fr\/en\/news\/\" \/>\n<meta property=\"og:site_name\" content=\"Volvestre Tourisme\" \/>\n<meta property=\"article:publisher\" content=\"https:\/\/www.facebook.com\/TourismeVolvestre\" \/>\n<meta property=\"article:modified_time\" content=\"2025-09-03T09:23:52+00:00\" \/>\n<meta property=\"og:image\" content=\"https:\/\/www.tourisme-volvestre.fr\/wp-content\/uploads\/2024\/11\/rieuxvolvestre_papogay_animation_danses_tradition_fig@marionoti-scaled-e1754555762332.jpg\" \/>\n\t<meta property=\"og:image:width\" content=\"2560\" \/>\n\t<meta property=\"og:image:height\" content=\"2013\" \/>\n\t<meta property=\"og:image:type\" content=\"image\/jpeg\" \/>\n<meta name=\"twitter:card\" content=\"summary_large_image\" \/>\n<script type=\"application\/ld+json\" class=\"yoast-schema-graph\">{\"@context\":\"https:\\\/\\\/schema.org\",\"@graph\":[{\"@type\":\"WebPage\",\"@id\":\"https:\\\/\\\/www.tourisme-volvestre.fr\\\/en\\\/news\\\/\",\"url\":\"https:\\\/\\\/www.tourisme-volvestre.fr\\\/en\\\/news\\\/\",\"name\":\"News - Volvestre Tourisme\",\"isPartOf\":{\"@id\":\"https:\\\/\\\/www.tourisme-volvestre.fr\\\/en\\\/#website\"},\"primaryImageOfPage\":{\"@id\":\"https:\\\/\\\/www.tourisme-volvestre.fr\\\/en\\\/news\\\/#primaryimage\"},\"image\":{\"@id\":\"https:\\\/\\\/www.tourisme-volvestre.fr\\\/en\\\/news\\\/#primaryimage\"},\"thumbnailUrl\":\"https:\\\/\\\/www.tourisme-volvestre.fr\\\/wp-content\\\/uploads\\\/2024\\\/11\\\/rieuxvolvestre_papogay_animation_danses_tradition_fig@marionoti-scaled-e1754555762332.jpg\",\"datePublished\":\"2024-11-19T08:10:38+00:00\",\"dateModified\":\"2025-09-03T09:23:52+00:00\",\"description\":\"Follow all the latest news from Volvestre ! Key events, new tourist offers and the latest information.\",\"breadcrumb\":{\"@id\":\"https:\\\/\\\/www.tourisme-volvestre.fr\\\/en\\\/news\\\/#breadcrumb\"},\"inLanguage\":\"en-US\",\"potentialAction\":[{\"@type\":\"ReadAction\",\"target\":[\"https:\\\/\\\/www.tourisme-volvestre.fr\\\/en\\\/news\\\/\"]}]},{\"@type\":\"ImageObject\",\"inLanguage\":\"en-US\",\"@id\":\"https:\\\/\\\/www.tourisme-volvestre.fr\\\/en\\\/news\\\/#primaryimage\",\"url\":\"https:\\\/\\\/www.tourisme-volvestre.fr\\\/wp-content\\\/uploads\\\/2024\\\/11\\\/rieuxvolvestre_papogay_animation_danses_tradition_fig@marionoti-scaled-e1754555762332.jpg\",\"contentUrl\":\"https:\\\/\\\/www.tourisme-volvestre.fr\\\/wp-content\\\/uploads\\\/2024\\\/11\\\/rieuxvolvestre_papogay_animation_danses_tradition_fig@marionoti-scaled-e1754555762332.jpg\",\"width\":2560,\"height\":2013},{\"@type\":\"BreadcrumbList\",\"@id\":\"https:\\\/\\\/www.tourisme-volvestre.fr\\\/en\\\/news\\\/#breadcrumb\",\"itemListElement\":[{\"@type\":\"ListItem\",\"position\":1,\"name\":\"Accueil\",\"item\":\"https:\\\/\\\/www.tourisme-volvestre.fr\\\/en\\\/?lang=en\"},{\"@type\":\"ListItem\",\"position\":2,\"name\":\"News\"}]},{\"@type\":\"WebSite\",\"@id\":\"https:\\\/\\\/www.tourisme-volvestre.fr\\\/en\\\/#website\",\"url\":\"https:\\\/\\\/www.tourisme-volvestre.fr\\\/en\\\/\",\"name\":\"Volvestre Tourisme\",\"description\":\"\",\"publisher\":{\"@id\":\"https:\\\/\\\/www.tourisme-volvestre.fr\\\/en\\\/#organization\"},\"alternateName\":\"OT Volvestre\",\"potentialAction\":[{\"@type\":\"SearchAction\",\"target\":{\"@type\":\"EntryPoint\",\"urlTemplate\":\"https:\\\/\\\/www.tourisme-volvestre.fr\\\/en\\\/?s={search_term_string}\"},\"query-input\":{\"@type\":\"PropertyValueSpecification\",\"valueRequired\":true,\"valueName\":\"search_term_string\"}}],\"inLanguage\":\"en-US\"},{\"@type\":\"Organization\",\"@id\":\"https:\\\/\\\/www.tourisme-volvestre.fr\\\/en\\\/#organization\",\"name\":\"Volvestre Tourisme\",\"url\":\"https:\\\/\\\/www.tourisme-volvestre.fr\\\/en\\\/\",\"logo\":{\"@type\":\"ImageObject\",\"inLanguage\":\"en-US\",\"@id\":\"https:\\\/\\\/www.tourisme-volvestre.fr\\\/en\\\/#\\\/schema\\\/logo\\\/image\\\/\",\"url\":\"https:\\\/\\\/www.tourisme-volvestre.fr\\\/wp-content\\\/uploads\\\/2025\\\/02\\\/logo-site.png\",\"contentUrl\":\"https:\\\/\\\/www.tourisme-volvestre.fr\\\/wp-content\\\/uploads\\\/2025\\\/02\\\/logo-site.png\",\"width\":152,\"height\":152,\"caption\":\"Volvestre Tourisme\"},\"image\":{\"@id\":\"https:\\\/\\\/www.tourisme-volvestre.fr\\\/en\\\/#\\\/schema\\\/logo\\\/image\\\/\"},\"sameAs\":[\"https:\\\/\\\/www.facebook.com\\\/TourismeVolvestre\",\"https:\\\/\\\/www.instagram.com\\\/tourismevolvestre\"]}]}<\/script>\n<!-- \/ Yoast SEO plugin. -->","yoast_head_json":{"title":"News - Volvestre Tourisme","description":"Follow all the latest news from Volvestre ! Key events, new tourist offers and the latest information.","robots":{"index":"index","follow":"follow","max-snippet":"max-snippet:-1","max-image-preview":"max-image-preview:large","max-video-preview":"max-video-preview:-1"},"canonical":"https:\/\/www.tourisme-volvestre.fr\/en\/news\/","og_locale":"en_US","og_type":"article","og_title":"News - Volvestre Tourisme","og_description":"Follow all the latest news from Volvestre ! Key events, new tourist offers and the latest information.","og_url":"https:\/\/www.tourisme-volvestre.fr\/en\/news\/","og_site_name":"Volvestre Tourisme","article_publisher":"https:\/\/www.facebook.com\/TourismeVolvestre","article_modified_time":"2025-09-03T09:23:52+00:00","og_image":[{"width":2560,"height":2013,"url":"https:\/\/www.tourisme-volvestre.fr\/wp-content\/uploads\/2024\/11\/rieuxvolvestre_papogay_animation_danses_tradition_fig@marionoti-scaled-e1754555762332.jpg","type":"image\/jpeg"}],"twitter_card":"summary_large_image","schema":{"@context":"https:\/\/schema.org","@graph":[{"@type":"WebPage","@id":"https:\/\/www.tourisme-volvestre.fr\/en\/news\/","url":"https:\/\/www.tourisme-volvestre.fr\/en\/news\/","name":"News - Volvestre Tourisme","isPartOf":{"@id":"https:\/\/www.tourisme-volvestre.fr\/en\/#website"},"primaryImageOfPage":{"@id":"https:\/\/www.tourisme-volvestre.fr\/en\/news\/#primaryimage"},"image":{"@id":"https:\/\/www.tourisme-volvestre.fr\/en\/news\/#primaryimage"},"thumbnailUrl":"https:\/\/www.tourisme-volvestre.fr\/wp-content\/uploads\/2024\/11\/rieuxvolvestre_papogay_animation_danses_tradition_fig@marionoti-scaled-e1754555762332.jpg","datePublished":"2024-11-19T08:10:38+00:00","dateModified":"2025-09-03T09:23:52+00:00","description":"Follow all the latest news from Volvestre ! Key events, new tourist offers and the latest information.","breadcrumb":{"@id":"https:\/\/www.tourisme-volvestre.fr\/en\/news\/#breadcrumb"},"inLanguage":"en-US","potentialAction":[{"@type":"ReadAction","target":["https:\/\/www.tourisme-volvestre.fr\/en\/news\/"]}]},{"@type":"ImageObject","inLanguage":"en-US","@id":"https:\/\/www.tourisme-volvestre.fr\/en\/news\/#primaryimage","url":"https:\/\/www.tourisme-volvestre.fr\/wp-content\/uploads\/2024\/11\/rieuxvolvestre_papogay_animation_danses_tradition_fig@marionoti-scaled-e1754555762332.jpg","contentUrl":"https:\/\/www.tourisme-volvestre.fr\/wp-content\/uploads\/2024\/11\/rieuxvolvestre_papogay_animation_danses_tradition_fig@marionoti-scaled-e1754555762332.jpg","width":2560,"height":2013},{"@type":"BreadcrumbList","@id":"https:\/\/www.tourisme-volvestre.fr\/en\/news\/#breadcrumb","itemListElement":[{"@type":"ListItem","position":1,"name":"Accueil","item":"https:\/\/www.tourisme-volvestre.fr\/en\/?lang=en"},{"@type":"ListItem","position":2,"name":"News"}]},{"@type":"WebSite","@id":"https:\/\/www.tourisme-volvestre.fr\/en\/#website","url":"https:\/\/www.tourisme-volvestre.fr\/en\/","name":"Volvestre Tourisme","description":"","publisher":{"@id":"https:\/\/www.tourisme-volvestre.fr\/en\/#organization"},"alternateName":"OT Volvestre","potentialAction":[{"@type":"SearchAction","target":{"@type":"EntryPoint","urlTemplate":"https:\/\/www.tourisme-volvestre.fr\/en\/?s={search_term_string}"},"query-input":{"@type":"PropertyValueSpecification","valueRequired":true,"valueName":"search_term_string"}}],"inLanguage":"en-US"},{"@type":"Organization","@id":"https:\/\/www.tourisme-volvestre.fr\/en\/#organization","name":"Volvestre Tourisme","url":"https:\/\/www.tourisme-volvestre.fr\/en\/","logo":{"@type":"ImageObject","inLanguage":"en-US","@id":"https:\/\/www.tourisme-volvestre.fr\/en\/#\/schema\/logo\/image\/","url":"https:\/\/www.tourisme-volvestre.fr\/wp-content\/uploads\/2025\/02\/logo-site.png","contentUrl":"https:\/\/www.tourisme-volvestre.fr\/wp-content\/uploads\/2025\/02\/logo-site.png","width":152,"height":152,"caption":"Volvestre Tourisme"},"image":{"@id":"https:\/\/www.tourisme-volvestre.fr\/en\/#\/schema\/logo\/image\/"},"sameAs":["https:\/\/www.facebook.com\/TourismeVolvestre","https:\/\/www.instagram.com\/tourismevolvestre"]}]}},"_links":{"self":[{"href":"https:\/\/www.tourisme-volvestre.fr\/en\/wp-json\/wp\/v2\/pages\/6693","targetHints":{"allow":["GET"]}}],"collection":[{"href":"https:\/\/www.tourisme-volvestre.fr\/en\/wp-json\/wp\/v2\/pages"}],"about":[{"href":"https:\/\/www.tourisme-volvestre.fr\/en\/wp-json\/wp\/v2\/types\/page"}],"author":[{"embeddable":true,"href":"https:\/\/www.tourisme-volvestre.fr\/en\/wp-json\/wp\/v2\/users\/1"}],"replies":[{"embeddable":true,"href":"https:\/\/www.tourisme-volvestre.fr\/en\/wp-json\/wp\/v2\/comments?post=6693"}],"version-history":[{"count":3,"href":"https:\/\/www.tourisme-volvestre.fr\/en\/wp-json\/wp\/v2\/pages\/6693\/revisions"}],"predecessor-version":[{"id":8830,"href":"https:\/\/www.tourisme-volvestre.fr\/en\/wp-json\/wp\/v2\/pages\/6693\/revisions\/8830"}],"wp:featuredmedia":[{"embeddable":true,"href":"https:\/\/www.tourisme-volvestre.fr\/en\/wp-json\/wp\/v2\/media\/842"}],"wp:attachment":[{"href":"https:\/\/www.tourisme-volvestre.fr\/en\/wp-json\/wp\/v2\/media?parent=6693"}],"curies":[{"name":"wp","href":"https:\/\/api.w.org\/{rel}","templated":true}]}}