{"id":8827,"date":"2024-11-19T09:10:38","date_gmt":"2024-11-19T08:10:38","guid":{"rendered":"https:\/\/www.tourisme-volvestre.fr\/noticias\/"},"modified":"2025-09-01T11:43:15","modified_gmt":"2025-09-01T09:43:15","slug":"noticias","status":"publish","type":"page","link":"https:\/\/www.tourisme-volvestre.fr\/es\/noticias\/","title":{"rendered":"Noticias"},"content":{"rendered":"\n<main class=\"wp-block-group alignwide has-global-padding is-content-justification-left is-layout-constrained wp-container-core-group-is-layout-37880a9a wp-block-group-is-layout-constrained\" style=\"padding-top:var(--wp--preset--spacing--40);padding-bottom:var(--wp--preset--spacing--20)\"><span><span><a href=\"https:\/\/www.tourisme-volvestre.fr\/es\/?lang=es\">Accueil<\/a><\/span><\/span>\n<\/main>\n\n<div class=\"wp-block-columns alignfull heroactu is-layout-flex wp-container-core-columns-is-layout-09344f28 wp-block-columns-is-layout-flex\" style=\"margin-top:var(--wp--preset--spacing--20);margin-bottom:var(--wp--preset--spacing--20)\">\n<div class=\"wp-block-column is-layout-flow wp-block-column-is-layout-flow\" style=\"flex-basis:50%\"><figure style=\"aspect-ratio:auto;height:400px;\" class=\"wp-block-post-featured-image\"><img loading=\"lazy\" decoding=\"async\" width=\"2560\" height=\"2013\" src=\"https:\/\/www.tourisme-volvestre.fr\/wp-content\/uploads\/2024\/11\/rieuxvolvestre_papogay_animation_danses_tradition_fig@marionoti-scaled-e1754555762332.jpg\" class=\"attachment-post-thumbnail size-post-thumbnail wp-post-image\" alt=\"\" style=\"width:100%;height:100%;object-fit:cover;\" \/><\/figure><\/div>\n\n\n\n<div class=\"wp-block-column is-layout-flow wp-block-column-is-layout-flow\" style=\"flex-basis:50%\"><h1 class=\"wp-block-post-title\">Noticias<\/h1><\/div>\n<\/div>\n\n<div class=\"wp-block-group alignfull fond-vert has-accent-4-background-color has-background is-layout-flow wp-container-core-group-is-layout-5c623733 wp-block-group-is-layout-flow\" style=\"min-height:450px;margin-top:-10rem;margin-bottom:0;padding-top:0;padding-right:0;padding-bottom:0;padding-left:0\"><\/div>\n\n<div class=\"wp-block-query liste-archive has-global-padding is-layout-constrained wp-block-query-is-layout-constrained\">\n<div class=\"wp-block-group is-layout-flow wp-container-core-group-is-layout-e603688c wp-block-group-is-layout-flow\" style=\"margin-top:0;margin-bottom:0;padding-top:0;padding-right:0;padding-bottom:0;padding-left:0\"><ul class=\"columns-3 alignfull wp-block-post-template is-layout-grid wp-container-core-post-template-is-layout-2d080239 wp-block-post-template-is-layout-grid\"><li class=\"wp-block-post post-8628 post type-post status-publish format-standard has-post-thumbnail hentry category-actividad\">\n<figure style=\"aspect-ratio:3\/4; padding-bottom:var(--wp--preset--spacing--20);margin-bottom:0;\" class=\"wp-block-post-featured-image\"><a href=\"https:\/\/www.tourisme-volvestre.fr\/es\/nuestras-excursiones-guiadas-en-volvestre\/\" target=\"_self\"  ><img loading=\"lazy\" decoding=\"async\" width=\"2560\" height=\"1707\" src=\"https:\/\/www.tourisme-volvestre.fr\/wp-content\/uploads\/2025\/05\/lonagges_patrimoine_marche_ete_fig_groupe@loicbel.jpg\" class=\"attachment-post-thumbnail size-post-thumbnail wp-post-image\" alt=\"El programa de verano\" style=\"width:100%;height:100%;object-fit:cover;\" srcset=\"https:\/\/www.tourisme-volvestre.fr\/wp-content\/uploads\/2025\/05\/lonagges_patrimoine_marche_ete_fig_groupe@loicbel.jpg 2560w, https:\/\/www.tourisme-volvestre.fr\/wp-content\/uploads\/2025\/05\/lonagges_patrimoine_marche_ete_fig_groupe@loicbel-300x200.jpg 300w, https:\/\/www.tourisme-volvestre.fr\/wp-content\/uploads\/2025\/05\/lonagges_patrimoine_marche_ete_fig_groupe@loicbel-1024x683.jpg 1024w, https:\/\/www.tourisme-volvestre.fr\/wp-content\/uploads\/2025\/05\/lonagges_patrimoine_marche_ete_fig_groupe@loicbel-768x512.jpg 768w, https:\/\/www.tourisme-volvestre.fr\/wp-content\/uploads\/2025\/05\/lonagges_patrimoine_marche_ete_fig_groupe@loicbel-1536x1024.jpg 1536w, https:\/\/www.tourisme-volvestre.fr\/wp-content\/uploads\/2025\/05\/lonagges_patrimoine_marche_ete_fig_groupe@loicbel-2048x1366.jpg 2048w\" sizes=\"auto, (max-width: 2560px) 100vw, 2560px\" \/><\/a><\/figure>\n\n\n<div class=\"wp-block-group is-vertical is-nowrap is-layout-flex wp-container-core-group-is-layout-97ba36a5 wp-block-group-is-layout-flex\" style=\"margin-top:var(--wp--preset--spacing--20);padding-top:0\"><h2 style=\"font-style:normal;font-weight:700;\" class=\"has-link-color wp-elements-8f3c84859768cedc437879642ad3ea2f wp-block-post-title has-text-color has-contrast-2-color has-large-font-size has-proxima-nova-font-family wp-container-content-32e3a40d\"><a href=\"https:\/\/www.tourisme-volvestre.fr\/es\/nuestras-excursiones-guiadas-en-volvestre\/\" target=\"_self\" >El programa de verano<\/a><\/h2>\n\n\n<div class=\"wp-block-group is-nowrap is-layout-flex wp-container-core-group-is-layout-6c531013 wp-block-group-is-layout-flex\"><div class=\"has-link-color wp-elements-cbe3aaeb4463dd4254847ba4e387c00e wp-block-post-date has-text-color has-contrast-color\"><time datetime=\"2026-04-20T16:35:18+02:00\">20 de abril de 2026<\/time><\/div>\n\n<div class=\"taxonomy-category has-link-color categorie-actu wp-elements-27d5e2bbeb5b1a77b57bdf661f41068b wp-block-post-terms has-text-color has-contrast-color has-hasthon-font-family\"><a href=\"https:\/\/www.tourisme-volvestre.fr\/es\/category\/actividad\/\" rel=\"tag\">Actividad<\/a><\/div><\/div>\n\n\n<div class=\"wp-block-post-excerpt has-text-color has-contrast-color has-small-font-size wp-container-content-32e3a40d\"><p class=\"wp-block-post-excerpt__excerpt\">Nuestras actividades de verano \u00a1Un nuevo programa que combina escapadas a la naturaleza y descubrimientos! \u00bfTe apasiona el senderismo y la naturaleza?Emb\u00e1rcate en una aventura con nuestros \u00c9chos&#8217;Randos : paseos guiados en plena naturaleza para explorar nuestros paisajes y una variedad de temas, paso a paso. \u00bf Eres un aficionado a la historia y te<\/p><p class=\"wp-block-post-excerpt__more-text\"><a class=\"wp-block-post-excerpt__more-link\" href=\"https:\/\/www.tourisme-volvestre.fr\/es\/nuestras-excursiones-guiadas-en-volvestre\/\">M\u00e1s informaci\u00f3n<\/a><\/p><\/div>\n\n\n<div style=\"height:0px\" aria-hidden=\"true\" class=\"wp-block-spacer wp-container-content-32e3a40d\"><\/div>\n<\/div>\n\n<\/li><li class=\"wp-block-post post-11628 post type-post status-publish format-standard has-post-thumbnail hentry category-sin-categoria\">\n<figure style=\"aspect-ratio:3\/4; padding-bottom:var(--wp--preset--spacing--20);margin-bottom:0;\" class=\"wp-block-post-featured-image\"><a href=\"https:\/\/www.tourisme-volvestre.fr\/es\/journees-europeennes-des-metiers-dart\/\" target=\"_self\"  ><img loading=\"lazy\" decoding=\"async\" width=\"2560\" height=\"1280\" src=\"https:\/\/www.tourisme-volvestre.fr\/wp-content\/uploads\/2026\/03\/Design-sans-titre.jpg\" class=\"attachment-post-thumbnail size-post-thumbnail wp-post-image\" alt=\"Journ\u00e9es Europ\u00e9ennes \ndes M\u00e9tiers d&#8217;Art\" style=\"width:100%;height:100%;object-fit:cover;\" srcset=\"https:\/\/www.tourisme-volvestre.fr\/wp-content\/uploads\/2026\/03\/Design-sans-titre.jpg 2560w, https:\/\/www.tourisme-volvestre.fr\/wp-content\/uploads\/2026\/03\/Design-sans-titre-300x150.jpg 300w, https:\/\/www.tourisme-volvestre.fr\/wp-content\/uploads\/2026\/03\/Design-sans-titre-1024x512.jpg 1024w, https:\/\/www.tourisme-volvestre.fr\/wp-content\/uploads\/2026\/03\/Design-sans-titre-768x384.jpg 768w, https:\/\/www.tourisme-volvestre.fr\/wp-content\/uploads\/2026\/03\/Design-sans-titre-1536x768.jpg 1536w, https:\/\/www.tourisme-volvestre.fr\/wp-content\/uploads\/2026\/03\/Design-sans-titre-2048x1024.jpg 2048w\" sizes=\"auto, (max-width: 2560px) 100vw, 2560px\" \/><\/a><\/figure>\n\n\n<div class=\"wp-block-group is-vertical is-nowrap is-layout-flex wp-container-core-group-is-layout-97ba36a5 wp-block-group-is-layout-flex\" style=\"margin-top:var(--wp--preset--spacing--20);padding-top:0\"><h2 style=\"font-style:normal;font-weight:700;\" class=\"has-link-color wp-elements-8f3c84859768cedc437879642ad3ea2f wp-block-post-title has-text-color has-contrast-2-color has-large-font-size has-proxima-nova-font-family wp-container-content-32e3a40d\"><a href=\"https:\/\/www.tourisme-volvestre.fr\/es\/journees-europeennes-des-metiers-dart\/\" target=\"_self\" >Journ\u00e9es Europ\u00e9ennes \ndes M\u00e9tiers d&#8217;Art<\/a><\/h2>\n\n\n<div class=\"wp-block-group is-nowrap is-layout-flex wp-container-core-group-is-layout-6c531013 wp-block-group-is-layout-flex\"><div class=\"has-link-color wp-elements-cbe3aaeb4463dd4254847ba4e387c00e wp-block-post-date has-text-color has-contrast-color\"><time datetime=\"2026-03-30T14:27:53+02:00\">30 de marzo de 2026<\/time><\/div>\n\n<div class=\"taxonomy-category has-link-color categorie-actu wp-elements-27d5e2bbeb5b1a77b57bdf661f41068b wp-block-post-terms has-text-color has-contrast-color has-hasthon-font-family\"><a href=\"https:\/\/www.tourisme-volvestre.fr\/es\/category\/sin-categoria\/\" rel=\"tag\">Sin categor\u00eda<\/a><\/div><\/div>\n\n\n<div class=\"wp-block-post-excerpt has-text-color has-contrast-color has-small-font-size wp-container-content-32e3a40d\"><p class=\"wp-block-post-excerpt__excerpt\">\u00a1Pasea, descubre, intercambia ideas y celebra la creatividad con nosotros durante estos d\u00edas dedicados al arte ! En toda Francia y Europa, las Journ\u00e9es Europ\u00e9ennes des M\u00e9tiers d&#8217;Art son un evento \u00fanico y gratuito que celebra la artesan\u00eda art\u00edstica y a los artesanos creativos. \u00a1Una cita ineludible para los apasionados de la artesan\u00eda y para<\/p><p class=\"wp-block-post-excerpt__more-text\"><a class=\"wp-block-post-excerpt__more-link\" href=\"https:\/\/www.tourisme-volvestre.fr\/es\/journees-europeennes-des-metiers-dart\/\">M\u00e1s informaci\u00f3n<\/a><\/p><\/div>\n\n\n<div style=\"height:0px\" aria-hidden=\"true\" class=\"wp-block-spacer wp-container-content-32e3a40d\"><\/div>\n<\/div>\n\n<\/li><li class=\"wp-block-post post-11588 post type-post status-publish format-standard has-post-thumbnail hentry category-actualite\">\n<figure style=\"aspect-ratio:3\/4; padding-bottom:var(--wp--preset--spacing--20);margin-bottom:0;\" class=\"wp-block-post-featured-image\"><a href=\"https:\/\/www.tourisme-volvestre.fr\/es\/el-salon-occygene-2026\/\" target=\"_self\"  ><img loading=\"lazy\" decoding=\"async\" width=\"1080\" height=\"1080\" src=\"https:\/\/www.tourisme-volvestre.fr\/wp-content\/uploads\/2026\/03\/vignette_salon_occygene_1000_1000.jpg\" class=\"attachment-post-thumbnail size-post-thumbnail wp-post-image\" alt=\"El Salon Occ&#8217;yg\u00e8ne 2026\" style=\"width:100%;height:100%;object-fit:cover;\" srcset=\"https:\/\/www.tourisme-volvestre.fr\/wp-content\/uploads\/2026\/03\/vignette_salon_occygene_1000_1000.jpg 1080w, https:\/\/www.tourisme-volvestre.fr\/wp-content\/uploads\/2026\/03\/vignette_salon_occygene_1000_1000-300x300.jpg 300w, https:\/\/www.tourisme-volvestre.fr\/wp-content\/uploads\/2026\/03\/vignette_salon_occygene_1000_1000-1024x1024.jpg 1024w, https:\/\/www.tourisme-volvestre.fr\/wp-content\/uploads\/2026\/03\/vignette_salon_occygene_1000_1000-150x150.jpg 150w, https:\/\/www.tourisme-volvestre.fr\/wp-content\/uploads\/2026\/03\/vignette_salon_occygene_1000_1000-768x768.jpg 768w\" sizes=\"auto, (max-width: 1080px) 100vw, 1080px\" \/><\/a><\/figure>\n\n\n<div class=\"wp-block-group is-vertical is-nowrap is-layout-flex wp-container-core-group-is-layout-97ba36a5 wp-block-group-is-layout-flex\" style=\"margin-top:var(--wp--preset--spacing--20);padding-top:0\"><h2 style=\"font-style:normal;font-weight:700;\" class=\"has-link-color wp-elements-8f3c84859768cedc437879642ad3ea2f wp-block-post-title has-text-color has-contrast-2-color has-large-font-size has-proxima-nova-font-family wp-container-content-32e3a40d\"><a href=\"https:\/\/www.tourisme-volvestre.fr\/es\/el-salon-occygene-2026\/\" target=\"_self\" >El Salon Occ&#8217;yg\u00e8ne 2026<\/a><\/h2>\n\n\n<div class=\"wp-block-group is-nowrap is-layout-flex wp-container-core-group-is-layout-6c531013 wp-block-group-is-layout-flex\"><div class=\"has-link-color wp-elements-cbe3aaeb4463dd4254847ba4e387c00e wp-block-post-date has-text-color has-contrast-color\"><time datetime=\"2026-03-13T16:34:43+01:00\">13 de marzo de 2026<\/time><\/div>\n\n<div class=\"taxonomy-category has-link-color categorie-actu wp-elements-27d5e2bbeb5b1a77b57bdf661f41068b wp-block-post-terms has-text-color has-contrast-color has-hasthon-font-family\"><a href=\"https:\/\/www.tourisme-volvestre.fr\/category\/actualite\/\" rel=\"tag\">Actualit\u00e9<\/a><\/div><\/div>\n\n\n<div class=\"wp-block-post-excerpt has-text-color has-contrast-color has-small-font-size wp-container-content-32e3a40d\"><p class=\"wp-block-post-excerpt__excerpt\">\u00bfNecesitas unas vacaciones? \u00bfNecesitas inspiraci\u00f3n para tus escapadas? No busques m\u00e1s y ven a participar en la feria Occ&#8217;yg\u00e8ne en Aussonne, cerca de Toulouse ! Nos reuniremos en MEETT, Exhibition Park, Convention &amp; Congress Centre, Concorde Avenue en Aussonne. El Salon Occ&#8217;yg\u00e8ne es el lugar ideal para los amantes de la aventura y las escapadas<\/p><p class=\"wp-block-post-excerpt__more-text\"><a class=\"wp-block-post-excerpt__more-link\" href=\"https:\/\/www.tourisme-volvestre.fr\/es\/el-salon-occygene-2026\/\">M\u00e1s informaci\u00f3n<\/a><\/p><\/div>\n\n\n<div style=\"height:0px\" aria-hidden=\"true\" class=\"wp-block-spacer wp-container-content-32e3a40d\"><\/div>\n<\/div>\n\n<\/li><li class=\"wp-block-post post-11519 post type-post status-publish format-standard has-post-thumbnail hentry category-actividad category-actualidad\">\n<figure style=\"aspect-ratio:3\/4; padding-bottom:var(--wp--preset--spacing--20);margin-bottom:0;\" class=\"wp-block-post-featured-image\"><a href=\"https:\/\/www.tourisme-volvestre.fr\/es\/vacaciones-de-febrero-en-volvestre\/\" target=\"_self\"  ><img loading=\"lazy\" decoding=\"async\" width=\"1920\" height=\"2560\" src=\"https:\/\/www.tourisme-volvestre.fr\/wp-content\/uploads\/2026\/02\/rieuxvolvestre_paysage_patrimoine_fig_hvr@oti.jpg\" class=\"attachment-post-thumbnail size-post-thumbnail wp-post-image\" alt=\"Vacaciones de febrero en Volvestre\" style=\"width:100%;height:100%;object-fit:cover;\" srcset=\"https:\/\/www.tourisme-volvestre.fr\/wp-content\/uploads\/2026\/02\/rieuxvolvestre_paysage_patrimoine_fig_hvr@oti.jpg 1920w, https:\/\/www.tourisme-volvestre.fr\/wp-content\/uploads\/2026\/02\/rieuxvolvestre_paysage_patrimoine_fig_hvr@oti-225x300.jpg 225w, https:\/\/www.tourisme-volvestre.fr\/wp-content\/uploads\/2026\/02\/rieuxvolvestre_paysage_patrimoine_fig_hvr@oti-768x1024.jpg 768w, https:\/\/www.tourisme-volvestre.fr\/wp-content\/uploads\/2026\/02\/rieuxvolvestre_paysage_patrimoine_fig_hvr@oti-1152x1536.jpg 1152w, https:\/\/www.tourisme-volvestre.fr\/wp-content\/uploads\/2026\/02\/rieuxvolvestre_paysage_patrimoine_fig_hvr@oti-1536x2048.jpg 1536w\" sizes=\"auto, (max-width: 1920px) 100vw, 1920px\" \/><\/a><\/figure>\n\n\n<div class=\"wp-block-group is-vertical is-nowrap is-layout-flex wp-container-core-group-is-layout-97ba36a5 wp-block-group-is-layout-flex\" style=\"margin-top:var(--wp--preset--spacing--20);padding-top:0\"><h2 style=\"font-style:normal;font-weight:700;\" class=\"has-link-color wp-elements-8f3c84859768cedc437879642ad3ea2f wp-block-post-title has-text-color has-contrast-2-color has-large-font-size has-proxima-nova-font-family wp-container-content-32e3a40d\"><a href=\"https:\/\/www.tourisme-volvestre.fr\/es\/vacaciones-de-febrero-en-volvestre\/\" target=\"_self\" >Vacaciones de febrero en Volvestre<\/a><\/h2>\n\n\n<div class=\"wp-block-group is-nowrap is-layout-flex wp-container-core-group-is-layout-6c531013 wp-block-group-is-layout-flex\"><div class=\"has-link-color wp-elements-cbe3aaeb4463dd4254847ba4e387c00e wp-block-post-date has-text-color has-contrast-color\"><time datetime=\"2026-02-18T16:00:47+01:00\">18 de febrero de 2026<\/time><\/div>\n\n<div class=\"taxonomy-category has-link-color categorie-actu wp-elements-27d5e2bbeb5b1a77b57bdf661f41068b wp-block-post-terms has-text-color has-contrast-color has-hasthon-font-family\"><a href=\"https:\/\/www.tourisme-volvestre.fr\/es\/category\/actividad\/\" rel=\"tag\">Actividad<\/a><span class=\"wp-block-post-terms__separator\"> \/ <\/span><a href=\"https:\/\/www.tourisme-volvestre.fr\/es\/category\/actualidad\/\" rel=\"tag\">Actualidad<\/a><\/div><\/div>\n\n\n<div class=\"wp-block-post-excerpt has-text-color has-contrast-color has-small-font-size wp-container-content-32e3a40d\"><p class=\"wp-block-post-excerpt__excerpt\">Actividades para j\u00f3venes y mayores \u00a1En febrero, comparte buenos momentos y explora el Volvestre de una manera diferente ! \u00bfNecesitas ideas para tus vacaciones? El equipo de la Oficina de Turismo ha preparado una selecci\u00f3n especial para ayudarte a aprovechar al m\u00e1ximo tus vacaciones escolares. \u00a1En Volvestre te esperan unas merecidas vacaciones! Se acercan las<\/p><p class=\"wp-block-post-excerpt__more-text\"><a class=\"wp-block-post-excerpt__more-link\" href=\"https:\/\/www.tourisme-volvestre.fr\/es\/vacaciones-de-febrero-en-volvestre\/\">M\u00e1s informaci\u00f3n<\/a><\/p><\/div>\n\n\n<div style=\"height:0px\" aria-hidden=\"true\" class=\"wp-block-spacer wp-container-content-32e3a40d\"><\/div>\n<\/div>\n\n<\/li><li class=\"wp-block-post post-11363 post type-post status-publish format-standard has-post-thumbnail hentry category-actualidad category-permanecer\">\n<figure style=\"aspect-ratio:3\/4; padding-bottom:var(--wp--preset--spacing--20);margin-bottom:0;\" class=\"wp-block-post-featured-image\"><a href=\"https:\/\/www.tourisme-volvestre.fr\/es\/dia-de-san-valentin-en-volvestre\/\" target=\"_self\"  ><img loading=\"lazy\" decoding=\"async\" width=\"1200\" height=\"1600\" src=\"https:\/\/www.tourisme-volvestre.fr\/wp-content\/uploads\/2026\/01\/rieuxvolvestre_fleur_rose_pri@ambre-2.jpg\" class=\"attachment-post-thumbnail size-post-thumbnail wp-post-image\" alt=\"D\u00eda de San Valent\u00edn en Volvestre\" style=\"width:100%;height:100%;object-fit:cover;\" srcset=\"https:\/\/www.tourisme-volvestre.fr\/wp-content\/uploads\/2026\/01\/rieuxvolvestre_fleur_rose_pri@ambre-2.jpg 1200w, https:\/\/www.tourisme-volvestre.fr\/wp-content\/uploads\/2026\/01\/rieuxvolvestre_fleur_rose_pri@ambre-2-225x300.jpg 225w, https:\/\/www.tourisme-volvestre.fr\/wp-content\/uploads\/2026\/01\/rieuxvolvestre_fleur_rose_pri@ambre-2-768x1024.jpg 768w, https:\/\/www.tourisme-volvestre.fr\/wp-content\/uploads\/2026\/01\/rieuxvolvestre_fleur_rose_pri@ambre-2-1152x1536.jpg 1152w\" sizes=\"auto, (max-width: 1200px) 100vw, 1200px\" \/><\/a><\/figure>\n\n\n<div class=\"wp-block-group is-vertical is-nowrap is-layout-flex wp-container-core-group-is-layout-97ba36a5 wp-block-group-is-layout-flex\" style=\"margin-top:var(--wp--preset--spacing--20);padding-top:0\"><h2 style=\"font-style:normal;font-weight:700;\" class=\"has-link-color wp-elements-8f3c84859768cedc437879642ad3ea2f wp-block-post-title has-text-color has-contrast-2-color has-large-font-size has-proxima-nova-font-family wp-container-content-32e3a40d\"><a href=\"https:\/\/www.tourisme-volvestre.fr\/es\/dia-de-san-valentin-en-volvestre\/\" target=\"_self\" >D\u00eda de San Valent\u00edn en Volvestre<\/a><\/h2>\n\n\n<div class=\"wp-block-group is-nowrap is-layout-flex wp-container-core-group-is-layout-6c531013 wp-block-group-is-layout-flex\"><div class=\"has-link-color wp-elements-cbe3aaeb4463dd4254847ba4e387c00e wp-block-post-date has-text-color has-contrast-color\"><time datetime=\"2026-02-02T10:43:41+01:00\">2 de febrero de 2026<\/time><\/div>\n\n<div class=\"taxonomy-category has-link-color categorie-actu wp-elements-27d5e2bbeb5b1a77b57bdf661f41068b wp-block-post-terms has-text-color has-contrast-color has-hasthon-font-family\"><a href=\"https:\/\/www.tourisme-volvestre.fr\/es\/category\/actualidad\/\" rel=\"tag\">Actualidad<\/a><span class=\"wp-block-post-terms__separator\"> \/ <\/span><a href=\"https:\/\/www.tourisme-volvestre.fr\/es\/category\/permanecer\/\" rel=\"tag\">Permanecer<\/a><\/div><\/div>\n\n\n<div class=\"wp-block-post-excerpt has-text-color has-contrast-color has-small-font-size wp-container-content-32e3a40d\"><p class=\"wp-block-post-excerpt__excerpt\">Un fin de semana rom\u00e1ntico en el Volvestre Volvestre: un destino tranquilo y natural para una escapada rom\u00e1ntica \u00bfNecesitas ideas para San Valent\u00edn? El equipo de la oficina de turismo ha preparado una selecci\u00f3n especial para tu San Valent\u00edn! Nuestra selecci\u00f3n especial para San Valent\u00edn Mientras haya amor, habr\u00e1 innumerables oportunidades para declarar tus sentimientos<\/p><p class=\"wp-block-post-excerpt__more-text\"><a class=\"wp-block-post-excerpt__more-link\" href=\"https:\/\/www.tourisme-volvestre.fr\/es\/dia-de-san-valentin-en-volvestre\/\">M\u00e1s informaci\u00f3n<\/a><\/p><\/div>\n\n\n<div style=\"height:0px\" aria-hidden=\"true\" class=\"wp-block-spacer wp-container-content-32e3a40d\"><\/div>\n<\/div>\n\n<\/li><li class=\"wp-block-post post-11319 post type-post status-publish format-standard has-post-thumbnail hentry category-actualite\">\n<figure style=\"aspect-ratio:3\/4; padding-bottom:var(--wp--preset--spacing--20);margin-bottom:0;\" class=\"wp-block-post-featured-image\"><a href=\"https:\/\/www.tourisme-volvestre.fr\/es\/campana-de-recaudacion-de-fondos-para-la-renovacion-de-la-iglesia-de-lapeyrere\/\" target=\"_self\"  ><img loading=\"lazy\" decoding=\"async\" width=\"1080\" height=\"1350\" src=\"https:\/\/www.tourisme-volvestre.fr\/wp-content\/uploads\/2026\/01\/9.jpg\" class=\"attachment-post-thumbnail size-post-thumbnail wp-post-image\" alt=\"Campa\u00f1a de recaudaci\u00f3n de fondos para la renovaci\u00f3n de la iglesia de Lapeyr\u00e8re\" style=\"width:100%;height:100%;object-fit:cover;\" srcset=\"https:\/\/www.tourisme-volvestre.fr\/wp-content\/uploads\/2026\/01\/9.jpg 1080w, https:\/\/www.tourisme-volvestre.fr\/wp-content\/uploads\/2026\/01\/9-240x300.jpg 240w, https:\/\/www.tourisme-volvestre.fr\/wp-content\/uploads\/2026\/01\/9-819x1024.jpg 819w, https:\/\/www.tourisme-volvestre.fr\/wp-content\/uploads\/2026\/01\/9-768x960.jpg 768w\" sizes=\"auto, (max-width: 1080px) 100vw, 1080px\" \/><\/a><\/figure>\n\n\n<div class=\"wp-block-group is-vertical is-nowrap is-layout-flex wp-container-core-group-is-layout-97ba36a5 wp-block-group-is-layout-flex\" style=\"margin-top:var(--wp--preset--spacing--20);padding-top:0\"><h2 style=\"font-style:normal;font-weight:700;\" class=\"has-link-color wp-elements-8f3c84859768cedc437879642ad3ea2f wp-block-post-title has-text-color has-contrast-2-color has-large-font-size has-proxima-nova-font-family wp-container-content-32e3a40d\"><a href=\"https:\/\/www.tourisme-volvestre.fr\/es\/campana-de-recaudacion-de-fondos-para-la-renovacion-de-la-iglesia-de-lapeyrere\/\" target=\"_self\" >Campa\u00f1a de recaudaci\u00f3n de fondos para la renovaci\u00f3n de la iglesia de Lapeyr\u00e8re<\/a><\/h2>\n\n\n<div class=\"wp-block-group is-nowrap is-layout-flex wp-container-core-group-is-layout-6c531013 wp-block-group-is-layout-flex\"><div class=\"has-link-color wp-elements-cbe3aaeb4463dd4254847ba4e387c00e wp-block-post-date has-text-color has-contrast-color\"><time datetime=\"2026-01-26T14:37:03+01:00\">26 de enero de 2026<\/time><\/div>\n\n<div class=\"taxonomy-category has-link-color categorie-actu wp-elements-27d5e2bbeb5b1a77b57bdf661f41068b wp-block-post-terms has-text-color has-contrast-color has-hasthon-font-family\"><a href=\"https:\/\/www.tourisme-volvestre.fr\/category\/actualite\/\" rel=\"tag\">Actualit\u00e9<\/a><\/div><\/div>\n\n\n<div class=\"wp-block-post-excerpt has-text-color has-contrast-color has-small-font-size wp-container-content-32e3a40d\"><p class=\"wp-block-post-excerpt__excerpt\">El municipio de Lapeyr\u00e8re lanza oficialmente una campa\u00f1a de recaudaci\u00f3n de fondos en l\u00ednea para financiar la restauraci\u00f3n de su iglesia de Saint-Aubin, antigua Notre-Dame. La iglesia de Saint-Aubin, una joya patrimonial que ha resistido el paso del tiempo. Un aut\u00e9ntico monumento hist\u00f3rico del pueblo, este notable edificio hunde sus ra\u00edces en la historia local,<\/p><p class=\"wp-block-post-excerpt__more-text\"><a class=\"wp-block-post-excerpt__more-link\" href=\"https:\/\/www.tourisme-volvestre.fr\/es\/campana-de-recaudacion-de-fondos-para-la-renovacion-de-la-iglesia-de-lapeyrere\/\">M\u00e1s informaci\u00f3n<\/a><\/p><\/div>\n\n\n<div style=\"height:0px\" aria-hidden=\"true\" class=\"wp-block-spacer wp-container-content-32e3a40d\"><\/div>\n<\/div>\n\n<\/li><li class=\"wp-block-post post-11315 post type-post status-publish format-standard has-post-thumbnail hentry category-actualite\">\n<figure style=\"aspect-ratio:3\/4; padding-bottom:var(--wp--preset--spacing--20);margin-bottom:0;\" class=\"wp-block-post-featured-image\"><a href=\"https:\/\/www.tourisme-volvestre.fr\/es\/tus-propositos-de-ano-nuevo-al-estilo-volvestre\/\" target=\"_self\"  ><img loading=\"lazy\" decoding=\"async\" width=\"2560\" height=\"967\" src=\"https:\/\/www.tourisme-volvestre.fr\/wp-content\/uploads\/2026\/01\/P1055608-2.jpg\" class=\"attachment-post-thumbnail size-post-thumbnail wp-post-image\" alt=\"Tus prop\u00f3sitos de A\u00f1o Nuevo, al estilo Volvestre\" style=\"width:100%;height:100%;object-fit:cover;\" srcset=\"https:\/\/www.tourisme-volvestre.fr\/wp-content\/uploads\/2026\/01\/P1055608-2.jpg 2560w, https:\/\/www.tourisme-volvestre.fr\/wp-content\/uploads\/2026\/01\/P1055608-2-300x113.jpg 300w, https:\/\/www.tourisme-volvestre.fr\/wp-content\/uploads\/2026\/01\/P1055608-2-1024x387.jpg 1024w, https:\/\/www.tourisme-volvestre.fr\/wp-content\/uploads\/2026\/01\/P1055608-2-768x290.jpg 768w, https:\/\/www.tourisme-volvestre.fr\/wp-content\/uploads\/2026\/01\/P1055608-2-1536x580.jpg 1536w, https:\/\/www.tourisme-volvestre.fr\/wp-content\/uploads\/2026\/01\/P1055608-2-2048x774.jpg 2048w\" sizes=\"auto, (max-width: 2560px) 100vw, 2560px\" \/><\/a><\/figure>\n\n\n<div class=\"wp-block-group is-vertical is-nowrap is-layout-flex wp-container-core-group-is-layout-97ba36a5 wp-block-group-is-layout-flex\" style=\"margin-top:var(--wp--preset--spacing--20);padding-top:0\"><h2 style=\"font-style:normal;font-weight:700;\" class=\"has-link-color wp-elements-8f3c84859768cedc437879642ad3ea2f wp-block-post-title has-text-color has-contrast-2-color has-large-font-size has-proxima-nova-font-family wp-container-content-32e3a40d\"><a href=\"https:\/\/www.tourisme-volvestre.fr\/es\/tus-propositos-de-ano-nuevo-al-estilo-volvestre\/\" target=\"_self\" >Tus prop\u00f3sitos de A\u00f1o Nuevo, al estilo Volvestre<\/a><\/h2>\n\n\n<div class=\"wp-block-group is-nowrap is-layout-flex wp-container-core-group-is-layout-6c531013 wp-block-group-is-layout-flex\"><div class=\"has-link-color wp-elements-cbe3aaeb4463dd4254847ba4e387c00e wp-block-post-date has-text-color has-contrast-color\"><time datetime=\"2026-01-01T10:00:15+01:00\">1 de enero de 2026<\/time><\/div>\n\n<div class=\"taxonomy-category has-link-color categorie-actu wp-elements-27d5e2bbeb5b1a77b57bdf661f41068b wp-block-post-terms has-text-color has-contrast-color has-hasthon-font-family\"><a href=\"https:\/\/www.tourisme-volvestre.fr\/category\/actualite\/\" rel=\"tag\">Actualit\u00e9<\/a><\/div><\/div>\n\n\n<div class=\"wp-block-post-excerpt has-text-color has-contrast-color has-small-font-size wp-container-content-32e3a40d\"><p class=\"wp-block-post-excerpt__excerpt\">\u00bfQu\u00e9 pasar\u00eda si este a\u00f1o exploraras los deseos que realmente te hacen sentir bien? Volvestre es el destino ideal para explorar nuevos deseos. El rico patrimonio de la regi\u00f3n ofrece innumerables oportunidades que combinan placer, delicias culinarias y descubrimiento. \u00a1D\u00e9jese cautivar por nuestros prop\u00f3sitos 100% Volvestre ! Resoluci\u00f3n 1: Respirar aire fresco lejos de las<\/p><p class=\"wp-block-post-excerpt__more-text\"><a class=\"wp-block-post-excerpt__more-link\" href=\"https:\/\/www.tourisme-volvestre.fr\/es\/tus-propositos-de-ano-nuevo-al-estilo-volvestre\/\">M\u00e1s informaci\u00f3n<\/a><\/p><\/div>\n\n\n<div style=\"height:0px\" aria-hidden=\"true\" class=\"wp-block-spacer wp-container-content-32e3a40d\"><\/div>\n<\/div>\n\n<\/li><li class=\"wp-block-post post-11065 post type-post status-publish format-standard has-post-thumbnail hentry category-actualite category-consommer-local\">\n<figure style=\"aspect-ratio:3\/4; padding-bottom:var(--wp--preset--spacing--20);margin-bottom:0;\" class=\"wp-block-post-featured-image\"><a href=\"https:\/\/www.tourisme-volvestre.fr\/es\/nuestros-mercados-navidenos-en-volvestre\/\" target=\"_self\"  ><img loading=\"lazy\" decoding=\"async\" width=\"1280\" height=\"605\" src=\"https:\/\/www.tourisme-volvestre.fr\/wp-content\/uploads\/2025\/12\/christmas-2918_1280.jpg\" class=\"attachment-post-thumbnail size-post-thumbnail wp-post-image\" alt=\"Nuestros mercados navide\u00f1os en Volvestre\" style=\"width:100%;height:100%;object-fit:cover;\" srcset=\"https:\/\/www.tourisme-volvestre.fr\/wp-content\/uploads\/2025\/12\/christmas-2918_1280.jpg 1280w, https:\/\/www.tourisme-volvestre.fr\/wp-content\/uploads\/2025\/12\/christmas-2918_1280-300x142.jpg 300w, https:\/\/www.tourisme-volvestre.fr\/wp-content\/uploads\/2025\/12\/christmas-2918_1280-1024x484.jpg 1024w, https:\/\/www.tourisme-volvestre.fr\/wp-content\/uploads\/2025\/12\/christmas-2918_1280-768x363.jpg 768w\" sizes=\"auto, (max-width: 1280px) 100vw, 1280px\" \/><\/a><\/figure>\n\n\n<div class=\"wp-block-group is-vertical is-nowrap is-layout-flex wp-container-core-group-is-layout-97ba36a5 wp-block-group-is-layout-flex\" style=\"margin-top:var(--wp--preset--spacing--20);padding-top:0\"><h2 style=\"font-style:normal;font-weight:700;\" class=\"has-link-color wp-elements-8f3c84859768cedc437879642ad3ea2f wp-block-post-title has-text-color has-contrast-2-color has-large-font-size has-proxima-nova-font-family wp-container-content-32e3a40d\"><a href=\"https:\/\/www.tourisme-volvestre.fr\/es\/nuestros-mercados-navidenos-en-volvestre\/\" target=\"_self\" >Nuestros mercados navide\u00f1os en Volvestre<\/a><\/h2>\n\n\n<div class=\"wp-block-group is-nowrap is-layout-flex wp-container-core-group-is-layout-6c531013 wp-block-group-is-layout-flex\"><div class=\"has-link-color wp-elements-cbe3aaeb4463dd4254847ba4e387c00e wp-block-post-date has-text-color has-contrast-color\"><time datetime=\"2025-12-01T14:05:23+01:00\">1 de diciembre de 2025<\/time><\/div>\n\n<div class=\"taxonomy-category has-link-color categorie-actu wp-elements-27d5e2bbeb5b1a77b57bdf661f41068b wp-block-post-terms has-text-color has-contrast-color has-hasthon-font-family\"><a href=\"https:\/\/www.tourisme-volvestre.fr\/category\/actualite\/\" rel=\"tag\">Actualit\u00e9<\/a><span class=\"wp-block-post-terms__separator\"> \/ <\/span><a href=\"https:\/\/www.tourisme-volvestre.fr\/category\/consommer-local\/\" rel=\"tag\">Consommer local<\/a><\/div><\/div>\n\n\n<div class=\"wp-block-post-excerpt has-text-color has-contrast-color has-small-font-size wp-container-content-32e3a40d\"><p class=\"wp-block-post-excerpt__excerpt\">\u00a1Jo, jo, jo! La magia de la Navidad llega a nuestros mercados \ud83c\udf85 \u00bfBuscas ideas para regalar? Pasea por los puestos de nuestros artesanos, artistas y productores locales para encontrar justo lo que buscas. D\u00e9jate cautivar por los aromas del vino caliente, los gofres y las deliciosas crepas. \ud83d\udc47Descubre el programa aqu\u00ed \ud83d\udc47 *Acontecimientos conocidos<\/p><p class=\"wp-block-post-excerpt__more-text\"><a class=\"wp-block-post-excerpt__more-link\" href=\"https:\/\/www.tourisme-volvestre.fr\/es\/nuestros-mercados-navidenos-en-volvestre\/\">M\u00e1s informaci\u00f3n<\/a><\/p><\/div>\n\n\n<div style=\"height:0px\" aria-hidden=\"true\" class=\"wp-block-spacer wp-container-content-32e3a40d\"><\/div>\n<\/div>\n\n<\/li><li class=\"wp-block-post post-10804 post type-post status-publish format-standard has-post-thumbnail hentry category-actualidad category-patrimonio\">\n<figure style=\"aspect-ratio:3\/4; padding-bottom:var(--wp--preset--spacing--20);margin-bottom:0;\" class=\"wp-block-post-featured-image\"><a href=\"https:\/\/www.tourisme-volvestre.fr\/es\/proyecto-de-restauracion-en-volvestre\/\" target=\"_self\"  ><img loading=\"lazy\" decoding=\"async\" width=\"750\" height=\"500\" src=\"https:\/\/www.tourisme-volvestre.fr\/wp-content\/uploads\/2025\/10\/medium_IMG_3512_cr_d1010eb1cc.jpg\" class=\"attachment-post-thumbnail size-post-thumbnail wp-post-image\" alt=\"Proyecto de restauraci\u00f3n en Volvestre\" style=\"width:100%;height:100%;object-fit:cover;\" srcset=\"https:\/\/www.tourisme-volvestre.fr\/wp-content\/uploads\/2025\/10\/medium_IMG_3512_cr_d1010eb1cc.jpg 750w, https:\/\/www.tourisme-volvestre.fr\/wp-content\/uploads\/2025\/10\/medium_IMG_3512_cr_d1010eb1cc-300x200.jpg 300w\" sizes=\"auto, (max-width: 750px) 100vw, 750px\" \/><\/a><\/figure>\n\n\n<div class=\"wp-block-group is-vertical is-nowrap is-layout-flex wp-container-core-group-is-layout-97ba36a5 wp-block-group-is-layout-flex\" style=\"margin-top:var(--wp--preset--spacing--20);padding-top:0\"><h2 style=\"font-style:normal;font-weight:700;\" class=\"has-link-color wp-elements-8f3c84859768cedc437879642ad3ea2f wp-block-post-title has-text-color has-contrast-2-color has-large-font-size has-proxima-nova-font-family wp-container-content-32e3a40d\"><a href=\"https:\/\/www.tourisme-volvestre.fr\/es\/proyecto-de-restauracion-en-volvestre\/\" target=\"_self\" >Proyecto de restauraci\u00f3n en Volvestre<\/a><\/h2>\n\n\n<div class=\"wp-block-group is-nowrap is-layout-flex wp-container-core-group-is-layout-6c531013 wp-block-group-is-layout-flex\"><div class=\"has-link-color wp-elements-cbe3aaeb4463dd4254847ba4e387c00e wp-block-post-date has-text-color has-contrast-color\"><time datetime=\"2025-10-14T16:31:34+02:00\">14 de octubre de 2025<\/time><\/div>\n\n<div class=\"taxonomy-category has-link-color categorie-actu wp-elements-27d5e2bbeb5b1a77b57bdf661f41068b wp-block-post-terms has-text-color has-contrast-color has-hasthon-font-family\"><a href=\"https:\/\/www.tourisme-volvestre.fr\/es\/category\/actualidad\/\" rel=\"tag\">Actualidad<\/a><span class=\"wp-block-post-terms__separator\"> \/ <\/span><a href=\"https:\/\/www.tourisme-volvestre.fr\/es\/category\/patrimonio\/\" rel=\"tag\">Patrimonio<\/a><\/div><\/div>\n\n\n<div class=\"wp-block-post-excerpt has-text-color has-contrast-color has-small-font-size wp-container-content-32e3a40d\"><p class=\"wp-block-post-excerpt__excerpt\">Descubra el proyecto de restauraci\u00f3n de la Maison d&#8217;Alphonse de Poitiers, catalogada como Monumento Hist\u00f3rico, situada en Saint-Sulpice-sur-L\u00e8ze. Un pueblo con car\u00e1cter que no te puedes perder Cerca de Toulouse , Saint-Sulpice-sur-L\u00e8ze es un destino imprescindible en Volvestre. T\u00edpica del suroeste, esta pintoresca ciudad fortificada le cautivar\u00e1 con su ambiente, su cordialidad y su extraordinario<\/p><p class=\"wp-block-post-excerpt__more-text\"><a class=\"wp-block-post-excerpt__more-link\" href=\"https:\/\/www.tourisme-volvestre.fr\/es\/proyecto-de-restauracion-en-volvestre\/\">M\u00e1s informaci\u00f3n<\/a><\/p><\/div>\n\n\n<div style=\"height:0px\" aria-hidden=\"true\" class=\"wp-block-spacer wp-container-content-32e3a40d\"><\/div>\n<\/div>\n\n<\/li><li class=\"wp-block-post post-10714 post type-post status-publish format-standard has-post-thumbnail hentry category-actualidad\">\n<figure style=\"aspect-ratio:3\/4; padding-bottom:var(--wp--preset--spacing--20);margin-bottom:0;\" class=\"wp-block-post-featured-image\"><a href=\"https:\/\/www.tourisme-volvestre.fr\/es\/nuestro-nuevo-horario\/\" target=\"_self\"  ><img loading=\"lazy\" decoding=\"async\" width=\"2560\" height=\"1204\" src=\"https:\/\/www.tourisme-volvestre.fr\/wp-content\/uploads\/2025\/09\/2-rieuxvolvestre_oti_interieur-2.jpg\" class=\"attachment-post-thumbnail size-post-thumbnail wp-post-image\" alt=\"Nuestro nuevo horario\" style=\"width:100%;height:100%;object-fit:cover;\" srcset=\"https:\/\/www.tourisme-volvestre.fr\/wp-content\/uploads\/2025\/09\/2-rieuxvolvestre_oti_interieur-2.jpg 2560w, https:\/\/www.tourisme-volvestre.fr\/wp-content\/uploads\/2025\/09\/2-rieuxvolvestre_oti_interieur-2-300x141.jpg 300w, https:\/\/www.tourisme-volvestre.fr\/wp-content\/uploads\/2025\/09\/2-rieuxvolvestre_oti_interieur-2-1024x482.jpg 1024w, https:\/\/www.tourisme-volvestre.fr\/wp-content\/uploads\/2025\/09\/2-rieuxvolvestre_oti_interieur-2-768x361.jpg 768w, https:\/\/www.tourisme-volvestre.fr\/wp-content\/uploads\/2025\/09\/2-rieuxvolvestre_oti_interieur-2-1536x722.jpg 1536w, https:\/\/www.tourisme-volvestre.fr\/wp-content\/uploads\/2025\/09\/2-rieuxvolvestre_oti_interieur-2-2048x963.jpg 2048w\" sizes=\"auto, (max-width: 2560px) 100vw, 2560px\" \/><\/a><\/figure>\n\n\n<div class=\"wp-block-group is-vertical is-nowrap is-layout-flex wp-container-core-group-is-layout-97ba36a5 wp-block-group-is-layout-flex\" style=\"margin-top:var(--wp--preset--spacing--20);padding-top:0\"><h2 style=\"font-style:normal;font-weight:700;\" class=\"has-link-color wp-elements-8f3c84859768cedc437879642ad3ea2f wp-block-post-title has-text-color has-contrast-2-color has-large-font-size has-proxima-nova-font-family wp-container-content-32e3a40d\"><a href=\"https:\/\/www.tourisme-volvestre.fr\/es\/nuestro-nuevo-horario\/\" target=\"_self\" >Nuestro nuevo horario<\/a><\/h2>\n\n\n<div class=\"wp-block-group is-nowrap is-layout-flex wp-container-core-group-is-layout-6c531013 wp-block-group-is-layout-flex\"><div class=\"has-link-color wp-elements-cbe3aaeb4463dd4254847ba4e387c00e wp-block-post-date has-text-color has-contrast-color\"><time datetime=\"2025-09-26T11:53:38+02:00\">26 de septiembre de 2025<\/time><\/div>\n\n<div class=\"taxonomy-category has-link-color categorie-actu wp-elements-27d5e2bbeb5b1a77b57bdf661f41068b wp-block-post-terms has-text-color has-contrast-color has-hasthon-font-family\"><a href=\"https:\/\/www.tourisme-volvestre.fr\/es\/category\/actualidad\/\" rel=\"tag\">Actualidad<\/a><\/div><\/div>\n\n\n<div class=\"wp-block-post-excerpt has-text-color has-contrast-color has-small-font-size wp-container-content-32e3a40d\"><p class=\"wp-block-post-excerpt__excerpt\">\u00a1 A partir del 1 de octubre de 2025, la Oficina de Turismo Intercomunal del Volvestre adapta sus horarios de apertura para acogeros mejor durante todo el a\u00f1o ! Nuestro nuevo horario de apertura : Fuera de las vacaciones escolares Vacaciones escolares (zona A, zona B y zona C) Lunes : Cerrado al p\u00fablicoMartes :<\/p><p class=\"wp-block-post-excerpt__more-text\"><a class=\"wp-block-post-excerpt__more-link\" href=\"https:\/\/www.tourisme-volvestre.fr\/es\/nuestro-nuevo-horario\/\">M\u00e1s informaci\u00f3n<\/a><\/p><\/div>\n\n\n<div style=\"height:0px\" aria-hidden=\"true\" class=\"wp-block-spacer wp-container-content-32e3a40d\"><\/div>\n<\/div>\n\n<\/li><li class=\"wp-block-post post-10616 post type-post status-publish format-standard has-post-thumbnail hentry category-geocaching-es\">\n<figure style=\"aspect-ratio:3\/4; padding-bottom:var(--wp--preset--spacing--20);margin-bottom:0;\" class=\"wp-block-post-featured-image\"><a href=\"https:\/\/www.tourisme-volvestre.fr\/es\/geocaching-en-busca-de-animales\/\" target=\"_self\"  ><img loading=\"lazy\" decoding=\"async\" width=\"1927\" height=\"2560\" src=\"https:\/\/www.tourisme-volvestre.fr\/wp-content\/uploads\/2025\/08\/rieuxvolvestre_loisir_geocaching_animaux_canard-@oceaneoti.jpg\" class=\"attachment-post-thumbnail size-post-thumbnail wp-post-image\" alt=\"Geocaching \u2013 \u00a1En busca de animales!\" style=\"width:100%;height:100%;object-fit:cover;\" srcset=\"https:\/\/www.tourisme-volvestre.fr\/wp-content\/uploads\/2025\/08\/rieuxvolvestre_loisir_geocaching_animaux_canard-@oceaneoti.jpg 1927w, https:\/\/www.tourisme-volvestre.fr\/wp-content\/uploads\/2025\/08\/rieuxvolvestre_loisir_geocaching_animaux_canard-@oceaneoti-226x300.jpg 226w, https:\/\/www.tourisme-volvestre.fr\/wp-content\/uploads\/2025\/08\/rieuxvolvestre_loisir_geocaching_animaux_canard-@oceaneoti-771x1024.jpg 771w, https:\/\/www.tourisme-volvestre.fr\/wp-content\/uploads\/2025\/08\/rieuxvolvestre_loisir_geocaching_animaux_canard-@oceaneoti-768x1020.jpg 768w, https:\/\/www.tourisme-volvestre.fr\/wp-content\/uploads\/2025\/08\/rieuxvolvestre_loisir_geocaching_animaux_canard-@oceaneoti-1156x1536.jpg 1156w, https:\/\/www.tourisme-volvestre.fr\/wp-content\/uploads\/2025\/08\/rieuxvolvestre_loisir_geocaching_animaux_canard-@oceaneoti-1542x2048.jpg 1542w\" sizes=\"auto, (max-width: 1927px) 100vw, 1927px\" \/><\/a><\/figure>\n\n\n<div class=\"wp-block-group is-vertical is-nowrap is-layout-flex wp-container-core-group-is-layout-97ba36a5 wp-block-group-is-layout-flex\" style=\"margin-top:var(--wp--preset--spacing--20);padding-top:0\"><h2 style=\"font-style:normal;font-weight:700;\" class=\"has-link-color wp-elements-8f3c84859768cedc437879642ad3ea2f wp-block-post-title has-text-color has-contrast-2-color has-large-font-size has-proxima-nova-font-family wp-container-content-32e3a40d\"><a href=\"https:\/\/www.tourisme-volvestre.fr\/es\/geocaching-en-busca-de-animales\/\" target=\"_self\" >Geocaching \u2013 \u00a1En busca de animales!<\/a><\/h2>\n\n\n<div class=\"wp-block-group is-nowrap is-layout-flex wp-container-core-group-is-layout-6c531013 wp-block-group-is-layout-flex\"><div class=\"has-link-color wp-elements-cbe3aaeb4463dd4254847ba4e387c00e wp-block-post-date has-text-color has-contrast-color\"><time datetime=\"2025-08-31T18:29:56+02:00\">31 de agosto de 2025<\/time><\/div>\n\n<div class=\"taxonomy-category has-link-color categorie-actu wp-elements-27d5e2bbeb5b1a77b57bdf661f41068b wp-block-post-terms has-text-color has-contrast-color has-hasthon-font-family\"><a href=\"https:\/\/www.tourisme-volvestre.fr\/es\/category\/geocaching-es\/\" rel=\"tag\">Geocaching<\/a><\/div><\/div>\n\n\n<div class=\"wp-block-post-excerpt has-text-color has-contrast-color has-small-font-size wp-container-content-32e3a40d\"><p class=\"wp-block-post-excerpt__excerpt\">\u00bfListo para la aventura? Se han escondido 6 figuras en el Volvestre. \u00bfPodr\u00e1s encontrarlas? \ud83d\udd0e Unos divertidos animales se han aventurado en el Volvestre : 2 patos, 3 jirafas y 1 elefante. Durante su viaje, se perdieron entre nuestros 32 municipios. Necesitan ayuda para reencontrarse. \u26f5 Estas figuras han recorrido un largo camino antes de<\/p><p class=\"wp-block-post-excerpt__more-text\"><a class=\"wp-block-post-excerpt__more-link\" href=\"https:\/\/www.tourisme-volvestre.fr\/es\/geocaching-en-busca-de-animales\/\">M\u00e1s informaci\u00f3n<\/a><\/p><\/div>\n\n\n<div style=\"height:0px\" aria-hidden=\"true\" class=\"wp-block-spacer wp-container-content-32e3a40d\"><\/div>\n<\/div>\n\n<\/li><li class=\"wp-block-post post-10473 post type-post status-publish format-standard hentry category-actualidad category-patrimonio\">\n\n\n\n<div class=\"wp-block-group is-vertical is-nowrap is-layout-flex wp-container-core-group-is-layout-97ba36a5 wp-block-group-is-layout-flex\" style=\"margin-top:var(--wp--preset--spacing--20);padding-top:0\"><h2 style=\"font-style:normal;font-weight:700;\" class=\"has-link-color wp-elements-8f3c84859768cedc437879642ad3ea2f wp-block-post-title has-text-color has-contrast-2-color has-large-font-size has-proxima-nova-font-family wp-container-content-32e3a40d\"><a href=\"https:\/\/www.tourisme-volvestre.fr\/es\/las-journees-europeennes-du-patrimoine\/\" target=\"_self\" >Las Journ\u00e9es Europ\u00e9ennes du Patrimoine<\/a><\/h2>\n\n\n<div class=\"wp-block-group is-nowrap is-layout-flex wp-container-core-group-is-layout-6c531013 wp-block-group-is-layout-flex\"><div class=\"has-link-color wp-elements-cbe3aaeb4463dd4254847ba4e387c00e wp-block-post-date has-text-color has-contrast-color\"><time datetime=\"2025-08-28T16:13:06+02:00\">28 de agosto de 2025<\/time><\/div>\n\n<div class=\"taxonomy-category has-link-color categorie-actu wp-elements-27d5e2bbeb5b1a77b57bdf661f41068b wp-block-post-terms has-text-color has-contrast-color has-hasthon-font-family\"><a href=\"https:\/\/www.tourisme-volvestre.fr\/es\/category\/actualidad\/\" rel=\"tag\">Actualidad<\/a><span class=\"wp-block-post-terms__separator\"> \/ <\/span><a href=\"https:\/\/www.tourisme-volvestre.fr\/es\/category\/patrimonio\/\" rel=\"tag\">Patrimonio<\/a><\/div><\/div>\n\n\n<div class=\"wp-block-post-excerpt has-text-color has-contrast-color has-small-font-size wp-container-content-32e3a40d\"><p class=\"wp-block-post-excerpt__excerpt\">\u00a1 Este a\u00f1o las Journ\u00e9es Europ\u00e9ennes du Patrimoine tendr\u00e1n lugar del 19 al 21 de septiembre ! El tema de esta 42\u00aa edici\u00f3n es \u201cPatrimonio arquitect\u00f3nico\u201d Las tres comunidades de municipios del sur de Toulouse ( Bassin Auterivain, C\u0153ur de Garonne y Volvestre) se han unido para ofrecerle un programa de escapadas cerca de Toulouse<\/p><p class=\"wp-block-post-excerpt__more-text\"><a class=\"wp-block-post-excerpt__more-link\" href=\"https:\/\/www.tourisme-volvestre.fr\/es\/las-journees-europeennes-du-patrimoine\/\">M\u00e1s informaci\u00f3n<\/a><\/p><\/div>\n\n\n<div style=\"height:0px\" aria-hidden=\"true\" class=\"wp-block-spacer wp-container-content-32e3a40d\"><\/div>\n<\/div>\n\n<\/li><li class=\"wp-block-post post-8591 post type-post status-publish format-standard has-post-thumbnail hentry category-actividad\">\n<figure style=\"aspect-ratio:3\/4; padding-bottom:var(--wp--preset--spacing--20);margin-bottom:0;\" class=\"wp-block-post-featured-image\"><a href=\"https:\/\/www.tourisme-volvestre.fr\/es\/exposicion-de-arte-en-saint-sulpice-sur-leze\/\" target=\"_self\"  ><img loading=\"lazy\" decoding=\"async\" width=\"2560\" height=\"1440\" src=\"https:\/\/www.tourisme-volvestre.fr\/wp-content\/uploads\/2025\/06\/PXL_20250621_163754558.MP2_.jpg\" class=\"attachment-post-thumbnail size-post-thumbnail wp-post-image\" alt=\"Exposici\u00f3n de arte en Saint-Sulpice-sur-L\u00e8ze\" style=\"width:100%;height:100%;object-fit:cover;\" srcset=\"https:\/\/www.tourisme-volvestre.fr\/wp-content\/uploads\/2025\/06\/PXL_20250621_163754558.MP2_.jpg 2560w, https:\/\/www.tourisme-volvestre.fr\/wp-content\/uploads\/2025\/06\/PXL_20250621_163754558.MP2_-300x169.jpg 300w, https:\/\/www.tourisme-volvestre.fr\/wp-content\/uploads\/2025\/06\/PXL_20250621_163754558.MP2_-1024x576.jpg 1024w, https:\/\/www.tourisme-volvestre.fr\/wp-content\/uploads\/2025\/06\/PXL_20250621_163754558.MP2_-768x432.jpg 768w, https:\/\/www.tourisme-volvestre.fr\/wp-content\/uploads\/2025\/06\/PXL_20250621_163754558.MP2_-1536x864.jpg 1536w, https:\/\/www.tourisme-volvestre.fr\/wp-content\/uploads\/2025\/06\/PXL_20250621_163754558.MP2_-2048x1152.jpg 2048w\" sizes=\"auto, (max-width: 2560px) 100vw, 2560px\" \/><\/a><\/figure>\n\n\n<div class=\"wp-block-group is-vertical is-nowrap is-layout-flex wp-container-core-group-is-layout-97ba36a5 wp-block-group-is-layout-flex\" style=\"margin-top:var(--wp--preset--spacing--20);padding-top:0\"><h2 style=\"font-style:normal;font-weight:700;\" class=\"has-link-color wp-elements-8f3c84859768cedc437879642ad3ea2f wp-block-post-title has-text-color has-contrast-2-color has-large-font-size has-proxima-nova-font-family wp-container-content-32e3a40d\"><a href=\"https:\/\/www.tourisme-volvestre.fr\/es\/exposicion-de-arte-en-saint-sulpice-sur-leze\/\" target=\"_self\" >Exposici\u00f3n de arte en Saint-Sulpice-sur-L\u00e8ze<\/a><\/h2>\n\n\n<div class=\"wp-block-group is-nowrap is-layout-flex wp-container-core-group-is-layout-6c531013 wp-block-group-is-layout-flex\"><div class=\"has-link-color wp-elements-cbe3aaeb4463dd4254847ba4e387c00e wp-block-post-date has-text-color has-contrast-color\"><time datetime=\"2025-06-30T15:25:29+02:00\">30 de junio de 2025<\/time><\/div>\n\n<div class=\"taxonomy-category has-link-color categorie-actu wp-elements-27d5e2bbeb5b1a77b57bdf661f41068b wp-block-post-terms has-text-color has-contrast-color has-hasthon-font-family\"><a href=\"https:\/\/www.tourisme-volvestre.fr\/es\/category\/actividad\/\" rel=\"tag\">Actividad<\/a><\/div><\/div>\n\n\n<div class=\"wp-block-post-excerpt has-text-color has-contrast-color has-small-font-size wp-container-content-32e3a40d\"><p class=\"wp-block-post-excerpt__excerpt\">Del 21 de junio al 31 de agosto, d\u00e9jese seducir por el encanto de Saint-Sulpice-sur-L\u00e8ze, una magn\u00edfica ciudad medieval fortificada. Este verano, la ciudad acoge una excepcional exposici\u00f3n de artistas y artesanos en el magn\u00edfico entorno del H\u00f4tel de Boutaud, una antigua mansi\u00f3n privada con un car\u00e1cter singular. Abra las puertas de este lugar cargado<\/p><p class=\"wp-block-post-excerpt__more-text\"><a class=\"wp-block-post-excerpt__more-link\" href=\"https:\/\/www.tourisme-volvestre.fr\/es\/exposicion-de-arte-en-saint-sulpice-sur-leze\/\">M\u00e1s informaci\u00f3n<\/a><\/p><\/div>\n\n\n<div style=\"height:0px\" aria-hidden=\"true\" class=\"wp-block-spacer wp-container-content-32e3a40d\"><\/div>\n<\/div>\n\n<\/li><li class=\"wp-block-post post-8625 post type-post status-publish format-standard has-post-thumbnail hentry category-actualidad category-patrimonio\">\n<figure style=\"aspect-ratio:3\/4; padding-bottom:var(--wp--preset--spacing--20);margin-bottom:0;\" class=\"wp-block-post-featured-image\"><a href=\"https:\/\/www.tourisme-volvestre.fr\/es\/podcast-historia-historias-de-gabriel-tamalet\/\" target=\"_self\"  ><img loading=\"lazy\" decoding=\"async\" width=\"1200\" height=\"675\" src=\"https:\/\/www.tourisme-volvestre.fr\/wp-content\/uploads\/2025\/03\/Histoire-histoires__5_-_1_-2.jpg\" class=\"attachment-post-thumbnail size-post-thumbnail wp-post-image\" alt=\"Podcast \u201cHistoria \u2013 Historias\u201d de Gabriel Tamalet\" style=\"width:100%;height:100%;object-fit:cover;\" srcset=\"https:\/\/www.tourisme-volvestre.fr\/wp-content\/uploads\/2025\/03\/Histoire-histoires__5_-_1_-2.jpg 1200w, https:\/\/www.tourisme-volvestre.fr\/wp-content\/uploads\/2025\/03\/Histoire-histoires__5_-_1_-2-300x169.jpg 300w, https:\/\/www.tourisme-volvestre.fr\/wp-content\/uploads\/2025\/03\/Histoire-histoires__5_-_1_-2-1024x576.jpg 1024w, https:\/\/www.tourisme-volvestre.fr\/wp-content\/uploads\/2025\/03\/Histoire-histoires__5_-_1_-2-768x432.jpg 768w\" sizes=\"auto, (max-width: 1200px) 100vw, 1200px\" \/><\/a><\/figure>\n\n\n<div class=\"wp-block-group is-vertical is-nowrap is-layout-flex wp-container-core-group-is-layout-97ba36a5 wp-block-group-is-layout-flex\" style=\"margin-top:var(--wp--preset--spacing--20);padding-top:0\"><h2 style=\"font-style:normal;font-weight:700;\" class=\"has-link-color wp-elements-8f3c84859768cedc437879642ad3ea2f wp-block-post-title has-text-color has-contrast-2-color has-large-font-size has-proxima-nova-font-family wp-container-content-32e3a40d\"><a href=\"https:\/\/www.tourisme-volvestre.fr\/es\/podcast-historia-historias-de-gabriel-tamalet\/\" target=\"_self\" >Podcast \u201cHistoria \u2013 Historias\u201d de Gabriel Tamalet<\/a><\/h2>\n\n\n<div class=\"wp-block-group is-nowrap is-layout-flex wp-container-core-group-is-layout-6c531013 wp-block-group-is-layout-flex\"><div class=\"has-link-color wp-elements-cbe3aaeb4463dd4254847ba4e387c00e wp-block-post-date has-text-color has-contrast-color\"><time datetime=\"2025-06-28T17:13:15+02:00\">28 de junio de 2025<\/time><\/div>\n\n<div class=\"taxonomy-category has-link-color categorie-actu wp-elements-27d5e2bbeb5b1a77b57bdf661f41068b wp-block-post-terms has-text-color has-contrast-color has-hasthon-font-family\"><a href=\"https:\/\/www.tourisme-volvestre.fr\/es\/category\/actualidad\/\" rel=\"tag\">Actualidad<\/a><span class=\"wp-block-post-terms__separator\"> \/ <\/span><a href=\"https:\/\/www.tourisme-volvestre.fr\/es\/category\/patrimonio\/\" rel=\"tag\">Patrimonio<\/a><\/div><\/div>\n\n\n<div class=\"wp-block-post-excerpt has-text-color has-contrast-color has-small-font-size wp-container-content-32e3a40d\"><p class=\"wp-block-post-excerpt__excerpt\">Descubre el Volvestre de otra manera Un viaje narrativo en 10 podcasts Impulsado por la Oficina de Turismo y la Mancomunidad de municipios del Volvestre, Gabriel Tamalet, narrador, m\u00fasico y actor, se complace en anunciar el lanzamiento de &#8220;Histoire-Histoires&#8230;&#8221;. Les ofrece una serie de diez podcasts que les invitan a explorar el Volvestre desde una<\/p><p class=\"wp-block-post-excerpt__more-text\"><a class=\"wp-block-post-excerpt__more-link\" href=\"https:\/\/www.tourisme-volvestre.fr\/es\/podcast-historia-historias-de-gabriel-tamalet\/\">M\u00e1s informaci\u00f3n<\/a><\/p><\/div>\n\n\n<div style=\"height:0px\" aria-hidden=\"true\" class=\"wp-block-spacer wp-container-content-32e3a40d\"><\/div>\n<\/div>\n\n<\/li><li class=\"wp-block-post post-8593 post type-post status-publish format-standard has-post-thumbnail hentry category-consumir-productos-locales\">\n<figure style=\"aspect-ratio:3\/4; padding-bottom:var(--wp--preset--spacing--20);margin-bottom:0;\" class=\"wp-block-post-featured-image\"><a href=\"https:\/\/www.tourisme-volvestre.fr\/es\/las-guinguettes\/\" target=\"_self\"  ><img loading=\"lazy\" decoding=\"async\" width=\"1280\" height=\"489\" src=\"https:\/\/www.tourisme-volvestre.fr\/wp-content\/uploads\/2025\/06\/Pixabay.jpg\" class=\"attachment-post-thumbnail size-post-thumbnail wp-post-image\" alt=\"Las guinguettes\" style=\"width:100%;height:100%;object-fit:cover;\" srcset=\"https:\/\/www.tourisme-volvestre.fr\/wp-content\/uploads\/2025\/06\/Pixabay.jpg 1280w, https:\/\/www.tourisme-volvestre.fr\/wp-content\/uploads\/2025\/06\/Pixabay-300x115.jpg 300w, https:\/\/www.tourisme-volvestre.fr\/wp-content\/uploads\/2025\/06\/Pixabay-1024x391.jpg 1024w, https:\/\/www.tourisme-volvestre.fr\/wp-content\/uploads\/2025\/06\/Pixabay-768x293.jpg 768w\" sizes=\"auto, (max-width: 1280px) 100vw, 1280px\" \/><\/a><\/figure>\n\n\n<div class=\"wp-block-group is-vertical is-nowrap is-layout-flex wp-container-core-group-is-layout-97ba36a5 wp-block-group-is-layout-flex\" style=\"margin-top:var(--wp--preset--spacing--20);padding-top:0\"><h2 style=\"font-style:normal;font-weight:700;\" class=\"has-link-color wp-elements-8f3c84859768cedc437879642ad3ea2f wp-block-post-title has-text-color has-contrast-2-color has-large-font-size has-proxima-nova-font-family wp-container-content-32e3a40d\"><a href=\"https:\/\/www.tourisme-volvestre.fr\/es\/las-guinguettes\/\" target=\"_self\" >Las guinguettes<\/a><\/h2>\n\n\n<div class=\"wp-block-group is-nowrap is-layout-flex wp-container-core-group-is-layout-6c531013 wp-block-group-is-layout-flex\"><div class=\"has-link-color wp-elements-cbe3aaeb4463dd4254847ba4e387c00e wp-block-post-date has-text-color has-contrast-color\"><time datetime=\"2025-06-13T15:13:57+02:00\">13 de junio de 2025<\/time><\/div>\n\n<div class=\"taxonomy-category has-link-color categorie-actu wp-elements-27d5e2bbeb5b1a77b57bdf661f41068b wp-block-post-terms has-text-color has-contrast-color has-hasthon-font-family\"><a href=\"https:\/\/www.tourisme-volvestre.fr\/es\/category\/consumir-productos-locales\/\" rel=\"tag\">Consumir productos locales<\/a><\/div><\/div>\n\n\n<div class=\"wp-block-post-excerpt has-text-color has-contrast-color has-small-font-size wp-container-content-32e3a40d\"><p class=\"wp-block-post-excerpt__excerpt\">\u00bf Quieres comer algo bajo las estrellas ? Donde el verano canta, el buen humor baila y las papilas gustativas se deleitan&#8230;Encuentra las guinguettes en el Volvestre ! La Grange bleue Sitio ecocultural entre Rieux-Volvestre y Latrape, antigua granja que ofrece residencias de artistas, habitaciones para hu\u00e9spedes y tiendas saharianas. \ud83d\udccd 30 la Simonette, route<\/p><p class=\"wp-block-post-excerpt__more-text\"><a class=\"wp-block-post-excerpt__more-link\" href=\"https:\/\/www.tourisme-volvestre.fr\/es\/las-guinguettes\/\">M\u00e1s informaci\u00f3n<\/a><\/p><\/div>\n\n\n<div style=\"height:0px\" aria-hidden=\"true\" class=\"wp-block-spacer wp-container-content-32e3a40d\"><\/div>\n<\/div>\n\n<\/li><li class=\"wp-block-post post-8595 post type-post status-publish format-standard has-post-thumbnail hentry category-actividad category-patrimonio\">\n<figure style=\"aspect-ratio:3\/4; padding-bottom:var(--wp--preset--spacing--20);margin-bottom:0;\" class=\"wp-block-post-featured-image\"><a href=\"https:\/\/www.tourisme-volvestre.fr\/es\/quesaquo-una-aplicacion-inmersiva\/\" target=\"_self\"  ><img loading=\"lazy\" decoding=\"async\" width=\"1754\" height=\"2481\" src=\"https:\/\/www.tourisme-volvestre.fr\/wp-content\/uploads\/2025\/05\/20250515_quesaquo_affiche_page-0001-2-2.jpg\" class=\"attachment-post-thumbnail size-post-thumbnail wp-post-image\" alt=\"QUESAQUO: una aplicaci\u00f3n inmersiva\" style=\"width:100%;height:100%;object-fit:cover;\" srcset=\"https:\/\/www.tourisme-volvestre.fr\/wp-content\/uploads\/2025\/05\/20250515_quesaquo_affiche_page-0001-2-2.jpg 1754w, https:\/\/www.tourisme-volvestre.fr\/wp-content\/uploads\/2025\/05\/20250515_quesaquo_affiche_page-0001-2-2-212x300.jpg 212w, https:\/\/www.tourisme-volvestre.fr\/wp-content\/uploads\/2025\/05\/20250515_quesaquo_affiche_page-0001-2-2-724x1024.jpg 724w, https:\/\/www.tourisme-volvestre.fr\/wp-content\/uploads\/2025\/05\/20250515_quesaquo_affiche_page-0001-2-2-768x1086.jpg 768w, https:\/\/www.tourisme-volvestre.fr\/wp-content\/uploads\/2025\/05\/20250515_quesaquo_affiche_page-0001-2-2-1086x1536.jpg 1086w, https:\/\/www.tourisme-volvestre.fr\/wp-content\/uploads\/2025\/05\/20250515_quesaquo_affiche_page-0001-2-2-1448x2048.jpg 1448w\" sizes=\"auto, (max-width: 1754px) 100vw, 1754px\" \/><\/a><\/figure>\n\n\n<div class=\"wp-block-group is-vertical is-nowrap is-layout-flex wp-container-core-group-is-layout-97ba36a5 wp-block-group-is-layout-flex\" style=\"margin-top:var(--wp--preset--spacing--20);padding-top:0\"><h2 style=\"font-style:normal;font-weight:700;\" class=\"has-link-color wp-elements-8f3c84859768cedc437879642ad3ea2f wp-block-post-title has-text-color has-contrast-2-color has-large-font-size has-proxima-nova-font-family wp-container-content-32e3a40d\"><a href=\"https:\/\/www.tourisme-volvestre.fr\/es\/quesaquo-una-aplicacion-inmersiva\/\" target=\"_self\" >QUESAQUO: una aplicaci\u00f3n inmersiva<\/a><\/h2>\n\n\n<div class=\"wp-block-group is-nowrap is-layout-flex wp-container-core-group-is-layout-6c531013 wp-block-group-is-layout-flex\"><div class=\"has-link-color wp-elements-cbe3aaeb4463dd4254847ba4e387c00e wp-block-post-date has-text-color has-contrast-color\"><time datetime=\"2025-05-28T14:49:24+02:00\">28 de mayo de 2025<\/time><\/div>\n\n<div class=\"taxonomy-category has-link-color categorie-actu wp-elements-27d5e2bbeb5b1a77b57bdf661f41068b wp-block-post-terms has-text-color has-contrast-color has-hasthon-font-family\"><a href=\"https:\/\/www.tourisme-volvestre.fr\/es\/category\/actividad\/\" rel=\"tag\">Actividad<\/a><span class=\"wp-block-post-terms__separator\"> \/ <\/span><a href=\"https:\/\/www.tourisme-volvestre.fr\/es\/category\/patrimonio\/\" rel=\"tag\">Patrimonio<\/a><\/div><\/div>\n\n\n<div class=\"wp-block-post-excerpt has-text-color has-contrast-color has-small-font-size wp-container-content-32e3a40d\"><p class=\"wp-block-post-excerpt__excerpt\">&#8220;Qu\u00e8saco&#8221; : expresi\u00f3n provincial \u201c\u00bfqu\u00e9 es esto?\u201d \u00bfAlguna vez te has encontrado frente a un monumento hist\u00f3rico cerrado y te has dicho la famosa frase : &#8221; \u00a1 Maldita sea, est\u00e1 cerrado, qu\u00e9 fastidio ! \u00a1Volvamos ! &#8220;. Espera, qu\u00e9date. El c\u00f3digo QR &#8220;Quesaquo&#8221; est\u00e1 aqu\u00ed para ayudarte. Con tu m\u00f3vil, escanea la placa. El<\/p><p class=\"wp-block-post-excerpt__more-text\"><a class=\"wp-block-post-excerpt__more-link\" href=\"https:\/\/www.tourisme-volvestre.fr\/es\/quesaquo-una-aplicacion-inmersiva\/\">M\u00e1s informaci\u00f3n<\/a><\/p><\/div>\n\n\n<div style=\"height:0px\" aria-hidden=\"true\" class=\"wp-block-spacer wp-container-content-32e3a40d\"><\/div>\n<\/div>\n\n<\/li><li class=\"wp-block-post post-8597 post type-post status-publish format-standard has-post-thumbnail hentry category-actividad category-patrimonio\">\n<figure style=\"aspect-ratio:3\/4; padding-bottom:var(--wp--preset--spacing--20);margin-bottom:0;\" class=\"wp-block-post-featured-image\"><a href=\"https:\/\/www.tourisme-volvestre.fr\/es\/visitas-nocturnas-del-volvestre\/\" target=\"_self\"  ><img loading=\"lazy\" decoding=\"async\" width=\"2560\" height=\"1707\" src=\"https:\/\/www.tourisme-volvestre.fr\/wp-content\/uploads\/2025\/06\/Astro_Volvestre_3-1.jpg\" class=\"attachment-post-thumbnail size-post-thumbnail wp-post-image\" alt=\"Visitas nocturnas del Volvestre\" style=\"width:100%;height:100%;object-fit:cover;\" srcset=\"https:\/\/www.tourisme-volvestre.fr\/wp-content\/uploads\/2025\/06\/Astro_Volvestre_3-1.jpg 2560w, https:\/\/www.tourisme-volvestre.fr\/wp-content\/uploads\/2025\/06\/Astro_Volvestre_3-1-300x200.jpg 300w, https:\/\/www.tourisme-volvestre.fr\/wp-content\/uploads\/2025\/06\/Astro_Volvestre_3-1-1024x683.jpg 1024w, https:\/\/www.tourisme-volvestre.fr\/wp-content\/uploads\/2025\/06\/Astro_Volvestre_3-1-768x512.jpg 768w, https:\/\/www.tourisme-volvestre.fr\/wp-content\/uploads\/2025\/06\/Astro_Volvestre_3-1-1536x1024.jpg 1536w, https:\/\/www.tourisme-volvestre.fr\/wp-content\/uploads\/2025\/06\/Astro_Volvestre_3-1-2048x1366.jpg 2048w\" sizes=\"auto, (max-width: 2560px) 100vw, 2560px\" \/><\/a><\/figure>\n\n\n<div class=\"wp-block-group is-vertical is-nowrap is-layout-flex wp-container-core-group-is-layout-97ba36a5 wp-block-group-is-layout-flex\" style=\"margin-top:var(--wp--preset--spacing--20);padding-top:0\"><h2 style=\"font-style:normal;font-weight:700;\" class=\"has-link-color wp-elements-8f3c84859768cedc437879642ad3ea2f wp-block-post-title has-text-color has-contrast-2-color has-large-font-size has-proxima-nova-font-family wp-container-content-32e3a40d\"><a href=\"https:\/\/www.tourisme-volvestre.fr\/es\/visitas-nocturnas-del-volvestre\/\" target=\"_self\" >Visitas nocturnas del Volvestre<\/a><\/h2>\n\n\n<div class=\"wp-block-group is-nowrap is-layout-flex wp-container-core-group-is-layout-6c531013 wp-block-group-is-layout-flex\"><div class=\"has-link-color wp-elements-cbe3aaeb4463dd4254847ba4e387c00e wp-block-post-date has-text-color has-contrast-color\"><time datetime=\"2025-05-14T14:42:39+02:00\">14 de mayo de 2025<\/time><\/div>\n\n<div class=\"taxonomy-category has-link-color categorie-actu wp-elements-27d5e2bbeb5b1a77b57bdf661f41068b wp-block-post-terms has-text-color has-contrast-color has-hasthon-font-family\"><a href=\"https:\/\/www.tourisme-volvestre.fr\/es\/category\/actividad\/\" rel=\"tag\">Actividad<\/a><span class=\"wp-block-post-terms__separator\"> \/ <\/span><a href=\"https:\/\/www.tourisme-volvestre.fr\/es\/category\/patrimonio\/\" rel=\"tag\">Patrimonio<\/a><\/div><\/div>\n\n\n<div class=\"wp-block-post-excerpt has-text-color has-contrast-color has-small-font-size wp-container-content-32e3a40d\"><p class=\"wp-block-post-excerpt__excerpt\">\u00bfY si descubrieras el Volvestre\u2026 en la noche? Todos los martes por la noche, de julio a agosto, disfruta de nuestras visitas nocturnas. Una forma \u00fanica y acogedora de explorar los pueblos del Volvestre en un ambiente singular, con historias y an\u00e9cdotas hist\u00f3ricas. Nuestras visitas nocturnas Montbrun-Bocage 8 de julio de 2025 Venga escuchar la<\/p><p class=\"wp-block-post-excerpt__more-text\"><a class=\"wp-block-post-excerpt__more-link\" href=\"https:\/\/www.tourisme-volvestre.fr\/es\/visitas-nocturnas-del-volvestre\/\">M\u00e1s informaci\u00f3n<\/a><\/p><\/div>\n\n\n<div style=\"height:0px\" aria-hidden=\"true\" class=\"wp-block-spacer wp-container-content-32e3a40d\"><\/div>\n<\/div>\n\n<\/li><\/ul>\n\n\n<div style=\"margin-top:0;margin-bottom:0;height:var(--wp--preset--spacing--40)\" aria-hidden=\"true\" class=\"wp-block-spacer\"><\/div>\n\n\n<\/div>\n<\/div>\n","protected":false},"excerpt":{"rendered":"","protected":false},"author":1,"featured_media":843,"parent":0,"menu_order":0,"comment_status":"closed","ping_status":"closed","template":"page-no-title","meta":{"_acf_changed":false,"inline_featured_image":false,"footnotes":""},"class_list":["post-8827","page","type-page","status-publish","has-post-thumbnail","hentry"],"acf":[],"yoast_head":"<!-- This site is optimized with the Yoast SEO plugin v27.3 - https:\/\/yoast.com\/product\/yoast-seo-wordpress\/ -->\n<title>Noticias - Volvestre Tourisme<\/title>\n<meta name=\"description\" content=\"\u00a1Siga todas las noticias del Volvestre! Los eventos m\u00e1s importantes, las nuevas ofertas tur\u00edsticas y las \u00faltimas novedades.\" \/>\n<meta name=\"robots\" content=\"index, follow, max-snippet:-1, max-image-preview:large, max-video-preview:-1\" \/>\n<link rel=\"canonical\" href=\"https:\/\/www.tourisme-volvestre.fr\/es\/noticias\/\" \/>\n<meta property=\"og:locale\" content=\"es_ES\" \/>\n<meta property=\"og:type\" content=\"article\" \/>\n<meta property=\"og:title\" content=\"Noticias - Volvestre Tourisme\" \/>\n<meta property=\"og:description\" content=\"\u00a1Siga todas las noticias del Volvestre! Los eventos m\u00e1s importantes, las nuevas ofertas tur\u00edsticas y las \u00faltimas novedades.\" \/>\n<meta property=\"og:url\" content=\"https:\/\/www.tourisme-volvestre.fr\/es\/noticias\/\" \/>\n<meta property=\"og:site_name\" content=\"Volvestre Tourisme\" \/>\n<meta property=\"article:publisher\" content=\"https:\/\/www.facebook.com\/TourismeVolvestre\" \/>\n<meta property=\"article:modified_time\" content=\"2025-09-01T09:43:15+00:00\" \/>\n<meta property=\"og:image\" content=\"https:\/\/www.tourisme-volvestre.fr\/wp-content\/uploads\/2024\/11\/rieuxvolvestre_papogay_animation_danses_tradition_fig@marionoti-scaled-e1754555762332.jpg\" \/>\n\t<meta property=\"og:image:width\" content=\"2560\" \/>\n\t<meta property=\"og:image:height\" content=\"2013\" \/>\n\t<meta property=\"og:image:type\" content=\"image\/jpeg\" \/>\n<meta name=\"twitter:card\" content=\"summary_large_image\" \/>\n<script type=\"application\/ld+json\" class=\"yoast-schema-graph\">{\"@context\":\"https:\\\/\\\/schema.org\",\"@graph\":[{\"@type\":\"WebPage\",\"@id\":\"https:\\\/\\\/www.tourisme-volvestre.fr\\\/es\\\/noticias\\\/\",\"url\":\"https:\\\/\\\/www.tourisme-volvestre.fr\\\/es\\\/noticias\\\/\",\"name\":\"Noticias - Volvestre Tourisme\",\"isPartOf\":{\"@id\":\"https:\\\/\\\/www.tourisme-volvestre.fr\\\/es\\\/#website\"},\"primaryImageOfPage\":{\"@id\":\"https:\\\/\\\/www.tourisme-volvestre.fr\\\/es\\\/noticias\\\/#primaryimage\"},\"image\":{\"@id\":\"https:\\\/\\\/www.tourisme-volvestre.fr\\\/es\\\/noticias\\\/#primaryimage\"},\"thumbnailUrl\":\"https:\\\/\\\/www.tourisme-volvestre.fr\\\/wp-content\\\/uploads\\\/2024\\\/11\\\/rieuxvolvestre_papogay_animation_danses_tradition_fig@marionoti-scaled-e1754555762332.jpg\",\"datePublished\":\"2024-11-19T08:10:38+00:00\",\"dateModified\":\"2025-09-01T09:43:15+00:00\",\"description\":\"\u00a1Siga todas las noticias del Volvestre! Los eventos m\u00e1s importantes, las nuevas ofertas tur\u00edsticas y las \u00faltimas novedades.\",\"breadcrumb\":{\"@id\":\"https:\\\/\\\/www.tourisme-volvestre.fr\\\/es\\\/noticias\\\/#breadcrumb\"},\"inLanguage\":\"es\",\"potentialAction\":[{\"@type\":\"ReadAction\",\"target\":[\"https:\\\/\\\/www.tourisme-volvestre.fr\\\/es\\\/noticias\\\/\"]}]},{\"@type\":\"ImageObject\",\"inLanguage\":\"es\",\"@id\":\"https:\\\/\\\/www.tourisme-volvestre.fr\\\/es\\\/noticias\\\/#primaryimage\",\"url\":\"https:\\\/\\\/www.tourisme-volvestre.fr\\\/wp-content\\\/uploads\\\/2024\\\/11\\\/rieuxvolvestre_papogay_animation_danses_tradition_fig@marionoti-scaled-e1754555762332.jpg\",\"contentUrl\":\"https:\\\/\\\/www.tourisme-volvestre.fr\\\/wp-content\\\/uploads\\\/2024\\\/11\\\/rieuxvolvestre_papogay_animation_danses_tradition_fig@marionoti-scaled-e1754555762332.jpg\",\"width\":2560,\"height\":2013},{\"@type\":\"BreadcrumbList\",\"@id\":\"https:\\\/\\\/www.tourisme-volvestre.fr\\\/es\\\/noticias\\\/#breadcrumb\",\"itemListElement\":[{\"@type\":\"ListItem\",\"position\":1,\"name\":\"Accueil\",\"item\":\"https:\\\/\\\/www.tourisme-volvestre.fr\\\/es\\\/?lang=es\"},{\"@type\":\"ListItem\",\"position\":2,\"name\":\"Noticias\"}]},{\"@type\":\"WebSite\",\"@id\":\"https:\\\/\\\/www.tourisme-volvestre.fr\\\/es\\\/#website\",\"url\":\"https:\\\/\\\/www.tourisme-volvestre.fr\\\/es\\\/\",\"name\":\"Volvestre Tourisme\",\"description\":\"\",\"publisher\":{\"@id\":\"https:\\\/\\\/www.tourisme-volvestre.fr\\\/es\\\/#organization\"},\"alternateName\":\"OT Volvestre\",\"potentialAction\":[{\"@type\":\"SearchAction\",\"target\":{\"@type\":\"EntryPoint\",\"urlTemplate\":\"https:\\\/\\\/www.tourisme-volvestre.fr\\\/es\\\/?s={search_term_string}\"},\"query-input\":{\"@type\":\"PropertyValueSpecification\",\"valueRequired\":true,\"valueName\":\"search_term_string\"}}],\"inLanguage\":\"es\"},{\"@type\":\"Organization\",\"@id\":\"https:\\\/\\\/www.tourisme-volvestre.fr\\\/es\\\/#organization\",\"name\":\"Volvestre Tourisme\",\"url\":\"https:\\\/\\\/www.tourisme-volvestre.fr\\\/es\\\/\",\"logo\":{\"@type\":\"ImageObject\",\"inLanguage\":\"es\",\"@id\":\"https:\\\/\\\/www.tourisme-volvestre.fr\\\/es\\\/#\\\/schema\\\/logo\\\/image\\\/\",\"url\":\"https:\\\/\\\/www.tourisme-volvestre.fr\\\/wp-content\\\/uploads\\\/2025\\\/02\\\/logo-site.png\",\"contentUrl\":\"https:\\\/\\\/www.tourisme-volvestre.fr\\\/wp-content\\\/uploads\\\/2025\\\/02\\\/logo-site.png\",\"width\":152,\"height\":152,\"caption\":\"Volvestre Tourisme\"},\"image\":{\"@id\":\"https:\\\/\\\/www.tourisme-volvestre.fr\\\/es\\\/#\\\/schema\\\/logo\\\/image\\\/\"},\"sameAs\":[\"https:\\\/\\\/www.facebook.com\\\/TourismeVolvestre\",\"https:\\\/\\\/www.instagram.com\\\/tourismevolvestre\"]}]}<\/script>\n<!-- \/ Yoast SEO plugin. -->","yoast_head_json":{"title":"Noticias - Volvestre Tourisme","description":"\u00a1Siga todas las noticias del Volvestre! Los eventos m\u00e1s importantes, las nuevas ofertas tur\u00edsticas y las \u00faltimas novedades.","robots":{"index":"index","follow":"follow","max-snippet":"max-snippet:-1","max-image-preview":"max-image-preview:large","max-video-preview":"max-video-preview:-1"},"canonical":"https:\/\/www.tourisme-volvestre.fr\/es\/noticias\/","og_locale":"es_ES","og_type":"article","og_title":"Noticias - Volvestre Tourisme","og_description":"\u00a1Siga todas las noticias del Volvestre! Los eventos m\u00e1s importantes, las nuevas ofertas tur\u00edsticas y las \u00faltimas novedades.","og_url":"https:\/\/www.tourisme-volvestre.fr\/es\/noticias\/","og_site_name":"Volvestre Tourisme","article_publisher":"https:\/\/www.facebook.com\/TourismeVolvestre","article_modified_time":"2025-09-01T09:43:15+00:00","og_image":[{"width":2560,"height":2013,"url":"https:\/\/www.tourisme-volvestre.fr\/wp-content\/uploads\/2024\/11\/rieuxvolvestre_papogay_animation_danses_tradition_fig@marionoti-scaled-e1754555762332.jpg","type":"image\/jpeg"}],"twitter_card":"summary_large_image","schema":{"@context":"https:\/\/schema.org","@graph":[{"@type":"WebPage","@id":"https:\/\/www.tourisme-volvestre.fr\/es\/noticias\/","url":"https:\/\/www.tourisme-volvestre.fr\/es\/noticias\/","name":"Noticias - Volvestre Tourisme","isPartOf":{"@id":"https:\/\/www.tourisme-volvestre.fr\/es\/#website"},"primaryImageOfPage":{"@id":"https:\/\/www.tourisme-volvestre.fr\/es\/noticias\/#primaryimage"},"image":{"@id":"https:\/\/www.tourisme-volvestre.fr\/es\/noticias\/#primaryimage"},"thumbnailUrl":"https:\/\/www.tourisme-volvestre.fr\/wp-content\/uploads\/2024\/11\/rieuxvolvestre_papogay_animation_danses_tradition_fig@marionoti-scaled-e1754555762332.jpg","datePublished":"2024-11-19T08:10:38+00:00","dateModified":"2025-09-01T09:43:15+00:00","description":"\u00a1Siga todas las noticias del Volvestre! Los eventos m\u00e1s importantes, las nuevas ofertas tur\u00edsticas y las \u00faltimas novedades.","breadcrumb":{"@id":"https:\/\/www.tourisme-volvestre.fr\/es\/noticias\/#breadcrumb"},"inLanguage":"es","potentialAction":[{"@type":"ReadAction","target":["https:\/\/www.tourisme-volvestre.fr\/es\/noticias\/"]}]},{"@type":"ImageObject","inLanguage":"es","@id":"https:\/\/www.tourisme-volvestre.fr\/es\/noticias\/#primaryimage","url":"https:\/\/www.tourisme-volvestre.fr\/wp-content\/uploads\/2024\/11\/rieuxvolvestre_papogay_animation_danses_tradition_fig@marionoti-scaled-e1754555762332.jpg","contentUrl":"https:\/\/www.tourisme-volvestre.fr\/wp-content\/uploads\/2024\/11\/rieuxvolvestre_papogay_animation_danses_tradition_fig@marionoti-scaled-e1754555762332.jpg","width":2560,"height":2013},{"@type":"BreadcrumbList","@id":"https:\/\/www.tourisme-volvestre.fr\/es\/noticias\/#breadcrumb","itemListElement":[{"@type":"ListItem","position":1,"name":"Accueil","item":"https:\/\/www.tourisme-volvestre.fr\/es\/?lang=es"},{"@type":"ListItem","position":2,"name":"Noticias"}]},{"@type":"WebSite","@id":"https:\/\/www.tourisme-volvestre.fr\/es\/#website","url":"https:\/\/www.tourisme-volvestre.fr\/es\/","name":"Volvestre Tourisme","description":"","publisher":{"@id":"https:\/\/www.tourisme-volvestre.fr\/es\/#organization"},"alternateName":"OT Volvestre","potentialAction":[{"@type":"SearchAction","target":{"@type":"EntryPoint","urlTemplate":"https:\/\/www.tourisme-volvestre.fr\/es\/?s={search_term_string}"},"query-input":{"@type":"PropertyValueSpecification","valueRequired":true,"valueName":"search_term_string"}}],"inLanguage":"es"},{"@type":"Organization","@id":"https:\/\/www.tourisme-volvestre.fr\/es\/#organization","name":"Volvestre Tourisme","url":"https:\/\/www.tourisme-volvestre.fr\/es\/","logo":{"@type":"ImageObject","inLanguage":"es","@id":"https:\/\/www.tourisme-volvestre.fr\/es\/#\/schema\/logo\/image\/","url":"https:\/\/www.tourisme-volvestre.fr\/wp-content\/uploads\/2025\/02\/logo-site.png","contentUrl":"https:\/\/www.tourisme-volvestre.fr\/wp-content\/uploads\/2025\/02\/logo-site.png","width":152,"height":152,"caption":"Volvestre Tourisme"},"image":{"@id":"https:\/\/www.tourisme-volvestre.fr\/es\/#\/schema\/logo\/image\/"},"sameAs":["https:\/\/www.facebook.com\/TourismeVolvestre","https:\/\/www.instagram.com\/tourismevolvestre"]}]}},"_links":{"self":[{"href":"https:\/\/www.tourisme-volvestre.fr\/es\/wp-json\/wp\/v2\/pages\/8827","targetHints":{"allow":["GET"]}}],"collection":[{"href":"https:\/\/www.tourisme-volvestre.fr\/es\/wp-json\/wp\/v2\/pages"}],"about":[{"href":"https:\/\/www.tourisme-volvestre.fr\/es\/wp-json\/wp\/v2\/types\/page"}],"author":[{"embeddable":true,"href":"https:\/\/www.tourisme-volvestre.fr\/es\/wp-json\/wp\/v2\/users\/1"}],"replies":[{"embeddable":true,"href":"https:\/\/www.tourisme-volvestre.fr\/es\/wp-json\/wp\/v2\/comments?post=8827"}],"version-history":[{"count":1,"href":"https:\/\/www.tourisme-volvestre.fr\/es\/wp-json\/wp\/v2\/pages\/8827\/revisions"}],"predecessor-version":[{"id":8828,"href":"https:\/\/www.tourisme-volvestre.fr\/es\/wp-json\/wp\/v2\/pages\/8827\/revisions\/8828"}],"wp:featuredmedia":[{"embeddable":true,"href":"https:\/\/www.tourisme-volvestre.fr\/es\/wp-json\/wp\/v2\/media\/843"}],"wp:attachment":[{"href":"https:\/\/www.tourisme-volvestre.fr\/es\/wp-json\/wp\/v2\/media?parent=8827"}],"curies":[{"name":"wp","href":"https:\/\/api.w.org\/{rel}","templated":true}]}}