{"id":8892,"date":"2025-05-14T14:08:05","date_gmt":"2025-05-14T12:08:05","guid":{"rendered":"https:\/\/www.tourisme-volvestre.fr\/unas-vacaciones-en-occitania\/"},"modified":"2025-08-21T16:09:22","modified_gmt":"2025-08-21T14:09:22","slug":"unas-vacaciones-en-occitania","status":"publish","type":"page","link":"https:\/\/www.tourisme-volvestre.fr\/es\/unas-vacaciones-en-occitania\/","title":{"rendered":"\u00bfUnas vacaciones en Occitania?"},"content":{"rendered":"\n<h2 class=\"wp-block-heading has-text-align-center\">Encu\u00e9ntranos en el Volvestre<\/h2>\n\n<h3 class=\"wp-block-heading has-text-align-center\">Tus vacaciones en el Suroeste, entre mar, monta\u00f1a y el arte de vivir<\/h3>\n\n<p class=\"has-text-align-center\">\u00bfPlaneas unas vacaciones en <a href=\"https:\/\/www.tourisme-occitanie.com\/\" target=\"_blank\" rel=\"noreferrer noopener\">Occitania<\/a> ? Enclavada en el sur de Francia, es una regi\u00f3n rica en contrastes y tradiciones. Desde el mar Mediterr\u00e1neo hasta las cumbres de los Pirineos, pasando por un rico patrimonio y verdes paisajes, este destino tiene algo que seducir\u00e1 a todo viajero. Es una regi\u00f3n tur\u00edstica imprescindible, tanto por sus din\u00e1micas ciudades como <a href=\"https:\/\/www.toulouse-tourisme.com\/\" target=\"_blank\" rel=\"noreferrer noopener\">Toulouse <\/a>, <a href=\"https:\/\/www.montpellier-tourisme.fr\/\" target=\"_blank\" rel=\"noreferrer noopener\">Montpellier <\/a>o <a href=\"https:\/\/www.perpignantourisme.com\/\" target=\"_blank\" rel=\"noreferrer noopener\">Perpignan <\/a>como por sus pueblos y magn\u00edficos parajes naturales ( <a href=\"https:\/\/www.remparts-carcassonne.fr\/\" target=\"_blank\" rel=\"noreferrer noopener\">la Cit\u00e9 de Carcassonne<\/a> , las <a href=\"https:\/\/www.cevennes-gorges-du-tarn.com\/\" target=\"_blank\" rel=\"noreferrer noopener\">gargantas del Tarn<\/a> , <a href=\"https:\/\/www.luz.org\/fr\/les-incontournables\/les-grands-sites\/cirque-de-gavarnie\/\" target=\"_blank\" rel=\"noreferrer noopener\">el Circo de Gavarnie<\/a>, <a href=\"https:\/\/picdumidi.com\/fr\/\" target=\"_blank\" rel=\"noreferrer noopener\">el Pic du Midi<\/a> &#8230;). Gastronom\u00eda, vinos famosos, mercados y tradiciones occitanas, acento sure\u00f1o, tramontana y vientos de Autan&#8230; crean una atm\u00f3sfera \u00fanica.    <\/p>\n\n<figure class=\"wp-block-image aligncenter size-large is-style-rounded is-style-rounded--1\"><img loading=\"lazy\" decoding=\"async\" width=\"1024\" height=\"468\" src=\"https:\/\/www.tourisme-volvestre.fr\/wp-content\/uploads\/2025\/08\/drapeau_occitan_Massimo_Ravera-1-1024x468.jpg\" alt=\"\" class=\"wp-image-8072\" srcset=\"https:\/\/www.tourisme-volvestre.fr\/wp-content\/uploads\/2025\/08\/drapeau_occitan_Massimo_Ravera-1-1024x468.jpg 1024w, https:\/\/www.tourisme-volvestre.fr\/wp-content\/uploads\/2025\/08\/drapeau_occitan_Massimo_Ravera-1-300x137.jpg 300w, https:\/\/www.tourisme-volvestre.fr\/wp-content\/uploads\/2025\/08\/drapeau_occitan_Massimo_Ravera-1-768x351.jpg 768w, https:\/\/www.tourisme-volvestre.fr\/wp-content\/uploads\/2025\/08\/drapeau_occitan_Massimo_Ravera-1.jpg 1200w\" sizes=\"auto, (max-width: 1024px) 100vw, 1024px\" \/><figcaption class=\"wp-element-caption\">\u00a9Massimo_Ravera<\/figcaption><\/figure>\n\n<h3 class=\"wp-block-heading has-text-align-center\">Bienvenidos a Haute-Garonne : un departamento con m\u00faltiples facetas<\/h3>\n\n<p class=\"has-text-align-center\">En Occitania, el departamento de <a href=\"https:\/\/www.hautegaronnetourisme.com\/\" target=\"_blank\" rel=\"noreferrer noopener\">Haute-Garonne<\/a> ofrece un sutil equilibrio entre la vida urbana y las escapadas rurales. La capital regional, Toulouse, la &#8220;Ciudad Rosa&#8221;, cautiva a los visitantes con su arquitectura de ladrillo, sus orillas de la Garona y su vibrante vida cultural. Pero Haute-Garonne no es solo Toulouse. Nada m\u00e1s salir de la metr\u00f3poli, descubrir\u00e1 la campa\u00f1a, sus pueblos, sus rutas de senderismo y sus incre\u00edbles panoramas de los Pirineos.   <br \/><br \/>Al sur, los Pirineos de Haute-Garonne crean horizontes majestuosos. Un para\u00edso para excursionistas, amantes de la naturaleza y aficionados a los deportes de invierno. Algunos ejemplos son <a href=\"https:\/\/www.haute-garonne-montagne.com\/stations\/luchon-superbagneres-hiver\/\" target=\"_blank\" rel=\"noreferrer noopener\">Luchon-Superbagn\u00e8res<\/a>, Mourtis, Lac d&#8217;O\u00f4 y <a href=\"https:\/\/www.st-bertrand.com\/tourisme\/\" target=\"_blank\" rel=\"noreferrer noopener\">Saint-Bertrand-de-Comminges<\/a>.  <br \/><br \/>Es un destino ideal para quienes se sienten atra\u00eddos por el turismo verde.<\/p>\n\n<figure class=\"wp-block-image aligncenter is-style-rounded is-style-rounded--2\"><img decoding=\"async\" src=\"https:\/\/media.tourismehg.com\/_data\/i\/upload\/2020\/12\/13\/20201213180006-b0ba94c0-sm.jpg\" alt=\"Shooting HG-Toulouse VDEF 164\" \/><figcaption class=\"wp-element-caption\">Saint-Bertrand-de-Comminges \u00a9CDT31<\/figcaption><\/figure>\n\n<h3 class=\"wp-block-heading has-text-align-center\">Zoom sobre Volvestre: \u00a1un pedacito de Occitania!<\/h3>\n\n<figure class=\"wp-block-image aligncenter size-large is-style-rounded is-style-rounded--3\"><img loading=\"lazy\" decoding=\"async\" width=\"1024\" height=\"512\" src=\"https:\/\/www.tourisme-volvestre.fr\/wp-content\/uploads\/2025\/08\/montesquieuvolvestre_paysage_panorama_pyrenees_ete_pri@pierrehonore-1536x1025-1-1024x512.jpg\" alt=\"\" class=\"wp-image-8081\" srcset=\"https:\/\/www.tourisme-volvestre.fr\/wp-content\/uploads\/2025\/08\/montesquieuvolvestre_paysage_panorama_pyrenees_ete_pri@pierrehonore-1536x1025-1-1024x512.jpg 1024w, https:\/\/www.tourisme-volvestre.fr\/wp-content\/uploads\/2025\/08\/montesquieuvolvestre_paysage_panorama_pyrenees_ete_pri@pierrehonore-1536x1025-1-300x150.jpg 300w, https:\/\/www.tourisme-volvestre.fr\/wp-content\/uploads\/2025\/08\/montesquieuvolvestre_paysage_panorama_pyrenees_ete_pri@pierrehonore-1536x1025-1-768x384.jpg 768w, https:\/\/www.tourisme-volvestre.fr\/wp-content\/uploads\/2025\/08\/montesquieuvolvestre_paysage_panorama_pyrenees_ete_pri@pierrehonore-1536x1025-1.jpg 1536w\" sizes=\"auto, (max-width: 1024px) 100vw, 1024px\" \/><figcaption class=\"wp-element-caption\">Panorama del Cast\u00e9ra en Montesquieu-Volvestre @PierreHonor\u00e9<\/figcaption><\/figure>\n\n<p class=\"has-text-align-center\">Situado al sur de Toulouse, a las puertas de <a href=\"https:\/\/www.ariegepyrenees.com\/\" target=\"_blank\" rel=\"noreferrer noopener\">Ari\u00e8ge <\/a>y en la carretera hacia los Pirineos, el Volvestre es un lugar para descubrir. Entre colinas, r\u00edos y paisajes pirenaicos y encarna una Occitania rural y acogedora.<br \/><br \/>En el Volvestre es una tierra de <a href=\"https:\/\/www.tourisme-volvestre.fr\/nuestro-patrimonio\/?lang=es\">patrimonio <\/a>y de conocimientos t\u00e9cnicos! Bastidas medievales como Rieux-Volvestre, Montesquieu-Volvestre, Saint-Sulpice-sur-L\u00e8ze y Montbrun-Bocage. <a href=\"https:\/\/www.tourisme-volvestre.fr\/los-mercados-del-volvestre\/?lang=es\">Mercados de productores locales<\/a>, <a href=\"https:\/\/www.tourisme-volvestre.fr\/nuestros-artistas-y-artesanos\/?lang=es\">artesanos creadores<\/a>, <a href=\"https:\/\/www.tourisme-volvestre.fr\/agenda-moverse-descubrir-visitar-bailar-saborear-probar\/?lang=es\">eventos culturales<\/a>. Aqu\u00ed, todo es aut\u00e9ntico, invitando a relajarse y a conectar con la gente.  <br \/><br \/>Encontrar\u00e1 <a href=\"https:\/\/www.tourisme-volvestre.fr\/nuestros-alojamientos\/?lang=es\" target=\"_blank\" rel=\"noreferrer noopener\">alojamiento<\/a> de calidad a precios atractivos, actividades al aire libre y de ocio, todo a pocos kil\u00f3metros de los lugares m\u00e1s bellos de Occitania y a menos de 2 horas del oc\u00e9ano Atl\u00e1ntico y el Mediterr\u00e1neo.<\/p>\n\n<div class=\"wp-block-columns is-layout-flex wp-container-core-columns-is-layout-28f84493 wp-block-columns-is-layout-flex\">\n<div class=\"wp-block-column is-layout-flow wp-block-column-is-layout-flow\">\n<figure class=\"wp-block-image aligncenter size-large is-style-rounded is-style-rounded--4\"><img loading=\"lazy\" decoding=\"async\" width=\"683\" height=\"1024\" src=\"https:\/\/www.tourisme-volvestre.fr\/wp-content\/uploads\/2025\/05\/volvestre-2025-197-683x1024.jpg\" alt=\"\" class=\"wp-image-2680\" style=\"aspect-ratio:3\/4;object-fit:cover\" srcset=\"https:\/\/www.tourisme-volvestre.fr\/wp-content\/uploads\/2025\/05\/volvestre-2025-197-683x1024.jpg 683w, https:\/\/www.tourisme-volvestre.fr\/wp-content\/uploads\/2025\/05\/volvestre-2025-197-200x300.jpg 200w, https:\/\/www.tourisme-volvestre.fr\/wp-content\/uploads\/2025\/05\/volvestre-2025-197-768x1152.jpg 768w, https:\/\/www.tourisme-volvestre.fr\/wp-content\/uploads\/2025\/05\/volvestre-2025-197-1024x1536.jpg 1024w, https:\/\/www.tourisme-volvestre.fr\/wp-content\/uploads\/2025\/05\/volvestre-2025-197-1365x2048.jpg 1365w, https:\/\/www.tourisme-volvestre.fr\/wp-content\/uploads\/2025\/05\/volvestre-2025-197-scaled.jpg 1707w\" sizes=\"auto, (max-width: 683px) 100vw, 683px\" \/><figcaption class=\"wp-element-caption\">Frente a la Garona @MathieuCalviac<\/figcaption><\/figure>\n<\/div>\n\n\n\n<div class=\"wp-block-column is-layout-flow wp-block-column-is-layout-flow\">\n<figure class=\"wp-block-image aligncenter size-large is-style-rounded is-style-rounded--5\"><img loading=\"lazy\" decoding=\"async\" width=\"771\" height=\"1024\" src=\"https:\/\/www.tourisme-volvestre.fr\/wp-content\/uploads\/2025\/05\/salles_sur_garonne_retenue_de_mancies@oti-1-771x1024.jpg\" alt=\"\" class=\"wp-image-2689\" style=\"aspect-ratio:3\/4;object-fit:cover\" srcset=\"https:\/\/www.tourisme-volvestre.fr\/wp-content\/uploads\/2025\/05\/salles_sur_garonne_retenue_de_mancies@oti-1-771x1024.jpg 771w, https:\/\/www.tourisme-volvestre.fr\/wp-content\/uploads\/2025\/05\/salles_sur_garonne_retenue_de_mancies@oti-1-226x300.jpg 226w, https:\/\/www.tourisme-volvestre.fr\/wp-content\/uploads\/2025\/05\/salles_sur_garonne_retenue_de_mancies@oti-1-768x1020.jpg 768w, https:\/\/www.tourisme-volvestre.fr\/wp-content\/uploads\/2025\/05\/salles_sur_garonne_retenue_de_mancies@oti-1-1157x1536.jpg 1157w, https:\/\/www.tourisme-volvestre.fr\/wp-content\/uploads\/2025\/05\/salles_sur_garonne_retenue_de_mancies@oti-1-1542x2048.jpg 1542w, https:\/\/www.tourisme-volvestre.fr\/wp-content\/uploads\/2025\/05\/salles_sur_garonne_retenue_de_mancies@oti-1-scaled.jpg 1928w\" sizes=\"auto, (max-width: 771px) 100vw, 771px\" \/><figcaption class=\"wp-element-caption\">Salles-sur-Garonne @OTIduVolvestre<\/figcaption><\/figure>\n<\/div>\n\n\n\n<div class=\"wp-block-column is-layout-flow wp-block-column-is-layout-flow\">\n<figure class=\"wp-block-image aligncenter size-large is-style-rounded is-style-rounded--6\"><img loading=\"lazy\" decoding=\"async\" width=\"768\" height=\"1024\" src=\"https:\/\/www.tourisme-volvestre.fr\/wp-content\/uploads\/2025\/05\/montesquieuvolvestre_animation_notesdete@mathieucalviac-1-edited-768x1024.jpg\" alt=\"\" class=\"wp-image-2701\" style=\"aspect-ratio:3\/4;object-fit:cover\" srcset=\"https:\/\/www.tourisme-volvestre.fr\/wp-content\/uploads\/2025\/05\/montesquieuvolvestre_animation_notesdete@mathieucalviac-1-edited-768x1023.jpg 768w, https:\/\/www.tourisme-volvestre.fr\/wp-content\/uploads\/2025\/05\/montesquieuvolvestre_animation_notesdete@mathieucalviac-1-edited-225x300.jpg 225w, https:\/\/www.tourisme-volvestre.fr\/wp-content\/uploads\/2025\/05\/montesquieuvolvestre_animation_notesdete@mathieucalviac-1-edited-1153x1536.jpg 1153w, https:\/\/www.tourisme-volvestre.fr\/wp-content\/uploads\/2025\/05\/montesquieuvolvestre_animation_notesdete@mathieucalviac-1-edited-1537x2048.jpg 1537w, https:\/\/www.tourisme-volvestre.fr\/wp-content\/uploads\/2025\/05\/montesquieuvolvestre_animation_notesdete@mathieucalviac-1-edited-scaled.jpg 1921w\" sizes=\"auto, (max-width: 768px) 100vw, 768px\" \/><figcaption class=\"wp-element-caption\">Festival 31 notes d&#8217;\u00e9t\u00e9 @MathieuCalviac<\/figcaption><\/figure>\n<\/div>\n<\/div>\n","protected":false},"excerpt":{"rendered":"<p>Encu\u00e9ntranos en el Volvestre Tus vacaciones en el Suroeste, entre mar, monta\u00f1a y el arte de vivir \u00bfPlaneas unas vacaciones en Occitania ? Enclavada en el sur de Francia, es una regi\u00f3n rica en contrastes y tradiciones. Desde el mar Mediterr\u00e1neo hasta las cumbres de los Pirineos, pasando por un rico patrimonio y verdes paisajes, [&hellip;]<\/p>\n","protected":false},"author":3,"featured_media":8074,"parent":0,"menu_order":0,"comment_status":"closed","ping_status":"closed","template":"page-no-title","meta":{"_acf_changed":false,"inline_featured_image":false,"footnotes":""},"class_list":["post-8892","page","type-page","status-publish","has-post-thumbnail","hentry"],"acf":[],"yoast_head":"<!-- This site is optimized with the Yoast SEO plugin v27.3 - https:\/\/yoast.com\/product\/yoast-seo-wordpress\/ -->\n<title>\u00bfUnas vacaciones en Occitania? - Volvestre Tourisme<\/title>\n<meta name=\"description\" content=\"\u00bfTe apetece pasar unas vacaciones en Occitania entre naturaleza y patrimonio? Te esperamos en Volvestre : un lugar ideal para recargar las pilas.\" \/>\n<meta name=\"robots\" content=\"index, follow, max-snippet:-1, max-image-preview:large, max-video-preview:-1\" \/>\n<link rel=\"canonical\" href=\"https:\/\/www.tourisme-volvestre.fr\/es\/unas-vacaciones-en-occitania\/\" \/>\n<meta property=\"og:locale\" content=\"es_ES\" \/>\n<meta property=\"og:type\" content=\"article\" \/>\n<meta property=\"og:title\" content=\"\u00bfUnas vacaciones en Occitania? - Volvestre Tourisme\" \/>\n<meta property=\"og:description\" content=\"\u00bfTe apetece pasar unas vacaciones en Occitania entre naturaleza y patrimonio? Te esperamos en Volvestre : un lugar ideal para recargar las pilas.\" \/>\n<meta property=\"og:url\" content=\"https:\/\/www.tourisme-volvestre.fr\/es\/unas-vacaciones-en-occitania\/\" \/>\n<meta property=\"og:site_name\" content=\"Volvestre Tourisme\" \/>\n<meta property=\"article:publisher\" content=\"https:\/\/www.facebook.com\/TourismeVolvestre\" \/>\n<meta property=\"article:modified_time\" content=\"2025-08-21T14:09:22+00:00\" \/>\n<meta property=\"og:image\" content=\"https:\/\/www.tourisme-volvestre.fr\/wp-content\/uploads\/2025\/08\/drapeau_occitan_Massimo_Ravera-1.jpg\" \/>\n\t<meta property=\"og:image:width\" content=\"1200\" \/>\n\t<meta property=\"og:image:height\" content=\"549\" \/>\n\t<meta property=\"og:image:type\" content=\"image\/jpeg\" \/>\n<meta name=\"twitter:card\" content=\"summary_large_image\" \/>\n<meta name=\"twitter:label1\" content=\"Tiempo de lectura\" \/>\n\t<meta name=\"twitter:data1\" content=\"2 minutos\" \/>\n<script type=\"application\/ld+json\" class=\"yoast-schema-graph\">{\"@context\":\"https:\\\/\\\/schema.org\",\"@graph\":[{\"@type\":\"WebPage\",\"@id\":\"https:\\\/\\\/www.tourisme-volvestre.fr\\\/es\\\/unas-vacaciones-en-occitania\\\/\",\"url\":\"https:\\\/\\\/www.tourisme-volvestre.fr\\\/es\\\/unas-vacaciones-en-occitania\\\/\",\"name\":\"\u00bfUnas vacaciones en Occitania? - Volvestre Tourisme\",\"isPartOf\":{\"@id\":\"https:\\\/\\\/www.tourisme-volvestre.fr\\\/es\\\/#website\"},\"primaryImageOfPage\":{\"@id\":\"https:\\\/\\\/www.tourisme-volvestre.fr\\\/es\\\/unas-vacaciones-en-occitania\\\/#primaryimage\"},\"image\":{\"@id\":\"https:\\\/\\\/www.tourisme-volvestre.fr\\\/es\\\/unas-vacaciones-en-occitania\\\/#primaryimage\"},\"thumbnailUrl\":\"https:\\\/\\\/www.tourisme-volvestre.fr\\\/wp-content\\\/uploads\\\/2025\\\/08\\\/drapeau_occitan_Massimo_Ravera-1.jpg\",\"datePublished\":\"2025-05-14T12:08:05+00:00\",\"dateModified\":\"2025-08-21T14:09:22+00:00\",\"description\":\"\u00bfTe apetece pasar unas vacaciones en Occitania entre naturaleza y patrimonio? Te esperamos en Volvestre : un lugar ideal para recargar las pilas.\",\"breadcrumb\":{\"@id\":\"https:\\\/\\\/www.tourisme-volvestre.fr\\\/es\\\/unas-vacaciones-en-occitania\\\/#breadcrumb\"},\"inLanguage\":\"es\",\"potentialAction\":[{\"@type\":\"ReadAction\",\"target\":[\"https:\\\/\\\/www.tourisme-volvestre.fr\\\/es\\\/unas-vacaciones-en-occitania\\\/\"]}]},{\"@type\":\"ImageObject\",\"inLanguage\":\"es\",\"@id\":\"https:\\\/\\\/www.tourisme-volvestre.fr\\\/es\\\/unas-vacaciones-en-occitania\\\/#primaryimage\",\"url\":\"https:\\\/\\\/www.tourisme-volvestre.fr\\\/wp-content\\\/uploads\\\/2025\\\/08\\\/drapeau_occitan_Massimo_Ravera-1.jpg\",\"contentUrl\":\"https:\\\/\\\/www.tourisme-volvestre.fr\\\/wp-content\\\/uploads\\\/2025\\\/08\\\/drapeau_occitan_Massimo_Ravera-1.jpg\",\"width\":1200,\"height\":549},{\"@type\":\"BreadcrumbList\",\"@id\":\"https:\\\/\\\/www.tourisme-volvestre.fr\\\/es\\\/unas-vacaciones-en-occitania\\\/#breadcrumb\",\"itemListElement\":[{\"@type\":\"ListItem\",\"position\":1,\"name\":\"Accueil\",\"item\":\"https:\\\/\\\/www.tourisme-volvestre.fr\\\/es\\\/?lang=es\"},{\"@type\":\"ListItem\",\"position\":2,\"name\":\"\u00bfUnas vacaciones en Occitania?\"}]},{\"@type\":\"WebSite\",\"@id\":\"https:\\\/\\\/www.tourisme-volvestre.fr\\\/es\\\/#website\",\"url\":\"https:\\\/\\\/www.tourisme-volvestre.fr\\\/es\\\/\",\"name\":\"Volvestre Tourisme\",\"description\":\"\",\"publisher\":{\"@id\":\"https:\\\/\\\/www.tourisme-volvestre.fr\\\/es\\\/#organization\"},\"alternateName\":\"OT Volvestre\",\"potentialAction\":[{\"@type\":\"SearchAction\",\"target\":{\"@type\":\"EntryPoint\",\"urlTemplate\":\"https:\\\/\\\/www.tourisme-volvestre.fr\\\/es\\\/?s={search_term_string}\"},\"query-input\":{\"@type\":\"PropertyValueSpecification\",\"valueRequired\":true,\"valueName\":\"search_term_string\"}}],\"inLanguage\":\"es\"},{\"@type\":\"Organization\",\"@id\":\"https:\\\/\\\/www.tourisme-volvestre.fr\\\/es\\\/#organization\",\"name\":\"Volvestre Tourisme\",\"url\":\"https:\\\/\\\/www.tourisme-volvestre.fr\\\/es\\\/\",\"logo\":{\"@type\":\"ImageObject\",\"inLanguage\":\"es\",\"@id\":\"https:\\\/\\\/www.tourisme-volvestre.fr\\\/es\\\/#\\\/schema\\\/logo\\\/image\\\/\",\"url\":\"https:\\\/\\\/www.tourisme-volvestre.fr\\\/wp-content\\\/uploads\\\/2025\\\/02\\\/logo-site.png\",\"contentUrl\":\"https:\\\/\\\/www.tourisme-volvestre.fr\\\/wp-content\\\/uploads\\\/2025\\\/02\\\/logo-site.png\",\"width\":152,\"height\":152,\"caption\":\"Volvestre Tourisme\"},\"image\":{\"@id\":\"https:\\\/\\\/www.tourisme-volvestre.fr\\\/es\\\/#\\\/schema\\\/logo\\\/image\\\/\"},\"sameAs\":[\"https:\\\/\\\/www.facebook.com\\\/TourismeVolvestre\",\"https:\\\/\\\/www.instagram.com\\\/tourismevolvestre\"]}]}<\/script>\n<!-- \/ Yoast SEO plugin. -->","yoast_head_json":{"title":"\u00bfUnas vacaciones en Occitania? - Volvestre Tourisme","description":"\u00bfTe apetece pasar unas vacaciones en Occitania entre naturaleza y patrimonio? Te esperamos en Volvestre : un lugar ideal para recargar las pilas.","robots":{"index":"index","follow":"follow","max-snippet":"max-snippet:-1","max-image-preview":"max-image-preview:large","max-video-preview":"max-video-preview:-1"},"canonical":"https:\/\/www.tourisme-volvestre.fr\/es\/unas-vacaciones-en-occitania\/","og_locale":"es_ES","og_type":"article","og_title":"\u00bfUnas vacaciones en Occitania? - Volvestre Tourisme","og_description":"\u00bfTe apetece pasar unas vacaciones en Occitania entre naturaleza y patrimonio? Te esperamos en Volvestre : un lugar ideal para recargar las pilas.","og_url":"https:\/\/www.tourisme-volvestre.fr\/es\/unas-vacaciones-en-occitania\/","og_site_name":"Volvestre Tourisme","article_publisher":"https:\/\/www.facebook.com\/TourismeVolvestre","article_modified_time":"2025-08-21T14:09:22+00:00","og_image":[{"width":1200,"height":549,"url":"https:\/\/www.tourisme-volvestre.fr\/wp-content\/uploads\/2025\/08\/drapeau_occitan_Massimo_Ravera-1.jpg","type":"image\/jpeg"}],"twitter_card":"summary_large_image","twitter_misc":{"Tiempo de lectura":"2 minutos"},"schema":{"@context":"https:\/\/schema.org","@graph":[{"@type":"WebPage","@id":"https:\/\/www.tourisme-volvestre.fr\/es\/unas-vacaciones-en-occitania\/","url":"https:\/\/www.tourisme-volvestre.fr\/es\/unas-vacaciones-en-occitania\/","name":"\u00bfUnas vacaciones en Occitania? - Volvestre Tourisme","isPartOf":{"@id":"https:\/\/www.tourisme-volvestre.fr\/es\/#website"},"primaryImageOfPage":{"@id":"https:\/\/www.tourisme-volvestre.fr\/es\/unas-vacaciones-en-occitania\/#primaryimage"},"image":{"@id":"https:\/\/www.tourisme-volvestre.fr\/es\/unas-vacaciones-en-occitania\/#primaryimage"},"thumbnailUrl":"https:\/\/www.tourisme-volvestre.fr\/wp-content\/uploads\/2025\/08\/drapeau_occitan_Massimo_Ravera-1.jpg","datePublished":"2025-05-14T12:08:05+00:00","dateModified":"2025-08-21T14:09:22+00:00","description":"\u00bfTe apetece pasar unas vacaciones en Occitania entre naturaleza y patrimonio? Te esperamos en Volvestre : un lugar ideal para recargar las pilas.","breadcrumb":{"@id":"https:\/\/www.tourisme-volvestre.fr\/es\/unas-vacaciones-en-occitania\/#breadcrumb"},"inLanguage":"es","potentialAction":[{"@type":"ReadAction","target":["https:\/\/www.tourisme-volvestre.fr\/es\/unas-vacaciones-en-occitania\/"]}]},{"@type":"ImageObject","inLanguage":"es","@id":"https:\/\/www.tourisme-volvestre.fr\/es\/unas-vacaciones-en-occitania\/#primaryimage","url":"https:\/\/www.tourisme-volvestre.fr\/wp-content\/uploads\/2025\/08\/drapeau_occitan_Massimo_Ravera-1.jpg","contentUrl":"https:\/\/www.tourisme-volvestre.fr\/wp-content\/uploads\/2025\/08\/drapeau_occitan_Massimo_Ravera-1.jpg","width":1200,"height":549},{"@type":"BreadcrumbList","@id":"https:\/\/www.tourisme-volvestre.fr\/es\/unas-vacaciones-en-occitania\/#breadcrumb","itemListElement":[{"@type":"ListItem","position":1,"name":"Accueil","item":"https:\/\/www.tourisme-volvestre.fr\/es\/?lang=es"},{"@type":"ListItem","position":2,"name":"\u00bfUnas vacaciones en Occitania?"}]},{"@type":"WebSite","@id":"https:\/\/www.tourisme-volvestre.fr\/es\/#website","url":"https:\/\/www.tourisme-volvestre.fr\/es\/","name":"Volvestre Tourisme","description":"","publisher":{"@id":"https:\/\/www.tourisme-volvestre.fr\/es\/#organization"},"alternateName":"OT Volvestre","potentialAction":[{"@type":"SearchAction","target":{"@type":"EntryPoint","urlTemplate":"https:\/\/www.tourisme-volvestre.fr\/es\/?s={search_term_string}"},"query-input":{"@type":"PropertyValueSpecification","valueRequired":true,"valueName":"search_term_string"}}],"inLanguage":"es"},{"@type":"Organization","@id":"https:\/\/www.tourisme-volvestre.fr\/es\/#organization","name":"Volvestre Tourisme","url":"https:\/\/www.tourisme-volvestre.fr\/es\/","logo":{"@type":"ImageObject","inLanguage":"es","@id":"https:\/\/www.tourisme-volvestre.fr\/es\/#\/schema\/logo\/image\/","url":"https:\/\/www.tourisme-volvestre.fr\/wp-content\/uploads\/2025\/02\/logo-site.png","contentUrl":"https:\/\/www.tourisme-volvestre.fr\/wp-content\/uploads\/2025\/02\/logo-site.png","width":152,"height":152,"caption":"Volvestre Tourisme"},"image":{"@id":"https:\/\/www.tourisme-volvestre.fr\/es\/#\/schema\/logo\/image\/"},"sameAs":["https:\/\/www.facebook.com\/TourismeVolvestre","https:\/\/www.instagram.com\/tourismevolvestre"]}]}},"_links":{"self":[{"href":"https:\/\/www.tourisme-volvestre.fr\/es\/wp-json\/wp\/v2\/pages\/8892","targetHints":{"allow":["GET"]}}],"collection":[{"href":"https:\/\/www.tourisme-volvestre.fr\/es\/wp-json\/wp\/v2\/pages"}],"about":[{"href":"https:\/\/www.tourisme-volvestre.fr\/es\/wp-json\/wp\/v2\/types\/page"}],"author":[{"embeddable":true,"href":"https:\/\/www.tourisme-volvestre.fr\/es\/wp-json\/wp\/v2\/users\/3"}],"replies":[{"embeddable":true,"href":"https:\/\/www.tourisme-volvestre.fr\/es\/wp-json\/wp\/v2\/comments?post=8892"}],"version-history":[{"count":5,"href":"https:\/\/www.tourisme-volvestre.fr\/es\/wp-json\/wp\/v2\/pages\/8892\/revisions"}],"predecessor-version":[{"id":9723,"href":"https:\/\/www.tourisme-volvestre.fr\/es\/wp-json\/wp\/v2\/pages\/8892\/revisions\/9723"}],"wp:featuredmedia":[{"embeddable":true,"href":"https:\/\/www.tourisme-volvestre.fr\/es\/wp-json\/wp\/v2\/media\/8074"}],"wp:attachment":[{"href":"https:\/\/www.tourisme-volvestre.fr\/es\/wp-json\/wp\/v2\/media?parent=8892"}],"curies":[{"name":"wp","href":"https:\/\/api.w.org\/{rel}","templated":true}]}}