{"id":9030,"date":"2025-07-04T17:03:10","date_gmt":"2025-07-04T15:03:10","guid":{"rendered":"https:\/\/www.tourisme-volvestre.fr\/el-volvestre-tierra-de-conocimientos-tecnicos\/"},"modified":"2025-09-01T11:42:50","modified_gmt":"2025-09-01T09:42:50","slug":"el-volvestre-tierra-de-conocimientos-tecnicos","status":"publish","type":"page","link":"https:\/\/www.tourisme-volvestre.fr\/es\/el-volvestre-tierra-de-conocimientos-tecnicos\/","title":{"rendered":"El Volvestre, tierra de conocimientos t\u00e9cnicos"},"content":{"rendered":"\n<div class=\"wp-block-group alignfull has-accent-4-background-color has-background has-global-padding is-layout-constrained wp-container-core-group-is-layout-a17fb4a4 wp-block-group-is-layout-constrained\" style=\"margin-top:-2rem;margin-bottom:0;padding-top:var(--wp--preset--spacing--50);padding-right:var(--wp--preset--spacing--50);padding-bottom:var(--wp--preset--spacing--50);padding-left:var(--wp--preset--spacing--50)\">\n<div class=\"wp-block-columns alignwide are-vertically-aligned-center is-layout-flex wp-container-core-columns-is-layout-1da03c2a wp-block-columns-is-layout-flex\">\n<div class=\"wp-block-column is-vertically-aligned-center is-layout-flow wp-block-column-is-layout-flow\" style=\"flex-basis:50%\">\n<div class=\"wp-block-group is-vertical is-content-justification-stretch is-layout-flex wp-container-core-group-is-layout-03ea0e6e wp-block-group-is-layout-flex\" style=\"min-height:100%\">\n<h2 class=\"wp-block-heading\"><mark style=\"color:#77b342\" class=\"has-inline-color\">Conocimientos t\u00e9cnicos \u00fanicos para compartir\u2026 \u00a1Contigo!  <\/mark><\/h2>\n\n\n\n<p class=\"has-proxima-nova-font-family wp-container-content-0733e5d0\">El Volvestre es una tierra de inspiraci\u00f3n y creatividad. Numerosos artesanos perpet\u00faan valiosas habilidades, fusionando tradici\u00f3n y modernidad. <br \/><br \/>Descubre las exposiciones permanentes y temporales, galer\u00edas de arte y tiendas de artesan\u00eda. El Volvestre est\u00e1 repleto de lugares para descubrir nuevas habilidades y conocer a artesanos.<br \/><br \/><strong>Cuchiller\u00eda, alfarer\u00eda, marroquiner\u00eda, tejido, cer\u00e1mica, herrer\u00eda, fotograf\u00eda&#8230; <\/strong> aqu\u00ed, los talentos son numerosos y accesibles. <br \/><br \/>\u00bfListo para adentrarse en el mundo art\u00edstico y artesanal del Volvestre? \u00a1Sigue nuestra gu\u00eda! <\/p>\n<\/div>\n<\/div>\n\n\n\n<div class=\"wp-block-column is-vertically-aligned-center is-layout-flow wp-block-column-is-layout-flow\" style=\"flex-basis:50%\">\n<figure class=\"wp-block-image aligncenter size-full is-resized is-style-rounded is-style-rounded--1\"><img loading=\"lazy\" decoding=\"async\" width=\"1315\" height=\"1754\" src=\"https:\/\/www.tourisme-volvestre.fr\/wp-content\/uploads\/2025\/08\/bax_lesforgesdelasalamandre_artisanat_portrait_fig@stephanelessieux-2048x2048-1.jpg\" alt=\"\" class=\"wp-image-8437\" style=\"aspect-ratio:0.75;object-fit:cover;width:415px;height:auto\" srcset=\"https:\/\/www.tourisme-volvestre.fr\/wp-content\/uploads\/2025\/08\/bax_lesforgesdelasalamandre_artisanat_portrait_fig@stephanelessieux-2048x2048-1.jpg 1315w, https:\/\/www.tourisme-volvestre.fr\/wp-content\/uploads\/2025\/08\/bax_lesforgesdelasalamandre_artisanat_portrait_fig@stephanelessieux-2048x2048-1-225x300.jpg 225w, https:\/\/www.tourisme-volvestre.fr\/wp-content\/uploads\/2025\/08\/bax_lesforgesdelasalamandre_artisanat_portrait_fig@stephanelessieux-2048x2048-1-768x1024.jpg 768w, https:\/\/www.tourisme-volvestre.fr\/wp-content\/uploads\/2025\/08\/bax_lesforgesdelasalamandre_artisanat_portrait_fig@stephanelessieux-2048x2048-1-1152x1536.jpg 1152w\" sizes=\"auto, (max-width: 1315px) 100vw, 1315px\" \/><figcaption class=\"wp-element-caption\">La Forge de la Salamandre en Bax @St\u00e9phaneLessieux<\/figcaption><\/figure>\n<\/div>\n<\/div>\n\n\n\n<div class=\"wp-block-group alignfull has-accent-4-background-color has-background has-global-padding is-layout-constrained wp-container-core-group-is-layout-ed5e8923 wp-block-group-is-layout-constrained\" style=\"margin-top:var(--wp--preset--spacing--20);margin-bottom:0;padding-top:var(--wp--preset--spacing--20);padding-right:var(--wp--preset--spacing--20);padding-bottom:var(--wp--preset--spacing--20);padding-left:var(--wp--preset--spacing--20)\">\n<div class=\"wp-block-group is-nowrap is-layout-flex wp-container-core-group-is-layout-6c531013 wp-block-group-is-layout-flex\">\n<div class=\"wp-block-group has-global-padding is-layout-constrained wp-container-core-group-is-layout-c385debf wp-block-group-is-layout-constrained\" style=\"padding-top:var(--wp--preset--spacing--20);padding-right:var(--wp--preset--spacing--20);padding-bottom:var(--wp--preset--spacing--20);padding-left:var(--wp--preset--spacing--20)\">\n<div class=\"wp-block-columns is-layout-flex wp-container-core-columns-is-layout-28f84493 wp-block-columns-is-layout-flex\">\n<div class=\"wp-block-column is-layout-flow wp-block-column-is-layout-flow\">\n<figure class=\"wp-block-image aligncenter size-full has-custom-border\"><img loading=\"lazy\" decoding=\"async\" width=\"645\" height=\"458\" src=\"https:\/\/www.tourisme-volvestre.fr\/wp-content\/uploads\/2025\/08\/Capture-decran-2025-08-07-131228.jpg\" alt=\"\" class=\"wp-image-8446\" style=\"border-radius:25px;aspect-ratio:1;object-fit:cover\" srcset=\"https:\/\/www.tourisme-volvestre.fr\/wp-content\/uploads\/2025\/08\/Capture-decran-2025-08-07-131228.jpg 645w, https:\/\/www.tourisme-volvestre.fr\/wp-content\/uploads\/2025\/08\/Capture-decran-2025-08-07-131228-300x213.jpg 300w\" sizes=\"auto, (max-width: 645px) 100vw, 645px\" \/><figcaption class=\"wp-element-caption\">Ceramista @Sevda <\/figcaption><\/figure>\n\n\n\n<div class=\"wp-block-buttons is-content-justification-center is-layout-flex wp-container-core-buttons-is-layout-a89b3969 wp-block-buttons-is-layout-flex\">\n<div class=\"wp-block-button\"><a class=\"wp-block-button__link wp-element-button\" href=\"https:\/\/www.tourisme-volvestre.fr\/nuestros-artistas-y-artesanos\/?lang=es\">Nuestros artistas y artesanos<\/a><\/div>\n<\/div>\n<\/div>\n\n\n\n<div class=\"wp-block-column is-layout-flow wp-block-column-is-layout-flow\">\n<figure class=\"wp-block-image aligncenter size-full has-custom-border\"><img loading=\"lazy\" decoding=\"async\" width=\"2048\" height=\"1367\" src=\"https:\/\/www.tourisme-volvestre.fr\/wp-content\/uploads\/2025\/07\/martrestolosane_animation_jema_lauradrigo_artisanat_volvestre@bassinauterivain.jpg\" alt=\"\" class=\"wp-image-7129\" style=\"border-radius:25px;aspect-ratio:1;object-fit:cover\" srcset=\"https:\/\/www.tourisme-volvestre.fr\/wp-content\/uploads\/2025\/07\/martrestolosane_animation_jema_lauradrigo_artisanat_volvestre@bassinauterivain.jpg 2048w, https:\/\/www.tourisme-volvestre.fr\/wp-content\/uploads\/2025\/07\/martrestolosane_animation_jema_lauradrigo_artisanat_volvestre@bassinauterivain-300x200.jpg 300w, https:\/\/www.tourisme-volvestre.fr\/wp-content\/uploads\/2025\/07\/martrestolosane_animation_jema_lauradrigo_artisanat_volvestre@bassinauterivain-1024x684.jpg 1024w, https:\/\/www.tourisme-volvestre.fr\/wp-content\/uploads\/2025\/07\/martrestolosane_animation_jema_lauradrigo_artisanat_volvestre@bassinauterivain-768x513.jpg 768w, https:\/\/www.tourisme-volvestre.fr\/wp-content\/uploads\/2025\/07\/martrestolosane_animation_jema_lauradrigo_artisanat_volvestre@bassinauterivain-1536x1025.jpg 1536w\" sizes=\"auto, (max-width: 2048px) 100vw, 2048px\" \/><figcaption class=\"wp-element-caption\">Laura Drigo @OTIBassinAuterivain<\/figcaption><\/figure>\n\n\n\n<div class=\"wp-block-buttons is-content-justification-center is-layout-flex wp-container-core-buttons-is-layout-a89b3969 wp-block-buttons-is-layout-flex\">\n<div class=\"wp-block-button\"><a class=\"wp-block-button__link wp-element-button\" href=\"https:\/\/www.tourisme-volvestre.fr\/los-cursos-y-talleres\/?lang=es\">Nuestros cursos y talleres<\/a><\/div>\n<\/div>\n<\/div>\n\n\n\n<div class=\"wp-block-column is-layout-flow wp-block-column-is-layout-flow\">\n<figure class=\"wp-block-image aligncenter size-full has-custom-border\"><img loading=\"lazy\" decoding=\"async\" width=\"1928\" height=\"2560\" src=\"https:\/\/www.tourisme-volvestre.fr\/wp-content\/uploads\/2025\/07\/saintsulpicesurleze_lesaudacieuses_lanternes@lisaoti.jpg\" alt=\"\" class=\"wp-image-7284\" style=\"border-radius:25px;aspect-ratio:1;object-fit:cover\" srcset=\"https:\/\/www.tourisme-volvestre.fr\/wp-content\/uploads\/2025\/07\/saintsulpicesurleze_lesaudacieuses_lanternes@lisaoti.jpg 1928w, https:\/\/www.tourisme-volvestre.fr\/wp-content\/uploads\/2025\/07\/saintsulpicesurleze_lesaudacieuses_lanternes@lisaoti-226x300.jpg 226w, https:\/\/www.tourisme-volvestre.fr\/wp-content\/uploads\/2025\/07\/saintsulpicesurleze_lesaudacieuses_lanternes@lisaoti-771x1024.jpg 771w, https:\/\/www.tourisme-volvestre.fr\/wp-content\/uploads\/2025\/07\/saintsulpicesurleze_lesaudacieuses_lanternes@lisaoti-768x1020.jpg 768w, https:\/\/www.tourisme-volvestre.fr\/wp-content\/uploads\/2025\/07\/saintsulpicesurleze_lesaudacieuses_lanternes@lisaoti-1157x1536.jpg 1157w, https:\/\/www.tourisme-volvestre.fr\/wp-content\/uploads\/2025\/07\/saintsulpicesurleze_lesaudacieuses_lanternes@lisaoti-1542x2048.jpg 1542w\" sizes=\"auto, (max-width: 1928px) 100vw, 1928px\" \/><figcaption class=\"wp-element-caption\">Les audacieuses @OTIduVolvestre<\/figcaption><\/figure>\n\n\n\n<div class=\"wp-block-buttons is-content-justification-center is-layout-flex wp-container-core-buttons-is-layout-a89b3969 wp-block-buttons-is-layout-flex\">\n<div class=\"wp-block-button\"><a class=\"wp-block-button__link wp-element-button\" href=\"https:\/\/www.tourisme-volvestre.fr\/tiendas-de-artesania\/?lang=es\">Nuestras tiendas de artesan\u00eda<\/a><\/div>\n<\/div>\n<\/div>\n<\/div>\n<\/div>\n<\/div>\n\n\n\n<div class=\"wp-block-group has-global-padding is-layout-constrained wp-container-core-group-is-layout-c385debf wp-block-group-is-layout-constrained\" style=\"padding-top:var(--wp--preset--spacing--20);padding-right:var(--wp--preset--spacing--20);padding-bottom:var(--wp--preset--spacing--20);padding-left:var(--wp--preset--spacing--20)\">\n<div class=\"wp-block-columns is-layout-flex wp-container-core-columns-is-layout-28f84493 wp-block-columns-is-layout-flex\">\n<div class=\"wp-block-column is-layout-flow wp-block-column-is-layout-flow\">\n<figure class=\"wp-block-image aligncenter size-full has-custom-border\"><img loading=\"lazy\" decoding=\"async\" width=\"625\" height=\"926\" src=\"https:\/\/www.tourisme-volvestre.fr\/wp-content\/uploads\/2025\/08\/rieuxvolvesre_artgallery@susanamagalhaes-768x926-1.jpg\" alt=\"\" class=\"wp-image-8746\" style=\"border-radius:25px;aspect-ratio:1;object-fit:cover\" srcset=\"https:\/\/www.tourisme-volvestre.fr\/wp-content\/uploads\/2025\/08\/rieuxvolvesre_artgallery@susanamagalhaes-768x926-1.jpg 625w, https:\/\/www.tourisme-volvestre.fr\/wp-content\/uploads\/2025\/08\/rieuxvolvesre_artgallery@susanamagalhaes-768x926-1-202x300.jpg 202w\" sizes=\"auto, (max-width: 625px) 100vw, 625px\" \/><figcaption class=\"wp-element-caption\">SM Art Gallery @SusanaMagalhaes<\/figcaption><\/figure>\n\n\n\n<div class=\"wp-block-buttons is-content-justification-center is-layout-flex wp-container-core-buttons-is-layout-a89b3969 wp-block-buttons-is-layout-flex\">\n<div class=\"wp-block-button\"><a class=\"wp-block-button__link has-text-align-center wp-element-button\" href=\"https:\/\/www.tourisme-volvestre.fr\/exposiciones-y-galerias\/?lang=es\">Nuestras exposiciones y galer\u00edas<\/a><\/div>\n<\/div>\n<\/div>\n\n\n\n<div class=\"wp-block-column is-layout-flow wp-block-column-is-layout-flow\">\n<figure class=\"wp-block-image aligncenter size-full has-custom-border\"><img loading=\"lazy\" decoding=\"async\" width=\"2560\" height=\"1440\" src=\"https:\/\/www.tourisme-volvestre.fr\/wp-content\/uploads\/2025\/06\/PXL_20250621_164039307.MP2_.jpg\" alt=\"\" class=\"wp-image-6791\" style=\"border-radius:25px;aspect-ratio:1;object-fit:cover\" srcset=\"https:\/\/www.tourisme-volvestre.fr\/wp-content\/uploads\/2025\/06\/PXL_20250621_164039307.MP2_.jpg 2560w, https:\/\/www.tourisme-volvestre.fr\/wp-content\/uploads\/2025\/06\/PXL_20250621_164039307.MP2_-300x169.jpg 300w, https:\/\/www.tourisme-volvestre.fr\/wp-content\/uploads\/2025\/06\/PXL_20250621_164039307.MP2_-1024x576.jpg 1024w, https:\/\/www.tourisme-volvestre.fr\/wp-content\/uploads\/2025\/06\/PXL_20250621_164039307.MP2_-768x432.jpg 768w, https:\/\/www.tourisme-volvestre.fr\/wp-content\/uploads\/2025\/06\/PXL_20250621_164039307.MP2_-1536x864.jpg 1536w, https:\/\/www.tourisme-volvestre.fr\/wp-content\/uploads\/2025\/06\/PXL_20250621_164039307.MP2_-2048x1152.jpg 2048w\" sizes=\"auto, (max-width: 2560px) 100vw, 2560px\" \/><figcaption class=\"wp-element-caption\">Exposici\u00f3n @OTIduVolvestre <\/figcaption><\/figure>\n\n\n\n<div class=\"wp-block-buttons is-content-justification-center is-layout-flex wp-container-core-buttons-is-layout-a89b3969 wp-block-buttons-is-layout-flex\">\n<div class=\"wp-block-button\"><a class=\"wp-block-button__link wp-element-button\" href=\"https:\/\/www.tourisme-volvestre.fr\/exposicion-de-arte-en-saint-sulpice-sur-leze\/?lang=es\">Nuestras exposiciones temporales<\/a><\/div>\n<\/div>\n<\/div>\n\n\n\n<div class=\"wp-block-column is-layout-flow wp-block-column-is-layout-flow\">\n<figure class=\"wp-block-image aligncenter size-full has-custom-border\"><img loading=\"lazy\" decoding=\"async\" width=\"2560\" height=\"1709\" src=\"https:\/\/www.tourisme-volvestre.fr\/wp-content\/uploads\/2025\/07\/martrestolosane_jema_artisanat_detail_art@marionoti.jpg\" alt=\"\" class=\"wp-image-7328\" style=\"border-radius:25px;aspect-ratio:1;object-fit:cover\" srcset=\"https:\/\/www.tourisme-volvestre.fr\/wp-content\/uploads\/2025\/07\/martrestolosane_jema_artisanat_detail_art@marionoti.jpg 2560w, https:\/\/www.tourisme-volvestre.fr\/wp-content\/uploads\/2025\/07\/martrestolosane_jema_artisanat_detail_art@marionoti-300x200.jpg 300w, https:\/\/www.tourisme-volvestre.fr\/wp-content\/uploads\/2025\/07\/martrestolosane_jema_artisanat_detail_art@marionoti-1024x684.jpg 1024w, https:\/\/www.tourisme-volvestre.fr\/wp-content\/uploads\/2025\/07\/martrestolosane_jema_artisanat_detail_art@marionoti-768x513.jpg 768w, https:\/\/www.tourisme-volvestre.fr\/wp-content\/uploads\/2025\/07\/martrestolosane_jema_artisanat_detail_art@marionoti-1536x1025.jpg 1536w, https:\/\/www.tourisme-volvestre.fr\/wp-content\/uploads\/2025\/07\/martrestolosane_jema_artisanat_detail_art@marionoti-2048x1367.jpg 2048w\" sizes=\"auto, (max-width: 2560px) 100vw, 2560px\" \/><figcaption class=\"wp-element-caption\">Artesan\u00eda @OTIduVolvestre<\/figcaption><\/figure>\n\n\n\n<div class=\"wp-block-buttons is-content-justification-center is-layout-flex wp-container-core-buttons-is-layout-a89b3969 wp-block-buttons-is-layout-flex\">\n<div class=\"wp-block-button\"><a class=\"wp-block-button__link wp-element-button\" href=\"https:\/\/www.tourisme-volvestre.fr\/eventos-destacados\/?lang=es\">Jornadas Europeas de la Artesan\u00eda<\/a><\/div>\n<\/div>\n<\/div>\n<\/div>\n<\/div>\n\n\n\n<div style=\"height:9px\" aria-hidden=\"true\" class=\"wp-block-spacer\"><\/div>\n<\/div>\n<\/div>\n","protected":false},"excerpt":{"rendered":"<p>Conocimientos t\u00e9cnicos \u00fanicos para compartir\u2026 \u00a1Contigo! El Volvestre es una tierra de inspiraci\u00f3n y creatividad. Numerosos artesanos perpet\u00faan valiosas habilidades, fusionando tradici\u00f3n y modernidad. Descubre las exposiciones permanentes y temporales, galer\u00edas de arte y tiendas de artesan\u00eda. El Volvestre est\u00e1 repleto de lugares para descubrir nuevas habilidades y conocer a artesanos. Cuchiller\u00eda, alfarer\u00eda, marroquiner\u00eda, tejido, [&hellip;]<\/p>\n","protected":false},"author":6,"featured_media":8439,"parent":0,"menu_order":0,"comment_status":"closed","ping_status":"closed","template":"page-no-title","meta":{"_acf_changed":false,"inline_featured_image":false,"footnotes":""},"class_list":["post-9030","page","type-page","status-publish","has-post-thumbnail","hentry"],"acf":[],"yoast_head":"<!-- This site is optimized with the Yoast SEO plugin v27.3 - https:\/\/yoast.com\/product\/yoast-seo-wordpress\/ -->\n<title>El Volvestre, tierra de conocimientos t\u00e9cnicos - Volvestre Tourisme<\/title>\n<meta name=\"description\" content=\"\u00bfTe gusta el arte y la artesan\u00eda? Conoce a nuestros artesanos, descubre nuestras exposiciones y galer\u00edas \u00a1Ll\u00e9vate contigo sus conocimientos t\u00e9cnicos!\" \/>\n<meta name=\"robots\" content=\"index, follow, max-snippet:-1, max-image-preview:large, max-video-preview:-1\" \/>\n<link rel=\"canonical\" href=\"https:\/\/www.tourisme-volvestre.fr\/es\/el-volvestre-tierra-de-conocimientos-tecnicos\/\" \/>\n<meta property=\"og:locale\" content=\"es_ES\" \/>\n<meta property=\"og:type\" content=\"article\" \/>\n<meta property=\"og:title\" content=\"El Volvestre, tierra de conocimientos t\u00e9cnicos - Volvestre Tourisme\" \/>\n<meta property=\"og:description\" content=\"\u00bfTe gusta el arte y la artesan\u00eda? Conoce a nuestros artesanos, descubre nuestras exposiciones y galer\u00edas \u00a1Ll\u00e9vate contigo sus conocimientos t\u00e9cnicos!\" \/>\n<meta property=\"og:url\" content=\"https:\/\/www.tourisme-volvestre.fr\/es\/el-volvestre-tierra-de-conocimientos-tecnicos\/\" \/>\n<meta property=\"og:site_name\" content=\"Volvestre Tourisme\" \/>\n<meta property=\"article:publisher\" content=\"https:\/\/www.facebook.com\/TourismeVolvestre\" \/>\n<meta property=\"article:modified_time\" content=\"2025-09-01T09:42:50+00:00\" \/>\n<meta property=\"og:image\" content=\"https:\/\/www.tourisme-volvestre.fr\/wp-content\/uploads\/2025\/08\/bax_lesforgesdelasalamandre_artisanat_portrait_fig@stephanelessieux-2048x2048-1.jpg\" \/>\n\t<meta property=\"og:image:width\" content=\"1315\" \/>\n\t<meta property=\"og:image:height\" content=\"1754\" \/>\n\t<meta property=\"og:image:type\" content=\"image\/jpeg\" \/>\n<meta name=\"twitter:card\" content=\"summary_large_image\" \/>\n<meta name=\"twitter:label1\" content=\"Tiempo de lectura\" \/>\n\t<meta name=\"twitter:data1\" content=\"1 minuto\" \/>\n<script type=\"application\/ld+json\" class=\"yoast-schema-graph\">{\"@context\":\"https:\\\/\\\/schema.org\",\"@graph\":[{\"@type\":\"WebPage\",\"@id\":\"https:\\\/\\\/www.tourisme-volvestre.fr\\\/es\\\/el-volvestre-tierra-de-conocimientos-tecnicos\\\/\",\"url\":\"https:\\\/\\\/www.tourisme-volvestre.fr\\\/es\\\/el-volvestre-tierra-de-conocimientos-tecnicos\\\/\",\"name\":\"El Volvestre, tierra de conocimientos t\u00e9cnicos - Volvestre Tourisme\",\"isPartOf\":{\"@id\":\"https:\\\/\\\/www.tourisme-volvestre.fr\\\/es\\\/#website\"},\"primaryImageOfPage\":{\"@id\":\"https:\\\/\\\/www.tourisme-volvestre.fr\\\/es\\\/el-volvestre-tierra-de-conocimientos-tecnicos\\\/#primaryimage\"},\"image\":{\"@id\":\"https:\\\/\\\/www.tourisme-volvestre.fr\\\/es\\\/el-volvestre-tierra-de-conocimientos-tecnicos\\\/#primaryimage\"},\"thumbnailUrl\":\"https:\\\/\\\/www.tourisme-volvestre.fr\\\/wp-content\\\/uploads\\\/2025\\\/08\\\/bax_lesforgesdelasalamandre_artisanat_portrait_fig@stephanelessieux-2048x2048-1.jpg\",\"datePublished\":\"2025-07-04T15:03:10+00:00\",\"dateModified\":\"2025-09-01T09:42:50+00:00\",\"description\":\"\u00bfTe gusta el arte y la artesan\u00eda? Conoce a nuestros artesanos, descubre nuestras exposiciones y galer\u00edas \u00a1Ll\u00e9vate contigo sus conocimientos t\u00e9cnicos!\",\"breadcrumb\":{\"@id\":\"https:\\\/\\\/www.tourisme-volvestre.fr\\\/es\\\/el-volvestre-tierra-de-conocimientos-tecnicos\\\/#breadcrumb\"},\"inLanguage\":\"es\",\"potentialAction\":[{\"@type\":\"ReadAction\",\"target\":[\"https:\\\/\\\/www.tourisme-volvestre.fr\\\/es\\\/el-volvestre-tierra-de-conocimientos-tecnicos\\\/\"]}]},{\"@type\":\"ImageObject\",\"inLanguage\":\"es\",\"@id\":\"https:\\\/\\\/www.tourisme-volvestre.fr\\\/es\\\/el-volvestre-tierra-de-conocimientos-tecnicos\\\/#primaryimage\",\"url\":\"https:\\\/\\\/www.tourisme-volvestre.fr\\\/wp-content\\\/uploads\\\/2025\\\/08\\\/bax_lesforgesdelasalamandre_artisanat_portrait_fig@stephanelessieux-2048x2048-1.jpg\",\"contentUrl\":\"https:\\\/\\\/www.tourisme-volvestre.fr\\\/wp-content\\\/uploads\\\/2025\\\/08\\\/bax_lesforgesdelasalamandre_artisanat_portrait_fig@stephanelessieux-2048x2048-1.jpg\",\"width\":1315,\"height\":1754},{\"@type\":\"BreadcrumbList\",\"@id\":\"https:\\\/\\\/www.tourisme-volvestre.fr\\\/es\\\/el-volvestre-tierra-de-conocimientos-tecnicos\\\/#breadcrumb\",\"itemListElement\":[{\"@type\":\"ListItem\",\"position\":1,\"name\":\"Accueil\",\"item\":\"https:\\\/\\\/www.tourisme-volvestre.fr\\\/es\\\/?lang=es\"},{\"@type\":\"ListItem\",\"position\":2,\"name\":\"El Volvestre, tierra de conocimientos t\u00e9cnicos\"}]},{\"@type\":\"WebSite\",\"@id\":\"https:\\\/\\\/www.tourisme-volvestre.fr\\\/es\\\/#website\",\"url\":\"https:\\\/\\\/www.tourisme-volvestre.fr\\\/es\\\/\",\"name\":\"Volvestre Tourisme\",\"description\":\"\",\"publisher\":{\"@id\":\"https:\\\/\\\/www.tourisme-volvestre.fr\\\/es\\\/#organization\"},\"alternateName\":\"OT Volvestre\",\"potentialAction\":[{\"@type\":\"SearchAction\",\"target\":{\"@type\":\"EntryPoint\",\"urlTemplate\":\"https:\\\/\\\/www.tourisme-volvestre.fr\\\/es\\\/?s={search_term_string}\"},\"query-input\":{\"@type\":\"PropertyValueSpecification\",\"valueRequired\":true,\"valueName\":\"search_term_string\"}}],\"inLanguage\":\"es\"},{\"@type\":\"Organization\",\"@id\":\"https:\\\/\\\/www.tourisme-volvestre.fr\\\/es\\\/#organization\",\"name\":\"Volvestre Tourisme\",\"url\":\"https:\\\/\\\/www.tourisme-volvestre.fr\\\/es\\\/\",\"logo\":{\"@type\":\"ImageObject\",\"inLanguage\":\"es\",\"@id\":\"https:\\\/\\\/www.tourisme-volvestre.fr\\\/es\\\/#\\\/schema\\\/logo\\\/image\\\/\",\"url\":\"https:\\\/\\\/www.tourisme-volvestre.fr\\\/wp-content\\\/uploads\\\/2025\\\/02\\\/logo-site.png\",\"contentUrl\":\"https:\\\/\\\/www.tourisme-volvestre.fr\\\/wp-content\\\/uploads\\\/2025\\\/02\\\/logo-site.png\",\"width\":152,\"height\":152,\"caption\":\"Volvestre Tourisme\"},\"image\":{\"@id\":\"https:\\\/\\\/www.tourisme-volvestre.fr\\\/es\\\/#\\\/schema\\\/logo\\\/image\\\/\"},\"sameAs\":[\"https:\\\/\\\/www.facebook.com\\\/TourismeVolvestre\",\"https:\\\/\\\/www.instagram.com\\\/tourismevolvestre\"]}]}<\/script>\n<!-- \/ Yoast SEO plugin. -->","yoast_head_json":{"title":"El Volvestre, tierra de conocimientos t\u00e9cnicos - Volvestre Tourisme","description":"\u00bfTe gusta el arte y la artesan\u00eda? Conoce a nuestros artesanos, descubre nuestras exposiciones y galer\u00edas \u00a1Ll\u00e9vate contigo sus conocimientos t\u00e9cnicos!","robots":{"index":"index","follow":"follow","max-snippet":"max-snippet:-1","max-image-preview":"max-image-preview:large","max-video-preview":"max-video-preview:-1"},"canonical":"https:\/\/www.tourisme-volvestre.fr\/es\/el-volvestre-tierra-de-conocimientos-tecnicos\/","og_locale":"es_ES","og_type":"article","og_title":"El Volvestre, tierra de conocimientos t\u00e9cnicos - Volvestre Tourisme","og_description":"\u00bfTe gusta el arte y la artesan\u00eda? Conoce a nuestros artesanos, descubre nuestras exposiciones y galer\u00edas \u00a1Ll\u00e9vate contigo sus conocimientos t\u00e9cnicos!","og_url":"https:\/\/www.tourisme-volvestre.fr\/es\/el-volvestre-tierra-de-conocimientos-tecnicos\/","og_site_name":"Volvestre Tourisme","article_publisher":"https:\/\/www.facebook.com\/TourismeVolvestre","article_modified_time":"2025-09-01T09:42:50+00:00","og_image":[{"width":1315,"height":1754,"url":"https:\/\/www.tourisme-volvestre.fr\/wp-content\/uploads\/2025\/08\/bax_lesforgesdelasalamandre_artisanat_portrait_fig@stephanelessieux-2048x2048-1.jpg","type":"image\/jpeg"}],"twitter_card":"summary_large_image","twitter_misc":{"Tiempo de lectura":"1 minuto"},"schema":{"@context":"https:\/\/schema.org","@graph":[{"@type":"WebPage","@id":"https:\/\/www.tourisme-volvestre.fr\/es\/el-volvestre-tierra-de-conocimientos-tecnicos\/","url":"https:\/\/www.tourisme-volvestre.fr\/es\/el-volvestre-tierra-de-conocimientos-tecnicos\/","name":"El Volvestre, tierra de conocimientos t\u00e9cnicos - Volvestre Tourisme","isPartOf":{"@id":"https:\/\/www.tourisme-volvestre.fr\/es\/#website"},"primaryImageOfPage":{"@id":"https:\/\/www.tourisme-volvestre.fr\/es\/el-volvestre-tierra-de-conocimientos-tecnicos\/#primaryimage"},"image":{"@id":"https:\/\/www.tourisme-volvestre.fr\/es\/el-volvestre-tierra-de-conocimientos-tecnicos\/#primaryimage"},"thumbnailUrl":"https:\/\/www.tourisme-volvestre.fr\/wp-content\/uploads\/2025\/08\/bax_lesforgesdelasalamandre_artisanat_portrait_fig@stephanelessieux-2048x2048-1.jpg","datePublished":"2025-07-04T15:03:10+00:00","dateModified":"2025-09-01T09:42:50+00:00","description":"\u00bfTe gusta el arte y la artesan\u00eda? Conoce a nuestros artesanos, descubre nuestras exposiciones y galer\u00edas \u00a1Ll\u00e9vate contigo sus conocimientos t\u00e9cnicos!","breadcrumb":{"@id":"https:\/\/www.tourisme-volvestre.fr\/es\/el-volvestre-tierra-de-conocimientos-tecnicos\/#breadcrumb"},"inLanguage":"es","potentialAction":[{"@type":"ReadAction","target":["https:\/\/www.tourisme-volvestre.fr\/es\/el-volvestre-tierra-de-conocimientos-tecnicos\/"]}]},{"@type":"ImageObject","inLanguage":"es","@id":"https:\/\/www.tourisme-volvestre.fr\/es\/el-volvestre-tierra-de-conocimientos-tecnicos\/#primaryimage","url":"https:\/\/www.tourisme-volvestre.fr\/wp-content\/uploads\/2025\/08\/bax_lesforgesdelasalamandre_artisanat_portrait_fig@stephanelessieux-2048x2048-1.jpg","contentUrl":"https:\/\/www.tourisme-volvestre.fr\/wp-content\/uploads\/2025\/08\/bax_lesforgesdelasalamandre_artisanat_portrait_fig@stephanelessieux-2048x2048-1.jpg","width":1315,"height":1754},{"@type":"BreadcrumbList","@id":"https:\/\/www.tourisme-volvestre.fr\/es\/el-volvestre-tierra-de-conocimientos-tecnicos\/#breadcrumb","itemListElement":[{"@type":"ListItem","position":1,"name":"Accueil","item":"https:\/\/www.tourisme-volvestre.fr\/es\/?lang=es"},{"@type":"ListItem","position":2,"name":"El Volvestre, tierra de conocimientos t\u00e9cnicos"}]},{"@type":"WebSite","@id":"https:\/\/www.tourisme-volvestre.fr\/es\/#website","url":"https:\/\/www.tourisme-volvestre.fr\/es\/","name":"Volvestre Tourisme","description":"","publisher":{"@id":"https:\/\/www.tourisme-volvestre.fr\/es\/#organization"},"alternateName":"OT Volvestre","potentialAction":[{"@type":"SearchAction","target":{"@type":"EntryPoint","urlTemplate":"https:\/\/www.tourisme-volvestre.fr\/es\/?s={search_term_string}"},"query-input":{"@type":"PropertyValueSpecification","valueRequired":true,"valueName":"search_term_string"}}],"inLanguage":"es"},{"@type":"Organization","@id":"https:\/\/www.tourisme-volvestre.fr\/es\/#organization","name":"Volvestre Tourisme","url":"https:\/\/www.tourisme-volvestre.fr\/es\/","logo":{"@type":"ImageObject","inLanguage":"es","@id":"https:\/\/www.tourisme-volvestre.fr\/es\/#\/schema\/logo\/image\/","url":"https:\/\/www.tourisme-volvestre.fr\/wp-content\/uploads\/2025\/02\/logo-site.png","contentUrl":"https:\/\/www.tourisme-volvestre.fr\/wp-content\/uploads\/2025\/02\/logo-site.png","width":152,"height":152,"caption":"Volvestre Tourisme"},"image":{"@id":"https:\/\/www.tourisme-volvestre.fr\/es\/#\/schema\/logo\/image\/"},"sameAs":["https:\/\/www.facebook.com\/TourismeVolvestre","https:\/\/www.instagram.com\/tourismevolvestre"]}]}},"_links":{"self":[{"href":"https:\/\/www.tourisme-volvestre.fr\/es\/wp-json\/wp\/v2\/pages\/9030","targetHints":{"allow":["GET"]}}],"collection":[{"href":"https:\/\/www.tourisme-volvestre.fr\/es\/wp-json\/wp\/v2\/pages"}],"about":[{"href":"https:\/\/www.tourisme-volvestre.fr\/es\/wp-json\/wp\/v2\/types\/page"}],"author":[{"embeddable":true,"href":"https:\/\/www.tourisme-volvestre.fr\/es\/wp-json\/wp\/v2\/users\/6"}],"replies":[{"embeddable":true,"href":"https:\/\/www.tourisme-volvestre.fr\/es\/wp-json\/wp\/v2\/comments?post=9030"}],"version-history":[{"count":6,"href":"https:\/\/www.tourisme-volvestre.fr\/es\/wp-json\/wp\/v2\/pages\/9030\/revisions"}],"predecessor-version":[{"id":9907,"href":"https:\/\/www.tourisme-volvestre.fr\/es\/wp-json\/wp\/v2\/pages\/9030\/revisions\/9907"}],"wp:featuredmedia":[{"embeddable":true,"href":"https:\/\/www.tourisme-volvestre.fr\/es\/wp-json\/wp\/v2\/media\/8439"}],"wp:attachment":[{"href":"https:\/\/www.tourisme-volvestre.fr\/es\/wp-json\/wp\/v2\/media?parent=9030"}],"curies":[{"name":"wp","href":"https:\/\/api.w.org\/{rel}","templated":true}]}}