{"id":9035,"date":"2025-07-04T15:30:11","date_gmt":"2025-07-04T13:30:11","guid":{"rendered":"https:\/\/www.tourisme-volvestre.fr\/tiendas-de-artesania\/"},"modified":"2026-01-13T10:37:54","modified_gmt":"2026-01-13T09:37:54","slug":"tiendas-de-artesania","status":"publish","type":"page","link":"https:\/\/www.tourisme-volvestre.fr\/es\/tiendas-de-artesania\/","title":{"rendered":"Tiendas de artesan\u00eda"},"content":{"rendered":"\n<div class=\"wp-block-group alignfull has-accent-4-background-color has-background has-global-padding is-layout-constrained wp-container-core-group-is-layout-a17fb4a4 wp-block-group-is-layout-constrained\" style=\"margin-top:-2rem;margin-bottom:0;padding-top:var(--wp--preset--spacing--50);padding-right:var(--wp--preset--spacing--50);padding-bottom:var(--wp--preset--spacing--50);padding-left:var(--wp--preset--spacing--50)\">\n<div class=\"wp-block-columns alignwide is-layout-flex wp-container-core-columns-is-layout-1da03c2a wp-block-columns-is-layout-flex\">\n<div class=\"wp-block-column is-layout-flow wp-block-column-is-layout-flow\" style=\"flex-basis:50%\">\n<div class=\"wp-block-group is-vertical is-content-justification-stretch is-layout-flex wp-container-core-group-is-layout-401b7a8a wp-block-group-is-layout-flex\" style=\"min-height:100%\">\n<h2 class=\"wp-block-heading\"><mark style=\"background-color:rgba(0, 0, 0, 0);color:#77b342\" class=\"has-inline-color\">Descubriendo la artesan\u00eda del Volvestre<\/mark><\/h2>\n\n\n\n<h3 class=\"wp-block-heading\" style=\"font-size:clamp(14.082px, 0.88rem + ((1vw - 3.2px) * 0.721), 21px);\">El Volvestre, tierra de artistas y artesanos.<\/h3>\n\n\n\n<p class=\"has-proxima-nova-font-family wp-container-content-0733e5d0\">\u00bfQuieres llevar contigo el esp\u00edritu y la experiencia del Volvestre?<br\/><br\/>\u00a1Est\u00e1s de suerte! Las tiendas del Volvestre est\u00e1n llenas de tesoros. Cuchillos, cer\u00e1mica, joyas, art\u00edculos de cuero, pinturas, l\u00e1mparas&#8230; Muchos objetos artesanales y locales te esperan para hacer un regalo de calidad a un amigo, a tu novio, a un familiar o a ti mismo.  <br\/><br\/>\u00a1Encuentra tu felicidad en nuestras tiendas de artesan\u00eda!<\/p>\n<\/div>\n<\/div>\n\n\n\n<div class=\"wp-block-column is-layout-flow wp-block-column-is-layout-flow\" style=\"flex-basis:50%\">\n<figure class=\"wp-block-image aligncenter size-full is-resized is-style-rounded is-style-rounded--1\"><img loading=\"lazy\" decoding=\"async\" width=\"1582\" height=\"2366\" src=\"https:\/\/www.tourisme-volvestre.fr\/wp-content\/uploads\/2025\/08\/latrape_carolineverhee_artisanat_fig_sac_cuir@stephanelessieux.jpg\" alt=\"\" class=\"wp-image-8541\" style=\"aspect-ratio:0.75;object-fit:cover;width:374px;height:auto\" srcset=\"https:\/\/www.tourisme-volvestre.fr\/wp-content\/uploads\/2025\/08\/latrape_carolineverhee_artisanat_fig_sac_cuir@stephanelessieux.jpg 1582w, https:\/\/www.tourisme-volvestre.fr\/wp-content\/uploads\/2025\/08\/latrape_carolineverhee_artisanat_fig_sac_cuir@stephanelessieux-201x300.jpg 201w, https:\/\/www.tourisme-volvestre.fr\/wp-content\/uploads\/2025\/08\/latrape_carolineverhee_artisanat_fig_sac_cuir@stephanelessieux-685x1024.jpg 685w, https:\/\/www.tourisme-volvestre.fr\/wp-content\/uploads\/2025\/08\/latrape_carolineverhee_artisanat_fig_sac_cuir@stephanelessieux-768x1149.jpg 768w, https:\/\/www.tourisme-volvestre.fr\/wp-content\/uploads\/2025\/08\/latrape_carolineverhee_artisanat_fig_sac_cuir@stephanelessieux-1027x1536.jpg 1027w, https:\/\/www.tourisme-volvestre.fr\/wp-content\/uploads\/2025\/08\/latrape_carolineverhee_artisanat_fig_sac_cuir@stephanelessieux-1369x2048.jpg 1369w\" sizes=\"auto, (max-width: 1582px) 100vw, 1582px\" \/><figcaption class=\"wp-element-caption\">Caroline Verhee y sus creaciones @StephaneLessieux<\/figcaption><\/figure>\n<\/div>\n<\/div>\n<\/div>\n\n<div class=\"wp-block-columns are-vertically-aligned-top is-layout-flex wp-container-core-columns-is-layout-28f84493 wp-block-columns-is-layout-flex\">\n<div class=\"wp-block-column is-vertically-aligned-top is-layout-flow wp-block-column-is-layout-flow\" style=\"flex-basis:33.33%\">\n<figure class=\"wp-block-gallery has-nested-images columns-default is-cropped wp-block-gallery-3 is-layout-flex wp-block-gallery-is-layout-flex\">\n<figure class=\"wp-block-image size-full is-style-rounded is-style-rounded--2\"><img loading=\"lazy\" decoding=\"async\" width=\"1652\" height=\"2111\" data-id=\"8653\" src=\"https:\/\/www.tourisme-volvestre.fr\/wp-content\/uploads\/2025\/08\/saintsulpicesurleze_lesaudacieuses_portrait_luunka_aline_fig@lisaoti.jpg\" alt=\"\" class=\"wp-image-8653\" srcset=\"https:\/\/www.tourisme-volvestre.fr\/wp-content\/uploads\/2025\/08\/saintsulpicesurleze_lesaudacieuses_portrait_luunka_aline_fig@lisaoti.jpg 1652w, https:\/\/www.tourisme-volvestre.fr\/wp-content\/uploads\/2025\/08\/saintsulpicesurleze_lesaudacieuses_portrait_luunka_aline_fig@lisaoti-235x300.jpg 235w, https:\/\/www.tourisme-volvestre.fr\/wp-content\/uploads\/2025\/08\/saintsulpicesurleze_lesaudacieuses_portrait_luunka_aline_fig@lisaoti-801x1024.jpg 801w, https:\/\/www.tourisme-volvestre.fr\/wp-content\/uploads\/2025\/08\/saintsulpicesurleze_lesaudacieuses_portrait_luunka_aline_fig@lisaoti-768x981.jpg 768w, https:\/\/www.tourisme-volvestre.fr\/wp-content\/uploads\/2025\/08\/saintsulpicesurleze_lesaudacieuses_portrait_luunka_aline_fig@lisaoti-1202x1536.jpg 1202w, https:\/\/www.tourisme-volvestre.fr\/wp-content\/uploads\/2025\/08\/saintsulpicesurleze_lesaudacieuses_portrait_luunka_aline_fig@lisaoti-1603x2048.jpg 1603w\" sizes=\"auto, (max-width: 1652px) 100vw, 1652px\" \/><figcaption class=\"wp-element-caption\">Tienda Les Audacieuses @OTIduVolvestre<\/figcaption><\/figure>\n<\/figure>\n<\/div>\n\n\n\n<div class=\"wp-block-column is-vertically-aligned-top is-layout-flow wp-block-column-is-layout-flow\" style=\"flex-basis:66.66%\">\n<h2 class=\"wp-block-heading\" style=\"font-size:clamp(1.403rem, 1.403rem + ((1vw - 0.2rem) * 1.495), 2.3rem);\">Les Audacieuses<\/h2>\n\n\n\n<p>In Saint-Sulpice-sur-L\u00e8ze, bajo las arcadas medievales, se encuentra una encantadora tienda de artesan\u00eda local: <a href=\"https:\/\/boutiquelesaudacieuses.com\/\" target=\"_blank\" rel=\"noreferrer noopener\">Les Audacieuses.<\/a><br\/><br\/>Este lugar era creado por <a href=\"https:\/\/www.facebook.com\/LuunkaCreation?__cft__%5B0%5D=AZUfZSypt8hIRQQh18gF7j5eKA5Dd6vmF5PnajTRryCW2XKMs-On8lUgF9m0PYDmkrCFJ_zm017yULs-vCe65giUer1lR3LpVWySwJkW2VMdbryUiuUrYehfgpl41I7B64h5D_EJ4tkW97KWCt0kGOitSffEa2YuYhtiznE4-pBkSoOVn4GRPXPDJoYEs-I3eymJFE_uVjPQO1-axHmTwUdM&amp;__tn__=-%5DK-R\" target=\"_blank\" rel=\"noreferrer noopener\">\u00ab Luunka \u00bb<\/a> y <a href=\"https:\/\/www.facebook.com\/profile.php?id=100091321096466&amp;__cft__%5B0%5D=AZUfZSypt8hIRQQh18gF7j5eKA5Dd6vmF5PnajTRryCW2XKMs-On8lUgF9m0PYDmkrCFJ_zm017yULs-vCe65giUer1lR3LpVWySwJkW2VMdbryUiuUrYehfgpl41I7B64h5D_EJ4tkW97KWCt0kGOitSffEa2YuYhtiznE4-pBkSoOVn4GRPXPDJoYEs-I3eymJFE_uVjPQO1-axHmTwUdM&amp;__tn__=-%5DK-R\" target=\"_blank\" rel=\"noreferrer noopener\">\u00ab Dans l&#8217;univers d&#8217;Aline \u00bb<\/a>, deseosos de compartir y promover. Descubre la riqueza de la artesan\u00eda: cer\u00e1mica, cosm\u00e9ticos, exquisiteces, faroles, bolsos, velas arom\u00e1ticas, cuadernos, t\u00e9s aromatizados y mucho m\u00e1s.<br\/><br\/>Cada objeto es \u00fanico, testimonio de la artesan\u00eda tradicional y una creatividad desbordante. Tanto si busca un aut\u00e9ntico recuerdo como un regalo, esta tienda es una aut\u00e9ntica mina de oro. <\/p>\n\n\n\n<div class=\"wp-block-columns is-layout-flex wp-container-core-columns-is-layout-28f84493 wp-block-columns-is-layout-flex\">\n<div class=\"wp-block-column is-layout-flow wp-block-column-is-layout-flow\">\n<p>\ud83d\udccd41 rue de la R\u00e9publique, Saint-Sulpice-sur-L\u00e8ze &#8211; De mi\u00e9rcoles a s\u00e1bado de 10 a 19 h.<\/p>\n<\/div>\n\n\n\n<div class=\"wp-block-column is-layout-flow wp-block-column-is-layout-flow\">\n<ul class=\"wp-block-social-links is-layout-flex wp-block-social-links-is-layout-flex\"><li class=\"wp-social-link wp-social-link-facebook  wp-block-social-link\"><a rel=\"noopener nofollow\" target=\"_blank\" href=\"https:\/\/www.facebook.com\/boutique.les.audacieuses\" class=\"wp-block-social-link-anchor\"><svg width=\"24\" height=\"24\" viewBox=\"0 0 24 24\" version=\"1.1\" xmlns=\"http:\/\/www.w3.org\/2000\/svg\" aria-hidden=\"true\" focusable=\"false\"><path d=\"M12 2C6.5 2 2 6.5 2 12c0 5 3.7 9.1 8.4 9.9v-7H7.9V12h2.5V9.8c0-2.5 1.5-3.9 3.8-3.9 1.1 0 2.2.2 2.2.2v2.5h-1.3c-1.2 0-1.6.8-1.6 1.6V12h2.8l-.4 2.9h-2.3v7C18.3 21.1 22 17 22 12c0-5.5-4.5-10-10-10z\"><\/path><\/svg><span class=\"wp-block-social-link-label screen-reader-text\">Facebook<\/span><\/a><\/li>\n\n<li class=\"wp-social-link wp-social-link-instagram  wp-block-social-link\"><a rel=\"noopener nofollow\" target=\"_blank\" href=\"https:\/\/www.instagram.com\/boutique.les.audacieuses\/?hl=fr\" class=\"wp-block-social-link-anchor\"><svg width=\"24\" height=\"24\" viewBox=\"0 0 24 24\" version=\"1.1\" xmlns=\"http:\/\/www.w3.org\/2000\/svg\" aria-hidden=\"true\" focusable=\"false\"><path d=\"M12,4.622c2.403,0,2.688,0.009,3.637,0.052c0.877,0.04,1.354,0.187,1.671,0.31c0.42,0.163,0.72,0.358,1.035,0.673 c0.315,0.315,0.51,0.615,0.673,1.035c0.123,0.317,0.27,0.794,0.31,1.671c0.043,0.949,0.052,1.234,0.052,3.637 s-0.009,2.688-0.052,3.637c-0.04,0.877-0.187,1.354-0.31,1.671c-0.163,0.42-0.358,0.72-0.673,1.035 c-0.315,0.315-0.615,0.51-1.035,0.673c-0.317,0.123-0.794,0.27-1.671,0.31c-0.949,0.043-1.233,0.052-3.637,0.052 s-2.688-0.009-3.637-0.052c-0.877-0.04-1.354-0.187-1.671-0.31c-0.42-0.163-0.72-0.358-1.035-0.673 c-0.315-0.315-0.51-0.615-0.673-1.035c-0.123-0.317-0.27-0.794-0.31-1.671C4.631,14.688,4.622,14.403,4.622,12 s0.009-2.688,0.052-3.637c0.04-0.877,0.187-1.354,0.31-1.671c0.163-0.42,0.358-0.72,0.673-1.035 c0.315-0.315,0.615-0.51,1.035-0.673c0.317-0.123,0.794-0.27,1.671-0.31C9.312,4.631,9.597,4.622,12,4.622 M12,3 C9.556,3,9.249,3.01,8.289,3.054C7.331,3.098,6.677,3.25,6.105,3.472C5.513,3.702,5.011,4.01,4.511,4.511 c-0.5,0.5-0.808,1.002-1.038,1.594C3.25,6.677,3.098,7.331,3.054,8.289C3.01,9.249,3,9.556,3,12c0,2.444,0.01,2.751,0.054,3.711 c0.044,0.958,0.196,1.612,0.418,2.185c0.23,0.592,0.538,1.094,1.038,1.594c0.5,0.5,1.002,0.808,1.594,1.038 c0.572,0.222,1.227,0.375,2.185,0.418C9.249,20.99,9.556,21,12,21s2.751-0.01,3.711-0.054c0.958-0.044,1.612-0.196,2.185-0.418 c0.592-0.23,1.094-0.538,1.594-1.038c0.5-0.5,0.808-1.002,1.038-1.594c0.222-0.572,0.375-1.227,0.418-2.185 C20.99,14.751,21,14.444,21,12s-0.01-2.751-0.054-3.711c-0.044-0.958-0.196-1.612-0.418-2.185c-0.23-0.592-0.538-1.094-1.038-1.594 c-0.5-0.5-1.002-0.808-1.594-1.038c-0.572-0.222-1.227-0.375-2.185-0.418C14.751,3.01,14.444,3,12,3L12,3z M12,7.378 c-2.552,0-4.622,2.069-4.622,4.622S9.448,16.622,12,16.622s4.622-2.069,4.622-4.622S14.552,7.378,12,7.378z M12,15 c-1.657,0-3-1.343-3-3s1.343-3,3-3s3,1.343,3,3S13.657,15,12,15z M16.804,6.116c-0.596,0-1.08,0.484-1.08,1.08 s0.484,1.08,1.08,1.08c0.596,0,1.08-0.484,1.08-1.08S17.401,6.116,16.804,6.116z\"><\/path><\/svg><span class=\"wp-block-social-link-label screen-reader-text\">Instagram<\/span><\/a><\/li><\/ul>\n<\/div>\n<\/div>\n<\/div>\n<\/div>\n\n<div class=\"wp-block-group alignfull has-accent-4-background-color has-background has-global-padding is-layout-constrained wp-block-group-is-layout-constrained\" style=\"padding-top:var(--wp--preset--spacing--20);padding-bottom:var(--wp--preset--spacing--20)\">\n<div class=\"wp-block-columns is-layout-flex wp-container-core-columns-is-layout-28f84493 wp-block-columns-is-layout-flex\">\n<div class=\"wp-block-column is-layout-flow wp-block-column-is-layout-flow\" style=\"flex-basis:33.33%\">\n<figure class=\"wp-block-gallery has-nested-images columns-default is-cropped wp-block-gallery-5 is-layout-flex wp-block-gallery-is-layout-flex\">\n<figure class=\"wp-block-image size-full is-style-rounded is-style-rounded--4\"><img loading=\"lazy\" decoding=\"async\" width=\"1200\" height=\"1636\" data-id=\"7300\" src=\"https:\/\/www.tourisme-volvestre.fr\/wp-content\/uploads\/2025\/07\/502568789_122118783566844612_7978009830021063363_n.jpg\" alt=\"\" class=\"wp-image-7300\" srcset=\"https:\/\/www.tourisme-volvestre.fr\/wp-content\/uploads\/2025\/07\/502568789_122118783566844612_7978009830021063363_n.jpg 1200w, https:\/\/www.tourisme-volvestre.fr\/wp-content\/uploads\/2025\/07\/502568789_122118783566844612_7978009830021063363_n-220x300.jpg 220w, https:\/\/www.tourisme-volvestre.fr\/wp-content\/uploads\/2025\/07\/502568789_122118783566844612_7978009830021063363_n-751x1024.jpg 751w, https:\/\/www.tourisme-volvestre.fr\/wp-content\/uploads\/2025\/07\/502568789_122118783566844612_7978009830021063363_n-768x1047.jpg 768w, https:\/\/www.tourisme-volvestre.fr\/wp-content\/uploads\/2025\/07\/502568789_122118783566844612_7978009830021063363_n-1127x1536.jpg 1127w\" sizes=\"auto, (max-width: 1200px) 100vw, 1200px\" \/><figcaption class=\"wp-element-caption\">\u00c9lisa Passion Cr\u00e9ation @OTIduVolvestre<\/figcaption><\/figure>\n<\/figure>\n<\/div>\n\n\n\n<div class=\"wp-block-column is-vertically-aligned-top is-layout-flow wp-block-column-is-layout-flow\" style=\"flex-basis:66.66%\">\n<div style=\"height:11px\" aria-hidden=\"true\" class=\"wp-block-spacer\"><\/div>\n\n\n\n<h2 class=\"wp-block-heading\" style=\"font-size:clamp(1.403rem, 1.403rem + ((1vw - 0.2rem) * 1.495), 2.3rem);\">\u00c9lisa Passion Cr\u00e9ation<\/h2>\n\n\n\n<p>Frente al mercado cubierto de Rieux-Volvestre, <a href=\"https:\/\/www.elisa-creation.fr\/\" target=\"_blank\" rel=\"noreferrer noopener\">\u00c9lisa Passion Cr\u00e9ation<\/a> le invita a tomarse un descanso. \u00bfTe apetece tomar algo o picar algo? Si\u00e9ntese bajo los p\u00f3rticos para degustar.<br\/><br\/>Te apasiona la artesan\u00eda ? Encuentra lo que buscas en esta peque\u00f1a tienda que presenta las creaciones de costura de Elisa, as\u00ed como creaciones de otros artesanos y recuerdos de Rieux-Volvestre. <\/p>\n\n\n\n<div class=\"wp-block-columns is-layout-flex wp-container-core-columns-is-layout-28f84493 wp-block-columns-is-layout-flex\">\n<div class=\"wp-block-column is-layout-flow wp-block-column-is-layout-flow\" style=\"flex-basis:66.66%\">\n<p>\ud83d\udccd2 rue d&#8217;Auriac &#8211; 31310 Rieux-Volvestre<\/p>\n<\/div>\n\n\n\n<div class=\"wp-block-column is-vertically-aligned-center is-layout-flow wp-block-column-is-layout-flow\" style=\"flex-basis:33.33%\">\n<ul class=\"wp-block-social-links is-layout-flex wp-block-social-links-is-layout-flex\"><li class=\"wp-social-link wp-social-link-facebook  wp-block-social-link\"><a rel=\"noopener nofollow\" target=\"_blank\" href=\"https:\/\/www.facebook.com\/profile.php?id=61575338363690&#038;locale=fr_FR\" class=\"wp-block-social-link-anchor\"><svg width=\"24\" height=\"24\" viewBox=\"0 0 24 24\" version=\"1.1\" xmlns=\"http:\/\/www.w3.org\/2000\/svg\" aria-hidden=\"true\" focusable=\"false\"><path d=\"M12 2C6.5 2 2 6.5 2 12c0 5 3.7 9.1 8.4 9.9v-7H7.9V12h2.5V9.8c0-2.5 1.5-3.9 3.8-3.9 1.1 0 2.2.2 2.2.2v2.5h-1.3c-1.2 0-1.6.8-1.6 1.6V12h2.8l-.4 2.9h-2.3v7C18.3 21.1 22 17 22 12c0-5.5-4.5-10-10-10z\"><\/path><\/svg><span class=\"wp-block-social-link-label screen-reader-text\">Facebook<\/span><\/a><\/li>\n\n<li class=\"wp-social-link wp-social-link-instagram  wp-block-social-link\"><a rel=\"noopener nofollow\" target=\"_blank\" href=\"https:\/\/www.instagram.com\/elisabethcrespo31\/?hl=fr\" class=\"wp-block-social-link-anchor\"><svg width=\"24\" height=\"24\" viewBox=\"0 0 24 24\" version=\"1.1\" xmlns=\"http:\/\/www.w3.org\/2000\/svg\" aria-hidden=\"true\" focusable=\"false\"><path d=\"M12,4.622c2.403,0,2.688,0.009,3.637,0.052c0.877,0.04,1.354,0.187,1.671,0.31c0.42,0.163,0.72,0.358,1.035,0.673 c0.315,0.315,0.51,0.615,0.673,1.035c0.123,0.317,0.27,0.794,0.31,1.671c0.043,0.949,0.052,1.234,0.052,3.637 s-0.009,2.688-0.052,3.637c-0.04,0.877-0.187,1.354-0.31,1.671c-0.163,0.42-0.358,0.72-0.673,1.035 c-0.315,0.315-0.615,0.51-1.035,0.673c-0.317,0.123-0.794,0.27-1.671,0.31c-0.949,0.043-1.233,0.052-3.637,0.052 s-2.688-0.009-3.637-0.052c-0.877-0.04-1.354-0.187-1.671-0.31c-0.42-0.163-0.72-0.358-1.035-0.673 c-0.315-0.315-0.51-0.615-0.673-1.035c-0.123-0.317-0.27-0.794-0.31-1.671C4.631,14.688,4.622,14.403,4.622,12 s0.009-2.688,0.052-3.637c0.04-0.877,0.187-1.354,0.31-1.671c0.163-0.42,0.358-0.72,0.673-1.035 c0.315-0.315,0.615-0.51,1.035-0.673c0.317-0.123,0.794-0.27,1.671-0.31C9.312,4.631,9.597,4.622,12,4.622 M12,3 C9.556,3,9.249,3.01,8.289,3.054C7.331,3.098,6.677,3.25,6.105,3.472C5.513,3.702,5.011,4.01,4.511,4.511 c-0.5,0.5-0.808,1.002-1.038,1.594C3.25,6.677,3.098,7.331,3.054,8.289C3.01,9.249,3,9.556,3,12c0,2.444,0.01,2.751,0.054,3.711 c0.044,0.958,0.196,1.612,0.418,2.185c0.23,0.592,0.538,1.094,1.038,1.594c0.5,0.5,1.002,0.808,1.594,1.038 c0.572,0.222,1.227,0.375,2.185,0.418C9.249,20.99,9.556,21,12,21s2.751-0.01,3.711-0.054c0.958-0.044,1.612-0.196,2.185-0.418 c0.592-0.23,1.094-0.538,1.594-1.038c0.5-0.5,0.808-1.002,1.038-1.594c0.222-0.572,0.375-1.227,0.418-2.185 C20.99,14.751,21,14.444,21,12s-0.01-2.751-0.054-3.711c-0.044-0.958-0.196-1.612-0.418-2.185c-0.23-0.592-0.538-1.094-1.038-1.594 c-0.5-0.5-1.002-0.808-1.594-1.038c-0.572-0.222-1.227-0.375-2.185-0.418C14.751,3.01,14.444,3,12,3L12,3z M12,7.378 c-2.552,0-4.622,2.069-4.622,4.622S9.448,16.622,12,16.622s4.622-2.069,4.622-4.622S14.552,7.378,12,7.378z M12,15 c-1.657,0-3-1.343-3-3s1.343-3,3-3s3,1.343,3,3S13.657,15,12,15z M16.804,6.116c-0.596,0-1.08,0.484-1.08,1.08 s0.484,1.08,1.08,1.08c0.596,0,1.08-0.484,1.08-1.08S17.401,6.116,16.804,6.116z\"><\/path><\/svg><span class=\"wp-block-social-link-label screen-reader-text\">Instagram<\/span><\/a><\/li><\/ul>\n<\/div>\n<\/div>\n<\/div>\n<\/div>\n<\/div>\n\n<div class=\"wp-block-columns is-layout-flex wp-container-core-columns-is-layout-28f84493 wp-block-columns-is-layout-flex\">\n<div class=\"wp-block-column is-layout-flow wp-block-column-is-layout-flow\" style=\"flex-basis:33.33%\">\n<figure class=\"wp-block-gallery has-nested-images columns-default is-cropped wp-block-gallery-7 is-layout-flex wp-block-gallery-is-layout-flex\">\n<figure class=\"wp-block-image size-full is-style-rounded is-style-rounded--6\"><img loading=\"lazy\" decoding=\"async\" width=\"481\" height=\"640\" data-id=\"7272\" src=\"https:\/\/www.tourisme-volvestre.fr\/wp-content\/uploads\/2025\/07\/carbonne_cotacote_tableau@delphinecot.jpg\" alt=\"\" class=\"wp-image-7272\" srcset=\"https:\/\/www.tourisme-volvestre.fr\/wp-content\/uploads\/2025\/07\/carbonne_cotacote_tableau@delphinecot.jpg 481w, https:\/\/www.tourisme-volvestre.fr\/wp-content\/uploads\/2025\/07\/carbonne_cotacote_tableau@delphinecot-225x300.jpg 225w\" sizes=\"auto, (max-width: 481px) 100vw, 481px\" \/><figcaption class=\"wp-element-caption\">Les R\u00e9cr\u00e9ations Passag\u00e8res @Delphinecot<\/figcaption><\/figure>\n<\/figure>\n<\/div>\n\n\n\n<div class=\"wp-block-column is-layout-flow wp-block-column-is-layout-flow\" style=\"flex-basis:66.66%\">\n<div style=\"height:11px\" aria-hidden=\"true\" class=\"wp-block-spacer\"><\/div>\n\n\n\n<h2 class=\"wp-block-heading\" style=\"font-size:clamp(1.403rem, 1.403rem + ((1vw - 0.2rem) * 1.495), 2.3rem);\">Les R\u00e9cr\u00e9ations Passag\u00e8res<\/h2>\n\n\n\n<p>En el centro de Carbonne, descubra la curiosa Maison Cot \u00e0 c\u00f4te y Les R\u00e9cr\u00e9ations Passag\u00e8res.<br\/><br\/>Este encantador lugar es a la vez una tienda en constante evoluci\u00f3n, un sal\u00f3n de t\u00e9 y una asociaci\u00f3n de lectores que alberga exposiciones temporales y productos ef\u00edmeros.<br\/><br\/>Un lugar m\u00e1gico en constante movimiento que abre las puertas a m\u00faltiples y variados objetos seg\u00fan los diferentes artistas y artesanos que all\u00ed ofrecen sus obras.<\/p>\n\n\n\n<div class=\"wp-block-columns is-layout-flex wp-container-core-columns-is-layout-28f84493 wp-block-columns-is-layout-flex\">\n<div class=\"wp-block-column is-layout-flow wp-block-column-is-layout-flow\" style=\"flex-basis:66.66%\">\n<p>\ud83d\udccd25 Place de la R\u00e9publique &#8211; 31390 Carbonne<\/p>\n<\/div>\n\n\n\n<div class=\"wp-block-column is-layout-flow wp-block-column-is-layout-flow\" style=\"flex-basis:33.33%\">\n<ul class=\"wp-block-social-links is-layout-flex wp-block-social-links-is-layout-flex\"><li class=\"wp-social-link wp-social-link-facebook  wp-block-social-link\"><a rel=\"noopener nofollow\" target=\"_blank\" href=\"https:\/\/www.facebook.com\/profile.php?id=61557160934019&#038;locale=fr_FR\" class=\"wp-block-social-link-anchor\"><svg width=\"24\" height=\"24\" viewBox=\"0 0 24 24\" version=\"1.1\" xmlns=\"http:\/\/www.w3.org\/2000\/svg\" aria-hidden=\"true\" focusable=\"false\"><path d=\"M12 2C6.5 2 2 6.5 2 12c0 5 3.7 9.1 8.4 9.9v-7H7.9V12h2.5V9.8c0-2.5 1.5-3.9 3.8-3.9 1.1 0 2.2.2 2.2.2v2.5h-1.3c-1.2 0-1.6.8-1.6 1.6V12h2.8l-.4 2.9h-2.3v7C18.3 21.1 22 17 22 12c0-5.5-4.5-10-10-10z\"><\/path><\/svg><span class=\"wp-block-social-link-label screen-reader-text\">Facebook<\/span><\/a><\/li>\n\n<li class=\"wp-social-link wp-social-link-instagram  wp-block-social-link\"><a rel=\"noopener nofollow\" target=\"_blank\" href=\"https:\/\/www.instagram.com\/delph.recre.passageres\/?hl=fr\" class=\"wp-block-social-link-anchor\"><svg width=\"24\" height=\"24\" viewBox=\"0 0 24 24\" version=\"1.1\" xmlns=\"http:\/\/www.w3.org\/2000\/svg\" aria-hidden=\"true\" focusable=\"false\"><path d=\"M12,4.622c2.403,0,2.688,0.009,3.637,0.052c0.877,0.04,1.354,0.187,1.671,0.31c0.42,0.163,0.72,0.358,1.035,0.673 c0.315,0.315,0.51,0.615,0.673,1.035c0.123,0.317,0.27,0.794,0.31,1.671c0.043,0.949,0.052,1.234,0.052,3.637 s-0.009,2.688-0.052,3.637c-0.04,0.877-0.187,1.354-0.31,1.671c-0.163,0.42-0.358,0.72-0.673,1.035 c-0.315,0.315-0.615,0.51-1.035,0.673c-0.317,0.123-0.794,0.27-1.671,0.31c-0.949,0.043-1.233,0.052-3.637,0.052 s-2.688-0.009-3.637-0.052c-0.877-0.04-1.354-0.187-1.671-0.31c-0.42-0.163-0.72-0.358-1.035-0.673 c-0.315-0.315-0.51-0.615-0.673-1.035c-0.123-0.317-0.27-0.794-0.31-1.671C4.631,14.688,4.622,14.403,4.622,12 s0.009-2.688,0.052-3.637c0.04-0.877,0.187-1.354,0.31-1.671c0.163-0.42,0.358-0.72,0.673-1.035 c0.315-0.315,0.615-0.51,1.035-0.673c0.317-0.123,0.794-0.27,1.671-0.31C9.312,4.631,9.597,4.622,12,4.622 M12,3 C9.556,3,9.249,3.01,8.289,3.054C7.331,3.098,6.677,3.25,6.105,3.472C5.513,3.702,5.011,4.01,4.511,4.511 c-0.5,0.5-0.808,1.002-1.038,1.594C3.25,6.677,3.098,7.331,3.054,8.289C3.01,9.249,3,9.556,3,12c0,2.444,0.01,2.751,0.054,3.711 c0.044,0.958,0.196,1.612,0.418,2.185c0.23,0.592,0.538,1.094,1.038,1.594c0.5,0.5,1.002,0.808,1.594,1.038 c0.572,0.222,1.227,0.375,2.185,0.418C9.249,20.99,9.556,21,12,21s2.751-0.01,3.711-0.054c0.958-0.044,1.612-0.196,2.185-0.418 c0.592-0.23,1.094-0.538,1.594-1.038c0.5-0.5,0.808-1.002,1.038-1.594c0.222-0.572,0.375-1.227,0.418-2.185 C20.99,14.751,21,14.444,21,12s-0.01-2.751-0.054-3.711c-0.044-0.958-0.196-1.612-0.418-2.185c-0.23-0.592-0.538-1.094-1.038-1.594 c-0.5-0.5-1.002-0.808-1.594-1.038c-0.572-0.222-1.227-0.375-2.185-0.418C14.751,3.01,14.444,3,12,3L12,3z M12,7.378 c-2.552,0-4.622,2.069-4.622,4.622S9.448,16.622,12,16.622s4.622-2.069,4.622-4.622S14.552,7.378,12,7.378z M12,15 c-1.657,0-3-1.343-3-3s1.343-3,3-3s3,1.343,3,3S13.657,15,12,15z M16.804,6.116c-0.596,0-1.08,0.484-1.08,1.08 s0.484,1.08,1.08,1.08c0.596,0,1.08-0.484,1.08-1.08S17.401,6.116,16.804,6.116z\"><\/path><\/svg><span class=\"wp-block-social-link-label screen-reader-text\">Instagram<\/span><\/a><\/li><\/ul>\n<\/div>\n<\/div>\n<\/div>\n<\/div>\n\n<div class=\"wp-block-group alignfull has-accent-4-background-color has-background has-global-padding is-layout-constrained wp-block-group-is-layout-constrained\" style=\"padding-top:var(--wp--preset--spacing--20);padding-bottom:var(--wp--preset--spacing--20)\">\n<div class=\"wp-block-columns is-layout-flex wp-container-core-columns-is-layout-28f84493 wp-block-columns-is-layout-flex\">\n<div class=\"wp-block-column is-layout-flow wp-block-column-is-layout-flow\" style=\"flex-basis:33.33%\">\n<figure class=\"wp-block-image size-full is-style-rounded is-style-rounded--8\" style=\"margin-top:0;margin-right:0;margin-bottom:0;margin-left:0\"><img loading=\"lazy\" decoding=\"async\" width=\"1920\" height=\"2560\" src=\"https:\/\/www.tourisme-volvestre.fr\/wp-content\/uploads\/2025\/07\/P1033706.jpg\" alt=\"\" class=\"wp-image-7367\" srcset=\"https:\/\/www.tourisme-volvestre.fr\/wp-content\/uploads\/2025\/07\/P1033706.jpg 1920w, https:\/\/www.tourisme-volvestre.fr\/wp-content\/uploads\/2025\/07\/P1033706-225x300.jpg 225w, https:\/\/www.tourisme-volvestre.fr\/wp-content\/uploads\/2025\/07\/P1033706-768x1024.jpg 768w, https:\/\/www.tourisme-volvestre.fr\/wp-content\/uploads\/2025\/07\/P1033706-1152x1536.jpg 1152w, https:\/\/www.tourisme-volvestre.fr\/wp-content\/uploads\/2025\/07\/P1033706-1536x2048.jpg 1536w\" sizes=\"auto, (max-width: 1920px) 100vw, 1920px\" \/><figcaption class=\"wp-element-caption\">L&#8217;\u00c9choppe @OTIduVolvestre<\/figcaption><\/figure>\n<\/div>\n\n\n\n<div class=\"wp-block-column is-layout-flow wp-block-column-is-layout-flow\" style=\"flex-basis:66.66%\">\n<h2 class=\"wp-block-heading\" style=\"font-size:clamp(1.403rem, 1.403rem + ((1vw - 0.2rem) * 1.495), 2.3rem);\">En la esquina de una tienda\u2026<\/h2>\n\n\n\n<p class=\"has-contrast-2-color has-text-color has-link-color wp-elements-c7ed7c99ad264ab209eed9c488bfe61a\" style=\"font-size:clamp(0.875rem, 0.875rem + ((1vw - 0.2rem) * 0.708), 1.3rem);\">Espacios dedicados en comercios.<\/p>\n\n\n\n<p>Varias empresas ofrecen espacios dedicados a la artesan\u00eda local, o incluso a productores locales.<br\/><br\/>No dude en descubrir los conocimientos t\u00e9cnicos en las siguientes direcciones :<\/p>\n\n\n\n<ul class=\"wp-block-list\">\n<li>Proxi-Super &#8211; de lunes a s\u00e1bado de 7:30 a 13:00 h, de 15:00 a 20:00 h y domingo de 9:00 a 13:00 h<br\/>\ud83d\udccd7 place du Pr\u00e9au &#8211; 31310 Rieux-Volvestre<\/li>\n\n\n\n<li>L&#8217;Echoppe &#8211; De lunes a viernes de 9:30 a 12:30 y domingos de 9:30 a 13:14.<br\/>\ud83d\udccd14 Le Caminot de Toutis &#8211; 31310 Montbrun-Bocage<\/li>\n<\/ul>\n\n\n\n<p>\u00bfHa creado un nuevo espacio en su negocio dedicado sobre los conocimientos t\u00e9cnicos del Volvestre? \u00a1Cont\u00e1ctenos! <\/p>\n<\/div>\n<\/div>\n<\/div>\n\n<div class=\"wp-block-group alignfull has-base-2-background-color has-background has-global-padding is-layout-constrained wp-block-group-is-layout-constrained\" style=\"padding-top:var(--wp--preset--spacing--20);padding-bottom:var(--wp--preset--spacing--20)\">\n<div class=\"wp-block-columns is-layout-flex wp-container-core-columns-is-layout-28f84493 wp-block-columns-is-layout-flex\">\n<div class=\"wp-block-column is-layout-flow wp-block-column-is-layout-flow\" style=\"flex-basis:33.33%\">\n<figure class=\"wp-block-gallery has-nested-images columns-default is-cropped wp-block-gallery-10 is-layout-flex wp-block-gallery-is-layout-flex\">\n<figure class=\"wp-block-image aligncenter size-full is-style-rounded is-style-rounded--9\"><img loading=\"lazy\" decoding=\"async\" width=\"1928\" height=\"2560\" data-id=\"7310\" src=\"https:\/\/www.tourisme-volvestre.fr\/wp-content\/uploads\/2025\/07\/volvestre_boutiqueoti_produitslocaux@lisaoti.jpg\" alt=\"\" class=\"wp-image-7310\" srcset=\"https:\/\/www.tourisme-volvestre.fr\/wp-content\/uploads\/2025\/07\/volvestre_boutiqueoti_produitslocaux@lisaoti.jpg 1928w, https:\/\/www.tourisme-volvestre.fr\/wp-content\/uploads\/2025\/07\/volvestre_boutiqueoti_produitslocaux@lisaoti-226x300.jpg 226w, https:\/\/www.tourisme-volvestre.fr\/wp-content\/uploads\/2025\/07\/volvestre_boutiqueoti_produitslocaux@lisaoti-771x1024.jpg 771w, https:\/\/www.tourisme-volvestre.fr\/wp-content\/uploads\/2025\/07\/volvestre_boutiqueoti_produitslocaux@lisaoti-768x1020.jpg 768w, https:\/\/www.tourisme-volvestre.fr\/wp-content\/uploads\/2025\/07\/volvestre_boutiqueoti_produitslocaux@lisaoti-1157x1536.jpg 1157w, https:\/\/www.tourisme-volvestre.fr\/wp-content\/uploads\/2025\/07\/volvestre_boutiqueoti_produitslocaux@lisaoti-1542x2048.jpg 1542w\" sizes=\"auto, (max-width: 1928px) 100vw, 1928px\" \/><figcaption class=\"wp-element-caption\">Oficina de turismo del Volvestre @OTIduVolvestre<\/figcaption><\/figure>\n<\/figure>\n<\/div>\n\n\n\n<div class=\"wp-block-column is-layout-flow wp-block-column-is-layout-flow\" style=\"flex-basis:66.66%\">\n<h2 class=\"wp-block-heading\" style=\"font-size:clamp(22.544px, 1.409rem + ((1vw - 3.2px) * 1.506), 37px);\">La tienda de la Oficina de turismo<\/h2>\n\n\n\n<p>\u00bfVisitar la Oficina de turismo del Volvestre para descubrir todas nuestras actividades?<br\/><br\/>Una gran oportunidad para conocer a los artistas y artesanos del Volvestre a trav\u00e9s de nuestra modesta tienda. Aqu\u00ed, es un escaparate del saber hacer de nuestros artesanos, artistas y productores locales. <br\/><br\/>Seg\u00fan la temporada y los encuentros, aparecen nuevos productos que muestran el talento del Volvestre. \u00a1No dude en descubrir estas joyas! <br\/><br\/>Tambi\u00e9n puede encontrar recuerdos para llevar a casa en la exposici\u00f3n temporal de la recepci\u00f3n de verano en <a href=\"https:\/\/www.tourisme-volvestre.fr\/es\/exposicion-de-arte-en-saint-sulpice-sur-leze\/\">Saint-Sulpice-sur-L\u00e8ze.<\/a><\/p>\n<\/div>\n<\/div>\n<\/div>\n\n<div class=\"wp-block-group alignfull has-accent-4-background-color has-background has-global-padding is-layout-constrained wp-container-core-group-is-layout-ed5e8923 wp-block-group-is-layout-constrained\" style=\"margin-top:var(--wp--preset--spacing--20);margin-bottom:0;padding-top:var(--wp--preset--spacing--20);padding-right:var(--wp--preset--spacing--20);padding-bottom:var(--wp--preset--spacing--20);padding-left:var(--wp--preset--spacing--20)\">\n<div class=\"wp-block-group has-global-padding is-layout-constrained wp-container-core-group-is-layout-c385debf wp-block-group-is-layout-constrained\" style=\"padding-top:var(--wp--preset--spacing--20);padding-right:var(--wp--preset--spacing--20);padding-bottom:var(--wp--preset--spacing--20);padding-left:var(--wp--preset--spacing--20)\">\n<h2 class=\"wp-block-heading has-text-align-center\">Tambi\u00e9n te puede <mark style=\"background-color:rgba(0, 0, 0, 0);color:#1d1d1b\" class=\"has-inline-color\">interesar\u2026<\/mark><\/h2>\n\n\n\n<div class=\"wp-block-group has-global-padding is-layout-constrained wp-container-core-group-is-layout-c385debf wp-block-group-is-layout-constrained\" style=\"padding-top:var(--wp--preset--spacing--20);padding-right:var(--wp--preset--spacing--20);padding-bottom:var(--wp--preset--spacing--20);padding-left:var(--wp--preset--spacing--20)\">\n<div class=\"wp-block-columns is-layout-flex wp-container-core-columns-is-layout-28f84493 wp-block-columns-is-layout-flex\">\n<div class=\"wp-block-column is-layout-flow wp-block-column-is-layout-flow\">\n<figure class=\"wp-block-image aligncenter size-full has-custom-border\"><a href=\"https:\/\/www.tourisme-volvestre.fr\/wp-admin\/post.php?post=94&amp;action=edit&amp;lang=fr\"><img loading=\"lazy\" decoding=\"async\" width=\"1876\" height=\"2560\" src=\"https:\/\/www.tourisme-volvestre.fr\/wp-content\/uploads\/2025\/07\/Galerie-photo.jpg\" alt=\"\" class=\"wp-image-7124\" style=\"border-radius:25px;aspect-ratio:1;object-fit:cover\" srcset=\"https:\/\/www.tourisme-volvestre.fr\/wp-content\/uploads\/2025\/07\/Galerie-photo.jpg 1876w, https:\/\/www.tourisme-volvestre.fr\/wp-content\/uploads\/2025\/07\/Galerie-photo-220x300.jpg 220w, https:\/\/www.tourisme-volvestre.fr\/wp-content\/uploads\/2025\/07\/Galerie-photo-750x1024.jpg 750w, https:\/\/www.tourisme-volvestre.fr\/wp-content\/uploads\/2025\/07\/Galerie-photo-768x1048.jpg 768w, https:\/\/www.tourisme-volvestre.fr\/wp-content\/uploads\/2025\/07\/Galerie-photo-1126x1536.jpg 1126w, https:\/\/www.tourisme-volvestre.fr\/wp-content\/uploads\/2025\/07\/Galerie-photo-1501x2048.jpg 1501w\" sizes=\"auto, (max-width: 1876px) 100vw, 1876px\" \/><\/a><figcaption class=\"wp-element-caption\">Exposici\u00f3n en Rieux-Volvestre @OTIduVolvestre<\/figcaption><\/figure>\n\n\n\n<div class=\"wp-block-buttons is-content-justification-center is-layout-flex wp-container-core-buttons-is-layout-a89b3969 wp-block-buttons-is-layout-flex\">\n<div class=\"wp-block-button\"><a class=\"wp-block-button__link wp-element-button\" href=\"https:\/\/www.tourisme-volvestre.fr\/es\/exposiciones-y-galerias\/\">Nuestras exposiciones<\/a><\/div>\n<\/div>\n<\/div>\n\n\n\n<div class=\"wp-block-column is-layout-flow wp-block-column-is-layout-flow\">\n<figure class=\"wp-block-image aligncenter size-full has-custom-border\"><img loading=\"lazy\" decoding=\"async\" width=\"645\" height=\"458\" src=\"https:\/\/www.tourisme-volvestre.fr\/wp-content\/uploads\/2025\/08\/Capture-decran-2025-08-07-131228.jpg\" alt=\"\" class=\"wp-image-8446\" style=\"border-radius:25px;aspect-ratio:1;object-fit:cover\" srcset=\"https:\/\/www.tourisme-volvestre.fr\/wp-content\/uploads\/2025\/08\/Capture-decran-2025-08-07-131228.jpg 645w, https:\/\/www.tourisme-volvestre.fr\/wp-content\/uploads\/2025\/08\/Capture-decran-2025-08-07-131228-300x213.jpg 300w\" sizes=\"auto, (max-width: 645px) 100vw, 645px\" \/><figcaption class=\"wp-element-caption\">Sevda &#8211; ceramista @Sevda<\/figcaption><\/figure>\n\n\n\n<div class=\"wp-block-buttons is-content-justification-center is-layout-flex wp-container-core-buttons-is-layout-a89b3969 wp-block-buttons-is-layout-flex\">\n<div class=\"wp-block-button\"><a class=\"wp-block-button__link wp-element-button\" href=\"https:\/\/www.tourisme-volvestre.fr\/es\/nuestros-artistas-y-artesanos\/\">Nuestros artesanos<\/a><\/div>\n<\/div>\n<\/div>\n\n\n\n<div class=\"wp-block-column is-layout-flow wp-block-column-is-layout-flow\">\n<figure class=\"wp-block-image aligncenter size-full has-custom-border\"><a href=\"https:\/\/www.tourisme-volvestre.fr\/es\/cursos-de-artesania-y-arte\/\"><img loading=\"lazy\" decoding=\"async\" width=\"2048\" height=\"1367\" src=\"https:\/\/www.tourisme-volvestre.fr\/wp-content\/uploads\/2025\/07\/martrestolosane_animation_jema_lauradrigo_artisanat_volvestre@bassinauterivain.jpg\" alt=\"\" class=\"wp-image-7129\" style=\"border-radius:25px;aspect-ratio:1;object-fit:cover\" srcset=\"https:\/\/www.tourisme-volvestre.fr\/wp-content\/uploads\/2025\/07\/martrestolosane_animation_jema_lauradrigo_artisanat_volvestre@bassinauterivain.jpg 2048w, https:\/\/www.tourisme-volvestre.fr\/wp-content\/uploads\/2025\/07\/martrestolosane_animation_jema_lauradrigo_artisanat_volvestre@bassinauterivain-300x200.jpg 300w, https:\/\/www.tourisme-volvestre.fr\/wp-content\/uploads\/2025\/07\/martrestolosane_animation_jema_lauradrigo_artisanat_volvestre@bassinauterivain-1024x684.jpg 1024w, https:\/\/www.tourisme-volvestre.fr\/wp-content\/uploads\/2025\/07\/martrestolosane_animation_jema_lauradrigo_artisanat_volvestre@bassinauterivain-768x513.jpg 768w, https:\/\/www.tourisme-volvestre.fr\/wp-content\/uploads\/2025\/07\/martrestolosane_animation_jema_lauradrigo_artisanat_volvestre@bassinauterivain-1536x1025.jpg 1536w\" sizes=\"auto, (max-width: 2048px) 100vw, 2048px\" \/><\/a><figcaption class=\"wp-element-caption\">Laura Drigo @OTIBassinAuterivain<\/figcaption><\/figure>\n\n\n\n<div class=\"wp-block-buttons is-content-justification-center is-layout-flex wp-container-core-buttons-is-layout-a89b3969 wp-block-buttons-is-layout-flex\">\n<div class=\"wp-block-button\"><a class=\"wp-block-button__link wp-element-button\" href=\"https:\/\/www.tourisme-volvestre.fr\/es\/los-cursos-y-talleres\/\">Nos stages et ateliers<\/a><\/div>\n<\/div>\n<\/div>\n<\/div>\n<\/div>\n<\/div>\n<\/div>\n","protected":false},"excerpt":{"rendered":"<p>Descubriendo la artesan\u00eda del Volvestre El Volvestre, tierra de artistas y artesanos. \u00bfQuieres llevar contigo el esp\u00edritu y la experiencia del Volvestre? \u00a1Est\u00e1s de suerte! Las tiendas del Volvestre est\u00e1n llenas de tesoros. Cuchillos, cer\u00e1mica, joyas, art\u00edculos de cuero, pinturas, l\u00e1mparas&#8230; Muchos objetos artesanales y locales te esperan para hacer un regalo de calidad a [&hellip;]<\/p>\n","protected":false},"author":6,"featured_media":8543,"parent":0,"menu_order":0,"comment_status":"closed","ping_status":"closed","template":"page-no-title","meta":{"_acf_changed":false,"inline_featured_image":false,"footnotes":""},"class_list":["post-9035","page","type-page","status-publish","has-post-thumbnail","hentry"],"acf":[],"yoast_head":"<!-- This site is optimized with the Yoast SEO plugin v27.3 - https:\/\/yoast.com\/product\/yoast-seo-wordpress\/ -->\n<title>Tiendas de artesan\u00eda - Volvestre Tourisme<\/title>\n<meta name=\"description\" content=\"Descubre las tiendas artesanales del Volvestre.\" \/>\n<meta name=\"robots\" content=\"index, follow, max-snippet:-1, max-image-preview:large, max-video-preview:-1\" \/>\n<link rel=\"canonical\" href=\"https:\/\/www.tourisme-volvestre.fr\/es\/tiendas-de-artesania\/\" \/>\n<meta property=\"og:locale\" content=\"es_ES\" \/>\n<meta property=\"og:type\" content=\"article\" \/>\n<meta property=\"og:title\" content=\"Tiendas de artesan\u00eda - Volvestre Tourisme\" \/>\n<meta property=\"og:description\" content=\"Descubre las tiendas artesanales del Volvestre.\" \/>\n<meta property=\"og:url\" content=\"https:\/\/www.tourisme-volvestre.fr\/es\/tiendas-de-artesania\/\" \/>\n<meta property=\"og:site_name\" content=\"Volvestre Tourisme\" \/>\n<meta property=\"article:publisher\" content=\"https:\/\/www.facebook.com\/TourismeVolvestre\" \/>\n<meta property=\"article:modified_time\" content=\"2026-01-13T09:37:54+00:00\" \/>\n<meta property=\"og:image\" content=\"https:\/\/www.tourisme-volvestre.fr\/wp-content\/uploads\/2025\/08\/latrape_carolineverhee_artisanat_fig_sac_cuir@stephanelessieux.jpg\" \/>\n\t<meta property=\"og:image:width\" content=\"1582\" \/>\n\t<meta property=\"og:image:height\" content=\"2366\" \/>\n\t<meta property=\"og:image:type\" content=\"image\/jpeg\" \/>\n<meta name=\"twitter:card\" content=\"summary_large_image\" \/>\n<meta name=\"twitter:label1\" content=\"Tiempo de lectura\" \/>\n\t<meta name=\"twitter:data1\" content=\"3 minutos\" \/>\n<script type=\"application\/ld+json\" class=\"yoast-schema-graph\">{\"@context\":\"https:\\\/\\\/schema.org\",\"@graph\":[{\"@type\":\"WebPage\",\"@id\":\"https:\\\/\\\/www.tourisme-volvestre.fr\\\/es\\\/tiendas-de-artesania\\\/\",\"url\":\"https:\\\/\\\/www.tourisme-volvestre.fr\\\/es\\\/tiendas-de-artesania\\\/\",\"name\":\"Tiendas de artesan\u00eda - Volvestre Tourisme\",\"isPartOf\":{\"@id\":\"https:\\\/\\\/www.tourisme-volvestre.fr\\\/es\\\/#website\"},\"primaryImageOfPage\":{\"@id\":\"https:\\\/\\\/www.tourisme-volvestre.fr\\\/es\\\/tiendas-de-artesania\\\/#primaryimage\"},\"image\":{\"@id\":\"https:\\\/\\\/www.tourisme-volvestre.fr\\\/es\\\/tiendas-de-artesania\\\/#primaryimage\"},\"thumbnailUrl\":\"https:\\\/\\\/www.tourisme-volvestre.fr\\\/wp-content\\\/uploads\\\/2025\\\/08\\\/latrape_carolineverhee_artisanat_fig_sac_cuir@stephanelessieux.jpg\",\"datePublished\":\"2025-07-04T13:30:11+00:00\",\"dateModified\":\"2026-01-13T09:37:54+00:00\",\"description\":\"Descubre las tiendas artesanales del Volvestre.\",\"breadcrumb\":{\"@id\":\"https:\\\/\\\/www.tourisme-volvestre.fr\\\/es\\\/tiendas-de-artesania\\\/#breadcrumb\"},\"inLanguage\":\"es\",\"potentialAction\":[{\"@type\":\"ReadAction\",\"target\":[\"https:\\\/\\\/www.tourisme-volvestre.fr\\\/es\\\/tiendas-de-artesania\\\/\"]}]},{\"@type\":\"ImageObject\",\"inLanguage\":\"es\",\"@id\":\"https:\\\/\\\/www.tourisme-volvestre.fr\\\/es\\\/tiendas-de-artesania\\\/#primaryimage\",\"url\":\"https:\\\/\\\/www.tourisme-volvestre.fr\\\/wp-content\\\/uploads\\\/2025\\\/08\\\/latrape_carolineverhee_artisanat_fig_sac_cuir@stephanelessieux.jpg\",\"contentUrl\":\"https:\\\/\\\/www.tourisme-volvestre.fr\\\/wp-content\\\/uploads\\\/2025\\\/08\\\/latrape_carolineverhee_artisanat_fig_sac_cuir@stephanelessieux.jpg\",\"width\":1582,\"height\":2366},{\"@type\":\"BreadcrumbList\",\"@id\":\"https:\\\/\\\/www.tourisme-volvestre.fr\\\/es\\\/tiendas-de-artesania\\\/#breadcrumb\",\"itemListElement\":[{\"@type\":\"ListItem\",\"position\":1,\"name\":\"Accueil\",\"item\":\"https:\\\/\\\/www.tourisme-volvestre.fr\\\/es\\\/?lang=es\"},{\"@type\":\"ListItem\",\"position\":2,\"name\":\"Tiendas de artesan\u00eda\"}]},{\"@type\":\"WebSite\",\"@id\":\"https:\\\/\\\/www.tourisme-volvestre.fr\\\/es\\\/#website\",\"url\":\"https:\\\/\\\/www.tourisme-volvestre.fr\\\/es\\\/\",\"name\":\"Volvestre Tourisme\",\"description\":\"\",\"publisher\":{\"@id\":\"https:\\\/\\\/www.tourisme-volvestre.fr\\\/es\\\/#organization\"},\"alternateName\":\"OT Volvestre\",\"potentialAction\":[{\"@type\":\"SearchAction\",\"target\":{\"@type\":\"EntryPoint\",\"urlTemplate\":\"https:\\\/\\\/www.tourisme-volvestre.fr\\\/es\\\/?s={search_term_string}\"},\"query-input\":{\"@type\":\"PropertyValueSpecification\",\"valueRequired\":true,\"valueName\":\"search_term_string\"}}],\"inLanguage\":\"es\"},{\"@type\":\"Organization\",\"@id\":\"https:\\\/\\\/www.tourisme-volvestre.fr\\\/es\\\/#organization\",\"name\":\"Volvestre Tourisme\",\"url\":\"https:\\\/\\\/www.tourisme-volvestre.fr\\\/es\\\/\",\"logo\":{\"@type\":\"ImageObject\",\"inLanguage\":\"es\",\"@id\":\"https:\\\/\\\/www.tourisme-volvestre.fr\\\/es\\\/#\\\/schema\\\/logo\\\/image\\\/\",\"url\":\"https:\\\/\\\/www.tourisme-volvestre.fr\\\/wp-content\\\/uploads\\\/2025\\\/02\\\/logo-site.png\",\"contentUrl\":\"https:\\\/\\\/www.tourisme-volvestre.fr\\\/wp-content\\\/uploads\\\/2025\\\/02\\\/logo-site.png\",\"width\":152,\"height\":152,\"caption\":\"Volvestre Tourisme\"},\"image\":{\"@id\":\"https:\\\/\\\/www.tourisme-volvestre.fr\\\/es\\\/#\\\/schema\\\/logo\\\/image\\\/\"},\"sameAs\":[\"https:\\\/\\\/www.facebook.com\\\/TourismeVolvestre\",\"https:\\\/\\\/www.instagram.com\\\/tourismevolvestre\"]}]}<\/script>\n<!-- \/ Yoast SEO plugin. -->","yoast_head_json":{"title":"Tiendas de artesan\u00eda - Volvestre Tourisme","description":"Descubre las tiendas artesanales del Volvestre.","robots":{"index":"index","follow":"follow","max-snippet":"max-snippet:-1","max-image-preview":"max-image-preview:large","max-video-preview":"max-video-preview:-1"},"canonical":"https:\/\/www.tourisme-volvestre.fr\/es\/tiendas-de-artesania\/","og_locale":"es_ES","og_type":"article","og_title":"Tiendas de artesan\u00eda - Volvestre Tourisme","og_description":"Descubre las tiendas artesanales del Volvestre.","og_url":"https:\/\/www.tourisme-volvestre.fr\/es\/tiendas-de-artesania\/","og_site_name":"Volvestre Tourisme","article_publisher":"https:\/\/www.facebook.com\/TourismeVolvestre","article_modified_time":"2026-01-13T09:37:54+00:00","og_image":[{"width":1582,"height":2366,"url":"https:\/\/www.tourisme-volvestre.fr\/wp-content\/uploads\/2025\/08\/latrape_carolineverhee_artisanat_fig_sac_cuir@stephanelessieux.jpg","type":"image\/jpeg"}],"twitter_card":"summary_large_image","twitter_misc":{"Tiempo de lectura":"3 minutos"},"schema":{"@context":"https:\/\/schema.org","@graph":[{"@type":"WebPage","@id":"https:\/\/www.tourisme-volvestre.fr\/es\/tiendas-de-artesania\/","url":"https:\/\/www.tourisme-volvestre.fr\/es\/tiendas-de-artesania\/","name":"Tiendas de artesan\u00eda - Volvestre Tourisme","isPartOf":{"@id":"https:\/\/www.tourisme-volvestre.fr\/es\/#website"},"primaryImageOfPage":{"@id":"https:\/\/www.tourisme-volvestre.fr\/es\/tiendas-de-artesania\/#primaryimage"},"image":{"@id":"https:\/\/www.tourisme-volvestre.fr\/es\/tiendas-de-artesania\/#primaryimage"},"thumbnailUrl":"https:\/\/www.tourisme-volvestre.fr\/wp-content\/uploads\/2025\/08\/latrape_carolineverhee_artisanat_fig_sac_cuir@stephanelessieux.jpg","datePublished":"2025-07-04T13:30:11+00:00","dateModified":"2026-01-13T09:37:54+00:00","description":"Descubre las tiendas artesanales del Volvestre.","breadcrumb":{"@id":"https:\/\/www.tourisme-volvestre.fr\/es\/tiendas-de-artesania\/#breadcrumb"},"inLanguage":"es","potentialAction":[{"@type":"ReadAction","target":["https:\/\/www.tourisme-volvestre.fr\/es\/tiendas-de-artesania\/"]}]},{"@type":"ImageObject","inLanguage":"es","@id":"https:\/\/www.tourisme-volvestre.fr\/es\/tiendas-de-artesania\/#primaryimage","url":"https:\/\/www.tourisme-volvestre.fr\/wp-content\/uploads\/2025\/08\/latrape_carolineverhee_artisanat_fig_sac_cuir@stephanelessieux.jpg","contentUrl":"https:\/\/www.tourisme-volvestre.fr\/wp-content\/uploads\/2025\/08\/latrape_carolineverhee_artisanat_fig_sac_cuir@stephanelessieux.jpg","width":1582,"height":2366},{"@type":"BreadcrumbList","@id":"https:\/\/www.tourisme-volvestre.fr\/es\/tiendas-de-artesania\/#breadcrumb","itemListElement":[{"@type":"ListItem","position":1,"name":"Accueil","item":"https:\/\/www.tourisme-volvestre.fr\/es\/?lang=es"},{"@type":"ListItem","position":2,"name":"Tiendas de artesan\u00eda"}]},{"@type":"WebSite","@id":"https:\/\/www.tourisme-volvestre.fr\/es\/#website","url":"https:\/\/www.tourisme-volvestre.fr\/es\/","name":"Volvestre Tourisme","description":"","publisher":{"@id":"https:\/\/www.tourisme-volvestre.fr\/es\/#organization"},"alternateName":"OT Volvestre","potentialAction":[{"@type":"SearchAction","target":{"@type":"EntryPoint","urlTemplate":"https:\/\/www.tourisme-volvestre.fr\/es\/?s={search_term_string}"},"query-input":{"@type":"PropertyValueSpecification","valueRequired":true,"valueName":"search_term_string"}}],"inLanguage":"es"},{"@type":"Organization","@id":"https:\/\/www.tourisme-volvestre.fr\/es\/#organization","name":"Volvestre Tourisme","url":"https:\/\/www.tourisme-volvestre.fr\/es\/","logo":{"@type":"ImageObject","inLanguage":"es","@id":"https:\/\/www.tourisme-volvestre.fr\/es\/#\/schema\/logo\/image\/","url":"https:\/\/www.tourisme-volvestre.fr\/wp-content\/uploads\/2025\/02\/logo-site.png","contentUrl":"https:\/\/www.tourisme-volvestre.fr\/wp-content\/uploads\/2025\/02\/logo-site.png","width":152,"height":152,"caption":"Volvestre Tourisme"},"image":{"@id":"https:\/\/www.tourisme-volvestre.fr\/es\/#\/schema\/logo\/image\/"},"sameAs":["https:\/\/www.facebook.com\/TourismeVolvestre","https:\/\/www.instagram.com\/tourismevolvestre"]}]}},"_links":{"self":[{"href":"https:\/\/www.tourisme-volvestre.fr\/es\/wp-json\/wp\/v2\/pages\/9035","targetHints":{"allow":["GET"]}}],"collection":[{"href":"https:\/\/www.tourisme-volvestre.fr\/es\/wp-json\/wp\/v2\/pages"}],"about":[{"href":"https:\/\/www.tourisme-volvestre.fr\/es\/wp-json\/wp\/v2\/types\/page"}],"author":[{"embeddable":true,"href":"https:\/\/www.tourisme-volvestre.fr\/es\/wp-json\/wp\/v2\/users\/6"}],"replies":[{"embeddable":true,"href":"https:\/\/www.tourisme-volvestre.fr\/es\/wp-json\/wp\/v2\/comments?post=9035"}],"version-history":[{"count":10,"href":"https:\/\/www.tourisme-volvestre.fr\/es\/wp-json\/wp\/v2\/pages\/9035\/revisions"}],"predecessor-version":[{"id":11167,"href":"https:\/\/www.tourisme-volvestre.fr\/es\/wp-json\/wp\/v2\/pages\/9035\/revisions\/11167"}],"wp:featuredmedia":[{"embeddable":true,"href":"https:\/\/www.tourisme-volvestre.fr\/es\/wp-json\/wp\/v2\/media\/8543"}],"wp:attachment":[{"href":"https:\/\/www.tourisme-volvestre.fr\/es\/wp-json\/wp\/v2\/media?parent=9035"}],"curies":[{"name":"wp","href":"https:\/\/api.w.org\/{rel}","templated":true}]}}