{"id":9131,"date":"2024-11-19T09:11:27","date_gmt":"2024-11-19T08:11:27","guid":{"rendered":"https:\/\/www.tourisme-volvestre.fr\/los-mercados-del-volvestre\/"},"modified":"2026-01-23T14:33:34","modified_gmt":"2026-01-23T13:33:34","slug":"los-mercados-del-volvestre","status":"publish","type":"page","link":"https:\/\/www.tourisme-volvestre.fr\/es\/los-mercados-del-volvestre\/","title":{"rendered":"Los mercados del Volvestre"},"content":{"rendered":"\n<div class=\"wp-block-group alignfull has-accent-4-background-color has-background has-global-padding is-layout-constrained wp-container-core-group-is-layout-a17fb4a4 wp-block-group-is-layout-constrained\" style=\"margin-top:-2rem;margin-bottom:0;padding-top:var(--wp--preset--spacing--50);padding-right:var(--wp--preset--spacing--50);padding-bottom:var(--wp--preset--spacing--50);padding-left:var(--wp--preset--spacing--50)\">\n<div class=\"wp-block-columns alignwide is-layout-flex wp-container-core-columns-is-layout-1da03c2a wp-block-columns-is-layout-flex\">\n<div class=\"wp-block-column is-vertically-aligned-stretch is-layout-flow wp-block-column-is-layout-flow\" style=\"flex-basis:50%\">\n<div class=\"wp-block-group is-vertical is-content-justification-stretch is-layout-flex wp-container-core-group-is-layout-401b7a8a wp-block-group-is-layout-flex\" style=\"min-height:100%\">\n<h2 class=\"wp-block-heading\" style=\"font-size:clamp(1.502rem, 1.502rem + ((1vw - 0.2rem) * 1.663), 2.5rem);\">Nuestros mercados, una mezcla <mark style=\"background-color:rgba(0, 0, 0, 0);color:#77b342\" class=\"has-inline-color\">entre la convivencia y la autenticidad<\/mark><\/h2>\n\n\n\n<div class=\"wp-block-columns is-layout-flex wp-container-core-columns-is-layout-28f84493 wp-block-columns-is-layout-flex\">\n<div class=\"wp-block-column is-layout-flow wp-block-column-is-layout-flow\" style=\"flex-basis:66.66%\">\n<p><mark style=\"background-color:rgba(0, 0, 0, 0);color:#1d1d1b\" class=\"has-inline-color\">Los mercados del Volvestre no solo sirven para comprar comida. Son lugares donde conocer gente, escuchar m\u00fasica, tomar algo o intercambiar noticias&#8230;  <\/mark><br\/><mark style=\"background-color:rgba(0, 0, 0, 0);color:#1d1d1b\" class=\"has-inline-color\">Hay un ambiente festivo y amistoso.<\/mark><\/p>\n<\/div>\n\n\n\n<div class=\"wp-block-column is-layout-flow wp-block-column-is-layout-flow\" style=\"flex-basis:33.33%\">\n<figure class=\"wp-block-image aligncenter size-full is-resized is-style-rounded is-style-rounded--1\"><img loading=\"lazy\" decoding=\"async\" width=\"193\" height=\"264\" src=\"https:\/\/www.tourisme-volvestre.fr\/wp-content\/uploads\/2025\/06\/icons-OTI_VOLVESTRE-03_page-0001_-_Copie_-_Copie-removebg-preview.png\" alt=\"\" class=\"wp-image-5077\" style=\"aspect-ratio:0.75;object-fit:cover;width:99px;height:auto\"\/><\/figure>\n<\/div>\n<\/div>\n<\/div>\n<\/div>\n\n\n\n<div class=\"wp-block-column is-vertically-aligned-center is-layout-flow wp-block-column-is-layout-flow\" style=\"flex-basis:50%\">\n<figure class=\"wp-block-image aligncenter size-full is-style-rounded is-style-rounded--2\"><img loading=\"lazy\" decoding=\"async\" width=\"2560\" height=\"1707\" src=\"https:\/\/www.tourisme-volvestre.fr\/wp-content\/uploads\/2025\/05\/montbrunbocage_marche_fig_ete@philippeboussion-1-scaled.jpg\" alt=\"\" class=\"wp-image-2256\" style=\"aspect-ratio:4\/3;object-fit:cover\" srcset=\"https:\/\/www.tourisme-volvestre.fr\/wp-content\/uploads\/2025\/05\/montbrunbocage_marche_fig_ete@philippeboussion-1-scaled.jpg 2560w, https:\/\/www.tourisme-volvestre.fr\/wp-content\/uploads\/2025\/05\/montbrunbocage_marche_fig_ete@philippeboussion-1-300x200.jpg 300w, https:\/\/www.tourisme-volvestre.fr\/wp-content\/uploads\/2025\/05\/montbrunbocage_marche_fig_ete@philippeboussion-1-1024x683.jpg 1024w, https:\/\/www.tourisme-volvestre.fr\/wp-content\/uploads\/2025\/05\/montbrunbocage_marche_fig_ete@philippeboussion-1-768x512.jpg 768w, https:\/\/www.tourisme-volvestre.fr\/wp-content\/uploads\/2025\/05\/montbrunbocage_marche_fig_ete@philippeboussion-1-1536x1024.jpg 1536w, https:\/\/www.tourisme-volvestre.fr\/wp-content\/uploads\/2025\/05\/montbrunbocage_marche_fig_ete@philippeboussion-1-2048x1365.jpg 2048w\" sizes=\"auto, (max-width: 2560px) 100vw, 2560px\" \/><figcaption class=\"wp-element-caption\">Mercado de Montbrun-Bocage @PhilippeBoussion<\/figcaption><\/figure>\n<\/div>\n<\/div>\n<\/div>\n\n<div class=\"wp-block-columns is-layout-flex wp-container-core-columns-is-layout-28f84493 wp-block-columns-is-layout-flex\">\n<div class=\"wp-block-column has-global-padding is-layout-constrained wp-block-column-is-layout-constrained\">\n<figure class=\"wp-block-image aligncenter size-large is-style-rounded is-style-rounded--3\"><img loading=\"lazy\" decoding=\"async\" width=\"1024\" height=\"683\" src=\"https:\/\/www.tourisme-volvestre.fr\/wp-content\/uploads\/2025\/05\/montbrunbocage_marche_stand_fig@loicbel-1024x683.jpg\" alt=\"\" class=\"wp-image-3342\" style=\"aspect-ratio:1;object-fit:cover\" srcset=\"https:\/\/www.tourisme-volvestre.fr\/wp-content\/uploads\/2025\/05\/montbrunbocage_marche_stand_fig@loicbel-1024x683.jpg 1024w, https:\/\/www.tourisme-volvestre.fr\/wp-content\/uploads\/2025\/05\/montbrunbocage_marche_stand_fig@loicbel-300x200.jpg 300w, https:\/\/www.tourisme-volvestre.fr\/wp-content\/uploads\/2025\/05\/montbrunbocage_marche_stand_fig@loicbel-768x512.jpg 768w, https:\/\/www.tourisme-volvestre.fr\/wp-content\/uploads\/2025\/05\/montbrunbocage_marche_stand_fig@loicbel-1536x1024.jpg 1536w, https:\/\/www.tourisme-volvestre.fr\/wp-content\/uploads\/2025\/05\/montbrunbocage_marche_stand_fig@loicbel-2048x1365.jpg 2048w\" sizes=\"auto, (max-width: 1024px) 100vw, 1024px\" \/><figcaption class=\"wp-element-caption\">Mercado de Montbrun-Bocage @Lo\u00efcBel<\/figcaption><\/figure>\n<\/div>\n\n\n\n<div class=\"wp-block-column has-global-padding is-layout-constrained wp-block-column-is-layout-constrained\">\n<h2 class=\"wp-block-heading\" style=\"font-size:clamp(1.25rem, 1.25rem + ((1vw - 0.2rem) * 1.25), 2rem);\">Eventos imperdibles<\/h2>\n\n\n\n<p class=\"has-contrast-2-color has-text-color has-link-color has-medium-font-size wp-elements-a68a768a724a243ac5769890eb18571d\"><strong>Podr\u00e1 degustar productos locales frescos, directamente de sus fincas. <\/strong><\/p>\n\n\n\n<p>Todos nuestros mercados suelen abrir de 8:30 a. m. a mediod\u00eda. \u00bfPara todos? No, para que todos puedan disfrutar de estos momentos de convivencia, los de Massabrac y Latrape ofrecen mercados nocturnos. Longages y Rieux-Volvestre ofrecen mercados nocturnos durante el verano.   <\/p>\n\n\n\n<div class=\"wp-block-columns is-layout-flex wp-container-core-columns-is-layout-28f84493 wp-block-columns-is-layout-flex\">\n<div class=\"wp-block-column is-layout-flow wp-block-column-is-layout-flow\">\n<ul class=\"wp-block-list\">\n<li><strong>Longages :<\/strong> de mayo a septiembre, tercer jueves del mes, de 19h00 a 22h00.<\/li>\n\n\n\n<li><strong>Rieux-Volvestre <\/strong>: de junio a septiembre, primer jueves de cada mes<br\/>a las 19h.<\/li>\n<\/ul>\n<\/div>\n\n\n\n<div class=\"wp-block-column is-layout-flow wp-block-column-is-layout-flow\">\n<figure class=\"wp-block-image aligncenter size-full is-resized\"><img loading=\"lazy\" decoding=\"async\" width=\"201\" height=\"209\" src=\"https:\/\/www.tourisme-volvestre.fr\/wp-content\/uploads\/2025\/06\/icons-OTI-VOLVESTRE-03_page-0001-Copie.jpg\" alt=\"\" class=\"wp-image-5095\" style=\"width:108px;height:auto\"\/><\/figure>\n<\/div>\n<\/div>\n<\/div>\n<\/div>\n\n<div class=\"wp-block-columns is-layout-flex wp-container-core-columns-is-layout-28f84493 wp-block-columns-is-layout-flex\">\n<div class=\"wp-block-column is-vertically-aligned-center is-layout-flow wp-block-column-is-layout-flow\" style=\"flex-basis:66.66%\">\n<h2 class=\"wp-block-heading has-text-align-right\" style=\"font-size:clamp(1.25rem, 1.25rem + ((1vw - 0.2rem) * 1.25), 2rem);\">Nuestros d\u00edas de mercado<\/h2>\n<\/div>\n\n\n\n<div class=\"wp-block-column is-vertically-aligned-center is-layout-flow wp-block-column-is-layout-flow\" style=\"flex-basis:33.33%\">\n<figure class=\"wp-block-image aligncenter size-full is-resized\"><img loading=\"lazy\" decoding=\"async\" width=\"50\" height=\"65\" src=\"https:\/\/www.tourisme-volvestre.fr\/wp-content\/uploads\/2025\/02\/Group-55.png\" alt=\"\" class=\"wp-image-555\" style=\"width:50px\"\/><\/figure>\n<\/div>\n\n\n\n<div class=\"wp-block-column is-layout-flow wp-block-column-is-layout-flow\"><\/div>\n<\/div>\n\n<p class=\"has-text-align-center\"><strong>\u00a1Para que no te pierdas ninguno de nuestros mercados, aqu\u00ed est\u00e1n nuestros d\u00edas de mercado en el Volvestre!<\/strong><\/p>\n\n<div class=\"wp-block-columns is-layout-flex wp-container-core-columns-is-layout-28f84493 wp-block-columns-is-layout-flex\">\n<div class=\"wp-block-column is-layout-flow wp-block-column-is-layout-flow\">\n<figure class=\"wp-block-image size-full is-style-rounded is-style-rounded--4\"><img loading=\"lazy\" decoding=\"async\" width=\"2560\" height=\"1707\" src=\"https:\/\/www.tourisme-volvestre.fr\/wp-content\/uploads\/2024\/11\/montesquieuvolvestre_marche_fraises@mariont-scaled.jpg\" alt=\"\" class=\"wp-image-231\" style=\"aspect-ratio:3\/4;object-fit:cover\" srcset=\"https:\/\/www.tourisme-volvestre.fr\/wp-content\/uploads\/2024\/11\/montesquieuvolvestre_marche_fraises@mariont-scaled.jpg 2560w, https:\/\/www.tourisme-volvestre.fr\/wp-content\/uploads\/2024\/11\/montesquieuvolvestre_marche_fraises@mariont-300x200.jpg 300w, https:\/\/www.tourisme-volvestre.fr\/wp-content\/uploads\/2024\/11\/montesquieuvolvestre_marche_fraises@mariont-1024x683.jpg 1024w, https:\/\/www.tourisme-volvestre.fr\/wp-content\/uploads\/2024\/11\/montesquieuvolvestre_marche_fraises@mariont-768x512.jpg 768w, https:\/\/www.tourisme-volvestre.fr\/wp-content\/uploads\/2024\/11\/montesquieuvolvestre_marche_fraises@mariont-1536x1024.jpg 1536w, https:\/\/www.tourisme-volvestre.fr\/wp-content\/uploads\/2024\/11\/montesquieuvolvestre_marche_fraises@mariont-2048x1365.jpg 2048w\" sizes=\"auto, (max-width: 2560px) 100vw, 2560px\" \/><figcaption class=\"wp-element-caption\">Mercado de Montesquieu-Volvestre @OTIduVolvestre<\/figcaption><\/figure>\n<\/div>\n\n\n\n<div class=\"wp-block-column is-layout-flow wp-block-column-is-layout-flow\">\n<figure class=\"wp-block-image aligncenter size-full is-style-rounded is-style-rounded--5\"><img loading=\"lazy\" decoding=\"async\" width=\"1708\" height=\"2560\" src=\"https:\/\/www.tourisme-volvestre.fr\/wp-content\/uploads\/2025\/06\/carbonne_marche_oignons@pierrehonore-min-1.jpg\" alt=\"\" class=\"wp-image-5123\" style=\"aspect-ratio:3\/4;object-fit:cover\" srcset=\"https:\/\/www.tourisme-volvestre.fr\/wp-content\/uploads\/2025\/06\/carbonne_marche_oignons@pierrehonore-min-1.jpg 1708w, https:\/\/www.tourisme-volvestre.fr\/wp-content\/uploads\/2025\/06\/carbonne_marche_oignons@pierrehonore-min-1-200x300.jpg 200w, https:\/\/www.tourisme-volvestre.fr\/wp-content\/uploads\/2025\/06\/carbonne_marche_oignons@pierrehonore-min-1-683x1024.jpg 683w, https:\/\/www.tourisme-volvestre.fr\/wp-content\/uploads\/2025\/06\/carbonne_marche_oignons@pierrehonore-min-1-768x1151.jpg 768w, https:\/\/www.tourisme-volvestre.fr\/wp-content\/uploads\/2025\/06\/carbonne_marche_oignons@pierrehonore-min-1-1025x1536.jpg 1025w, https:\/\/www.tourisme-volvestre.fr\/wp-content\/uploads\/2025\/06\/carbonne_marche_oignons@pierrehonore-min-1-1366x2048.jpg 1366w\" sizes=\"auto, (max-width: 1708px) 100vw, 1708px\" \/><figcaption class=\"wp-element-caption\">Mercado de Carbonne @MathieuCalviac<\/figcaption><\/figure>\n<\/div>\n\n\n\n<div class=\"wp-block-column is-layout-flow wp-block-column-is-layout-flow\">\n<figure class=\"wp-block-image aligncenter size-full is-style-rounded is-style-rounded--6\"><img loading=\"lazy\" decoding=\"async\" width=\"2560\" height=\"1707\" src=\"https:\/\/www.tourisme-volvestre.fr\/wp-content\/uploads\/2024\/11\/carbonne_marche_olives@mariont-scaled.jpg\" alt=\"\" class=\"wp-image-220\" style=\"aspect-ratio:3\/4;object-fit:cover\" srcset=\"https:\/\/www.tourisme-volvestre.fr\/wp-content\/uploads\/2024\/11\/carbonne_marche_olives@mariont-scaled.jpg 2560w, https:\/\/www.tourisme-volvestre.fr\/wp-content\/uploads\/2024\/11\/carbonne_marche_olives@mariont-300x200.jpg 300w, https:\/\/www.tourisme-volvestre.fr\/wp-content\/uploads\/2024\/11\/carbonne_marche_olives@mariont-1024x683.jpg 1024w, https:\/\/www.tourisme-volvestre.fr\/wp-content\/uploads\/2024\/11\/carbonne_marche_olives@mariont-768x512.jpg 768w, https:\/\/www.tourisme-volvestre.fr\/wp-content\/uploads\/2024\/11\/carbonne_marche_olives@mariont-1536x1024.jpg 1536w, https:\/\/www.tourisme-volvestre.fr\/wp-content\/uploads\/2024\/11\/carbonne_marche_olives@mariont-2048x1365.jpg 2048w\" sizes=\"auto, (max-width: 2560px) 100vw, 2560px\" \/><figcaption class=\"wp-element-caption\">Mercado de Carbonne @OTIduVolvestre<\/figcaption><\/figure>\n<\/div>\n<\/div>\n\n<div style=\"height:8px\" aria-hidden=\"true\" class=\"wp-block-spacer\"><\/div>\n\n<div class=\"wp-block-columns is-layout-flex wp-container-core-columns-is-layout-28f84493 wp-block-columns-is-layout-flex\">\n<div class=\"wp-block-column is-layout-flow wp-block-column-is-layout-flow\">\n<figure class=\"wp-block-image size-full\"><img loading=\"lazy\" decoding=\"async\" width=\"571\" height=\"119\" src=\"https:\/\/www.tourisme-volvestre.fr\/wp-content\/uploads\/2024\/11\/ligneG-decouvrir.png\" alt=\"\" class=\"wp-image-365\" srcset=\"https:\/\/www.tourisme-volvestre.fr\/wp-content\/uploads\/2024\/11\/ligneG-decouvrir.png 571w, https:\/\/www.tourisme-volvestre.fr\/wp-content\/uploads\/2024\/11\/ligneG-decouvrir-300x63.png 300w\" sizes=\"auto, (max-width: 571px) 100vw, 571px\" \/><\/figure>\n<\/div>\n\n\n\n<div class=\"wp-block-column is-layout-flow wp-block-column-is-layout-flow\">\n<h2 class=\"wp-block-heading has-text-align-center\" style=\"font-size:clamp(1.25rem, 1.25rem + ((1vw - 0.2rem) * 1.25), 2rem);\">\u00a1Anotad vuestras agendas!<\/h2>\n<\/div>\n\n\n\n<div class=\"wp-block-column is-vertically-aligned-stretch is-layout-flow wp-block-column-is-layout-flow\">\n<figure class=\"wp-block-image size-full\"><img loading=\"lazy\" decoding=\"async\" width=\"994\" height=\"205\" src=\"https:\/\/www.tourisme-volvestre.fr\/wp-content\/uploads\/2024\/11\/ligne-verte1.png\" alt=\"\" class=\"wp-image-289\" srcset=\"https:\/\/www.tourisme-volvestre.fr\/wp-content\/uploads\/2024\/11\/ligne-verte1.png 994w, https:\/\/www.tourisme-volvestre.fr\/wp-content\/uploads\/2024\/11\/ligne-verte1-300x62.png 300w, https:\/\/www.tourisme-volvestre.fr\/wp-content\/uploads\/2024\/11\/ligne-verte1-768x158.png 768w\" sizes=\"auto, (max-width: 994px) 100vw, 994px\" \/><\/figure>\n<\/div>\n<\/div>\n\n<div style=\"height:8px\" aria-hidden=\"true\" class=\"wp-block-spacer\"><\/div>\n\n<div class=\"wp-block-columns is-layout-flex wp-container-core-columns-is-layout-28f84493 wp-block-columns-is-layout-flex\">\n<div class=\"wp-block-column is-layout-flow wp-block-column-is-layout-flow\">\n<p class=\"has-text-align-left has-contrast-2-color has-text-color has-link-color has-medium-font-size wp-elements-c35339cbb4096f652b714e1587d06301\"><strong>Martes<\/strong><\/p>\n\n\n\n<ul class=\"wp-block-list\">\n<li>Longages de 8:30 a 12 horas.<\/li>\n\n\n\n<li>Montesquieu-Volvestre (gran mercado) de 8:30 a 12:30 horas.<\/li>\n\n\n\n<li>Massabrac de 17h a 20h.<\/li>\n<\/ul>\n<\/div>\n\n\n\n<div class=\"wp-block-column is-layout-flow wp-block-column-is-layout-flow\">\n<div class=\"wp-block-group is-nowrap is-layout-flex wp-container-core-group-is-layout-6c531013 wp-block-group-is-layout-flex\">\n<p class=\"has-text-align-left has-contrast-2-color has-text-color has-link-color has-medium-font-size wp-elements-3c855b4e2a2b98215471a1885d258280\"><strong>Mi\u00e9rcoles<\/strong><\/p>\n<\/div>\n\n\n\n<ul class=\"wp-block-list\">\n<li>Saint-Sulpice-sur-L\u00e8ze : Primer mi\u00e9rcoles de cada mes : quesero ambulante<\/li>\n<\/ul>\n<\/div>\n\n\n\n<div class=\"wp-block-column is-layout-flow wp-block-column-is-layout-flow\">\n<p class=\"has-contrast-2-color has-text-color has-link-color has-medium-font-size wp-elements-6cd411c0e209c4073639d84b05a325b3\"><strong>Jueves<\/strong><\/p>\n\n\n\n<ul class=\"wp-block-list\">\n<li>Rieux-Volvestre (nocturno, el primer jueves de cada mes de junio a septiembre) a partir de las 18:30 horas.<\/li>\n\n\n\n<li>Carbonne de 8 a 12.30 horas.<\/li>\n\n\n\n<li>Longages (nocturno, el tercer jueves de cada mes de mayo a septiembre) de 19.00 a 22.00 horas.<\/li>\n<\/ul>\n<\/div>\n<\/div>\n\n<div class=\"wp-block-columns is-layout-flex wp-container-core-columns-is-layout-28f84493 wp-block-columns-is-layout-flex\">\n<div class=\"wp-block-column is-layout-flow wp-block-column-is-layout-flow\">\n<p class=\"has-text-align-left has-contrast-2-color has-text-color has-link-color has-medium-font-size wp-elements-3efec47120c23fbb88bce90043e11373\"><strong>Viernes<\/strong><\/p>\n\n\n\n<ul class=\"wp-block-list\">\n<li>Saint-Sulpice-sur-L\u00e8ze de 8h30 a 12h<\/li>\n\n\n\n<li>Latrape : mercado de agricultores de 18:30 a 19:30 horas.<\/li>\n<\/ul>\n<\/div>\n\n\n\n<div class=\"wp-block-column is-layout-flow wp-block-column-is-layout-flow\">\n<div class=\"wp-block-group is-nowrap is-layout-flex wp-container-core-group-is-layout-6c531013 wp-block-group-is-layout-flex\">\n<p class=\"has-text-align-left has-contrast-2-color has-text-color has-link-color has-medium-font-size wp-elements-a97b49241f7ff4ce27a0b4754e0106b8\"><strong>S\u00e1bado<\/strong><\/p>\n<\/div>\n\n\n\n<ul class=\"wp-block-list\">\n<li>Carbonne de 8 a 12.30 horas.<\/li>\n\n\n\n<li>Montesquieu-Volvestre, mercado de peque\u00f1os agricultores de 8:30 a 12:30 horas.<\/li>\n<\/ul>\n<\/div>\n\n\n\n<div class=\"wp-block-column is-layout-flow wp-block-column-is-layout-flow\">\n<div class=\"wp-block-group is-nowrap is-layout-flex wp-container-core-group-is-layout-6c531013 wp-block-group-is-layout-flex\">\n<p class=\"has-text-align-left has-contrast-2-color has-text-color has-link-color has-medium-font-size wp-elements-79b0ad3e2bf841c95b4afde256f951f9\"><strong>Domingo<\/strong><\/p>\n<\/div>\n\n\n\n<ul class=\"wp-block-list\">\n<li>Montbrun-Bocage de 8h a 14h.<\/li>\n\n\n\n<li>Rieux-Volvestre de 8h a 13h <\/li>\n\n\n\n<li>Saint-Sulpice-sur-L\u00e8ze de 8h30 a 12h<\/li>\n<\/ul>\n<\/div>\n<\/div>\n\n<div style=\"height:11px\" aria-hidden=\"true\" class=\"wp-block-spacer\"><\/div>\n\n<div class=\"wp-block-columns is-layout-flex wp-container-core-columns-is-layout-28f84493 wp-block-columns-is-layout-flex\">\n<div class=\"wp-block-column has-global-padding is-layout-constrained wp-block-column-is-layout-constrained\">\n<h2 class=\"wp-block-heading\" style=\"font-size:clamp(1.25rem, 1.25rem + ((1vw - 0.2rem) * 1.25), 2rem);\">El folleto de los productores <\/h2>\n\n\n\n<p class=\"has-contrast-2-color has-text-color has-link-color has-medium-font-size wp-elements-57a4d3919b9c88cc953a3e64bde3bf81\">\u00a1Descubra a nuestros productores que hacen del Volvestre una tierra de delicias culinarias y propicia para buenas cosechas!<\/p>\n\n\n\n<p>Gracias a nuestro folleto de productores, encuentre lo que busca : horticultores, apicultores, quesos, vinos, cervezas, limonadas, arboricultura, horticultura, conserveras, harinas, cereales, aceites, productos de belleza, bovinos, porcinos, ovinos, aves de corral y delicias gourmet\u2026<\/p>\n\n\n\n<div class=\"wp-block-columns is-layout-flex wp-container-core-columns-is-layout-28f84493 wp-block-columns-is-layout-flex\">\n<div class=\"wp-block-column is-vertically-aligned-center is-layout-flow wp-block-column-is-layout-flow\">\n<p>\u00a1Hay algo para todos!<\/p>\n\n\n\n<div class=\"wp-block-buttons is-content-justification-center is-layout-flex wp-container-core-buttons-is-layout-a89b3969 wp-block-buttons-is-layout-flex\">\n<div class=\"wp-block-button\"><a class=\"wp-block-button__link wp-element-button\" href=\"https:\/\/www.calameo.com\/read\/007111853f92831c2638e\" target=\"_blank\" rel=\"noreferrer noopener\">Consulte el folleto <\/a><\/div>\n<\/div>\n<\/div>\n\n\n\n<div class=\"wp-block-column is-vertically-aligned-top is-layout-flow wp-block-column-is-layout-flow\">\n<figure class=\"wp-block-image aligncenter size-full is-resized\"><img loading=\"lazy\" decoding=\"async\" width=\"201\" height=\"209\" src=\"https:\/\/www.tourisme-volvestre.fr\/wp-content\/uploads\/2025\/06\/icons-OTI-VOLVESTRE-03_page-0001-Copie.jpg\" alt=\"\" class=\"wp-image-5095\" style=\"width:108px;height:auto\"\/><\/figure>\n<\/div>\n<\/div>\n<\/div>\n\n\n\n<div class=\"wp-block-column has-global-padding is-layout-constrained wp-block-column-is-layout-constrained\">\n<figure class=\"wp-block-image aligncenter size-large is-style-rounded is-style-rounded--7\"><img loading=\"lazy\" decoding=\"async\" width=\"1024\" height=\"683\" src=\"https:\/\/www.tourisme-volvestre.fr\/wp-content\/uploads\/2026\/01\/bax_chevrerie_souleya_fig@maximesacre-1024x683.jpg\" alt=\"\" class=\"wp-image-11238\" style=\"aspect-ratio:1;object-fit:cover\" srcset=\"https:\/\/www.tourisme-volvestre.fr\/wp-content\/uploads\/2026\/01\/bax_chevrerie_souleya_fig@maximesacre-1024x683.jpg 1024w, https:\/\/www.tourisme-volvestre.fr\/wp-content\/uploads\/2026\/01\/bax_chevrerie_souleya_fig@maximesacre-300x200.jpg 300w, https:\/\/www.tourisme-volvestre.fr\/wp-content\/uploads\/2026\/01\/bax_chevrerie_souleya_fig@maximesacre-768x512.jpg 768w, https:\/\/www.tourisme-volvestre.fr\/wp-content\/uploads\/2026\/01\/bax_chevrerie_souleya_fig@maximesacre-1536x1024.jpg 1536w, https:\/\/www.tourisme-volvestre.fr\/wp-content\/uploads\/2026\/01\/bax_chevrerie_souleya_fig@maximesacre-2048x1366.jpg 2048w\" sizes=\"auto, (max-width: 1024px) 100vw, 1024px\" \/><figcaption class=\"wp-element-caption\">Ch\u00e8vrerie du Souleya en Bax @MaximeSacre<\/figcaption><\/figure>\n<\/div>\n<\/div>\n\n<div style=\"height:8px\" aria-hidden=\"true\" class=\"wp-block-spacer\"><\/div>\n\n<div class=\"wp-block-group alignfull has-accent-4-background-color has-background has-global-padding is-layout-constrained wp-container-core-group-is-layout-ed5e8923 wp-block-group-is-layout-constrained\" style=\"margin-top:var(--wp--preset--spacing--20);margin-bottom:0;padding-top:var(--wp--preset--spacing--20);padding-right:var(--wp--preset--spacing--20);padding-bottom:var(--wp--preset--spacing--20);padding-left:var(--wp--preset--spacing--20)\">\n<h2 class=\"wp-block-heading has-text-align-center has-contrast-2-color has-text-color has-link-color wp-elements-d8fdeec05f2d13692ebcbaa6558ce24e\">Tambi\u00e9n te puede interesar\u2026<\/h2>\n\n\n\n<div class=\"wp-block-group has-global-padding is-layout-constrained wp-container-core-group-is-layout-c385debf wp-block-group-is-layout-constrained\" style=\"padding-top:var(--wp--preset--spacing--20);padding-right:var(--wp--preset--spacing--20);padding-bottom:var(--wp--preset--spacing--20);padding-left:var(--wp--preset--spacing--20)\">\n<div class=\"wp-block-columns is-layout-flex wp-container-core-columns-is-layout-28f84493 wp-block-columns-is-layout-flex\">\n<div class=\"wp-block-column is-layout-flow wp-block-column-is-layout-flow\">\n<figure class=\"wp-block-image aligncenter size-full has-custom-border\"><img loading=\"lazy\" decoding=\"async\" width=\"2130\" height=\"2560\" src=\"https:\/\/www.tourisme-volvestre.fr\/wp-content\/uploads\/2026\/01\/montesquieuvolvestre_ferme_plaisance_fig_beatrice_agricultrice@marianneoti.jpg\" alt=\"\" class=\"wp-image-11241\" style=\"border-radius:25px;aspect-ratio:1;object-fit:cover\" srcset=\"https:\/\/www.tourisme-volvestre.fr\/wp-content\/uploads\/2026\/01\/montesquieuvolvestre_ferme_plaisance_fig_beatrice_agricultrice@marianneoti.jpg 2130w, https:\/\/www.tourisme-volvestre.fr\/wp-content\/uploads\/2026\/01\/montesquieuvolvestre_ferme_plaisance_fig_beatrice_agricultrice@marianneoti-250x300.jpg 250w, https:\/\/www.tourisme-volvestre.fr\/wp-content\/uploads\/2026\/01\/montesquieuvolvestre_ferme_plaisance_fig_beatrice_agricultrice@marianneoti-852x1024.jpg 852w, https:\/\/www.tourisme-volvestre.fr\/wp-content\/uploads\/2026\/01\/montesquieuvolvestre_ferme_plaisance_fig_beatrice_agricultrice@marianneoti-768x923.jpg 768w, https:\/\/www.tourisme-volvestre.fr\/wp-content\/uploads\/2026\/01\/montesquieuvolvestre_ferme_plaisance_fig_beatrice_agricultrice@marianneoti-1278x1536.jpg 1278w, https:\/\/www.tourisme-volvestre.fr\/wp-content\/uploads\/2026\/01\/montesquieuvolvestre_ferme_plaisance_fig_beatrice_agricultrice@marianneoti-1704x2048.jpg 1704w\" sizes=\"auto, (max-width: 2130px) 100vw, 2130px\" \/><figcaption class=\"wp-element-caption\">Ferme de Plaisance @OTI<\/figcaption><\/figure>\n\n\n\n<div class=\"wp-block-buttons is-content-justification-center is-layout-flex wp-container-core-buttons-is-layout-a89b3969 wp-block-buttons-is-layout-flex\">\n<div class=\"wp-block-button\"><a class=\"wp-block-button__link wp-element-button\" href=\"https:\/\/www.tourisme-volvestre.fr\/es\/nuestros-productores\/\">Nuestros productores locales<\/a><\/div>\n<\/div>\n<\/div>\n\n\n\n<div class=\"wp-block-column is-layout-flow wp-block-column-is-layout-flow\">\n<figure class=\"wp-block-image aligncenter size-full has-custom-border\"><a href=\"https:\/\/www.tourisme-volvestre.fr\/es\/donde-comer-en-volvestre\/\"><img loading=\"lazy\" decoding=\"async\" width=\"2560\" height=\"2560\" src=\"https:\/\/www.tourisme-volvestre.fr\/wp-content\/uploads\/2025\/05\/longages_bistroloco_resto_recette_sandre@jeanjeromecoubard-scaled.jpg\" alt=\"\" class=\"wp-image-2924\" style=\"border-radius:25px;aspect-ratio:1;object-fit:cover\" srcset=\"https:\/\/www.tourisme-volvestre.fr\/wp-content\/uploads\/2025\/05\/longages_bistroloco_resto_recette_sandre@jeanjeromecoubard-scaled.jpg 2560w, https:\/\/www.tourisme-volvestre.fr\/wp-content\/uploads\/2025\/05\/longages_bistroloco_resto_recette_sandre@jeanjeromecoubard-300x300.jpg 300w, https:\/\/www.tourisme-volvestre.fr\/wp-content\/uploads\/2025\/05\/longages_bistroloco_resto_recette_sandre@jeanjeromecoubard-1024x1024.jpg 1024w, https:\/\/www.tourisme-volvestre.fr\/wp-content\/uploads\/2025\/05\/longages_bistroloco_resto_recette_sandre@jeanjeromecoubard-150x150.jpg 150w, https:\/\/www.tourisme-volvestre.fr\/wp-content\/uploads\/2025\/05\/longages_bistroloco_resto_recette_sandre@jeanjeromecoubard-768x768.jpg 768w\" sizes=\"auto, (max-width: 2560px) 100vw, 2560px\" \/><\/a><figcaption class=\"wp-element-caption\">Bistroloco @JeanJeromeCoubard<\/figcaption><\/figure>\n\n\n\n<div class=\"wp-block-buttons is-content-justification-center is-layout-flex wp-container-core-buttons-is-layout-a89b3969 wp-block-buttons-is-layout-flex\">\n<div class=\"wp-block-button\"><a class=\"wp-block-button__link wp-element-button\" href=\"https:\/\/www.tourisme-volvestre.fr\/es\/donde-comer-en-volvestre\/\">Nuestros restaurantes<\/a><\/div>\n<\/div>\n<\/div>\n\n\n\n<div class=\"wp-block-column is-layout-flow wp-block-column-is-layout-flow\">\n<figure class=\"wp-block-image aligncenter size-full has-custom-border\"><img loading=\"lazy\" decoding=\"async\" width=\"740\" height=\"649\" src=\"https:\/\/www.tourisme-volvestre.fr\/wp-content\/uploads\/2025\/06\/traiteur-laure.jpg\" alt=\"\" class=\"wp-image-4685\" style=\"border-radius:25px;aspect-ratio:1;object-fit:cover\" srcset=\"https:\/\/www.tourisme-volvestre.fr\/wp-content\/uploads\/2025\/06\/traiteur-laure.jpg 740w, https:\/\/www.tourisme-volvestre.fr\/wp-content\/uploads\/2025\/06\/traiteur-laure-300x263.jpg 300w\" sizes=\"auto, (max-width: 740px) 100vw, 740px\" \/><figcaption class=\"wp-element-caption\">@TraiteurLaure<\/figcaption><\/figure>\n\n\n\n<div class=\"wp-block-buttons is-content-justification-center is-layout-flex wp-container-core-buttons-is-layout-a89b3969 wp-block-buttons-is-layout-flex\">\n<div class=\"wp-block-button\"><a class=\"wp-block-button__link wp-element-button\" href=\"https:\/\/www.tourisme-volvestre.fr\/es\/servicios-de-banquetes\/\">Nuestros servicios de banquetes<\/a><\/div>\n<\/div>\n<\/div>\n\n\n\n<div class=\"wp-block-column is-layout-flow wp-block-column-is-layout-flow\">\n<figure class=\"wp-block-image aligncenter size-full has-custom-border\"><a href=\"https:\/\/www.tourisme-volvestre.fr\/es\/las-guinguettes\/\"><img loading=\"lazy\" decoding=\"async\" width=\"1280\" height=\"489\" src=\"https:\/\/www.tourisme-volvestre.fr\/wp-content\/uploads\/2025\/06\/Pixabay.jpg\" alt=\"\" class=\"wp-image-5241\" style=\"border-radius:25px;aspect-ratio:1;object-fit:cover\" srcset=\"https:\/\/www.tourisme-volvestre.fr\/wp-content\/uploads\/2025\/06\/Pixabay.jpg 1280w, https:\/\/www.tourisme-volvestre.fr\/wp-content\/uploads\/2025\/06\/Pixabay-300x115.jpg 300w, https:\/\/www.tourisme-volvestre.fr\/wp-content\/uploads\/2025\/06\/Pixabay-1024x391.jpg 1024w, https:\/\/www.tourisme-volvestre.fr\/wp-content\/uploads\/2025\/06\/Pixabay-768x293.jpg 768w\" sizes=\"auto, (max-width: 1280px) 100vw, 1280px\" \/><\/a><figcaption class=\"wp-element-caption\">@Derechosreservados <\/figcaption><\/figure>\n\n\n\n<div class=\"wp-block-buttons is-content-justification-center is-layout-flex wp-container-core-buttons-is-layout-a89b3969 wp-block-buttons-is-layout-flex\">\n<div class=\"wp-block-button\"><a class=\"wp-block-button__link wp-element-button\" href=\"https:\/\/www.tourisme-volvestre.fr\/es\/las-guinguettes\/\">Nuestras guinguettes<\/a><\/div>\n<\/div>\n<\/div>\n<\/div>\n<\/div>\n<\/div>\n","protected":false},"excerpt":{"rendered":"<p>Nuestros mercados, una mezcla entre la convivencia y la autenticidad Los mercados del Volvestre no solo sirven para comprar comida. Son lugares donde conocer gente, escuchar m\u00fasica, tomar algo o intercambiar noticias&#8230; Hay un ambiente festivo y amistoso. Eventos imperdibles Podr\u00e1 degustar productos locales frescos, directamente de sus fincas. Todos nuestros mercados suelen abrir de [&hellip;]<\/p>\n","protected":false},"author":1,"featured_media":2258,"parent":0,"menu_order":0,"comment_status":"closed","ping_status":"closed","template":"page-no-title","meta":{"_acf_changed":false,"inline_featured_image":false,"footnotes":""},"class_list":["post-9131","page","type-page","status-publish","has-post-thumbnail","hentry"],"acf":[],"yoast_head":"<!-- This site is optimized with the Yoast SEO plugin v27.3 - https:\/\/yoast.com\/product\/yoast-seo-wordpress\/ -->\n<title>Los mercados del Volvestre - Volvestre Tourisme<\/title>\n<meta name=\"description\" content=\"\u00a1Pasea por nuestros mercados en el Volvestre, una agradable mezcla de cordialidad y autenticidad! Productos frescos, productores locales, circuitos cortos.\" \/>\n<meta name=\"robots\" content=\"index, follow, max-snippet:-1, max-image-preview:large, max-video-preview:-1\" \/>\n<link rel=\"canonical\" href=\"https:\/\/www.tourisme-volvestre.fr\/es\/los-mercados-del-volvestre\/\" \/>\n<meta property=\"og:locale\" content=\"es_ES\" \/>\n<meta property=\"og:type\" content=\"article\" \/>\n<meta property=\"og:title\" content=\"Los mercados del Volvestre - Volvestre Tourisme\" \/>\n<meta property=\"og:description\" content=\"\u00a1Pasea por nuestros mercados en el Volvestre, una agradable mezcla de cordialidad y autenticidad! Productos frescos, productores locales, circuitos cortos.\" \/>\n<meta property=\"og:url\" content=\"https:\/\/www.tourisme-volvestre.fr\/es\/los-mercados-del-volvestre\/\" \/>\n<meta property=\"og:site_name\" content=\"Volvestre Tourisme\" \/>\n<meta property=\"article:publisher\" content=\"https:\/\/www.facebook.com\/TourismeVolvestre\" \/>\n<meta property=\"article:modified_time\" content=\"2026-01-23T13:33:34+00:00\" \/>\n<meta property=\"og:image\" content=\"https:\/\/www.tourisme-volvestre.fr\/wp-content\/uploads\/2025\/05\/montbrunbocage_marche_fig_ete@philippeboussion-1-scaled.jpg\" \/>\n\t<meta property=\"og:image:width\" content=\"2560\" \/>\n\t<meta property=\"og:image:height\" content=\"1707\" \/>\n\t<meta property=\"og:image:type\" content=\"image\/jpeg\" \/>\n<meta name=\"twitter:card\" content=\"summary_large_image\" \/>\n<meta name=\"twitter:label1\" content=\"Tiempo de lectura\" \/>\n\t<meta name=\"twitter:data1\" content=\"2 minutos\" \/>\n<script type=\"application\/ld+json\" class=\"yoast-schema-graph\">{\"@context\":\"https:\\\/\\\/schema.org\",\"@graph\":[{\"@type\":\"WebPage\",\"@id\":\"https:\\\/\\\/www.tourisme-volvestre.fr\\\/es\\\/los-mercados-del-volvestre\\\/\",\"url\":\"https:\\\/\\\/www.tourisme-volvestre.fr\\\/es\\\/los-mercados-del-volvestre\\\/\",\"name\":\"Los mercados del Volvestre - Volvestre Tourisme\",\"isPartOf\":{\"@id\":\"https:\\\/\\\/www.tourisme-volvestre.fr\\\/es\\\/#website\"},\"primaryImageOfPage\":{\"@id\":\"https:\\\/\\\/www.tourisme-volvestre.fr\\\/es\\\/los-mercados-del-volvestre\\\/#primaryimage\"},\"image\":{\"@id\":\"https:\\\/\\\/www.tourisme-volvestre.fr\\\/es\\\/los-mercados-del-volvestre\\\/#primaryimage\"},\"thumbnailUrl\":\"https:\\\/\\\/www.tourisme-volvestre.fr\\\/wp-content\\\/uploads\\\/2025\\\/05\\\/montbrunbocage_marche_fig_ete@philippeboussion-1-scaled.jpg\",\"datePublished\":\"2024-11-19T08:11:27+00:00\",\"dateModified\":\"2026-01-23T13:33:34+00:00\",\"description\":\"\u00a1Pasea por nuestros mercados en el Volvestre, una agradable mezcla de cordialidad y autenticidad! Productos frescos, productores locales, circuitos cortos.\",\"breadcrumb\":{\"@id\":\"https:\\\/\\\/www.tourisme-volvestre.fr\\\/es\\\/los-mercados-del-volvestre\\\/#breadcrumb\"},\"inLanguage\":\"es\",\"potentialAction\":[{\"@type\":\"ReadAction\",\"target\":[\"https:\\\/\\\/www.tourisme-volvestre.fr\\\/es\\\/los-mercados-del-volvestre\\\/\"]}]},{\"@type\":\"ImageObject\",\"inLanguage\":\"es\",\"@id\":\"https:\\\/\\\/www.tourisme-volvestre.fr\\\/es\\\/los-mercados-del-volvestre\\\/#primaryimage\",\"url\":\"https:\\\/\\\/www.tourisme-volvestre.fr\\\/wp-content\\\/uploads\\\/2025\\\/05\\\/montbrunbocage_marche_fig_ete@philippeboussion-1-scaled.jpg\",\"contentUrl\":\"https:\\\/\\\/www.tourisme-volvestre.fr\\\/wp-content\\\/uploads\\\/2025\\\/05\\\/montbrunbocage_marche_fig_ete@philippeboussion-1-scaled.jpg\",\"width\":2560,\"height\":1707},{\"@type\":\"BreadcrumbList\",\"@id\":\"https:\\\/\\\/www.tourisme-volvestre.fr\\\/es\\\/los-mercados-del-volvestre\\\/#breadcrumb\",\"itemListElement\":[{\"@type\":\"ListItem\",\"position\":1,\"name\":\"Accueil\",\"item\":\"https:\\\/\\\/www.tourisme-volvestre.fr\\\/es\\\/?lang=es\"},{\"@type\":\"ListItem\",\"position\":2,\"name\":\"Los mercados del Volvestre\"}]},{\"@type\":\"WebSite\",\"@id\":\"https:\\\/\\\/www.tourisme-volvestre.fr\\\/es\\\/#website\",\"url\":\"https:\\\/\\\/www.tourisme-volvestre.fr\\\/es\\\/\",\"name\":\"Volvestre Tourisme\",\"description\":\"\",\"publisher\":{\"@id\":\"https:\\\/\\\/www.tourisme-volvestre.fr\\\/es\\\/#organization\"},\"alternateName\":\"OT Volvestre\",\"potentialAction\":[{\"@type\":\"SearchAction\",\"target\":{\"@type\":\"EntryPoint\",\"urlTemplate\":\"https:\\\/\\\/www.tourisme-volvestre.fr\\\/es\\\/?s={search_term_string}\"},\"query-input\":{\"@type\":\"PropertyValueSpecification\",\"valueRequired\":true,\"valueName\":\"search_term_string\"}}],\"inLanguage\":\"es\"},{\"@type\":\"Organization\",\"@id\":\"https:\\\/\\\/www.tourisme-volvestre.fr\\\/es\\\/#organization\",\"name\":\"Volvestre Tourisme\",\"url\":\"https:\\\/\\\/www.tourisme-volvestre.fr\\\/es\\\/\",\"logo\":{\"@type\":\"ImageObject\",\"inLanguage\":\"es\",\"@id\":\"https:\\\/\\\/www.tourisme-volvestre.fr\\\/es\\\/#\\\/schema\\\/logo\\\/image\\\/\",\"url\":\"https:\\\/\\\/www.tourisme-volvestre.fr\\\/wp-content\\\/uploads\\\/2025\\\/02\\\/logo-site.png\",\"contentUrl\":\"https:\\\/\\\/www.tourisme-volvestre.fr\\\/wp-content\\\/uploads\\\/2025\\\/02\\\/logo-site.png\",\"width\":152,\"height\":152,\"caption\":\"Volvestre Tourisme\"},\"image\":{\"@id\":\"https:\\\/\\\/www.tourisme-volvestre.fr\\\/es\\\/#\\\/schema\\\/logo\\\/image\\\/\"},\"sameAs\":[\"https:\\\/\\\/www.facebook.com\\\/TourismeVolvestre\",\"https:\\\/\\\/www.instagram.com\\\/tourismevolvestre\"]}]}<\/script>\n<!-- \/ Yoast SEO plugin. -->","yoast_head_json":{"title":"Los mercados del Volvestre - Volvestre Tourisme","description":"\u00a1Pasea por nuestros mercados en el Volvestre, una agradable mezcla de cordialidad y autenticidad! Productos frescos, productores locales, circuitos cortos.","robots":{"index":"index","follow":"follow","max-snippet":"max-snippet:-1","max-image-preview":"max-image-preview:large","max-video-preview":"max-video-preview:-1"},"canonical":"https:\/\/www.tourisme-volvestre.fr\/es\/los-mercados-del-volvestre\/","og_locale":"es_ES","og_type":"article","og_title":"Los mercados del Volvestre - Volvestre Tourisme","og_description":"\u00a1Pasea por nuestros mercados en el Volvestre, una agradable mezcla de cordialidad y autenticidad! Productos frescos, productores locales, circuitos cortos.","og_url":"https:\/\/www.tourisme-volvestre.fr\/es\/los-mercados-del-volvestre\/","og_site_name":"Volvestre Tourisme","article_publisher":"https:\/\/www.facebook.com\/TourismeVolvestre","article_modified_time":"2026-01-23T13:33:34+00:00","og_image":[{"width":2560,"height":1707,"url":"https:\/\/www.tourisme-volvestre.fr\/wp-content\/uploads\/2025\/05\/montbrunbocage_marche_fig_ete@philippeboussion-1-scaled.jpg","type":"image\/jpeg"}],"twitter_card":"summary_large_image","twitter_misc":{"Tiempo de lectura":"2 minutos"},"schema":{"@context":"https:\/\/schema.org","@graph":[{"@type":"WebPage","@id":"https:\/\/www.tourisme-volvestre.fr\/es\/los-mercados-del-volvestre\/","url":"https:\/\/www.tourisme-volvestre.fr\/es\/los-mercados-del-volvestre\/","name":"Los mercados del Volvestre - Volvestre Tourisme","isPartOf":{"@id":"https:\/\/www.tourisme-volvestre.fr\/es\/#website"},"primaryImageOfPage":{"@id":"https:\/\/www.tourisme-volvestre.fr\/es\/los-mercados-del-volvestre\/#primaryimage"},"image":{"@id":"https:\/\/www.tourisme-volvestre.fr\/es\/los-mercados-del-volvestre\/#primaryimage"},"thumbnailUrl":"https:\/\/www.tourisme-volvestre.fr\/wp-content\/uploads\/2025\/05\/montbrunbocage_marche_fig_ete@philippeboussion-1-scaled.jpg","datePublished":"2024-11-19T08:11:27+00:00","dateModified":"2026-01-23T13:33:34+00:00","description":"\u00a1Pasea por nuestros mercados en el Volvestre, una agradable mezcla de cordialidad y autenticidad! Productos frescos, productores locales, circuitos cortos.","breadcrumb":{"@id":"https:\/\/www.tourisme-volvestre.fr\/es\/los-mercados-del-volvestre\/#breadcrumb"},"inLanguage":"es","potentialAction":[{"@type":"ReadAction","target":["https:\/\/www.tourisme-volvestre.fr\/es\/los-mercados-del-volvestre\/"]}]},{"@type":"ImageObject","inLanguage":"es","@id":"https:\/\/www.tourisme-volvestre.fr\/es\/los-mercados-del-volvestre\/#primaryimage","url":"https:\/\/www.tourisme-volvestre.fr\/wp-content\/uploads\/2025\/05\/montbrunbocage_marche_fig_ete@philippeboussion-1-scaled.jpg","contentUrl":"https:\/\/www.tourisme-volvestre.fr\/wp-content\/uploads\/2025\/05\/montbrunbocage_marche_fig_ete@philippeboussion-1-scaled.jpg","width":2560,"height":1707},{"@type":"BreadcrumbList","@id":"https:\/\/www.tourisme-volvestre.fr\/es\/los-mercados-del-volvestre\/#breadcrumb","itemListElement":[{"@type":"ListItem","position":1,"name":"Accueil","item":"https:\/\/www.tourisme-volvestre.fr\/es\/?lang=es"},{"@type":"ListItem","position":2,"name":"Los mercados del Volvestre"}]},{"@type":"WebSite","@id":"https:\/\/www.tourisme-volvestre.fr\/es\/#website","url":"https:\/\/www.tourisme-volvestre.fr\/es\/","name":"Volvestre Tourisme","description":"","publisher":{"@id":"https:\/\/www.tourisme-volvestre.fr\/es\/#organization"},"alternateName":"OT Volvestre","potentialAction":[{"@type":"SearchAction","target":{"@type":"EntryPoint","urlTemplate":"https:\/\/www.tourisme-volvestre.fr\/es\/?s={search_term_string}"},"query-input":{"@type":"PropertyValueSpecification","valueRequired":true,"valueName":"search_term_string"}}],"inLanguage":"es"},{"@type":"Organization","@id":"https:\/\/www.tourisme-volvestre.fr\/es\/#organization","name":"Volvestre Tourisme","url":"https:\/\/www.tourisme-volvestre.fr\/es\/","logo":{"@type":"ImageObject","inLanguage":"es","@id":"https:\/\/www.tourisme-volvestre.fr\/es\/#\/schema\/logo\/image\/","url":"https:\/\/www.tourisme-volvestre.fr\/wp-content\/uploads\/2025\/02\/logo-site.png","contentUrl":"https:\/\/www.tourisme-volvestre.fr\/wp-content\/uploads\/2025\/02\/logo-site.png","width":152,"height":152,"caption":"Volvestre Tourisme"},"image":{"@id":"https:\/\/www.tourisme-volvestre.fr\/es\/#\/schema\/logo\/image\/"},"sameAs":["https:\/\/www.facebook.com\/TourismeVolvestre","https:\/\/www.instagram.com\/tourismevolvestre"]}]}},"_links":{"self":[{"href":"https:\/\/www.tourisme-volvestre.fr\/es\/wp-json\/wp\/v2\/pages\/9131","targetHints":{"allow":["GET"]}}],"collection":[{"href":"https:\/\/www.tourisme-volvestre.fr\/es\/wp-json\/wp\/v2\/pages"}],"about":[{"href":"https:\/\/www.tourisme-volvestre.fr\/es\/wp-json\/wp\/v2\/types\/page"}],"author":[{"embeddable":true,"href":"https:\/\/www.tourisme-volvestre.fr\/es\/wp-json\/wp\/v2\/users\/1"}],"replies":[{"embeddable":true,"href":"https:\/\/www.tourisme-volvestre.fr\/es\/wp-json\/wp\/v2\/comments?post=9131"}],"version-history":[{"count":4,"href":"https:\/\/www.tourisme-volvestre.fr\/es\/wp-json\/wp\/v2\/pages\/9131\/revisions"}],"predecessor-version":[{"id":11251,"href":"https:\/\/www.tourisme-volvestre.fr\/es\/wp-json\/wp\/v2\/pages\/9131\/revisions\/11251"}],"wp:featuredmedia":[{"embeddable":true,"href":"https:\/\/www.tourisme-volvestre.fr\/es\/wp-json\/wp\/v2\/media\/2258"}],"wp:attachment":[{"href":"https:\/\/www.tourisme-volvestre.fr\/es\/wp-json\/wp\/v2\/media?parent=9131"}],"curies":[{"name":"wp","href":"https:\/\/api.w.org\/{rel}","templated":true}]}}