{"id":9253,"date":"2025-06-12T17:24:51","date_gmt":"2025-06-12T15:24:51","guid":{"rendered":"https:\/\/www.tourisme-volvestre.fr\/eventos-destacados\/"},"modified":"2026-03-27T15:41:40","modified_gmt":"2026-03-27T14:41:40","slug":"eventos-destacados","status":"publish","type":"page","link":"https:\/\/www.tourisme-volvestre.fr\/es\/eventos-destacados\/","title":{"rendered":"Eventos destacados"},"content":{"rendered":"\n<div class=\"wp-block-columns is-layout-flex wp-container-core-columns-is-layout-28f84493 wp-block-columns-is-layout-flex\">\n<div class=\"wp-block-column is-layout-flow wp-block-column-is-layout-flow\">\n<h2 class=\"wp-block-heading has-text-align-center\" style=\"font-size:clamp(1.25rem, 1.25rem + ((1vw - 0.2rem) * 1.25), 2rem);\">\u00a1No te pierdas lo m\u00e1s destacado del Volvestre! <\/h2>\n\n\n\n<h3 class=\"wp-block-heading has-text-align-center\" style=\"font-size:clamp(0.875rem, 0.875rem + ((1vw - 0.2rem) * 0.708), 1.3rem);\">Arte, tradici\u00f3n, teatro, cine, m\u00fasica\u2026<\/h3>\n\n\n\n<p class=\"has-text-align-center\">\u00a1El Volvestre te invita a descubrir sus eventos festivos durante todo el a\u00f1o!<\/p>\n\n\n\n<figure class=\"wp-block-image aligncenter size-full is-style-rounded is-style-rounded--1\"><img loading=\"lazy\" decoding=\"async\" width=\"2560\" height=\"1133\" src=\"https:\/\/www.tourisme-volvestre.fr\/wp-content\/uploads\/2025\/06\/volvestre-2025-82.jpg\" alt=\"\" class=\"wp-image-4973\" srcset=\"https:\/\/www.tourisme-volvestre.fr\/wp-content\/uploads\/2025\/06\/volvestre-2025-82.jpg 2560w, https:\/\/www.tourisme-volvestre.fr\/wp-content\/uploads\/2025\/06\/volvestre-2025-82-300x133.jpg 300w, https:\/\/www.tourisme-volvestre.fr\/wp-content\/uploads\/2025\/06\/volvestre-2025-82-1024x453.jpg 1024w, https:\/\/www.tourisme-volvestre.fr\/wp-content\/uploads\/2025\/06\/volvestre-2025-82-768x340.jpg 768w, https:\/\/www.tourisme-volvestre.fr\/wp-content\/uploads\/2025\/06\/volvestre-2025-82-1536x680.jpg 1536w, https:\/\/www.tourisme-volvestre.fr\/wp-content\/uploads\/2025\/06\/volvestre-2025-82-2048x906.jpg 2048w\" sizes=\"auto, (max-width: 2560px) 100vw, 2560px\" \/><figcaption class=\"wp-element-caption\">Festival 31 notes d&#8217;\u00e9t\u00e9 @MathieuCalviac<\/figcaption><\/figure>\n<\/div>\n<\/div>\n\n<div class=\"wp-block-columns is-layout-flex wp-container-core-columns-is-layout-28f84493 wp-block-columns-is-layout-flex\">\n<div class=\"wp-block-column is-layout-flow wp-block-column-is-layout-flow\">\n<h2 class=\"wp-block-heading has-text-align-center has-large-font-size\"><strong>Les Journ\u00e9es Europ\u00e9ennes <\/strong><strong>es M\u00e9tiers d&#8217;Art<\/strong><\/h2>\n\n\n\n<p class=\"has-contrast-2-color has-text-color has-link-color has-medium-font-size wp-elements-03bed5591a9be8996940ad168dda1de3\"><strong>\u00a1Recorre las carreteras y conoce a nuestros creadores en el Volvestre!<\/strong><\/p>\n\n\n\n<p>Ya sean ceramistas, escultores o tapiceros, todos tienen algo en com\u00fan : \u00a1la pasi\u00f3n por su oficio! <br\/><br\/>Cada a\u00f1o se organiza un recorrido, pero se pueden visitar sus talleres con cita previa.<br\/><br\/>\ud83d\udcc5 El primer fin de semana de abril en el Volvestre.<\/p>\n\n\n\n<div class=\"wp-block-buttons is-content-justification-center is-layout-flex wp-container-core-buttons-is-layout-a89b3969 wp-block-buttons-is-layout-flex\">\n<div class=\"wp-block-button\"><a class=\"wp-block-button__link wp-element-button\" href=\"https:\/\/www.journeesdesmetiersdart.fr\/\" target=\"_blank\" rel=\"noreferrer noopener\">M\u00e1s informaci\u00f3n<\/a><\/div>\n<\/div>\n<\/div>\n\n\n\n<div class=\"wp-block-column is-layout-flow wp-block-column-is-layout-flow\">\n<figure class=\"wp-block-image aligncenter size-full is-style-rounded is-style-rounded--2\"><img loading=\"lazy\" decoding=\"async\" width=\"640\" height=\"640\" src=\"https:\/\/www.tourisme-volvestre.fr\/wp-content\/uploads\/2025\/06\/JEMA-2025-Affiche-officielle-640x640-crop-1733410241.webp\" alt=\"\" class=\"wp-image-4979\" style=\"aspect-ratio:1;object-fit:cover\" srcset=\"https:\/\/www.tourisme-volvestre.fr\/wp-content\/uploads\/2025\/06\/JEMA-2025-Affiche-officielle-640x640-crop-1733410241.webp 640w, https:\/\/www.tourisme-volvestre.fr\/wp-content\/uploads\/2025\/06\/JEMA-2025-Affiche-officielle-640x640-crop-1733410241-300x300.webp 300w, https:\/\/www.tourisme-volvestre.fr\/wp-content\/uploads\/2025\/06\/JEMA-2025-Affiche-officielle-640x640-crop-1733410241-150x150.webp 150w\" sizes=\"auto, (max-width: 640px) 100vw, 640px\" \/><figcaption class=\"wp-element-caption\">Cartel 2025 @JEMA<\/figcaption><\/figure>\n<\/div>\n<\/div>\n\n<div class=\"wp-block-columns is-layout-flex wp-container-core-columns-is-layout-28f84493 wp-block-columns-is-layout-flex\">\n<div class=\"wp-block-column is-layout-flow wp-block-column-is-layout-flow\">\n<figure class=\"wp-block-image aligncenter size-full is-style-rounded is-style-rounded--3\"><img loading=\"lazy\" decoding=\"async\" width=\"1920\" height=\"2560\" src=\"https:\/\/www.tourisme-volvestre.fr\/wp-content\/uploads\/2025\/05\/rieuxvolvestre_anim_papogay_fig@mathieucalviac-1-scaled.jpg\" alt=\"\" class=\"wp-image-3175\" style=\"aspect-ratio:1;object-fit:cover\" srcset=\"https:\/\/www.tourisme-volvestre.fr\/wp-content\/uploads\/2025\/05\/rieuxvolvestre_anim_papogay_fig@mathieucalviac-1-scaled.jpg 1920w, https:\/\/www.tourisme-volvestre.fr\/wp-content\/uploads\/2025\/05\/rieuxvolvestre_anim_papogay_fig@mathieucalviac-1-225x300.jpg 225w, https:\/\/www.tourisme-volvestre.fr\/wp-content\/uploads\/2025\/05\/rieuxvolvestre_anim_papogay_fig@mathieucalviac-1-768x1024.jpg 768w, https:\/\/www.tourisme-volvestre.fr\/wp-content\/uploads\/2025\/05\/rieuxvolvestre_anim_papogay_fig@mathieucalviac-1-1152x1536.jpg 1152w, https:\/\/www.tourisme-volvestre.fr\/wp-content\/uploads\/2025\/05\/rieuxvolvestre_anim_papogay_fig@mathieucalviac-1-1536x2048.jpg 1536w\" sizes=\"auto, (max-width: 1920px) 100vw, 1920px\" \/><figcaption class=\"wp-element-caption\">El &#8220;Tiro al Papogay&#8221; @MathieuCalviac<\/figcaption><\/figure>\n<\/div>\n\n\n\n<div class=\"wp-block-column is-layout-flow wp-block-column-is-layout-flow\">\n<h2 class=\"wp-block-heading has-text-align-center has-large-font-size\"><strong>Las fiestas del Papogay<\/strong><\/h2>\n\n\n\n<p class=\"has-contrast-2-color has-text-color has-link-color has-medium-font-size wp-elements-678c7c305b2dda1b24de6685d787ac9d\"><strong>\u00a1Los habitantes de Rieux-Volvestre han conseguido preservar y promover la tradici\u00f3n popular del \u201ctiro al Papogay\u201d !<\/strong><\/p>\n\n\n\n<p>Cada primer domingo de mayo se celebra el tiro al Papogay. <br\/>Un loro de metal se coloca en un poste de 45 metros de altura. El arquero que lo derriba se corona Rey de Papogay durante todo el a\u00f1o. <br\/><br\/>Este evento tambi\u00e9n incluye una misa en occitano y un desfile con trajes medievales. <br\/><br\/>\ud83d\udcc5 Primer fin de semana de mayo en Rieux-Volvestre.<\/p>\n\n\n\n<div class=\"wp-block-buttons is-content-justification-center is-layout-flex wp-container-core-buttons-is-layout-a89b3969 wp-block-buttons-is-layout-flex\">\n<div class=\"wp-block-button\"><a class=\"wp-block-button__link wp-element-button\" href=\"https:\/\/www.tourisme-volvestre.fr\/es\/el-papogay\/\">M\u00e1s informaci\u00f3n<\/a><\/div>\n\n\n\n<div class=\"wp-block-button\"><a class=\"wp-block-button__link wp-element-button\" href=\"https:\/\/www.tourisme-volvestre.fr\/es\/los-museos-de-la-oficina-de-turismo\/\">Museo del Papogay<\/a><\/div>\n<\/div>\n<\/div>\n<\/div>\n\n<div class=\"wp-block-columns is-layout-flex wp-container-core-columns-is-layout-28f84493 wp-block-columns-is-layout-flex\">\n<div class=\"wp-block-column is-layout-flow wp-block-column-is-layout-flow\">\n<h2 class=\"wp-block-heading has-text-align-center has-large-font-size\"><strong>Empreinte Carbonne<\/strong><\/h2>\n\n\n\n<p class=\"has-contrast-2-color has-text-color has-link-color has-medium-font-size wp-elements-c908fe1321e8c83aabb68ea294d4d1b8\"><strong>\u00a1El festival de novela negra se celebra cada a\u00f1o en la sala central de Carbonne !<\/strong><\/p>\n\n\n\n<p>Un evento que te permite conocer autores, descubrir nuevos libros, asistir a mesas redondas y pasear por la ciudad.<br\/><br\/>\ud83d\udcc5 En mayo en Carbonne.<\/p>\n\n\n\n<div class=\"wp-block-buttons is-content-justification-center is-layout-flex wp-container-core-buttons-is-layout-a89b3969 wp-block-buttons-is-layout-flex\">\n<div class=\"wp-block-button\"><a class=\"wp-block-button__link wp-element-button\" href=\"https:\/\/www.facebook.com\/EmpreinteCarbonne?locale=fr_FR\" target=\"_blank\" rel=\"noreferrer noopener\">\u00a1Descubre m\u00e1s! <\/a><\/div>\n<\/div>\n<\/div>\n\n\n\n<div class=\"wp-block-column is-layout-flow wp-block-column-is-layout-flow\">\n<figure class=\"wp-block-image aligncenter size-full is-style-rounded is-style-rounded--4\"><img loading=\"lazy\" decoding=\"async\" width=\"2048\" height=\"2048\" src=\"https:\/\/www.tourisme-volvestre.fr\/wp-content\/uploads\/2025\/06\/339084483_1226971844596074_2241416840056930004_n.jpg\" alt=\"\" class=\"wp-image-5007\" style=\"aspect-ratio:1;object-fit:cover\" srcset=\"https:\/\/www.tourisme-volvestre.fr\/wp-content\/uploads\/2025\/06\/339084483_1226971844596074_2241416840056930004_n.jpg 2048w, https:\/\/www.tourisme-volvestre.fr\/wp-content\/uploads\/2025\/06\/339084483_1226971844596074_2241416840056930004_n-300x300.jpg 300w, https:\/\/www.tourisme-volvestre.fr\/wp-content\/uploads\/2025\/06\/339084483_1226971844596074_2241416840056930004_n-1024x1024.jpg 1024w, https:\/\/www.tourisme-volvestre.fr\/wp-content\/uploads\/2025\/06\/339084483_1226971844596074_2241416840056930004_n-150x150.jpg 150w, https:\/\/www.tourisme-volvestre.fr\/wp-content\/uploads\/2025\/06\/339084483_1226971844596074_2241416840056930004_n-768x768.jpg 768w, https:\/\/www.tourisme-volvestre.fr\/wp-content\/uploads\/2025\/06\/339084483_1226971844596074_2241416840056930004_n-1536x1536.jpg 1536w\" sizes=\"auto, (max-width: 2048px) 100vw, 2048px\" \/><figcaption class=\"wp-element-caption\">Cartel 2025 @EmpreinteCarbonne<\/figcaption><\/figure>\n<\/div>\n<\/div>\n\n<div class=\"wp-block-columns is-layout-flex wp-container-core-columns-is-layout-28f84493 wp-block-columns-is-layout-flex\">\n<div class=\"wp-block-column is-layout-flow wp-block-column-is-layout-flow\">\n<h2 class=\"wp-block-heading has-text-align-center has-large-font-size\"><strong>Les rendez-vous aux jardins<\/strong>, journ\u00e9es des moulins<\/h2>\n\n\n\n<p class=\"has-contrast-2-color has-text-color has-link-color has-medium-font-size wp-elements-00bec50093b5c969d2e807c9a6f0af2a\"><strong>Una hermosa invitaci\u00f3n a reducir la velocidad, respirar\u2026 y maravillarse.<\/strong><\/p>\n\n\n\n<p>Descubra m\u00e1s de 2.200 parques y 600 jardines abiertos en toda Francia, \u00a1algunos de ellos excepcionalmente abiertos para la ocasi\u00f3n!<br\/><br\/>En colaboraci\u00f3n con C\u0153ur de Garonne y Bassin Auterivain, la Oficina de turismo del Volvestre te ofrece un programa repleto de paseos y descubrimientos ins\u00f3litos.<br\/><br\/>\ud83d\udcc5 Primer fin de semana de junio en el Volvestre.<\/p>\n\n\n\n<div class=\"wp-block-buttons is-content-justification-center is-layout-flex wp-container-core-buttons-is-layout-a89b3969 wp-block-buttons-is-layout-flex\">\n<div class=\"wp-block-button\"><a class=\"wp-block-button__link wp-element-button\" href=\"https:\/\/www.calameo.com\/read\/0071118531c922ce66519\" target=\"_blank\" rel=\"noreferrer noopener\">\u00a1Descubre m\u00e1s! <\/a><\/div>\n<\/div>\n<\/div>\n\n\n\n<div class=\"wp-block-column is-layout-flow wp-block-column-is-layout-flow\">\n<figure class=\"wp-block-image aligncenter size-full is-style-rounded is-style-rounded--5\"><img loading=\"lazy\" decoding=\"async\" width=\"789\" height=\"789\" src=\"https:\/\/www.tourisme-volvestre.fr\/wp-content\/uploads\/2025\/06\/492669658_1296578439139071_8408138316080646644_n-1.jpg\" alt=\"\" class=\"wp-image-5026\" style=\"aspect-ratio:1;object-fit:cover\" srcset=\"https:\/\/www.tourisme-volvestre.fr\/wp-content\/uploads\/2025\/06\/492669658_1296578439139071_8408138316080646644_n-1.jpg 789w, https:\/\/www.tourisme-volvestre.fr\/wp-content\/uploads\/2025\/06\/492669658_1296578439139071_8408138316080646644_n-1-300x300.jpg 300w, https:\/\/www.tourisme-volvestre.fr\/wp-content\/uploads\/2025\/06\/492669658_1296578439139071_8408138316080646644_n-1-150x150.jpg 150w, https:\/\/www.tourisme-volvestre.fr\/wp-content\/uploads\/2025\/06\/492669658_1296578439139071_8408138316080646644_n-1-768x768.jpg 768w\" sizes=\"auto, (max-width: 789px) 100vw, 789px\" \/><figcaption class=\"wp-element-caption\">Cartel 2025 @Minist\u00e8redelaCulture<\/figcaption><\/figure>\n<\/div>\n<\/div>\n\n<div class=\"wp-block-columns is-layout-flex wp-container-core-columns-is-layout-28f84493 wp-block-columns-is-layout-flex\">\n<div class=\"wp-block-column is-layout-flow wp-block-column-is-layout-flow\">\n<figure class=\"wp-block-image aligncenter size-full is-style-rounded is-style-rounded--6\"><img loading=\"lazy\" decoding=\"async\" width=\"2560\" height=\"1442\" src=\"https:\/\/www.tourisme-volvestre.fr\/wp-content\/uploads\/2025\/08\/longages_naturolacs_2025@oti.jpg\" alt=\"\" class=\"wp-image-8474\" style=\"aspect-ratio:1;object-fit:cover\" srcset=\"https:\/\/www.tourisme-volvestre.fr\/wp-content\/uploads\/2025\/08\/longages_naturolacs_2025@oti.jpg 2560w, https:\/\/www.tourisme-volvestre.fr\/wp-content\/uploads\/2025\/08\/longages_naturolacs_2025@oti-300x169.jpg 300w, https:\/\/www.tourisme-volvestre.fr\/wp-content\/uploads\/2025\/08\/longages_naturolacs_2025@oti-1024x577.jpg 1024w, https:\/\/www.tourisme-volvestre.fr\/wp-content\/uploads\/2025\/08\/longages_naturolacs_2025@oti-768x433.jpg 768w, https:\/\/www.tourisme-volvestre.fr\/wp-content\/uploads\/2025\/08\/longages_naturolacs_2025@oti-1536x865.jpg 1536w, https:\/\/www.tourisme-volvestre.fr\/wp-content\/uploads\/2025\/08\/longages_naturolacs_2025@oti-2048x1154.jpg 2048w\" sizes=\"auto, (max-width: 2560px) 100vw, 2560px\" \/><figcaption class=\"wp-element-caption\">Naturolacs en Longages @OTIduVolvestre<\/figcaption><\/figure>\n<\/div>\n\n\n\n<div class=\"wp-block-column is-layout-flow wp-block-column-is-layout-flow\">\n<h2 class=\"wp-block-heading has-text-align-center has-large-font-size\"><strong>Naturolacs<\/strong><\/h2>\n\n\n\n<p class=\"has-contrast-2-color has-text-color has-link-color has-medium-font-size wp-elements-f6b5c8b0af7fc7d4e3a2b6b2c2c07dc8\"><strong>Un evento verde en el Volvestre, al borde de los lagos de Sabatouse en Longages <\/strong><\/p>\n\n\n\n<p>Participa en talleres, pasea por el mercado de agricultores y artesanos, asiste a un espect\u00e1culo y disfruta de muchas otras actividades para toda la familia. <br\/><br\/>\ud83d\udcc5 En junio en Longages.<\/p>\n<\/div>\n<\/div>\n\n<div class=\"wp-block-columns is-layout-flex wp-container-core-columns-is-layout-28f84493 wp-block-columns-is-layout-flex\">\n<div class=\"wp-block-column is-layout-flow wp-block-column-is-layout-flow\">\n<h2 class=\"wp-block-heading has-text-align-center has-large-font-size\"><strong>Lafitt&#8217;en Afrik<\/strong><\/h2>\n\n\n\n<p class=\"has-contrast-2-color has-text-color has-link-color has-medium-font-size wp-elements-4cb637d4b82eb2dd4bfc0eae7187ac08\"><strong>Un fin de semana ex\u00f3tico en el coraz\u00f3n del Volvestre.<\/strong><\/p>\n\n\n\n<p>En el programa, disfrute de conciertos, bailes y espect\u00e1culos directamente desde \u00c1frica. <br\/><br\/>\ud83d\udcc5 En junio, en Lafitte-Vigordane.<\/p>\n\n\n\n<div class=\"wp-block-buttons is-content-justification-center is-layout-flex wp-container-core-buttons-is-layout-a89b3969 wp-block-buttons-is-layout-flex\">\n<div class=\"wp-block-button\"><a class=\"wp-block-button__link wp-element-button\" href=\"https:\/\/www.facebook.com\/lafitten.afrik\" target=\"_blank\" rel=\"noreferrer noopener\">M\u00e1s informaci\u00f3n<\/a><\/div>\n<\/div>\n<\/div>\n\n\n\n<div class=\"wp-block-column is-layout-flow wp-block-column-is-layout-flow\">\n<figure class=\"wp-block-image aligncenter size-full is-style-rounded is-style-rounded--7\"><img loading=\"lazy\" decoding=\"async\" width=\"960\" height=\"960\" src=\"https:\/\/www.tourisme-volvestre.fr\/wp-content\/uploads\/2025\/08\/443713088_761156656193935_8011299832844958155_n.jpg\" alt=\"\" class=\"wp-image-8480\" style=\"aspect-ratio:1;object-fit:cover\" srcset=\"https:\/\/www.tourisme-volvestre.fr\/wp-content\/uploads\/2025\/08\/443713088_761156656193935_8011299832844958155_n.jpg 960w, https:\/\/www.tourisme-volvestre.fr\/wp-content\/uploads\/2025\/08\/443713088_761156656193935_8011299832844958155_n-300x300.jpg 300w, https:\/\/www.tourisme-volvestre.fr\/wp-content\/uploads\/2025\/08\/443713088_761156656193935_8011299832844958155_n-150x150.jpg 150w, https:\/\/www.tourisme-volvestre.fr\/wp-content\/uploads\/2025\/08\/443713088_761156656193935_8011299832844958155_n-768x768.jpg 768w\" sizes=\"auto, (max-width: 960px) 100vw, 960px\" \/><figcaption class=\"wp-element-caption\">LaFitt&#8217; en Afrik 2024 en Lafitte-Vigordane @LaFitt&#8217;enAfrik<\/figcaption><\/figure>\n<\/div>\n<\/div>\n\n<div class=\"wp-block-columns is-layout-flex wp-container-core-columns-is-layout-28f84493 wp-block-columns-is-layout-flex\">\n<div class=\"wp-block-column is-layout-flow wp-block-column-is-layout-flow\">\n<figure class=\"wp-block-image aligncenter size-full is-style-rounded is-style-rounded--8\"><img loading=\"lazy\" decoding=\"async\" width=\"923\" height=\"585\" src=\"https:\/\/www.tourisme-volvestre.fr\/wp-content\/uploads\/2025\/06\/Capture-decran-2021-04-26-a-10.32.41-1024x649-2.png\" alt=\"\" class=\"wp-image-4986\" style=\"aspect-ratio:1;object-fit:cover\" srcset=\"https:\/\/www.tourisme-volvestre.fr\/wp-content\/uploads\/2025\/06\/Capture-decran-2021-04-26-a-10.32.41-1024x649-2.png 923w, https:\/\/www.tourisme-volvestre.fr\/wp-content\/uploads\/2025\/06\/Capture-decran-2021-04-26-a-10.32.41-1024x649-2-300x190.png 300w, https:\/\/www.tourisme-volvestre.fr\/wp-content\/uploads\/2025\/06\/Capture-decran-2021-04-26-a-10.32.41-1024x649-2-768x487.png 768w\" sizes=\"auto, (max-width: 923px) 100vw, 923px\" \/><figcaption class=\"wp-element-caption\">L&#8217;\u00cele au th\u00e9\u00e2tre @Jean-ChristopheCharrier<\/figcaption><\/figure>\n<\/div>\n\n\n\n<div class=\"wp-block-column is-layout-flow wp-block-column-is-layout-flow\">\n<h2 class=\"wp-block-heading has-text-align-center has-large-font-size\"><strong>L&#8217;\u00eele au th\u00e9\u00e2tre<\/strong><\/h2>\n\n\n\n<p class=\"has-contrast-2-color has-text-color has-link-color has-medium-font-size wp-elements-76eab10d1b735e1beab194ef07b41d8f\"><strong>El festival L&#8217;\u00eele au th\u00e9\u00e2tre se desarrolla durante 3 d\u00edas el primer fin de semana de junio.<\/strong><\/p>\n\n\n\n<p>La carpa presenta cuatro espect\u00e1culos (incluido uno para p\u00fablico infantil) en l&#8217;\u00eele du Ramier en Montesquieu-Volvestre. Este festival, una celebraci\u00f3n del teatro popular, busca introducir al p\u00fablico a la obra teatral. <br\/><br\/>M\u00e1s que nunca, ofrece un programa ecl\u00e9ctico, sobre el tema de la risa hasta las l\u00e1grimas.<br\/><br\/>\ud83d\udcc5 En junio en Montesquieu-Volvestre.<\/p>\n\n\n\n<div class=\"wp-block-buttons is-content-justification-center is-layout-flex wp-container-core-buttons-is-layout-a89b3969 wp-block-buttons-is-layout-flex\">\n<div class=\"wp-block-button\"><a class=\"wp-block-button__link wp-element-button\" href=\"https:\/\/lileautheatre.fr\/\" target=\"_blank\" rel=\"noreferrer noopener\">M\u00e1s informaci\u00f3n<\/a><\/div>\n<\/div>\n<\/div>\n<\/div>\n\n<div class=\"wp-block-columns is-layout-flex wp-container-core-columns-is-layout-28f84493 wp-block-columns-is-layout-flex\">\n<div class=\"wp-block-column is-layout-flow wp-block-column-is-layout-flow\">\n<h2 class=\"wp-block-heading has-text-align-center has-large-font-size\"><strong><strong>Le Festival du Conte<\/strong><\/strong><\/h2>\n\n\n\n<p class=\"has-contrast-2-color has-text-color has-link-color has-medium-font-size wp-elements-28ec23d874144682d796575cac5d3b29\"><strong>\u00a1El Festival du Conte se pasa durante tres d\u00edas de cuentacuentos! <\/strong><\/p>\n\n\n\n<p class=\"has-contrast-color has-text-color has-link-color has-medium-font-size wp-elements-74aefa194bf56a44aef4aa060b60c7f1\">Los narradores de la Asociaci\u00f3n Et Cric et Crac au bout du conte se re\u00fanen cada a\u00f1o en julio, en varias localidades, para compartir su pasi\u00f3n con ustedes en un ambiente agradable.<br\/><br\/>\ud83d\udcc5 En julio en el Volvestre.<\/p>\n<\/div>\n\n\n\n<div class=\"wp-block-column is-layout-flow wp-block-column-is-layout-flow\">\n<figure class=\"wp-block-image aligncenter size-full is-style-rounded is-style-rounded--9\"><img loading=\"lazy\" decoding=\"async\" width=\"1024\" height=\"673\" src=\"https:\/\/www.tourisme-volvestre.fr\/wp-content\/uploads\/2025\/06\/Capture-decran-2021-04-26-a-10.42.24-1024x673-1.jpg\" alt=\"\" class=\"wp-image-4993\" style=\"aspect-ratio:1;object-fit:cover\" srcset=\"https:\/\/www.tourisme-volvestre.fr\/wp-content\/uploads\/2025\/06\/Capture-decran-2021-04-26-a-10.42.24-1024x673-1.jpg 1024w, https:\/\/www.tourisme-volvestre.fr\/wp-content\/uploads\/2025\/06\/Capture-decran-2021-04-26-a-10.42.24-1024x673-1-300x197.jpg 300w, https:\/\/www.tourisme-volvestre.fr\/wp-content\/uploads\/2025\/06\/Capture-decran-2021-04-26-a-10.42.24-1024x673-1-768x505.jpg 768w\" sizes=\"auto, (max-width: 1024px) 100vw, 1024px\" \/><figcaption class=\"wp-element-caption\">Le Festival du Conte @EtCricetCracauboutdumonde<\/figcaption><\/figure>\n<\/div>\n<\/div>\n\n<div class=\"wp-block-columns is-layout-flex wp-container-core-columns-is-layout-28f84493 wp-block-columns-is-layout-flex\">\n<div class=\"wp-block-column is-layout-flow wp-block-column-is-layout-flow\">\n<figure class=\"wp-block-image aligncenter size-full is-style-rounded is-style-rounded--10\"><img loading=\"lazy\" decoding=\"async\" width=\"1920\" height=\"2560\" src=\"https:\/\/www.tourisme-volvestre.fr\/wp-content\/uploads\/2025\/05\/rieuxvolvestre_patrimoine_tourasse_theatre_zoom@lisaoti-4-scaled.jpeg\" alt=\"\" class=\"wp-image-1615\" style=\"aspect-ratio:1;object-fit:cover\" srcset=\"https:\/\/www.tourisme-volvestre.fr\/wp-content\/uploads\/2025\/05\/rieuxvolvestre_patrimoine_tourasse_theatre_zoom@lisaoti-4-scaled.jpeg 1920w, https:\/\/www.tourisme-volvestre.fr\/wp-content\/uploads\/2025\/05\/rieuxvolvestre_patrimoine_tourasse_theatre_zoom@lisaoti-4-225x300.jpeg 225w, https:\/\/www.tourisme-volvestre.fr\/wp-content\/uploads\/2025\/05\/rieuxvolvestre_patrimoine_tourasse_theatre_zoom@lisaoti-4-768x1024.jpeg 768w, https:\/\/www.tourisme-volvestre.fr\/wp-content\/uploads\/2025\/05\/rieuxvolvestre_patrimoine_tourasse_theatre_zoom@lisaoti-4-1152x1536.jpeg 1152w, https:\/\/www.tourisme-volvestre.fr\/wp-content\/uploads\/2025\/05\/rieuxvolvestre_patrimoine_tourasse_theatre_zoom@lisaoti-4-1536x2048.jpeg 1536w\" sizes=\"auto, (max-width: 1920px) 100vw, 1920px\" \/><figcaption class=\"wp-element-caption\">La Tourasse, el &#8220;th\u00e9\u00e2tre \u00e0 l&#8217;italienne&#8221; @OTIduVolvestre<\/figcaption><\/figure>\n<\/div>\n\n\n\n<div class=\"wp-block-column is-layout-flow wp-block-column-is-layout-flow\">\n<h2 class=\"wp-block-heading has-text-align-center has-large-font-size\"><strong><strong><strong>Les Th\u00e9\u00e2trales du Volvestre<\/strong><\/strong><\/strong><\/h2>\n\n\n\n<p class=\"has-contrast-2-color has-text-color has-link-color has-medium-font-size wp-elements-dbe90f09936b434acdd257b69a053531\"><strong>Este festival, dedicado a todas las formas de teatro, cuenta con el apoyo de Tour&#8217;Art Collectif en colaboraci\u00f3n con el Ayuntamiento de Rieux-Volvestre.<\/strong><\/p>\n\n\n\n<p>Re\u00fane a la ciudad, asociaciones culturales y residentes en torno al proyecto de rehabilitaci\u00f3n de La Tourasse (un teatro de estilo italiano que data de 1923).<br\/><br\/>\ud83d\udcc5 Primer fin de semana de agosto en Rieux-Volvestre.<\/p>\n<\/div>\n<\/div>\n\n<div class=\"wp-block-columns is-layout-flex wp-container-core-columns-is-layout-28f84493 wp-block-columns-is-layout-flex\">\n<div class=\"wp-block-column is-layout-flow wp-block-column-is-layout-flow\">\n<h2 class=\"wp-block-heading has-text-align-center has-large-font-size\"><strong><strong>Festival du Film Britannique<\/strong><\/strong><\/h2>\n\n\n\n<p class=\"has-contrast-2-color has-text-color has-link-color has-medium-font-size wp-elements-81fece5cf77915a289902d234527b1c0\"><strong>Cada a\u00f1o, Montesquieu-Volvestre acoge el Festival du Film Britannique<\/strong><\/p>\n\n\n\n<p>El Festival te invita a descubrir su selecci\u00f3n de pel\u00edculas inglesas e irlandesas, proyectadas en versi\u00f3n original subtitulada.<br\/><br\/>\ud83d\udcc5 Este agosto en Montesquieu-Volvestre.<\/p>\n<\/div>\n\n\n\n<div class=\"wp-block-column is-layout-flow wp-block-column-is-layout-flow\">\n<figure class=\"wp-block-image aligncenter size-full is-style-rounded is-style-rounded--11\"><img loading=\"lazy\" decoding=\"async\" width=\"2560\" height=\"2560\" src=\"https:\/\/www.tourisme-volvestre.fr\/wp-content\/uploads\/2025\/08\/20250707_FFB_RESEAUX_SOCIAUX_FB_IMAGE_PRINCIPALE-1.jpg\" alt=\"\" class=\"wp-image-8488\" style=\"aspect-ratio:1;object-fit:cover\" srcset=\"https:\/\/www.tourisme-volvestre.fr\/wp-content\/uploads\/2025\/08\/20250707_FFB_RESEAUX_SOCIAUX_FB_IMAGE_PRINCIPALE-1.jpg 2560w, https:\/\/www.tourisme-volvestre.fr\/wp-content\/uploads\/2025\/08\/20250707_FFB_RESEAUX_SOCIAUX_FB_IMAGE_PRINCIPALE-1-300x300.jpg 300w, https:\/\/www.tourisme-volvestre.fr\/wp-content\/uploads\/2025\/08\/20250707_FFB_RESEAUX_SOCIAUX_FB_IMAGE_PRINCIPALE-1-1024x1024.jpg 1024w, https:\/\/www.tourisme-volvestre.fr\/wp-content\/uploads\/2025\/08\/20250707_FFB_RESEAUX_SOCIAUX_FB_IMAGE_PRINCIPALE-1-150x150.jpg 150w, https:\/\/www.tourisme-volvestre.fr\/wp-content\/uploads\/2025\/08\/20250707_FFB_RESEAUX_SOCIAUX_FB_IMAGE_PRINCIPALE-1-768x768.jpg 768w, https:\/\/www.tourisme-volvestre.fr\/wp-content\/uploads\/2025\/08\/20250707_FFB_RESEAUX_SOCIAUX_FB_IMAGE_PRINCIPALE-1-1536x1536.jpg 1536w, https:\/\/www.tourisme-volvestre.fr\/wp-content\/uploads\/2025\/08\/20250707_FFB_RESEAUX_SOCIAUX_FB_IMAGE_PRINCIPALE-1-2048x2048.jpg 2048w\" sizes=\"auto, (max-width: 2560px) 100vw, 2560px\" \/><figcaption class=\"wp-element-caption\">Cartel 2025 @FestivalduFilmBritannique<\/figcaption><\/figure>\n<\/div>\n<\/div>\n\n<div class=\"wp-block-columns is-layout-flex wp-container-core-columns-is-layout-28f84493 wp-block-columns-is-layout-flex\">\n<div class=\"wp-block-column is-layout-flow wp-block-column-is-layout-flow\">\n<figure class=\"wp-block-image aligncenter size-full is-style-rounded is-style-rounded--12\"><img loading=\"lazy\" decoding=\"async\" width=\"972\" height=\"639\" src=\"https:\/\/www.tourisme-volvestre.fr\/wp-content\/uploads\/2025\/06\/Capture-decran-2021-04-26-a-10.36.58-1024x673-1.jpg\" alt=\"\" class=\"wp-image-4990\" style=\"aspect-ratio:1;object-fit:cover\" srcset=\"https:\/\/www.tourisme-volvestre.fr\/wp-content\/uploads\/2025\/06\/Capture-decran-2021-04-26-a-10.36.58-1024x673-1.jpg 972w, https:\/\/www.tourisme-volvestre.fr\/wp-content\/uploads\/2025\/06\/Capture-decran-2021-04-26-a-10.36.58-1024x673-1-300x197.jpg 300w, https:\/\/www.tourisme-volvestre.fr\/wp-content\/uploads\/2025\/06\/Capture-decran-2021-04-26-a-10.36.58-1024x673-1-768x505.jpg 768w\" sizes=\"auto, (max-width: 972px) 100vw, 972px\" \/><figcaption class=\"wp-element-caption\">Festival @Les31notesd&#8217;\u00e9t\u00e9<\/figcaption><\/figure>\n<\/div>\n\n\n\n<div class=\"wp-block-column is-layout-flow wp-block-column-is-layout-flow\">\n<h2 class=\"wp-block-heading has-text-align-center has-large-font-size\">Festival <strong><strong>Les 31 Notes d&#8217;\u00e9t\u00e9<\/strong><\/strong><\/h2>\n\n\n\n<p class=\"has-contrast-2-color has-text-color has-link-color has-medium-font-size wp-elements-20db05225d3b3dbeecc731d2f7195bed\"><strong>Consejo Departamental de Haute-Garonne le ofrece una inteligente combinaci\u00f3n de m\u00fasica, espect\u00e1culos, exposiciones y descubrimientos del patrimonio local.<\/strong><\/p>\n\n\n\n<p>J\u00f3venes talentos de Haute-Garonne y tesoros locales te cautivar\u00e1n en una treintena de centros urbanos del departamento.<br\/><br\/>\ud83d\udcc5 Cada dos a\u00f1os, en agosto; el pr\u00f3ximo tendr\u00e1 lugar en 2026 en el Volvestre.<\/p>\n<\/div>\n<\/div>\n\n<div class=\"wp-block-columns is-layout-flex wp-container-core-columns-is-layout-28f84493 wp-block-columns-is-layout-flex\">\n<div class=\"wp-block-column is-layout-flow wp-block-column-is-layout-flow\">\n<h2 class=\"wp-block-heading has-text-align-center has-large-font-size\"><strong><strong><strong>Antic&#8217;Agri<\/strong><\/strong><\/strong><\/h2>\n\n\n\n<p class=\"has-contrast-2-color has-text-color has-link-color wp-elements-d1eca40a5c8ab3d48d8eab5e8a711dc2\"><strong>Un evento organizado por la asociaci\u00f3n Labour Passion.<\/strong><\/p>\n\n\n\n<p class=\"has-contrast-color has-text-color has-link-color wp-elements-ee605806f667b59814855c7d2918e6de\">Una feria de intercambio, antiguos oficios, concursos de arado, una minigranja y demostraciones agr\u00edcolas le esperan cada a\u00f1o el primer fin de semana de septiembre en Longages, en una parcela de casi 20 hect\u00e1reas<br\/><br\/>\ud83d\udcc5 Primer fin de semana de septiembre en Longages.<\/p>\n\n\n\n<div class=\"wp-block-buttons is-content-justification-center is-layout-flex wp-container-core-buttons-is-layout-a89b3969 wp-block-buttons-is-layout-flex\">\n<div class=\"wp-block-button\"><a class=\"wp-block-button__link wp-element-button\" href=\"https:\/\/www.facebook.com\/p\/Labour-Passion-100071241434167\/?locale=fr_FR\" target=\"_blank\" rel=\"noreferrer noopener\">M\u00e1s informaci\u00f3n<\/a><\/div>\n<\/div>\n<\/div>\n\n\n\n<div class=\"wp-block-column is-layout-flow wp-block-column-is-layout-flow\">\n<figure class=\"wp-block-image aligncenter size-full is-style-rounded is-style-rounded--13\"><img loading=\"lazy\" decoding=\"async\" width=\"1022\" height=\"679\" src=\"https:\/\/www.tourisme-volvestre.fr\/wp-content\/uploads\/2025\/06\/longages_anticagri_tracteurs@oti.jpg\" alt=\"\" class=\"wp-image-4996\" style=\"aspect-ratio:1;object-fit:cover\" srcset=\"https:\/\/www.tourisme-volvestre.fr\/wp-content\/uploads\/2025\/06\/longages_anticagri_tracteurs@oti.jpg 1022w, https:\/\/www.tourisme-volvestre.fr\/wp-content\/uploads\/2025\/06\/longages_anticagri_tracteurs@oti-300x199.jpg 300w, https:\/\/www.tourisme-volvestre.fr\/wp-content\/uploads\/2025\/06\/longages_anticagri_tracteurs@oti-768x510.jpg 768w\" sizes=\"auto, (max-width: 1022px) 100vw, 1022px\" \/><figcaption class=\"wp-element-caption\">Antic&#8217;Agri @OfficeduTourismeduVolvestre<\/figcaption><\/figure>\n<\/div>\n<\/div>\n\n<div class=\"wp-block-columns is-layout-flex wp-container-core-columns-is-layout-28f84493 wp-block-columns-is-layout-flex\">\n<div class=\"wp-block-column is-layout-flow wp-block-column-is-layout-flow\">\n<figure class=\"wp-block-image aligncenter size-full is-style-rounded is-style-rounded--14\"><img loading=\"lazy\" decoding=\"async\" width=\"2220\" height=\"2220\" src=\"https:\/\/www.tourisme-volvestre.fr\/wp-content\/uploads\/2025\/06\/bbdffc101d05-Affiche-A4.pdf-1.jpg\" alt=\"\" class=\"wp-image-5017\" style=\"aspect-ratio:1;object-fit:cover\" srcset=\"https:\/\/www.tourisme-volvestre.fr\/wp-content\/uploads\/2025\/06\/bbdffc101d05-Affiche-A4.pdf-1.jpg 2220w, https:\/\/www.tourisme-volvestre.fr\/wp-content\/uploads\/2025\/06\/bbdffc101d05-Affiche-A4.pdf-1-300x300.jpg 300w, https:\/\/www.tourisme-volvestre.fr\/wp-content\/uploads\/2025\/06\/bbdffc101d05-Affiche-A4.pdf-1-1024x1024.jpg 1024w, https:\/\/www.tourisme-volvestre.fr\/wp-content\/uploads\/2025\/06\/bbdffc101d05-Affiche-A4.pdf-1-150x150.jpg 150w, https:\/\/www.tourisme-volvestre.fr\/wp-content\/uploads\/2025\/06\/bbdffc101d05-Affiche-A4.pdf-1-768x768.jpg 768w, https:\/\/www.tourisme-volvestre.fr\/wp-content\/uploads\/2025\/06\/bbdffc101d05-Affiche-A4.pdf-1-1536x1536.jpg 1536w, https:\/\/www.tourisme-volvestre.fr\/wp-content\/uploads\/2025\/06\/bbdffc101d05-Affiche-A4.pdf-1-2048x2048.jpg 2048w\" sizes=\"auto, (max-width: 2220px) 100vw, 2220px\" \/><figcaption class=\"wp-element-caption\">Cartel @Minist\u00e8redelaCulture<\/figcaption><\/figure>\n<\/div>\n\n\n\n<div class=\"wp-block-column is-layout-flow wp-block-column-is-layout-flow\">\n<h2 class=\"wp-block-heading has-text-align-center has-large-font-size\"><strong>Les Journ\u00e9es Europ\u00e9ennes du Patrimoine<\/strong><\/h2>\n\n\n\n<p class=\"has-contrast-2-color has-text-color has-link-color has-medium-font-size wp-elements-541191379a76ca462369c61a524c948c\"><strong>Visitas originales y lugares abiertos especialmente para la ocasi\u00f3n. \u00a1Participa en las Jornadas Europeas del Patrimonio!<\/strong><\/p>\n\n\n\n<p>\u00a1Descubre un nuevo tema cada a\u00f1o!<br\/>En 2025, el tema ser\u00e1 \u00abpatrimonio arquitect\u00f3nico\u00bb.<br\/><br\/>\ud83d\udcc5 Tercer fin de semana de septiembre en el Volvestre.<\/p>\n\n\n\n<div class=\"wp-block-buttons is-content-justification-center is-layout-flex wp-container-core-buttons-is-layout-a89b3969 wp-block-buttons-is-layout-flex\">\n<div class=\"wp-block-button\"><a class=\"wp-block-button__link wp-element-button\" href=\"https:\/\/journeesdupatrimoine.culture.gouv.fr\/\" target=\"_blank\" rel=\"noreferrer noopener\">M\u00e1s informaci\u00f3n<\/a><\/div>\n<\/div>\n<\/div>\n<\/div>\n\n<div class=\"wp-block-columns is-layout-flex wp-container-core-columns-is-layout-28f84493 wp-block-columns-is-layout-flex\">\n<div class=\"wp-block-column is-layout-flow wp-block-column-is-layout-flow\">\n<h2 class=\"wp-block-heading has-text-align-center has-large-font-size\"><strong><strong><strong><strong>Les fruits oubli\u00e9s<\/strong><\/strong><\/strong><\/strong><\/h2>\n\n\n\n<p class=\"has-contrast-2-color has-text-color has-link-color has-medium-font-size wp-elements-2e4b441385af82cd8b778d65f37224a1\"><strong>Una gran celebraci\u00f3n que resalta los frutos de anta\u00f1o.<\/strong><\/p>\n\n\n\n<p>Descubra la bot\u00e1nica y el terru\u00f1o de anta\u00f1o : membrillos, n\u00edsperos, physalis, caquis, madro\u00f1os, sa\u00facos&#8230; Frutas que sin duda habr\u00e1 olvidado, pero que a\u00fan perduran en nuestros huertos y jardines. <br\/><br\/>\ud83d\udcc5 Finales de septiembre en Rieux-Volvestre.<\/p>\n<\/div>\n\n\n\n<div class=\"wp-block-column is-layout-flow wp-block-column-is-layout-flow\">\n<figure class=\"wp-block-image aligncenter size-full is-style-rounded is-style-rounded--15\"><img loading=\"lazy\" decoding=\"async\" width=\"1920\" height=\"2560\" src=\"https:\/\/www.tourisme-volvestre.fr\/wp-content\/uploads\/2025\/05\/rieuxvolvestre_animation_fruitsoublies_fruits@arthuroti-scaled.jpg\" alt=\"\" class=\"wp-image-3014\" style=\"aspect-ratio:1;object-fit:cover\" srcset=\"https:\/\/www.tourisme-volvestre.fr\/wp-content\/uploads\/2025\/05\/rieuxvolvestre_animation_fruitsoublies_fruits@arthuroti-scaled.jpg 1920w, https:\/\/www.tourisme-volvestre.fr\/wp-content\/uploads\/2025\/05\/rieuxvolvestre_animation_fruitsoublies_fruits@arthuroti-225x300.jpg 225w, https:\/\/www.tourisme-volvestre.fr\/wp-content\/uploads\/2025\/05\/rieuxvolvestre_animation_fruitsoublies_fruits@arthuroti-768x1024.jpg 768w, https:\/\/www.tourisme-volvestre.fr\/wp-content\/uploads\/2025\/05\/rieuxvolvestre_animation_fruitsoublies_fruits@arthuroti-1152x1536.jpg 1152w, https:\/\/www.tourisme-volvestre.fr\/wp-content\/uploads\/2025\/05\/rieuxvolvestre_animation_fruitsoublies_fruits@arthuroti-1536x2048.jpg 1536w\" sizes=\"auto, (max-width: 1920px) 100vw, 1920px\" \/><figcaption class=\"wp-element-caption\">Festival Les Fruits Oubli\u00e9s @OTIduVolvestre<\/figcaption><\/figure>\n<\/div>\n<\/div>\n\n<div class=\"wp-block-columns is-layout-flex wp-container-core-columns-is-layout-28f84493 wp-block-columns-is-layout-flex\">\n<div class=\"wp-block-column is-layout-flow wp-block-column-is-layout-flow\">\n<figure class=\"wp-block-image aligncenter size-full is-style-rounded is-style-rounded--16\"><img loading=\"lazy\" decoding=\"async\" width=\"2560\" height=\"1707\" src=\"https:\/\/www.tourisme-volvestre.fr\/wp-content\/uploads\/2026\/03\/lahitere_animaux_vache_regard@oceaneoti.jpg\" alt=\"\" class=\"wp-image-11705\" style=\"aspect-ratio:1;object-fit:cover\" srcset=\"https:\/\/www.tourisme-volvestre.fr\/wp-content\/uploads\/2026\/03\/lahitere_animaux_vache_regard@oceaneoti.jpg 2560w, https:\/\/www.tourisme-volvestre.fr\/wp-content\/uploads\/2026\/03\/lahitere_animaux_vache_regard@oceaneoti-300x200.jpg 300w, https:\/\/www.tourisme-volvestre.fr\/wp-content\/uploads\/2026\/03\/lahitere_animaux_vache_regard@oceaneoti-1024x683.jpg 1024w, https:\/\/www.tourisme-volvestre.fr\/wp-content\/uploads\/2026\/03\/lahitere_animaux_vache_regard@oceaneoti-768x512.jpg 768w, https:\/\/www.tourisme-volvestre.fr\/wp-content\/uploads\/2026\/03\/lahitere_animaux_vache_regard@oceaneoti-1536x1024.jpg 1536w, https:\/\/www.tourisme-volvestre.fr\/wp-content\/uploads\/2026\/03\/lahitere_animaux_vache_regard@oceaneoti-2048x1366.jpg 2048w\" sizes=\"auto, (max-width: 2560px) 100vw, 2560px\" \/><figcaption class=\"wp-element-caption\">@OTIduVolvestre.<\/figcaption><\/figure>\n<\/div>\n\n\n\n<div class=\"wp-block-column is-layout-flow wp-block-column-is-layout-flow\">\n<h2 class=\"wp-block-heading has-text-align-center has-large-font-size\"><strong><strong><strong><strong>Les Journ\u00e9es Agricoles du Volvestre<\/strong><\/strong><\/strong><\/strong><\/h2>\n\n\n\n<p class=\"has-contrast-2-color has-text-color has-link-color has-medium-font-size wp-elements-d1aaecfb516cee4c15332ec3f86e8f3d\"><strong>Cada 3 a\u00f1os se celebran en Montesquieu-Volvestre las Jornadas Agr\u00edcolas del Volvestre. <\/strong><\/p>\n\n\n\n<p>Este evento, con m\u00e1s de 50 a\u00f1os de antig\u00fcedad, ofrece al p\u00fablico la oportunidad de conocer m\u00e1s sobre las razas de animales que se cr\u00edan en nuestra regi\u00f3n.<br\/><br\/>Tambi\u00e9n es un punto de encuentro para la vida rural, con numerosas actividades, zonas de juego para ni\u00f1os y descubrimientos sorprendentes en cada puesto.<br\/><br\/> \ud83d\udcc5 En septiembre, un a\u00f1o de cada tres en Montesquieu-Volvestre.<\/p>\n<\/div>\n<\/div>\n\n<div class=\"wp-block-columns is-layout-flex wp-container-core-columns-is-layout-28f84493 wp-block-columns-is-layout-flex\">\n<div class=\"wp-block-column is-layout-flow wp-block-column-is-layout-flow\">\n<h2 class=\"wp-block-heading has-text-align-center has-large-font-size\"><strong><strong><strong><strong>Les 16 jours de Samonios <\/strong><\/strong><\/strong><\/strong><\/h2>\n\n\n\n<p class=\"has-contrast-2-color has-text-color has-link-color has-medium-font-size wp-elements-73cde61cf913440017762516bd1b8713\"><strong>Cada a\u00f1o, el Village Gaulois te invita a volver a los or\u00edgenes de Halloween.<\/strong><\/p>\n\n\n\n<p>Las fiestas de Samonios te invitan a descubrir seis demostraciones de artesan\u00eda gala. <br\/><br\/>\ud83d\udcc5 En octubre. <\/p>\n\n\n\n<div class=\"wp-block-buttons is-content-justification-center is-layout-flex wp-container-core-buttons-is-layout-a89b3969 wp-block-buttons-is-layout-flex\">\n<div class=\"wp-block-button\"><a class=\"wp-block-button__link wp-element-button\" href=\"https:\/\/www.village-gaulois.org\/visites-et-activites\/les-rendez-vous-annuels\/#:~:text=Durant%2016%20jours%2C%20les%20festivit%C3%A9s,selon%20le%20programme%20du%20jour)\" target=\"_blank\" rel=\"noreferrer noopener\">Eventos destacados <\/a><\/div>\n<\/div>\n<\/div>\n\n\n\n<div class=\"wp-block-column is-layout-flow wp-block-column-is-layout-flow\">\n<figure class=\"wp-block-image aligncenter size-full is-style-rounded is-style-rounded--17\"><img loading=\"lazy\" decoding=\"async\" width=\"2176\" height=\"1709\" src=\"https:\/\/www.tourisme-volvestre.fr\/wp-content\/uploads\/2025\/08\/rieuxvolvestre_villagegaulois_famille_loisirs_fig_entree@pierrehonore-e1754574720756.jpg\" alt=\"\" class=\"wp-image-8462\" style=\"aspect-ratio:1;object-fit:cover\" srcset=\"https:\/\/www.tourisme-volvestre.fr\/wp-content\/uploads\/2025\/08\/rieuxvolvestre_villagegaulois_famille_loisirs_fig_entree@pierrehonore-e1754574720756.jpg 2176w, https:\/\/www.tourisme-volvestre.fr\/wp-content\/uploads\/2025\/08\/rieuxvolvestre_villagegaulois_famille_loisirs_fig_entree@pierrehonore-e1754574720756-300x236.jpg 300w, https:\/\/www.tourisme-volvestre.fr\/wp-content\/uploads\/2025\/08\/rieuxvolvestre_villagegaulois_famille_loisirs_fig_entree@pierrehonore-e1754574720756-1024x804.jpg 1024w, https:\/\/www.tourisme-volvestre.fr\/wp-content\/uploads\/2025\/08\/rieuxvolvestre_villagegaulois_famille_loisirs_fig_entree@pierrehonore-e1754574720756-768x603.jpg 768w, https:\/\/www.tourisme-volvestre.fr\/wp-content\/uploads\/2025\/08\/rieuxvolvestre_villagegaulois_famille_loisirs_fig_entree@pierrehonore-e1754574720756-1536x1206.jpg 1536w, https:\/\/www.tourisme-volvestre.fr\/wp-content\/uploads\/2025\/08\/rieuxvolvestre_villagegaulois_famille_loisirs_fig_entree@pierrehonore-e1754574720756-2048x1608.jpg 2048w\" sizes=\"auto, (max-width: 2176px) 100vw, 2176px\" \/><figcaption class=\"wp-element-caption\">Le Village Gaulois en Saint-Julien-sur-Garonne @PierreHonor\u00e9 <\/figcaption><\/figure>\n<\/div>\n<\/div>\n\n<div class=\"wp-block-columns is-layout-flex wp-container-core-columns-is-layout-28f84493 wp-block-columns-is-layout-flex\">\n<div class=\"wp-block-column is-layout-flow wp-block-column-is-layout-flow\">\n<figure class=\"wp-block-image aligncenter size-full is-style-rounded is-style-rounded--18\"><img loading=\"lazy\" decoding=\"async\" width=\"1719\" height=\"1719\" src=\"https:\/\/www.tourisme-volvestre.fr\/wp-content\/uploads\/2025\/12\/latimundo2025-affiche@2x.jpg\" alt=\"\" class=\"wp-image-11069\" style=\"aspect-ratio:1;object-fit:cover\" srcset=\"https:\/\/www.tourisme-volvestre.fr\/wp-content\/uploads\/2025\/12\/latimundo2025-affiche@2x.jpg 1719w, https:\/\/www.tourisme-volvestre.fr\/wp-content\/uploads\/2025\/12\/latimundo2025-affiche@2x-300x300.jpg 300w, https:\/\/www.tourisme-volvestre.fr\/wp-content\/uploads\/2025\/12\/latimundo2025-affiche@2x-1024x1024.jpg 1024w, https:\/\/www.tourisme-volvestre.fr\/wp-content\/uploads\/2025\/12\/latimundo2025-affiche@2x-150x150.jpg 150w, https:\/\/www.tourisme-volvestre.fr\/wp-content\/uploads\/2025\/12\/latimundo2025-affiche@2x-768x768.jpg 768w, https:\/\/www.tourisme-volvestre.fr\/wp-content\/uploads\/2025\/12\/latimundo2025-affiche@2x-1536x1536.jpg 1536w\" sizes=\"auto, (max-width: 1719px) 100vw, 1719px\" \/><figcaption class=\"wp-element-caption\">Cartel 2025 @Latimundo<\/figcaption><\/figure>\n<\/div>\n\n\n\n<div class=\"wp-block-column is-layout-flow wp-block-column-is-layout-flow\">\n<h2 class=\"wp-block-heading has-text-align-center has-large-font-size\"><strong>Festival Latimundo<\/strong><\/h2>\n\n\n\n<p class=\"has-contrast-2-color has-text-color has-link-color has-medium-font-size wp-elements-9f34caffbe46182547d4bb9d877ecd97\"><strong>La cultura latinoamericana est\u00e1 invitada al Volvestre durante el Festival Latimundo.<\/strong><\/p>\n\n\n\n<p>Disfrute de una comida acompa\u00f1ada de m\u00fasica en vivo y una exposici\u00f3n temporal.<br\/><br\/>Lo recaudado se destinar\u00e1 a la asociaci\u00f3n \u201c<em>Pececitos<\/em>\u201d , que apoya a ni\u00f1os que viven en las favelas de Asunci\u00f3n, la capital de Paraguay.<br\/><br\/>\ud83d\udcc5 En diciembre en Gouzens.<\/p>\n\n\n\n<div class=\"wp-block-buttons is-content-justification-center is-layout-flex wp-container-core-buttons-is-layout-a89b3969 wp-block-buttons-is-layout-flex\">\n<div class=\"wp-block-button\"><a class=\"wp-block-button__link wp-element-button\" href=\"https:\/\/gouzens.fr\/tag\/latimundo\/\" target=\"_blank\" rel=\"noreferrer noopener\">M\u00e1s informaci\u00f3n<\/a><\/div>\n<\/div>\n<\/div>\n<\/div>\n\n<div class=\"wp-block-columns is-layout-flex wp-container-core-columns-is-layout-28f84493 wp-block-columns-is-layout-flex\">\n<div class=\"wp-block-column is-layout-flow wp-block-column-is-layout-flow\">\n<h2 class=\"wp-block-heading has-text-align-center has-large-font-size\"><strong><strong><strong><strong>Mercados navide\u00f1os<\/strong><\/strong><\/strong><\/strong><\/h2>\n\n\n\n<p class=\"has-contrast-2-color has-text-color has-link-color has-medium-font-size wp-elements-72981a2cc511e482ff7140c53e75324c\"><strong>La magia de la Navidad se apodera del Volvestre en nuestros mercados.<\/strong><\/p>\n\n\n\n<p>El calendario del mercado estar\u00e1 disponible a finales de a\u00f1o.<br\/><br\/>\ud83d\udcc5 En diciembre, en el Volvestre.<\/p>\n<\/div>\n\n\n\n<div class=\"wp-block-column is-layout-flow wp-block-column-is-layout-flow\">\n<figure class=\"wp-block-image aligncenter size-full is-style-rounded is-style-rounded--19\"><img loading=\"lazy\" decoding=\"async\" width=\"1920\" height=\"2560\" src=\"https:\/\/www.tourisme-volvestre.fr\/wp-content\/uploads\/2025\/08\/rieuxvolvestre_coffretdenoel_animation_produitslocaux@oti.jpeg\" alt=\"\" class=\"wp-image-8498\" style=\"aspect-ratio:1;object-fit:cover\" srcset=\"https:\/\/www.tourisme-volvestre.fr\/wp-content\/uploads\/2025\/08\/rieuxvolvestre_coffretdenoel_animation_produitslocaux@oti.jpeg 1920w, https:\/\/www.tourisme-volvestre.fr\/wp-content\/uploads\/2025\/08\/rieuxvolvestre_coffretdenoel_animation_produitslocaux@oti-225x300.jpeg 225w, https:\/\/www.tourisme-volvestre.fr\/wp-content\/uploads\/2025\/08\/rieuxvolvestre_coffretdenoel_animation_produitslocaux@oti-768x1024.jpeg 768w, https:\/\/www.tourisme-volvestre.fr\/wp-content\/uploads\/2025\/08\/rieuxvolvestre_coffretdenoel_animation_produitslocaux@oti-1152x1536.jpeg 1152w, https:\/\/www.tourisme-volvestre.fr\/wp-content\/uploads\/2025\/08\/rieuxvolvestre_coffretdenoel_animation_produitslocaux@oti-1536x2048.jpeg 1536w\" sizes=\"auto, (max-width: 1920px) 100vw, 1920px\" \/><figcaption class=\"wp-element-caption\">Cajas navide\u00f1as @OTIduVolvestre<\/figcaption><\/figure>\n<\/div>\n<\/div>\n\n<div class=\"wp-block-group alignfull has-accent-4-background-color has-background has-global-padding is-layout-constrained wp-container-core-group-is-layout-ed5e8923 wp-block-group-is-layout-constrained\" style=\"margin-top:var(--wp--preset--spacing--20);margin-bottom:0;padding-top:var(--wp--preset--spacing--20);padding-right:var(--wp--preset--spacing--20);padding-bottom:var(--wp--preset--spacing--20);padding-left:var(--wp--preset--spacing--20)\">\n<h2 class=\"wp-block-heading has-text-align-center\">Tambi\u00e9n te puede interesar\u2026<\/h2>\n\n\n\n<div class=\"wp-block-group has-global-padding is-layout-constrained wp-container-core-group-is-layout-c385debf wp-block-group-is-layout-constrained\" style=\"padding-top:var(--wp--preset--spacing--20);padding-right:var(--wp--preset--spacing--20);padding-bottom:var(--wp--preset--spacing--20);padding-left:var(--wp--preset--spacing--20)\">\n<div class=\"wp-block-columns is-layout-flex wp-container-core-columns-is-layout-28f84493 wp-block-columns-is-layout-flex\">\n<div class=\"wp-block-column is-layout-flow wp-block-column-is-layout-flow\">\n<figure class=\"wp-block-image aligncenter size-full has-custom-border\"><img loading=\"lazy\" decoding=\"async\" width=\"1600\" height=\"1204\" src=\"https:\/\/www.tourisme-volvestre.fr\/wp-content\/uploads\/2025\/05\/saintsulpicesurleze_animation_patrimoine_visiteguidee_groupe_eglise_clocher_fig@lisaoti.jpeg\" alt=\"\" class=\"wp-image-1721\" style=\"border-radius:25px;aspect-ratio:1;object-fit:cover\" srcset=\"https:\/\/www.tourisme-volvestre.fr\/wp-content\/uploads\/2025\/05\/saintsulpicesurleze_animation_patrimoine_visiteguidee_groupe_eglise_clocher_fig@lisaoti.jpeg 1600w, https:\/\/www.tourisme-volvestre.fr\/wp-content\/uploads\/2025\/05\/saintsulpicesurleze_animation_patrimoine_visiteguidee_groupe_eglise_clocher_fig@lisaoti-300x226.jpeg 300w, https:\/\/www.tourisme-volvestre.fr\/wp-content\/uploads\/2025\/05\/saintsulpicesurleze_animation_patrimoine_visiteguidee_groupe_eglise_clocher_fig@lisaoti-1024x771.jpeg 1024w, https:\/\/www.tourisme-volvestre.fr\/wp-content\/uploads\/2025\/05\/saintsulpicesurleze_animation_patrimoine_visiteguidee_groupe_eglise_clocher_fig@lisaoti-768x578.jpeg 768w, https:\/\/www.tourisme-volvestre.fr\/wp-content\/uploads\/2025\/05\/saintsulpicesurleze_animation_patrimoine_visiteguidee_groupe_eglise_clocher_fig@lisaoti-1536x1156.jpeg 1536w\" sizes=\"auto, (max-width: 1600px) 100vw, 1600px\" \/><figcaption class=\"wp-element-caption\">Visita a Saint-Sulpice-sur-L\u00e8ze @OTIduVolvestre<\/figcaption><\/figure>\n\n\n\n<div class=\"wp-block-buttons is-content-justification-center is-layout-flex wp-container-core-buttons-is-layout-a89b3969 wp-block-buttons-is-layout-flex\">\n<div class=\"wp-block-button\"><a class=\"wp-block-button__link wp-element-button\" href=\"https:\/\/www.tourisme-volvestre.fr\/es\/agenda-moverse-descubrir-visitar-bailar-saborear-probar\/\">El programa<\/a><\/div>\n<\/div>\n<\/div>\n\n\n\n<div class=\"wp-block-column is-layout-flow wp-block-column-is-layout-flow\">\n<figure class=\"wp-block-image aligncenter size-full has-custom-border\"><img loading=\"lazy\" decoding=\"async\" width=\"1920\" height=\"2560\" src=\"https:\/\/www.tourisme-volvestre.fr\/wp-content\/uploads\/2025\/06\/rieuxvolvestre-animation_visiteguidee_theatralisee_tresor_fig_sebastienriff@lisaot-scaled.jpeg\" alt=\"\" class=\"wp-image-3648\" style=\"border-radius:25px;aspect-ratio:1;object-fit:cover\" srcset=\"https:\/\/www.tourisme-volvestre.fr\/wp-content\/uploads\/2025\/06\/rieuxvolvestre-animation_visiteguidee_theatralisee_tresor_fig_sebastienriff@lisaot-scaled.jpeg 1920w, https:\/\/www.tourisme-volvestre.fr\/wp-content\/uploads\/2025\/06\/rieuxvolvestre-animation_visiteguidee_theatralisee_tresor_fig_sebastienriff@lisaot-225x300.jpeg 225w\" sizes=\"auto, (max-width: 1920px) 100vw, 1920px\" \/><figcaption class=\"wp-element-caption\">Visita al tesoro episcopal @OTIduVolvestre<\/figcaption><\/figure>\n\n\n\n<div class=\"wp-block-buttons is-content-justification-center is-layout-flex wp-container-core-buttons-is-layout-a89b3969 wp-block-buttons-is-layout-flex\">\n<div class=\"wp-block-button\"><a class=\"wp-block-button__link wp-element-button\" href=\"https:\/\/www.tourisme-volvestre.fr\/es\/reservar-una-visita\/\">Nuestras visitas guiadas<\/a><\/div>\n<\/div>\n<\/div>\n\n\n\n<div class=\"wp-block-column is-layout-flow wp-block-column-is-layout-flow\">\n<figure class=\"wp-block-image aligncenter size-full has-custom-border\"><img loading=\"lazy\" decoding=\"async\" width=\"1442\" height=\"2074\" src=\"https:\/\/www.tourisme-volvestre.fr\/wp-content\/uploads\/2025\/08\/massabrac_marche_fig_achat_lavande@oti-1-e1754575655682.jpg\" alt=\"\" class=\"wp-image-8465\" style=\"border-radius:25px;aspect-ratio:1;object-fit:cover\" srcset=\"https:\/\/www.tourisme-volvestre.fr\/wp-content\/uploads\/2025\/08\/massabrac_marche_fig_achat_lavande@oti-1-e1754575655682.jpg 1442w, https:\/\/www.tourisme-volvestre.fr\/wp-content\/uploads\/2025\/08\/massabrac_marche_fig_achat_lavande@oti-1-e1754575655682-209x300.jpg 209w, https:\/\/www.tourisme-volvestre.fr\/wp-content\/uploads\/2025\/08\/massabrac_marche_fig_achat_lavande@oti-1-e1754575655682-712x1024.jpg 712w, https:\/\/www.tourisme-volvestre.fr\/wp-content\/uploads\/2025\/08\/massabrac_marche_fig_achat_lavande@oti-1-e1754575655682-768x1105.jpg 768w, https:\/\/www.tourisme-volvestre.fr\/wp-content\/uploads\/2025\/08\/massabrac_marche_fig_achat_lavande@oti-1-e1754575655682-1068x1536.jpg 1068w, https:\/\/www.tourisme-volvestre.fr\/wp-content\/uploads\/2025\/08\/massabrac_marche_fig_achat_lavande@oti-1-e1754575655682-1424x2048.jpg 1424w\" sizes=\"auto, (max-width: 1442px) 100vw, 1442px\" \/><figcaption class=\"wp-element-caption\">Mercado de Massabrac @OTIduVolvestre<\/figcaption><\/figure>\n\n\n\n<div class=\"wp-block-buttons is-content-justification-center is-layout-flex wp-container-core-buttons-is-layout-a89b3969 wp-block-buttons-is-layout-flex\">\n<div class=\"wp-block-button\"><a class=\"wp-block-button__link wp-element-button\" href=\"https:\/\/www.tourisme-volvestre.fr\/es\/los-mercados-del-volvestre\/\">Nuestros d\u00edas de mercado<\/a><\/div>\n<\/div>\n<\/div>\n<\/div>\n<\/div>\n<\/div>\n","protected":false},"excerpt":{"rendered":"<p>\u00a1No te pierdas lo m\u00e1s destacado del Volvestre! Arte, tradici\u00f3n, teatro, cine, m\u00fasica\u2026 \u00a1El Volvestre te invita a descubrir sus eventos festivos durante todo el a\u00f1o! Les Journ\u00e9es Europ\u00e9ennes es M\u00e9tiers d&#8217;Art \u00a1Recorre las carreteras y conoce a nuestros creadores en el Volvestre! Ya sean ceramistas, escultores o tapiceros, todos tienen algo en com\u00fan : [&hellip;]<\/p>\n","protected":false},"author":8,"featured_media":4975,"parent":0,"menu_order":0,"comment_status":"closed","ping_status":"closed","template":"page-no-title","meta":{"_acf_changed":false,"inline_featured_image":false,"footnotes":""},"class_list":["post-9253","page","type-page","status-publish","has-post-thumbnail","hentry"],"acf":[],"yoast_head":"<!-- This site is optimized with the Yoast SEO plugin v27.3 - https:\/\/yoast.com\/product\/yoast-seo-wordpress\/ -->\n<title>Eventos destacados - Volvestre Tourisme<\/title>\n<meta name=\"description\" content=\"\u00bfTe apetece salir? El Volvestre te presenta los eventos m\u00e1s destacados que no te puedes perder cada a\u00f1o : JEP, JEMA, Antic&#039;Agri, Papogay...\" \/>\n<meta name=\"robots\" content=\"index, follow, max-snippet:-1, max-image-preview:large, max-video-preview:-1\" \/>\n<link rel=\"canonical\" href=\"https:\/\/www.tourisme-volvestre.fr\/es\/eventos-destacados\/\" \/>\n<meta property=\"og:locale\" content=\"es_ES\" \/>\n<meta property=\"og:type\" content=\"article\" \/>\n<meta property=\"og:title\" content=\"Eventos destacados - Volvestre Tourisme\" \/>\n<meta property=\"og:description\" content=\"\u00bfTe apetece salir? El Volvestre te presenta los eventos m\u00e1s destacados que no te puedes perder cada a\u00f1o : JEP, JEMA, Antic&#039;Agri, Papogay...\" \/>\n<meta property=\"og:url\" content=\"https:\/\/www.tourisme-volvestre.fr\/es\/eventos-destacados\/\" \/>\n<meta property=\"og:site_name\" content=\"Volvestre Tourisme\" \/>\n<meta property=\"article:publisher\" content=\"https:\/\/www.facebook.com\/TourismeVolvestre\" \/>\n<meta property=\"article:modified_time\" content=\"2026-03-27T14:41:40+00:00\" \/>\n<meta property=\"og:image\" content=\"https:\/\/www.tourisme-volvestre.fr\/wp-content\/uploads\/2025\/06\/volvestre-2025-82.jpg\" \/>\n\t<meta property=\"og:image:width\" content=\"2560\" \/>\n\t<meta property=\"og:image:height\" content=\"1133\" \/>\n\t<meta property=\"og:image:type\" content=\"image\/jpeg\" \/>\n<meta name=\"twitter:card\" content=\"summary_large_image\" \/>\n<meta name=\"twitter:label1\" content=\"Tiempo de lectura\" \/>\n\t<meta name=\"twitter:data1\" content=\"6 minutos\" \/>\n<script type=\"application\/ld+json\" class=\"yoast-schema-graph\">{\"@context\":\"https:\\\/\\\/schema.org\",\"@graph\":[{\"@type\":\"WebPage\",\"@id\":\"https:\\\/\\\/www.tourisme-volvestre.fr\\\/es\\\/eventos-destacados\\\/\",\"url\":\"https:\\\/\\\/www.tourisme-volvestre.fr\\\/es\\\/eventos-destacados\\\/\",\"name\":\"Eventos destacados - Volvestre Tourisme\",\"isPartOf\":{\"@id\":\"https:\\\/\\\/www.tourisme-volvestre.fr\\\/es\\\/#website\"},\"primaryImageOfPage\":{\"@id\":\"https:\\\/\\\/www.tourisme-volvestre.fr\\\/es\\\/eventos-destacados\\\/#primaryimage\"},\"image\":{\"@id\":\"https:\\\/\\\/www.tourisme-volvestre.fr\\\/es\\\/eventos-destacados\\\/#primaryimage\"},\"thumbnailUrl\":\"https:\\\/\\\/www.tourisme-volvestre.fr\\\/wp-content\\\/uploads\\\/2025\\\/06\\\/volvestre-2025-82.jpg\",\"datePublished\":\"2025-06-12T15:24:51+00:00\",\"dateModified\":\"2026-03-27T14:41:40+00:00\",\"description\":\"\u00bfTe apetece salir? El Volvestre te presenta los eventos m\u00e1s destacados que no te puedes perder cada a\u00f1o : JEP, JEMA, Antic'Agri, Papogay...\",\"breadcrumb\":{\"@id\":\"https:\\\/\\\/www.tourisme-volvestre.fr\\\/es\\\/eventos-destacados\\\/#breadcrumb\"},\"inLanguage\":\"es\",\"potentialAction\":[{\"@type\":\"ReadAction\",\"target\":[\"https:\\\/\\\/www.tourisme-volvestre.fr\\\/es\\\/eventos-destacados\\\/\"]}]},{\"@type\":\"ImageObject\",\"inLanguage\":\"es\",\"@id\":\"https:\\\/\\\/www.tourisme-volvestre.fr\\\/es\\\/eventos-destacados\\\/#primaryimage\",\"url\":\"https:\\\/\\\/www.tourisme-volvestre.fr\\\/wp-content\\\/uploads\\\/2025\\\/06\\\/volvestre-2025-82.jpg\",\"contentUrl\":\"https:\\\/\\\/www.tourisme-volvestre.fr\\\/wp-content\\\/uploads\\\/2025\\\/06\\\/volvestre-2025-82.jpg\",\"width\":2560,\"height\":1133},{\"@type\":\"BreadcrumbList\",\"@id\":\"https:\\\/\\\/www.tourisme-volvestre.fr\\\/es\\\/eventos-destacados\\\/#breadcrumb\",\"itemListElement\":[{\"@type\":\"ListItem\",\"position\":1,\"name\":\"Accueil\",\"item\":\"https:\\\/\\\/www.tourisme-volvestre.fr\\\/es\\\/?lang=es\"},{\"@type\":\"ListItem\",\"position\":2,\"name\":\"Eventos destacados\"}]},{\"@type\":\"WebSite\",\"@id\":\"https:\\\/\\\/www.tourisme-volvestre.fr\\\/es\\\/#website\",\"url\":\"https:\\\/\\\/www.tourisme-volvestre.fr\\\/es\\\/\",\"name\":\"Volvestre Tourisme\",\"description\":\"\",\"publisher\":{\"@id\":\"https:\\\/\\\/www.tourisme-volvestre.fr\\\/es\\\/#organization\"},\"alternateName\":\"OT Volvestre\",\"potentialAction\":[{\"@type\":\"SearchAction\",\"target\":{\"@type\":\"EntryPoint\",\"urlTemplate\":\"https:\\\/\\\/www.tourisme-volvestre.fr\\\/es\\\/?s={search_term_string}\"},\"query-input\":{\"@type\":\"PropertyValueSpecification\",\"valueRequired\":true,\"valueName\":\"search_term_string\"}}],\"inLanguage\":\"es\"},{\"@type\":\"Organization\",\"@id\":\"https:\\\/\\\/www.tourisme-volvestre.fr\\\/es\\\/#organization\",\"name\":\"Volvestre Tourisme\",\"url\":\"https:\\\/\\\/www.tourisme-volvestre.fr\\\/es\\\/\",\"logo\":{\"@type\":\"ImageObject\",\"inLanguage\":\"es\",\"@id\":\"https:\\\/\\\/www.tourisme-volvestre.fr\\\/es\\\/#\\\/schema\\\/logo\\\/image\\\/\",\"url\":\"https:\\\/\\\/www.tourisme-volvestre.fr\\\/wp-content\\\/uploads\\\/2025\\\/02\\\/logo-site.png\",\"contentUrl\":\"https:\\\/\\\/www.tourisme-volvestre.fr\\\/wp-content\\\/uploads\\\/2025\\\/02\\\/logo-site.png\",\"width\":152,\"height\":152,\"caption\":\"Volvestre Tourisme\"},\"image\":{\"@id\":\"https:\\\/\\\/www.tourisme-volvestre.fr\\\/es\\\/#\\\/schema\\\/logo\\\/image\\\/\"},\"sameAs\":[\"https:\\\/\\\/www.facebook.com\\\/TourismeVolvestre\",\"https:\\\/\\\/www.instagram.com\\\/tourismevolvestre\"]}]}<\/script>\n<!-- \/ Yoast SEO plugin. -->","yoast_head_json":{"title":"Eventos destacados - Volvestre Tourisme","description":"\u00bfTe apetece salir? El Volvestre te presenta los eventos m\u00e1s destacados que no te puedes perder cada a\u00f1o : JEP, JEMA, Antic'Agri, Papogay...","robots":{"index":"index","follow":"follow","max-snippet":"max-snippet:-1","max-image-preview":"max-image-preview:large","max-video-preview":"max-video-preview:-1"},"canonical":"https:\/\/www.tourisme-volvestre.fr\/es\/eventos-destacados\/","og_locale":"es_ES","og_type":"article","og_title":"Eventos destacados - Volvestre Tourisme","og_description":"\u00bfTe apetece salir? El Volvestre te presenta los eventos m\u00e1s destacados que no te puedes perder cada a\u00f1o : JEP, JEMA, Antic'Agri, Papogay...","og_url":"https:\/\/www.tourisme-volvestre.fr\/es\/eventos-destacados\/","og_site_name":"Volvestre Tourisme","article_publisher":"https:\/\/www.facebook.com\/TourismeVolvestre","article_modified_time":"2026-03-27T14:41:40+00:00","og_image":[{"width":2560,"height":1133,"url":"https:\/\/www.tourisme-volvestre.fr\/wp-content\/uploads\/2025\/06\/volvestre-2025-82.jpg","type":"image\/jpeg"}],"twitter_card":"summary_large_image","twitter_misc":{"Tiempo de lectura":"6 minutos"},"schema":{"@context":"https:\/\/schema.org","@graph":[{"@type":"WebPage","@id":"https:\/\/www.tourisme-volvestre.fr\/es\/eventos-destacados\/","url":"https:\/\/www.tourisme-volvestre.fr\/es\/eventos-destacados\/","name":"Eventos destacados - Volvestre Tourisme","isPartOf":{"@id":"https:\/\/www.tourisme-volvestre.fr\/es\/#website"},"primaryImageOfPage":{"@id":"https:\/\/www.tourisme-volvestre.fr\/es\/eventos-destacados\/#primaryimage"},"image":{"@id":"https:\/\/www.tourisme-volvestre.fr\/es\/eventos-destacados\/#primaryimage"},"thumbnailUrl":"https:\/\/www.tourisme-volvestre.fr\/wp-content\/uploads\/2025\/06\/volvestre-2025-82.jpg","datePublished":"2025-06-12T15:24:51+00:00","dateModified":"2026-03-27T14:41:40+00:00","description":"\u00bfTe apetece salir? El Volvestre te presenta los eventos m\u00e1s destacados que no te puedes perder cada a\u00f1o : JEP, JEMA, Antic'Agri, Papogay...","breadcrumb":{"@id":"https:\/\/www.tourisme-volvestre.fr\/es\/eventos-destacados\/#breadcrumb"},"inLanguage":"es","potentialAction":[{"@type":"ReadAction","target":["https:\/\/www.tourisme-volvestre.fr\/es\/eventos-destacados\/"]}]},{"@type":"ImageObject","inLanguage":"es","@id":"https:\/\/www.tourisme-volvestre.fr\/es\/eventos-destacados\/#primaryimage","url":"https:\/\/www.tourisme-volvestre.fr\/wp-content\/uploads\/2025\/06\/volvestre-2025-82.jpg","contentUrl":"https:\/\/www.tourisme-volvestre.fr\/wp-content\/uploads\/2025\/06\/volvestre-2025-82.jpg","width":2560,"height":1133},{"@type":"BreadcrumbList","@id":"https:\/\/www.tourisme-volvestre.fr\/es\/eventos-destacados\/#breadcrumb","itemListElement":[{"@type":"ListItem","position":1,"name":"Accueil","item":"https:\/\/www.tourisme-volvestre.fr\/es\/?lang=es"},{"@type":"ListItem","position":2,"name":"Eventos destacados"}]},{"@type":"WebSite","@id":"https:\/\/www.tourisme-volvestre.fr\/es\/#website","url":"https:\/\/www.tourisme-volvestre.fr\/es\/","name":"Volvestre Tourisme","description":"","publisher":{"@id":"https:\/\/www.tourisme-volvestre.fr\/es\/#organization"},"alternateName":"OT Volvestre","potentialAction":[{"@type":"SearchAction","target":{"@type":"EntryPoint","urlTemplate":"https:\/\/www.tourisme-volvestre.fr\/es\/?s={search_term_string}"},"query-input":{"@type":"PropertyValueSpecification","valueRequired":true,"valueName":"search_term_string"}}],"inLanguage":"es"},{"@type":"Organization","@id":"https:\/\/www.tourisme-volvestre.fr\/es\/#organization","name":"Volvestre Tourisme","url":"https:\/\/www.tourisme-volvestre.fr\/es\/","logo":{"@type":"ImageObject","inLanguage":"es","@id":"https:\/\/www.tourisme-volvestre.fr\/es\/#\/schema\/logo\/image\/","url":"https:\/\/www.tourisme-volvestre.fr\/wp-content\/uploads\/2025\/02\/logo-site.png","contentUrl":"https:\/\/www.tourisme-volvestre.fr\/wp-content\/uploads\/2025\/02\/logo-site.png","width":152,"height":152,"caption":"Volvestre Tourisme"},"image":{"@id":"https:\/\/www.tourisme-volvestre.fr\/es\/#\/schema\/logo\/image\/"},"sameAs":["https:\/\/www.facebook.com\/TourismeVolvestre","https:\/\/www.instagram.com\/tourismevolvestre"]}]}},"_links":{"self":[{"href":"https:\/\/www.tourisme-volvestre.fr\/es\/wp-json\/wp\/v2\/pages\/9253","targetHints":{"allow":["GET"]}}],"collection":[{"href":"https:\/\/www.tourisme-volvestre.fr\/es\/wp-json\/wp\/v2\/pages"}],"about":[{"href":"https:\/\/www.tourisme-volvestre.fr\/es\/wp-json\/wp\/v2\/types\/page"}],"author":[{"embeddable":true,"href":"https:\/\/www.tourisme-volvestre.fr\/es\/wp-json\/wp\/v2\/users\/8"}],"replies":[{"embeddable":true,"href":"https:\/\/www.tourisme-volvestre.fr\/es\/wp-json\/wp\/v2\/comments?post=9253"}],"version-history":[{"count":5,"href":"https:\/\/www.tourisme-volvestre.fr\/es\/wp-json\/wp\/v2\/pages\/9253\/revisions"}],"predecessor-version":[{"id":11710,"href":"https:\/\/www.tourisme-volvestre.fr\/es\/wp-json\/wp\/v2\/pages\/9253\/revisions\/11710"}],"wp:featuredmedia":[{"embeddable":true,"href":"https:\/\/www.tourisme-volvestre.fr\/es\/wp-json\/wp\/v2\/media\/4975"}],"wp:attachment":[{"href":"https:\/\/www.tourisme-volvestre.fr\/es\/wp-json\/wp\/v2\/media?parent=9253"}],"curies":[{"name":"wp","href":"https:\/\/api.w.org\/{rel}","templated":true}]}}