{"id":9535,"date":"2025-07-10T15:54:02","date_gmt":"2025-07-10T13:54:02","guid":{"rendered":"https:\/\/www.tourisme-volvestre.fr\/nuestros-productos-galardonados\/"},"modified":"2025-10-14T12:26:08","modified_gmt":"2025-10-14T10:26:08","slug":"nuestros-productos-galardonados","status":"publish","type":"page","link":"https:\/\/www.tourisme-volvestre.fr\/es\/nuestros-productos-galardonados\/","title":{"rendered":"Nuestros productos galardonados"},"content":{"rendered":"\n<h2 class=\"wp-block-heading has-text-align-center\">\u00a1El Volvestre tiene talento!<\/h2>\n\n<div class=\"wp-block-columns is-layout-flex wp-container-core-columns-is-layout-28f84493 wp-block-columns-is-layout-flex\">\n<div class=\"wp-block-column is-layout-flow wp-block-column-is-layout-flow\">\n<p class=\"has-text-align-center\">El terroir local es un saber hacer, el de nuestros agricultores y productores, quienes les abren sus puertas y les dan la bienvenida para ofrecerles sus productos, pero tambi\u00e9n para compartir su pasi\u00f3n. Entre ellos, varios han ganado medallas que destacan la calidad de sus productos y el talento de nuestros productores. <\/p>\n<\/div>\n<\/div>\n\n<div class=\"wp-block-group has-global-padding is-layout-constrained wp-block-group-is-layout-constrained\" style=\"padding-top:var(--wp--preset--spacing--30);padding-bottom:var(--wp--preset--spacing--30)\">\n<div class=\"wp-block-columns is-layout-flex wp-container-core-columns-is-layout-28f84493 wp-block-columns-is-layout-flex\">\n<div class=\"wp-block-column is-layout-flow wp-block-column-is-layout-flow\" style=\"flex-basis:33.33%\">\n<figure class=\"wp-block-image aligncenter size-large is-style-rounded is-style-rounded--1\"><img decoding=\"async\" src=\"https:\/\/www.tourisme-volvestre.fr\/wp-content\/uploads\/2025\/05\/peyssies_brasseriemiracle_bieres_CDT31&#xA9;Manuel_Huynh-1024x683.jpg\" alt=\"\" class=\"wp-image-3349\" style=\"aspect-ratio:1;object-fit:cover\"\/><figcaption class=\"wp-element-caption\">La brasserie Miracle @manuelhuynh<\/figcaption><\/figure>\n<\/div>\n\n\n\n<div class=\"wp-block-column is-layout-flow wp-block-column-is-layout-flow\" style=\"flex-basis:66.66%\">\n<h2 class=\"wp-block-heading has-text-align-center\">La Brasserie Miracle <\/h2>\n\n\n\n<p class=\"has-text-align-center\">La Brasserie Miracle ofrece una amplia gama de cervezas en su taller de Peyssies. \u00bfPrefieres la marr\u00f3n, la rubia o la IPA? Elige tu cerveza favorita entre las ganadoras de medallas :  <br\/><br\/><img loading=\"lazy\" decoding=\"async\" height=\"16\" width=\"16\" src=\"https:\/\/static.xx.fbcdn.net\/images\/emoji.php\/v9\/t15\/1\/16\/1f37a.png\" alt=\"&#x1F37A;\"\/> La bi\u00e8re noire S-tout doux : medalla de oro en el Concurso Internacional de Lyon de 2021<br\/>\ud83e\udd48La Bi\u00e8re blonde German Pils : medalla de plata en el Concurso Internacional de Lyon de 2023<br\/>\ud83c\udfc6La IPA Humulus + : gran medalla de oro en el Trofeo Internacional de Fr\u00e1ncfort de 2023;<br\/>\ud83e\udd47La Triple Belge &#8220;\u00c9lixir&#8221; et la Lager au gingembre &#8220;Lou Miracle&#8221; : medalla de oro en el Trofeo Internacional de Fr\u00e1ncfort de 2024.<\/p>\n\n\n\n<ul class=\"wp-block-social-links aligncenter is-content-justification-center is-layout-flex wp-container-core-social-links-is-layout-a89b3969 wp-block-social-links-is-layout-flex\"><li class=\"wp-social-link wp-social-link-facebook  wp-block-social-link\"><a href=\"https:\/\/www.facebook.com\/brasseriemiracle\/?locale=fr_FR\" class=\"wp-block-social-link-anchor\"><svg width=\"24\" height=\"24\" viewBox=\"0 0 24 24\" version=\"1.1\" xmlns=\"http:\/\/www.w3.org\/2000\/svg\" aria-hidden=\"true\" focusable=\"false\"><path d=\"M12 2C6.5 2 2 6.5 2 12c0 5 3.7 9.1 8.4 9.9v-7H7.9V12h2.5V9.8c0-2.5 1.5-3.9 3.8-3.9 1.1 0 2.2.2 2.2.2v2.5h-1.3c-1.2 0-1.6.8-1.6 1.6V12h2.8l-.4 2.9h-2.3v7C18.3 21.1 22 17 22 12c0-5.5-4.5-10-10-10z\"><\/path><\/svg><span class=\"wp-block-social-link-label screen-reader-text\">Facebook<\/span><\/a><\/li><\/ul>\n<\/div>\n<\/div>\n\n\n\n<div class=\"wp-block-columns is-layout-flex wp-container-core-columns-is-layout-28f84493 wp-block-columns-is-layout-flex\">\n<div class=\"wp-block-column is-layout-flow wp-block-column-is-layout-flow\" style=\"flex-basis:66.66%\">\n<h2 class=\"wp-block-heading has-text-align-center\">La Maison Patignac<\/h2>\n\n\n\n<p class=\"has-text-align-center\">Situada en Montesquieu-Volvestre desde 1966, esta conservera artesanal familiar ofrece una amplia gama de recetas. Visite la tienda para descubrir sus numerosas conservas, tanto de carne como de verduras, y sus productos galardonados : <br\/><br\/>\ud83e\udd86 Foie gras de pato entero : medalla de plata en el Concurso General Agr\u00edcola de 2016 ;<br\/>\ud83c\udfc6Athos, foie gras con ajo negro : medalla de oro en el Premio \u00c9picures de 2019 ;<br\/>\ud83e\udd49Foie gras entero en tarro : medalla de bronce en el Concurso General Agr\u00edcola de 2019.<br\/><br\/><a href=\"https:\/\/www.patignac.com\/\" target=\"_blank\" rel=\"noreferrer noopener\">Descubra todo sobre esta empresa familiar.<\/a><\/p>\n<\/div>\n\n\n\n<div class=\"wp-block-column is-layout-flow wp-block-column-is-layout-flow\" style=\"flex-basis:33.33%\">\n<figure class=\"wp-block-image aligncenter size-full is-style-rounded is-style-rounded--2\"><img loading=\"lazy\" decoding=\"async\" width=\"1024\" height=\"683\" src=\"https:\/\/www.tourisme-volvestre.fr\/wp-content\/uploads\/2025\/05\/20250313_maison_patignac@maisonpatignac.jpg\" alt=\"\" class=\"wp-image-3352\" style=\"aspect-ratio:1;object-fit:cover\" srcset=\"https:\/\/www.tourisme-volvestre.fr\/wp-content\/uploads\/2025\/05\/20250313_maison_patignac@maisonpatignac.jpg 1024w, https:\/\/www.tourisme-volvestre.fr\/wp-content\/uploads\/2025\/05\/20250313_maison_patignac@maisonpatignac-300x200.jpg 300w, https:\/\/www.tourisme-volvestre.fr\/wp-content\/uploads\/2025\/05\/20250313_maison_patignac@maisonpatignac-768x512.jpg 768w\" sizes=\"auto, (max-width: 1024px) 100vw, 1024px\" \/><figcaption class=\"wp-element-caption\">Producto de la Maison Patignac @Maison Patignac<\/figcaption><\/figure>\n<\/div>\n<\/div>\n\n\n\n<div class=\"wp-block-columns is-layout-flex wp-container-core-columns-is-layout-28f84493 wp-block-columns-is-layout-flex\">\n<div class=\"wp-block-column is-layout-flow wp-block-column-is-layout-flow\" style=\"flex-basis:33.33%\">\n<figure class=\"wp-block-image aligncenter size-large is-style-rounded is-style-rounded--3\"><img loading=\"lazy\" decoding=\"async\" width=\"1024\" height=\"992\" src=\"https:\/\/www.tourisme-volvestre.fr\/wp-content\/uploads\/2025\/05\/Ferme-du-Bila@fermedubila-1024x992.jpg\" alt=\"\" class=\"wp-image-3355\" srcset=\"https:\/\/www.tourisme-volvestre.fr\/wp-content\/uploads\/2025\/05\/Ferme-du-Bila@fermedubila-1024x992.jpg 1024w, https:\/\/www.tourisme-volvestre.fr\/wp-content\/uploads\/2025\/05\/Ferme-du-Bila@fermedubila-300x291.jpg 300w, https:\/\/www.tourisme-volvestre.fr\/wp-content\/uploads\/2025\/05\/Ferme-du-Bila@fermedubila-768x744.jpg 768w, https:\/\/www.tourisme-volvestre.fr\/wp-content\/uploads\/2025\/05\/Ferme-du-Bila@fermedubila-1536x1488.jpg 1536w, https:\/\/www.tourisme-volvestre.fr\/wp-content\/uploads\/2025\/05\/Ferme-du-Bila@fermedubila.jpg 2048w\" sizes=\"auto, (max-width: 1024px) 100vw, 1024px\" \/><figcaption class=\"wp-element-caption\">Tomme de Bila @fermedubila<\/figcaption><\/figure>\n<\/div>\n\n\n\n<div class=\"wp-block-column is-layout-flow wp-block-column-is-layout-flow\" style=\"flex-basis:66.66%\">\n<h2 class=\"wp-block-heading has-text-align-center\">La Ferme du Bila<\/h2>\n\n\n\n<p class=\"has-text-align-center has-contrast-color has-text-color has-link-color wp-elements-512845d41dccab2db2b26e2427fca8c7\">Situada en Mauzac, a unos 30 minutos al sur de Toulouse, esta granja familiar produce cereales y productos l\u00e1cteos. Una cadena de suministro realmente corta que alimenta tanto a las cabras de la granja como a las de las granjas circundantes.  <br\/><br\/><strong>\n  <mark style=\"background-color:rgba(0, 0, 0, 0);color:#77b342\" class=\"has-inline-color\">\ud83c\udfc6Tomme du Bila : medalla de bronce en el Concurso Nacional de Quesos de Cabra de Granja 2022.<\/mark>\n<\/strong><br\/><br\/><a href=\"https:\/\/fermedubila.com\/\" target=\"_blank\" rel=\"noreferrer noopener\">Todo lo que necesitas saber sobre la Ferme du Bila en Mauzac.<\/a><\/p>\n<\/div>\n<\/div>\n\n\n\n<div class=\"wp-block-columns is-layout-flex wp-container-core-columns-is-layout-28f84493 wp-block-columns-is-layout-flex\">\n<div class=\"wp-block-column is-layout-flow wp-block-column-is-layout-flow\" style=\"flex-basis:66.66%\">\n<h2 class=\"wp-block-heading has-text-align-center\">La Ferme du Loup<\/h2>\n\n\n\n<p class=\"has-text-align-center\">\u00bfBusca productos y especialidades locales del suroeste? \u00a1La Ferme du Loup lo tiene todo! Estos productores de pato le dan la bienvenida a un lugar con un toque especial en Lafitte-Vigordane.  <br\/><br\/>\ud83e\udd48Foie gras: medalla de plata en el Concurso General Agr\u00edcola de 2023.<br\/>\ud83e\udd86 Rillettes de pato : medalla de plata en el Concurso General Agr\u00edcola de 2025.<br\/><br\/>Abierto de martes a s\u00e1bado de 9:00 a 12:30 y de 15:30 a 19:00.<br\/>53A, rue de la Chapelle \u2013 31390 LAFITTE-VIGORDANE.<\/p>\n\n\n\n<ul class=\"wp-block-social-links aligncenter is-layout-flex wp-block-social-links-is-layout-flex\"><li class=\"wp-social-link wp-social-link-facebook  wp-block-social-link\"><a href=\"https:\/\/www.facebook.com\/p\/La-Ferme-du-Loup-100063602349191\/?locale=fr_FR\" class=\"wp-block-social-link-anchor\"><svg width=\"24\" height=\"24\" viewBox=\"0 0 24 24\" version=\"1.1\" xmlns=\"http:\/\/www.w3.org\/2000\/svg\" aria-hidden=\"true\" focusable=\"false\"><path d=\"M12 2C6.5 2 2 6.5 2 12c0 5 3.7 9.1 8.4 9.9v-7H7.9V12h2.5V9.8c0-2.5 1.5-3.9 3.8-3.9 1.1 0 2.2.2 2.2.2v2.5h-1.3c-1.2 0-1.6.8-1.6 1.6V12h2.8l-.4 2.9h-2.3v7C18.3 21.1 22 17 22 12c0-5.5-4.5-10-10-10z\"><\/path><\/svg><span class=\"wp-block-social-link-label screen-reader-text\">Facebook<\/span><\/a><\/li><\/ul>\n<\/div>\n\n\n\n<div class=\"wp-block-column is-layout-flow wp-block-column-is-layout-flow\" style=\"flex-basis:33.33%\">\n<figure class=\"wp-block-image aligncenter size-large is-style-rounded is-style-rounded--4\"><img loading=\"lazy\" decoding=\"async\" width=\"732\" height=\"1024\" src=\"https:\/\/www.tourisme-volvestre.fr\/wp-content\/uploads\/2025\/06\/496845952_1281070994022967_3285816079650015855_n-732x1024.jpg\" alt=\"\" class=\"wp-image-5714\" style=\"aspect-ratio:1;object-fit:cover\" srcset=\"https:\/\/www.tourisme-volvestre.fr\/wp-content\/uploads\/2025\/06\/496845952_1281070994022967_3285816079650015855_n-732x1024.jpg 732w, https:\/\/www.tourisme-volvestre.fr\/wp-content\/uploads\/2025\/06\/496845952_1281070994022967_3285816079650015855_n-214x300.jpg 214w, https:\/\/www.tourisme-volvestre.fr\/wp-content\/uploads\/2025\/06\/496845952_1281070994022967_3285816079650015855_n-768x1074.jpg 768w, https:\/\/www.tourisme-volvestre.fr\/wp-content\/uploads\/2025\/06\/496845952_1281070994022967_3285816079650015855_n-1098x1536.jpg 1098w, https:\/\/www.tourisme-volvestre.fr\/wp-content\/uploads\/2025\/06\/496845952_1281070994022967_3285816079650015855_n.jpg 1464w\" sizes=\"auto, (max-width: 732px) 100vw, 732px\" \/><figcaption class=\"wp-element-caption\">Tabla de embutidos y quesos @fermeduloup<\/figcaption><\/figure>\n<\/div>\n<\/div>\n\n\n\n<div class=\"wp-block-columns is-layout-flex wp-container-core-columns-is-layout-28f84493 wp-block-columns-is-layout-flex\">\n<div class=\"wp-block-column is-layout-flow wp-block-column-is-layout-flow\" style=\"flex-basis:33.33%\">\n<figure class=\"wp-block-image aligncenter size-full is-style-rounded is-style-rounded--5\"><img loading=\"lazy\" decoding=\"async\" width=\"720\" height=\"900\" src=\"https:\/\/www.tourisme-volvestre.fr\/wp-content\/uploads\/2025\/05\/carbonne_maison_gelis@maisongelis.jpg\" alt=\"\" class=\"wp-image-3359\" style=\"aspect-ratio:1;object-fit:cover\" srcset=\"https:\/\/www.tourisme-volvestre.fr\/wp-content\/uploads\/2025\/05\/carbonne_maison_gelis@maisongelis.jpg 720w, https:\/\/www.tourisme-volvestre.fr\/wp-content\/uploads\/2025\/05\/carbonne_maison_gelis@maisongelis-240x300.jpg 240w\" sizes=\"auto, (max-width: 720px) 100vw, 720px\" \/><figcaption class=\"wp-element-caption\">\u00c9clair de chocolate u mango @maisong\u00e9lis<\/figcaption><\/figure>\n<\/div>\n\n\n\n<div class=\"wp-block-column is-layout-flow wp-block-column-is-layout-flow\" style=\"flex-basis:66.66%\">\n<h2 class=\"wp-block-heading has-text-align-center\">La Maison G\u00e9lis<\/h2>\n\n\n\n<p class=\"has-text-align-center\">Si te gusta ver &#8220;<em> <strong>La Meilleure Boulangerie de France <\/strong><\/em>&#8220;, \u00a1probablemente ya los has visto! No hay medallas, pero s\u00ed una gran participaci\u00f3n donde se reconoci\u00f3 su talento. <br\/><br\/>Abierto de lunes a s\u00e1bado de 7:00 a 19:30 y domingo de 7:00 a 12:30.<br\/>2, rue Jean Jaur\u00e8s \u2013 31390 CARBONNE.<br\/><br\/>Para tus fiestas y eventos, <a href=\"https:\/\/maisongelis.fr\/\" target=\"_blank\" rel=\"noreferrer noopener\">aqu\u00ed lo tienes.<\/a><\/p>\n<\/div>\n<\/div>\n\n\n\n<div class=\"wp-block-columns is-layout-flex wp-container-core-columns-is-layout-28f84493 wp-block-columns-is-layout-flex\">\n<div class=\"wp-block-column is-layout-flow wp-block-column-is-layout-flow\" style=\"flex-basis:66.66%\">\n<h2 class=\"wp-block-heading has-text-align-center\">La Ferme de las marias<\/h2>\n\n\n\n<p class=\"has-text-align-center\">Ubicada en Rieux-Volvestre, la Ferme de las Marias gan\u00f3 4 medallas en el concurso departamental de quesos de Boulogne-sur-Gesse.<br\/>\n  <br\/> \ud83e\udd47La distinci\u00f3n &#8220;Granjero de Oro 2025&#8221; por el queso de cabra curado.<br\/> \ud83e\udd47La medalla de oro por el queso de cabra curado.<br\/> \ud83e\udd48La medalla de plata por el Camembert.<br\/> \ud83e\udd48La medalla de plata por el yogur de cabra.<br\/><br\/>Abierto los viernes de 17:00 a 19:00.<br\/>Las Marias, 1405 Route des Cr\u00eates, 31310 Rieux-Volvestre.\n<\/p>\n\n\n\n<ul class=\"wp-block-social-links aligncenter is-layout-flex wp-block-social-links-is-layout-flex\"><li class=\"wp-social-link wp-social-link-facebook  wp-block-social-link\"><a rel=\"noopener nofollow\" target=\"_blank\" href=\"https:\/\/www.facebook.com\/profile.php?id=100092464125483&#038;locale=fr_FR\" class=\"wp-block-social-link-anchor\"><svg width=\"24\" height=\"24\" viewBox=\"0 0 24 24\" version=\"1.1\" xmlns=\"http:\/\/www.w3.org\/2000\/svg\" aria-hidden=\"true\" focusable=\"false\"><path d=\"M12 2C6.5 2 2 6.5 2 12c0 5 3.7 9.1 8.4 9.9v-7H7.9V12h2.5V9.8c0-2.5 1.5-3.9 3.8-3.9 1.1 0 2.2.2 2.2.2v2.5h-1.3c-1.2 0-1.6.8-1.6 1.6V12h2.8l-.4 2.9h-2.3v7C18.3 21.1 22 17 22 12c0-5.5-4.5-10-10-10z\"><\/path><\/svg><span class=\"wp-block-social-link-label screen-reader-text\">Facebook<\/span><\/a><\/li>\n\n<li class=\"wp-social-link wp-social-link-instagram  wp-block-social-link\"><a rel=\"noopener nofollow\" target=\"_blank\" href=\"https:\/\/www.instagram.com\/fermedelasmarias\/\" class=\"wp-block-social-link-anchor\"><svg width=\"24\" height=\"24\" viewBox=\"0 0 24 24\" version=\"1.1\" xmlns=\"http:\/\/www.w3.org\/2000\/svg\" aria-hidden=\"true\" focusable=\"false\"><path d=\"M12,4.622c2.403,0,2.688,0.009,3.637,0.052c0.877,0.04,1.354,0.187,1.671,0.31c0.42,0.163,0.72,0.358,1.035,0.673 c0.315,0.315,0.51,0.615,0.673,1.035c0.123,0.317,0.27,0.794,0.31,1.671c0.043,0.949,0.052,1.234,0.052,3.637 s-0.009,2.688-0.052,3.637c-0.04,0.877-0.187,1.354-0.31,1.671c-0.163,0.42-0.358,0.72-0.673,1.035 c-0.315,0.315-0.615,0.51-1.035,0.673c-0.317,0.123-0.794,0.27-1.671,0.31c-0.949,0.043-1.233,0.052-3.637,0.052 s-2.688-0.009-3.637-0.052c-0.877-0.04-1.354-0.187-1.671-0.31c-0.42-0.163-0.72-0.358-1.035-0.673 c-0.315-0.315-0.51-0.615-0.673-1.035c-0.123-0.317-0.27-0.794-0.31-1.671C4.631,14.688,4.622,14.403,4.622,12 s0.009-2.688,0.052-3.637c0.04-0.877,0.187-1.354,0.31-1.671c0.163-0.42,0.358-0.72,0.673-1.035 c0.315-0.315,0.615-0.51,1.035-0.673c0.317-0.123,0.794-0.27,1.671-0.31C9.312,4.631,9.597,4.622,12,4.622 M12,3 C9.556,3,9.249,3.01,8.289,3.054C7.331,3.098,6.677,3.25,6.105,3.472C5.513,3.702,5.011,4.01,4.511,4.511 c-0.5,0.5-0.808,1.002-1.038,1.594C3.25,6.677,3.098,7.331,3.054,8.289C3.01,9.249,3,9.556,3,12c0,2.444,0.01,2.751,0.054,3.711 c0.044,0.958,0.196,1.612,0.418,2.185c0.23,0.592,0.538,1.094,1.038,1.594c0.5,0.5,1.002,0.808,1.594,1.038 c0.572,0.222,1.227,0.375,2.185,0.418C9.249,20.99,9.556,21,12,21s2.751-0.01,3.711-0.054c0.958-0.044,1.612-0.196,2.185-0.418 c0.592-0.23,1.094-0.538,1.594-1.038c0.5-0.5,0.808-1.002,1.038-1.594c0.222-0.572,0.375-1.227,0.418-2.185 C20.99,14.751,21,14.444,21,12s-0.01-2.751-0.054-3.711c-0.044-0.958-0.196-1.612-0.418-2.185c-0.23-0.592-0.538-1.094-1.038-1.594 c-0.5-0.5-1.002-0.808-1.594-1.038c-0.572-0.222-1.227-0.375-2.185-0.418C14.751,3.01,14.444,3,12,3L12,3z M12,7.378 c-2.552,0-4.622,2.069-4.622,4.622S9.448,16.622,12,16.622s4.622-2.069,4.622-4.622S14.552,7.378,12,7.378z M12,15 c-1.657,0-3-1.343-3-3s1.343-3,3-3s3,1.343,3,3S13.657,15,12,15z M16.804,6.116c-0.596,0-1.08,0.484-1.08,1.08 s0.484,1.08,1.08,1.08c0.596,0,1.08-0.484,1.08-1.08S17.401,6.116,16.804,6.116z\"><\/path><\/svg><span class=\"wp-block-social-link-label screen-reader-text\">Instagram<\/span><\/a><\/li><\/ul>\n<\/div>\n\n\n\n<div class=\"wp-block-column is-layout-flow wp-block-column-is-layout-flow\" style=\"flex-basis:33.33%\">\n<figure class=\"wp-block-image aligncenter size-large is-style-rounded is-style-rounded--6\"><img loading=\"lazy\" decoding=\"async\" width=\"1024\" height=\"979\" src=\"https:\/\/www.tourisme-volvestre.fr\/wp-content\/uploads\/2025\/10\/473061731_529067716852028_2784349449969496936_n-1024x979.jpg\" alt=\"\" class=\"wp-image-10783\" style=\"aspect-ratio:1;object-fit:cover\" srcset=\"https:\/\/www.tourisme-volvestre.fr\/wp-content\/uploads\/2025\/10\/473061731_529067716852028_2784349449969496936_n-1024x979.jpg 1024w, https:\/\/www.tourisme-volvestre.fr\/wp-content\/uploads\/2025\/10\/473061731_529067716852028_2784349449969496936_n-300x287.jpg 300w, https:\/\/www.tourisme-volvestre.fr\/wp-content\/uploads\/2025\/10\/473061731_529067716852028_2784349449969496936_n-768x734.jpg 768w, https:\/\/www.tourisme-volvestre.fr\/wp-content\/uploads\/2025\/10\/473061731_529067716852028_2784349449969496936_n-1536x1469.jpg 1536w, https:\/\/www.tourisme-volvestre.fr\/wp-content\/uploads\/2025\/10\/473061731_529067716852028_2784349449969496936_n.jpg 2048w\" sizes=\"auto, (max-width: 1024px) 100vw, 1024px\" \/><figcaption class=\"wp-element-caption\">Plateau de fromages @fermedelasmarias<\/figcaption><\/figure>\n<\/div>\n<\/div>\n<\/div>\n\n<h2 class=\"wp-block-heading has-text-align-center\">\u00bfQuieres descubrir el saber hacer de los productores del Volvestre? <\/h2>\n\n<p class=\"has-text-align-center\">Enontra a los productores en nuestros mercados, en sus tiendas o durante sus jornadas de puertas abiertas. \u00bfTe apasiona lo local? Descubre tambi\u00e9n a nuestros artesanos y sus diversas habilidades : cuchiller\u00eda, costura, cer\u00e1mica, torneado&#8230; \u00a1Hay para todos los gustos!   <\/p>\n\n<div class=\"wp-block-group alignfull has-global-padding is-layout-constrained wp-container-core-group-is-layout-51ce9fa2 wp-block-group-is-layout-constrained has-background\" style=\"margin-top:0;margin-bottom:0;padding-top:var(--wp--preset--spacing--30);padding-right:0;padding-bottom:var(--wp--preset--spacing--30);padding-left:0;background-image:url(&apos;https:\/\/www.tourisme-volvestre.fr\/wp-content\/uploads\/2025\/02\/fond-a-vivre.png&apos;);background-position:0% 50%;background-size:cover;\">\n<h2 class=\"wp-block-heading has-text-align-center is-style-default\">\u00e0 d\u00e9couvrir <mark style=\"background-color:rgba(0, 0, 0, 0);color:#1d1d1b\" class=\"has-inline-color\">en Volvestre<\/mark><\/h2>\n\n\n\n<div class=\"wp-block-group is-layout-flow wp-block-group-is-layout-flow\" style=\"margin-top:0;margin-bottom:0;padding-top:var(--wp--preset--spacing--50);padding-right:0;padding-bottom:0;padding-left:0\">\n<div class=\"wp-block-columns is-layout-flex wp-container-core-columns-is-layout-28f84493 wp-block-columns-is-layout-flex\">\n<div class=\"wp-block-column is-layout-flow wp-block-column-is-layout-flow\">\n<div style=\"height:25px\" aria-hidden=\"true\" class=\"wp-block-spacer\"><\/div>\n\n\n\n<div class=\"wp-block-cover has-custom-content-position is-position-bottom-center\"><img loading=\"lazy\" decoding=\"async\" width=\"683\" height=\"1024\" class=\"wp-block-cover__image-background wp-image-5123 size-large\" alt=\"\" src=\"https:\/\/www.tourisme-volvestre.fr\/wp-content\/uploads\/2025\/06\/carbonne_marche_oignons@pierrehonore-min-1-683x1024.jpg\" data-object-fit=\"cover\" srcset=\"https:\/\/www.tourisme-volvestre.fr\/wp-content\/uploads\/2025\/06\/carbonne_marche_oignons@pierrehonore-min-1-683x1024.jpg 683w, https:\/\/www.tourisme-volvestre.fr\/wp-content\/uploads\/2025\/06\/carbonne_marche_oignons@pierrehonore-min-1-200x300.jpg 200w, https:\/\/www.tourisme-volvestre.fr\/wp-content\/uploads\/2025\/06\/carbonne_marche_oignons@pierrehonore-min-1-768x1151.jpg 768w, https:\/\/www.tourisme-volvestre.fr\/wp-content\/uploads\/2025\/06\/carbonne_marche_oignons@pierrehonore-min-1-1025x1536.jpg 1025w, https:\/\/www.tourisme-volvestre.fr\/wp-content\/uploads\/2025\/06\/carbonne_marche_oignons@pierrehonore-min-1-1366x2048.jpg 1366w, https:\/\/www.tourisme-volvestre.fr\/wp-content\/uploads\/2025\/06\/carbonne_marche_oignons@pierrehonore-min-1.jpg 1708w\" sizes=\"auto, (max-width: 683px) 100vw, 683px\" \/><span aria-hidden=\"true\" class=\"wp-block-cover__background has-background-dim wp-block-cover__gradient-background has-background-gradient\" style=\"background:linear-gradient(180deg,rgba(163,163,163,0.1) 0%,rgba(0,0,0,0.84) 100%)\"><\/span><div class=\"wp-block-cover__inner-container has-global-padding is-layout-constrained wp-block-cover-is-layout-constrained\">\n<h2 class=\"wp-block-heading has-text-align-center has-base-2-color has-text-color has-link-color has-large-font-size wp-elements-bf8a39828991b7c49253654f3fc1eef4\"><a href=\"https:\/\/www.tourisme-volvestre.fr\/marches-volvestre-producteurs\/\">Nos march\u00e9s<\/a><\/h2>\n<\/div><\/div>\n<\/div>\n\n\n\n<div class=\"wp-block-column is-layout-flow wp-block-column-is-layout-flow\">\n<div class=\"wp-block-cover has-custom-content-position is-position-bottom-center\"><img loading=\"lazy\" decoding=\"async\" width=\"2560\" height=\"1707\" class=\"wp-block-cover__image-background wp-image-3860 size-full\" alt=\"\" src=\"https:\/\/www.tourisme-volvestre.fr\/wp-content\/uploads\/2025\/06\/Chevrerie_Souleya_14.jpg\" data-object-fit=\"cover\" srcset=\"https:\/\/www.tourisme-volvestre.fr\/wp-content\/uploads\/2025\/06\/Chevrerie_Souleya_14.jpg 2560w, https:\/\/www.tourisme-volvestre.fr\/wp-content\/uploads\/2025\/06\/Chevrerie_Souleya_14-300x200.jpg 300w, https:\/\/www.tourisme-volvestre.fr\/wp-content\/uploads\/2025\/06\/Chevrerie_Souleya_14-1024x683.jpg 1024w, https:\/\/www.tourisme-volvestre.fr\/wp-content\/uploads\/2025\/06\/Chevrerie_Souleya_14-768x512.jpg 768w, https:\/\/www.tourisme-volvestre.fr\/wp-content\/uploads\/2025\/06\/Chevrerie_Souleya_14-1536x1024.jpg 1536w, https:\/\/www.tourisme-volvestre.fr\/wp-content\/uploads\/2025\/06\/Chevrerie_Souleya_14-2048x1366.jpg 2048w\" sizes=\"auto, (max-width: 2560px) 100vw, 2560px\" \/><span aria-hidden=\"true\" class=\"wp-block-cover__background has-background-dim wp-block-cover__gradient-background has-background-gradient\" style=\"background:linear-gradient(180deg,rgba(163,163,163,0.1) 0%,rgba(0,0,0,0.84) 100%)\"><\/span><div class=\"wp-block-cover__inner-container has-global-padding is-layout-constrained wp-block-cover-is-layout-constrained\">\n<h2 class=\"wp-block-heading has-text-align-center has-base-2-color has-text-color has-link-color has-large-font-size wp-elements-b41e53a825547da49c2e0866c9061cf1\"><a href=\"https:\/\/www.tourisme-volvestre.fr\/nos-producteurs\/\">Nos producteurs<\/a><\/h2>\n<\/div><\/div>\n<\/div>\n\n\n\n<div class=\"wp-block-column is-layout-flow wp-block-column-is-layout-flow\">\n<div style=\"height:25px\" aria-hidden=\"true\" class=\"wp-block-spacer\"><\/div>\n\n\n\n<div class=\"wp-block-cover has-custom-content-position is-position-bottom-center\"><img loading=\"lazy\" decoding=\"async\" width=\"1024\" height=\"684\" class=\"wp-block-cover__image-background wp-image-7328 size-large\" alt=\"\" src=\"https:\/\/www.tourisme-volvestre.fr\/wp-content\/uploads\/2025\/07\/martrestolosane_jema_artisanat_detail_art@marionoti-1024x684.jpg\" data-object-fit=\"cover\" srcset=\"https:\/\/www.tourisme-volvestre.fr\/wp-content\/uploads\/2025\/07\/martrestolosane_jema_artisanat_detail_art@marionoti-1024x684.jpg 1024w, https:\/\/www.tourisme-volvestre.fr\/wp-content\/uploads\/2025\/07\/martrestolosane_jema_artisanat_detail_art@marionoti-300x200.jpg 300w, https:\/\/www.tourisme-volvestre.fr\/wp-content\/uploads\/2025\/07\/martrestolosane_jema_artisanat_detail_art@marionoti-768x513.jpg 768w, https:\/\/www.tourisme-volvestre.fr\/wp-content\/uploads\/2025\/07\/martrestolosane_jema_artisanat_detail_art@marionoti-1536x1025.jpg 1536w, https:\/\/www.tourisme-volvestre.fr\/wp-content\/uploads\/2025\/07\/martrestolosane_jema_artisanat_detail_art@marionoti-2048x1367.jpg 2048w\" sizes=\"auto, (max-width: 1024px) 100vw, 1024px\" \/><span aria-hidden=\"true\" class=\"wp-block-cover__background has-background-dim wp-block-cover__gradient-background has-background-gradient\" style=\"background:linear-gradient(180deg,rgba(163,163,163,0.1) 0%,rgba(0,0,0,0.84) 100%)\"><\/span><div class=\"wp-block-cover__inner-container has-global-padding is-layout-constrained wp-block-cover-is-layout-constrained\">\n<h2 class=\"wp-block-heading has-text-align-center has-base-2-color has-text-color has-link-color has-large-font-size wp-elements-4ac79417a9894baad18e13423a5fa5c4\"><a href=\"https:\/\/www.tourisme-volvestre.fr\/nos-artistes-et-artisans-dart\/\">Nos artisans<\/a><\/h2>\n<\/div><\/div>\n<\/div>\n<\/div>\n<\/div>\n<\/div>\n","protected":false},"excerpt":{"rendered":"<p>\u00a1El Volvestre tiene talento! El terroir local es un saber hacer, el de nuestros agricultores y productores, quienes les abren sus puertas y les dan la bienvenida para ofrecerles sus productos, pero tambi\u00e9n para compartir su pasi\u00f3n. Entre ellos, varios han ganado medallas que destacan la calidad de sus productos y el talento de nuestros [&hellip;]<\/p>\n","protected":false},"author":6,"featured_media":7549,"parent":0,"menu_order":0,"comment_status":"closed","ping_status":"closed","template":"page-no-title","meta":{"_acf_changed":false,"inline_featured_image":false,"footnotes":""},"class_list":["post-9535","page","type-page","status-publish","has-post-thumbnail","hentry"],"acf":[],"yoast_head":"<!-- This site is optimized with the Yoast SEO plugin v27.3 - https:\/\/yoast.com\/product\/yoast-seo-wordpress\/ -->\n<title>Nuestros productos galardonados - Volvestre Tourisme<\/title>\n<meta name=\"description\" content=\"\u00a1Los productores del Volvestre tienen talento! Descubra los productos galardonados con medallas en concursos internacionales.\" \/>\n<meta name=\"robots\" content=\"index, follow, max-snippet:-1, max-image-preview:large, max-video-preview:-1\" \/>\n<link rel=\"canonical\" href=\"https:\/\/www.tourisme-volvestre.fr\/es\/nuestros-productos-galardonados\/\" \/>\n<meta property=\"og:locale\" content=\"es_ES\" \/>\n<meta property=\"og:type\" content=\"article\" \/>\n<meta property=\"og:title\" content=\"Nuestros productos galardonados - Volvestre Tourisme\" \/>\n<meta property=\"og:description\" content=\"\u00a1Los productores del Volvestre tienen talento! Descubra los productos galardonados con medallas en concursos internacionales.\" \/>\n<meta property=\"og:url\" content=\"https:\/\/www.tourisme-volvestre.fr\/es\/nuestros-productos-galardonados\/\" \/>\n<meta property=\"og:site_name\" content=\"Volvestre Tourisme\" \/>\n<meta property=\"article:publisher\" content=\"https:\/\/www.facebook.com\/TourismeVolvestre\" \/>\n<meta property=\"article:modified_time\" content=\"2025-10-14T10:26:08+00:00\" \/>\n<meta property=\"og:image\" content=\"https:\/\/www.tourisme-volvestre.fr\/wp-content\/uploads\/2025\/07\/mauzac_fermedubila_producteurs_fromage_animaux@stephanelessieux.jpg\" \/>\n\t<meta property=\"og:image:width\" content=\"2560\" \/>\n\t<meta property=\"og:image:height\" content=\"2560\" \/>\n\t<meta property=\"og:image:type\" content=\"image\/jpeg\" \/>\n<meta name=\"twitter:card\" content=\"summary_large_image\" \/>\n<meta name=\"twitter:label1\" content=\"Tiempo de lectura\" \/>\n\t<meta name=\"twitter:data1\" content=\"3 minutos\" \/>\n<script type=\"application\/ld+json\" class=\"yoast-schema-graph\">{\"@context\":\"https:\\\/\\\/schema.org\",\"@graph\":[{\"@type\":\"WebPage\",\"@id\":\"https:\\\/\\\/www.tourisme-volvestre.fr\\\/es\\\/nuestros-productos-galardonados\\\/\",\"url\":\"https:\\\/\\\/www.tourisme-volvestre.fr\\\/es\\\/nuestros-productos-galardonados\\\/\",\"name\":\"Nuestros productos galardonados - Volvestre Tourisme\",\"isPartOf\":{\"@id\":\"https:\\\/\\\/www.tourisme-volvestre.fr\\\/es\\\/#website\"},\"primaryImageOfPage\":{\"@id\":\"https:\\\/\\\/www.tourisme-volvestre.fr\\\/es\\\/nuestros-productos-galardonados\\\/#primaryimage\"},\"image\":{\"@id\":\"https:\\\/\\\/www.tourisme-volvestre.fr\\\/es\\\/nuestros-productos-galardonados\\\/#primaryimage\"},\"thumbnailUrl\":\"https:\\\/\\\/www.tourisme-volvestre.fr\\\/wp-content\\\/uploads\\\/2025\\\/07\\\/mauzac_fermedubila_producteurs_fromage_animaux@stephanelessieux.jpg\",\"datePublished\":\"2025-07-10T13:54:02+00:00\",\"dateModified\":\"2025-10-14T10:26:08+00:00\",\"description\":\"\u00a1Los productores del Volvestre tienen talento! Descubra los productos galardonados con medallas en concursos internacionales.\",\"breadcrumb\":{\"@id\":\"https:\\\/\\\/www.tourisme-volvestre.fr\\\/es\\\/nuestros-productos-galardonados\\\/#breadcrumb\"},\"inLanguage\":\"es\",\"potentialAction\":[{\"@type\":\"ReadAction\",\"target\":[\"https:\\\/\\\/www.tourisme-volvestre.fr\\\/es\\\/nuestros-productos-galardonados\\\/\"]}]},{\"@type\":\"ImageObject\",\"inLanguage\":\"es\",\"@id\":\"https:\\\/\\\/www.tourisme-volvestre.fr\\\/es\\\/nuestros-productos-galardonados\\\/#primaryimage\",\"url\":\"https:\\\/\\\/www.tourisme-volvestre.fr\\\/wp-content\\\/uploads\\\/2025\\\/07\\\/mauzac_fermedubila_producteurs_fromage_animaux@stephanelessieux.jpg\",\"contentUrl\":\"https:\\\/\\\/www.tourisme-volvestre.fr\\\/wp-content\\\/uploads\\\/2025\\\/07\\\/mauzac_fermedubila_producteurs_fromage_animaux@stephanelessieux.jpg\",\"width\":2560,\"height\":2560},{\"@type\":\"BreadcrumbList\",\"@id\":\"https:\\\/\\\/www.tourisme-volvestre.fr\\\/es\\\/nuestros-productos-galardonados\\\/#breadcrumb\",\"itemListElement\":[{\"@type\":\"ListItem\",\"position\":1,\"name\":\"Accueil\",\"item\":\"https:\\\/\\\/www.tourisme-volvestre.fr\\\/es\\\/?lang=es\"},{\"@type\":\"ListItem\",\"position\":2,\"name\":\"Nuestros productos galardonados\"}]},{\"@type\":\"WebSite\",\"@id\":\"https:\\\/\\\/www.tourisme-volvestre.fr\\\/es\\\/#website\",\"url\":\"https:\\\/\\\/www.tourisme-volvestre.fr\\\/es\\\/\",\"name\":\"Volvestre Tourisme\",\"description\":\"\",\"publisher\":{\"@id\":\"https:\\\/\\\/www.tourisme-volvestre.fr\\\/es\\\/#organization\"},\"alternateName\":\"OT Volvestre\",\"potentialAction\":[{\"@type\":\"SearchAction\",\"target\":{\"@type\":\"EntryPoint\",\"urlTemplate\":\"https:\\\/\\\/www.tourisme-volvestre.fr\\\/es\\\/?s={search_term_string}\"},\"query-input\":{\"@type\":\"PropertyValueSpecification\",\"valueRequired\":true,\"valueName\":\"search_term_string\"}}],\"inLanguage\":\"es\"},{\"@type\":\"Organization\",\"@id\":\"https:\\\/\\\/www.tourisme-volvestre.fr\\\/es\\\/#organization\",\"name\":\"Volvestre Tourisme\",\"url\":\"https:\\\/\\\/www.tourisme-volvestre.fr\\\/es\\\/\",\"logo\":{\"@type\":\"ImageObject\",\"inLanguage\":\"es\",\"@id\":\"https:\\\/\\\/www.tourisme-volvestre.fr\\\/es\\\/#\\\/schema\\\/logo\\\/image\\\/\",\"url\":\"https:\\\/\\\/www.tourisme-volvestre.fr\\\/wp-content\\\/uploads\\\/2025\\\/02\\\/logo-site.png\",\"contentUrl\":\"https:\\\/\\\/www.tourisme-volvestre.fr\\\/wp-content\\\/uploads\\\/2025\\\/02\\\/logo-site.png\",\"width\":152,\"height\":152,\"caption\":\"Volvestre Tourisme\"},\"image\":{\"@id\":\"https:\\\/\\\/www.tourisme-volvestre.fr\\\/es\\\/#\\\/schema\\\/logo\\\/image\\\/\"},\"sameAs\":[\"https:\\\/\\\/www.facebook.com\\\/TourismeVolvestre\",\"https:\\\/\\\/www.instagram.com\\\/tourismevolvestre\"]}]}<\/script>\n<!-- \/ Yoast SEO plugin. -->","yoast_head_json":{"title":"Nuestros productos galardonados - Volvestre Tourisme","description":"\u00a1Los productores del Volvestre tienen talento! Descubra los productos galardonados con medallas en concursos internacionales.","robots":{"index":"index","follow":"follow","max-snippet":"max-snippet:-1","max-image-preview":"max-image-preview:large","max-video-preview":"max-video-preview:-1"},"canonical":"https:\/\/www.tourisme-volvestre.fr\/es\/nuestros-productos-galardonados\/","og_locale":"es_ES","og_type":"article","og_title":"Nuestros productos galardonados - Volvestre Tourisme","og_description":"\u00a1Los productores del Volvestre tienen talento! Descubra los productos galardonados con medallas en concursos internacionales.","og_url":"https:\/\/www.tourisme-volvestre.fr\/es\/nuestros-productos-galardonados\/","og_site_name":"Volvestre Tourisme","article_publisher":"https:\/\/www.facebook.com\/TourismeVolvestre","article_modified_time":"2025-10-14T10:26:08+00:00","og_image":[{"width":2560,"height":2560,"url":"https:\/\/www.tourisme-volvestre.fr\/wp-content\/uploads\/2025\/07\/mauzac_fermedubila_producteurs_fromage_animaux@stephanelessieux.jpg","type":"image\/jpeg"}],"twitter_card":"summary_large_image","twitter_misc":{"Tiempo de lectura":"3 minutos"},"schema":{"@context":"https:\/\/schema.org","@graph":[{"@type":"WebPage","@id":"https:\/\/www.tourisme-volvestre.fr\/es\/nuestros-productos-galardonados\/","url":"https:\/\/www.tourisme-volvestre.fr\/es\/nuestros-productos-galardonados\/","name":"Nuestros productos galardonados - Volvestre Tourisme","isPartOf":{"@id":"https:\/\/www.tourisme-volvestre.fr\/es\/#website"},"primaryImageOfPage":{"@id":"https:\/\/www.tourisme-volvestre.fr\/es\/nuestros-productos-galardonados\/#primaryimage"},"image":{"@id":"https:\/\/www.tourisme-volvestre.fr\/es\/nuestros-productos-galardonados\/#primaryimage"},"thumbnailUrl":"https:\/\/www.tourisme-volvestre.fr\/wp-content\/uploads\/2025\/07\/mauzac_fermedubila_producteurs_fromage_animaux@stephanelessieux.jpg","datePublished":"2025-07-10T13:54:02+00:00","dateModified":"2025-10-14T10:26:08+00:00","description":"\u00a1Los productores del Volvestre tienen talento! Descubra los productos galardonados con medallas en concursos internacionales.","breadcrumb":{"@id":"https:\/\/www.tourisme-volvestre.fr\/es\/nuestros-productos-galardonados\/#breadcrumb"},"inLanguage":"es","potentialAction":[{"@type":"ReadAction","target":["https:\/\/www.tourisme-volvestre.fr\/es\/nuestros-productos-galardonados\/"]}]},{"@type":"ImageObject","inLanguage":"es","@id":"https:\/\/www.tourisme-volvestre.fr\/es\/nuestros-productos-galardonados\/#primaryimage","url":"https:\/\/www.tourisme-volvestre.fr\/wp-content\/uploads\/2025\/07\/mauzac_fermedubila_producteurs_fromage_animaux@stephanelessieux.jpg","contentUrl":"https:\/\/www.tourisme-volvestre.fr\/wp-content\/uploads\/2025\/07\/mauzac_fermedubila_producteurs_fromage_animaux@stephanelessieux.jpg","width":2560,"height":2560},{"@type":"BreadcrumbList","@id":"https:\/\/www.tourisme-volvestre.fr\/es\/nuestros-productos-galardonados\/#breadcrumb","itemListElement":[{"@type":"ListItem","position":1,"name":"Accueil","item":"https:\/\/www.tourisme-volvestre.fr\/es\/?lang=es"},{"@type":"ListItem","position":2,"name":"Nuestros productos galardonados"}]},{"@type":"WebSite","@id":"https:\/\/www.tourisme-volvestre.fr\/es\/#website","url":"https:\/\/www.tourisme-volvestre.fr\/es\/","name":"Volvestre Tourisme","description":"","publisher":{"@id":"https:\/\/www.tourisme-volvestre.fr\/es\/#organization"},"alternateName":"OT Volvestre","potentialAction":[{"@type":"SearchAction","target":{"@type":"EntryPoint","urlTemplate":"https:\/\/www.tourisme-volvestre.fr\/es\/?s={search_term_string}"},"query-input":{"@type":"PropertyValueSpecification","valueRequired":true,"valueName":"search_term_string"}}],"inLanguage":"es"},{"@type":"Organization","@id":"https:\/\/www.tourisme-volvestre.fr\/es\/#organization","name":"Volvestre Tourisme","url":"https:\/\/www.tourisme-volvestre.fr\/es\/","logo":{"@type":"ImageObject","inLanguage":"es","@id":"https:\/\/www.tourisme-volvestre.fr\/es\/#\/schema\/logo\/image\/","url":"https:\/\/www.tourisme-volvestre.fr\/wp-content\/uploads\/2025\/02\/logo-site.png","contentUrl":"https:\/\/www.tourisme-volvestre.fr\/wp-content\/uploads\/2025\/02\/logo-site.png","width":152,"height":152,"caption":"Volvestre Tourisme"},"image":{"@id":"https:\/\/www.tourisme-volvestre.fr\/es\/#\/schema\/logo\/image\/"},"sameAs":["https:\/\/www.facebook.com\/TourismeVolvestre","https:\/\/www.instagram.com\/tourismevolvestre"]}]}},"_links":{"self":[{"href":"https:\/\/www.tourisme-volvestre.fr\/es\/wp-json\/wp\/v2\/pages\/9535","targetHints":{"allow":["GET"]}}],"collection":[{"href":"https:\/\/www.tourisme-volvestre.fr\/es\/wp-json\/wp\/v2\/pages"}],"about":[{"href":"https:\/\/www.tourisme-volvestre.fr\/es\/wp-json\/wp\/v2\/types\/page"}],"author":[{"embeddable":true,"href":"https:\/\/www.tourisme-volvestre.fr\/es\/wp-json\/wp\/v2\/users\/6"}],"replies":[{"embeddable":true,"href":"https:\/\/www.tourisme-volvestre.fr\/es\/wp-json\/wp\/v2\/comments?post=9535"}],"version-history":[{"count":3,"href":"https:\/\/www.tourisme-volvestre.fr\/es\/wp-json\/wp\/v2\/pages\/9535\/revisions"}],"predecessor-version":[{"id":10788,"href":"https:\/\/www.tourisme-volvestre.fr\/es\/wp-json\/wp\/v2\/pages\/9535\/revisions\/10788"}],"wp:featuredmedia":[{"embeddable":true,"href":"https:\/\/www.tourisme-volvestre.fr\/es\/wp-json\/wp\/v2\/media\/7549"}],"wp:attachment":[{"href":"https:\/\/www.tourisme-volvestre.fr\/es\/wp-json\/wp\/v2\/media?parent=9535"}],"curies":[{"name":"wp","href":"https:\/\/api.w.org\/{rel}","templated":true}]}}