{"id":9594,"date":"2025-07-03T16:47:05","date_gmt":"2025-07-03T14:47:05","guid":{"rendered":"https:\/\/www.tourisme-volvestre.fr\/nuestro-horario\/"},"modified":"2026-03-05T10:05:23","modified_gmt":"2026-03-05T09:05:23","slug":"nuestro-horario","status":"publish","type":"page","link":"https:\/\/www.tourisme-volvestre.fr\/es\/nuestro-horario\/","title":{"rendered":"Nuestro horario"},"content":{"rendered":"\n<div class=\"wp-block-columns is-layout-flex wp-container-core-columns-is-layout-28f84493 wp-block-columns-is-layout-flex\">\n<div class=\"wp-block-column is-layout-flow wp-block-column-is-layout-flow\" id=\"trouver\">\n<p class=\"has-text-align-center has-contrast-2-color has-text-color has-link-color wp-elements-a17ef6f1fd54ae5a95bd4f2411d39ea8\" style=\"font-size:clamp(0.984rem, 0.984rem + ((1vw - 0.2rem) * 0.86), 1.5rem);\"><strong>\u00a1Bienvenido a la Oficina de Turismo Intercomunal del Volvestre !<\/strong><\/p>\n\n\n\n<div class=\"wp-block-columns is-layout-flex wp-container-core-columns-is-layout-28f84493 wp-block-columns-is-layout-flex\">\n<div class=\"wp-block-column is-layout-flow wp-block-column-is-layout-flow\">\n<figure class=\"wp-block-gallery has-nested-images columns-default is-cropped wp-block-gallery-2 is-layout-flex wp-block-gallery-is-layout-flex\">\n<figure class=\"wp-block-image size-large is-style-rounded is-style-rounded--1\"><img loading=\"lazy\" decoding=\"async\" width=\"1024\" height=\"482\" data-id=\"7421\" src=\"https:\/\/www.tourisme-volvestre.fr\/wp-content\/uploads\/2025\/07\/PXL_20250704_162729909-Copie-1-1024x482.jpg\" alt=\"\" class=\"wp-image-7421\" srcset=\"https:\/\/www.tourisme-volvestre.fr\/wp-content\/uploads\/2025\/07\/PXL_20250704_162729909-Copie-1-1024x482.jpg 1024w, https:\/\/www.tourisme-volvestre.fr\/wp-content\/uploads\/2025\/07\/PXL_20250704_162729909-Copie-1-300x141.jpg 300w, https:\/\/www.tourisme-volvestre.fr\/wp-content\/uploads\/2025\/07\/PXL_20250704_162729909-Copie-1-768x362.jpg 768w, https:\/\/www.tourisme-volvestre.fr\/wp-content\/uploads\/2025\/07\/PXL_20250704_162729909-Copie-1-1536x723.jpg 1536w, https:\/\/www.tourisme-volvestre.fr\/wp-content\/uploads\/2025\/07\/PXL_20250704_162729909-Copie-1-2048x964.jpg 2048w\" sizes=\"auto, (max-width: 1024px) 100vw, 1024px\" \/><figcaption class=\"wp-element-caption\">Oficina de turismo del Volvestre en Rieux-Volvestre @OTIduVolvestre<\/figcaption><\/figure>\n<\/figure>\n<\/div>\n<\/div>\n\n\n\n<p class=\"has-text-align-center\"><strong>Ya sea usted residente local o visitante de paso, nuestro equipo est\u00e1 a su disposici\u00f3n para asesorarle, guiarle y ayudarle a descubrir todas las risquezas del Volvestre<\/strong>.<\/p>\n\n\n\n<p class=\"has-contrast-2-color has-text-color has-link-color wp-elements-045e94a64345af3f6e4e0c89fbe6d87b\" style=\"font-size:clamp(0.929rem, 0.929rem + ((1vw - 0.2rem) * 0.785), 1.4rem);\"><strong>Nuestra informaci\u00f3n <\/strong><\/p>\n\n\n\n<p>9, Rue de l\u2019Ev\u00each\u00e9 \u2013 31310 Rieux-Volvestre<br\/>05 61 87 63 33<br\/><a href=\"mailto:officetourisme@cc-volvestre.fr\">Cont\u00e1ctenos por correo electr\u00f3nico<\/a><\/p>\n\n\n\n<p class=\"has-contrast-2-color has-text-color has-link-color wp-elements-78b4ea5e40bd6de6d8b933b6458bc32c\" style=\"font-size:clamp(0.929rem, 0.929rem + ((1vw - 0.2rem) * 0.785), 1.4rem);\"><strong>Nuestro horario <\/strong><\/p>\n\n\n\n<ul class=\"wp-block-list\">\n<li><strong>Temporada baja (del 1 de octubre al 30 de abril) <\/strong><\/li>\n<\/ul>\n\n\n\n<figure class=\"wp-block-table\"><table class=\"has-fixed-layout\"><tbody><tr><td class=\"has-text-align-center\" data-align=\"center\"><strong>Fuera de las vacaciones escolares<\/strong><\/td><td class=\"has-text-align-center\" data-align=\"center\"><strong>Vacaciones escolares (zona A, zona B y zona C)<\/strong><\/td><\/tr><tr><td class=\"has-text-align-center\" data-align=\"center\"><strong>Lunes<\/strong> : Cerrado al p\u00fablico<br\/><strong>Martes <\/strong>: 10:00 \u2013 13:00<br\/><strong>Mi\u00e9rcoles <\/strong>: 10:00 \u2013 13:00<br\/><strong>Jueves <\/strong>: 10:00 \u2013 13:00<br\/><strong>Viernes <\/strong>: 10:00 \u2013 13:00<br\/><strong>S\u00e1bado <\/strong>: Cerrado<br\/><strong>Domingo <\/strong>: Cerrado<\/td><td class=\"has-text-align-center\" data-align=\"center\"><strong>Lunes <\/strong>: Cerrado al p\u00fablico<br\/><strong>Martes <\/strong>: 10:00 \u2013 13:00 \/ 14:00 \u2013 17:00<br\/><strong>Mi\u00e9rcoles <\/strong>: 10:00 \u2013 13:00 \/ 14:00 \u2013 17:00<br\/><strong>Jueves <\/strong>: 10:00 \u2013 13:00 \/ 14:00 \u2013 17:00<br\/><strong>Viernes <\/strong>: 10:00 \u2013 13:00 \/ 14:00 \u2013 17:00<br\/><strong>S\u00e1bado <\/strong>: Cerrado<br\/><strong>Domingo <\/strong>: Cerrado<\/td><\/tr><\/tbody><\/table><\/figure>\n\n\n\n<ul class=\"wp-block-list\">\n<li><strong>Temporada alta (del 1 de mayo al 30 de septiembre)<\/strong><\/li>\n<\/ul>\n\n\n\n<figure class=\"wp-block-table\"><table class=\"has-fixed-layout\"><tbody><tr><td class=\"has-text-align-center\" data-align=\"center\"><strong>Lunes <\/strong>: Cerrado al p\u00fablico<br\/><strong>Martes<\/strong> : 10:00 \u2013 13:00 \/ 14:00 \u2013 18:00<br\/><strong>Mi\u00e9rcoles<\/strong> : 10:00 \u2013 13:00 \/ 14:00 \u2013 18:00<br\/><strong>Jueves<\/strong> : 10:00 \u2013 13:00 \/ 14:00 \u2013 18:00<br\/><strong>Viernes<\/strong> : 10:00 \u2013 13:00 \/ 14:00 \u2013 18:00<br\/><strong>S\u00e1bado<\/strong> : 10:00 \u2013 13:00 \/ 14:00 \u2013 18:00<br\/><strong>Domingo<\/strong> : 10:00 \u2013 13:00 \/ (14:00 \u2013 18:00 si hay evento)<\/td><\/tr><\/tbody><\/table><\/figure>\n\n\n\n<p class=\"has-text-align-center\"><em>La catedral de Rieux-Volvestre est\u00e1 abierta durante el horario de apertura de la Oficina de Turismo.<\/em><\/p>\n\n\n\n<p class=\"has-contrast-2-color has-text-color has-link-color wp-elements-bc662d6b42655206c05b4e24bdee7259\" style=\"font-size:clamp(0.929rem, 0.929rem + ((1vw - 0.2rem) * 0.785), 1.4rem);\"><strong>Fuera, sobre los acontecimientos <\/strong><\/p>\n\n\n\n<p>Durante la temporada de verano, encuentre al equipo de la Oficina de turismo en ciertos eventos y mercados del Volvestre. <\/p>\n\n\n\n<p class=\"has-accent-5-color has-text-color has-link-color wp-elements-ff39a9574027dd08aa4f1e125b3e9966\"><strong>\u00a1El programa 2026 ya est\u00e1 en desarrollo!<\/strong><\/p>\n<\/div>\n<\/div>\n\n<div class=\"wp-block-group alignfull has-accent-4-background-color has-background has-global-padding is-layout-constrained wp-container-core-group-is-layout-ed5e8923 wp-block-group-is-layout-constrained\" style=\"margin-top:var(--wp--preset--spacing--20);margin-bottom:0;padding-top:var(--wp--preset--spacing--20);padding-right:var(--wp--preset--spacing--20);padding-bottom:var(--wp--preset--spacing--20);padding-left:var(--wp--preset--spacing--20)\">\n<div class=\"wp-block-group has-global-padding is-layout-constrained wp-container-core-group-is-layout-c385debf wp-block-group-is-layout-constrained\" style=\"padding-top:var(--wp--preset--spacing--20);padding-right:var(--wp--preset--spacing--20);padding-bottom:var(--wp--preset--spacing--20);padding-left:var(--wp--preset--spacing--20)\">\n<h2 class=\"wp-block-heading has-text-align-center\">Tambi\u00e9n te puede <mark style=\"background-color:rgba(0, 0, 0, 0);color:#1d1d1b\" class=\"has-inline-color\">interesar\u2026<\/mark><\/h2>\n\n\n\n<div class=\"wp-block-group has-global-padding is-layout-constrained wp-container-core-group-is-layout-c385debf wp-block-group-is-layout-constrained\" style=\"padding-top:var(--wp--preset--spacing--20);padding-right:var(--wp--preset--spacing--20);padding-bottom:var(--wp--preset--spacing--20);padding-left:var(--wp--preset--spacing--20)\">\n<div class=\"wp-block-columns is-layout-flex wp-container-core-columns-is-layout-28f84493 wp-block-columns-is-layout-flex\">\n<div class=\"wp-block-column is-layout-flow wp-block-column-is-layout-flow\">\n<figure class=\"wp-block-image aligncenter size-full has-custom-border\"><img loading=\"lazy\" decoding=\"async\" width=\"2560\" height=\"1205\" src=\"https:\/\/www.tourisme-volvestre.fr\/wp-content\/uploads\/2025\/07\/PXL_20250704_162729909-Copie-1.jpg\" alt=\"\" class=\"wp-image-7421\" style=\"border-radius:25px;aspect-ratio:1;object-fit:cover\" srcset=\"https:\/\/www.tourisme-volvestre.fr\/wp-content\/uploads\/2025\/07\/PXL_20250704_162729909-Copie-1.jpg 2560w, https:\/\/www.tourisme-volvestre.fr\/wp-content\/uploads\/2025\/07\/PXL_20250704_162729909-Copie-1-300x141.jpg 300w, https:\/\/www.tourisme-volvestre.fr\/wp-content\/uploads\/2025\/07\/PXL_20250704_162729909-Copie-1-1024x482.jpg 1024w, https:\/\/www.tourisme-volvestre.fr\/wp-content\/uploads\/2025\/07\/PXL_20250704_162729909-Copie-1-768x362.jpg 768w, https:\/\/www.tourisme-volvestre.fr\/wp-content\/uploads\/2025\/07\/PXL_20250704_162729909-Copie-1-1536x723.jpg 1536w, https:\/\/www.tourisme-volvestre.fr\/wp-content\/uploads\/2025\/07\/PXL_20250704_162729909-Copie-1-2048x964.jpg 2048w\" sizes=\"auto, (max-width: 2560px) 100vw, 2560px\" \/><figcaption class=\"wp-element-caption\">La Oficina de Turismo @OTIduVolvestre<\/figcaption><\/figure>\n\n\n\n<div class=\"wp-block-buttons is-content-justification-center is-layout-flex wp-container-core-buttons-is-layout-a89b3969 wp-block-buttons-is-layout-flex\">\n<div class=\"wp-block-button\"><a class=\"wp-block-button__link wp-element-button\" href=\"https:\/\/www.tourisme-volvestre.fr\/es\/nuestro-equipo\/\">Nuestro equipo<\/a><\/div>\n<\/div>\n<\/div>\n\n\n\n<div class=\"wp-block-column is-layout-flow wp-block-column-is-layout-flow\">\n<figure class=\"wp-block-image aligncenter size-full has-custom-border\"><img loading=\"lazy\" decoding=\"async\" width=\"1850\" height=\"2560\" src=\"https:\/\/www.tourisme-volvestre.fr\/wp-content\/uploads\/2025\/06\/rieuxvolvestre_ambassadeur_campingplandeau@oti.jpg\" alt=\"\" class=\"wp-image-4949\" style=\"border-radius:25px;aspect-ratio:1;object-fit:cover\" srcset=\"https:\/\/www.tourisme-volvestre.fr\/wp-content\/uploads\/2025\/06\/rieuxvolvestre_ambassadeur_campingplandeau@oti.jpg 1850w, https:\/\/www.tourisme-volvestre.fr\/wp-content\/uploads\/2025\/06\/rieuxvolvestre_ambassadeur_campingplandeau@oti-217x300.jpg 217w, https:\/\/www.tourisme-volvestre.fr\/wp-content\/uploads\/2025\/06\/rieuxvolvestre_ambassadeur_campingplandeau@oti-740x1024.jpg 740w, https:\/\/www.tourisme-volvestre.fr\/wp-content\/uploads\/2025\/06\/rieuxvolvestre_ambassadeur_campingplandeau@oti-768x1063.jpg 768w, https:\/\/www.tourisme-volvestre.fr\/wp-content\/uploads\/2025\/06\/rieuxvolvestre_ambassadeur_campingplandeau@oti-1110x1536.jpg 1110w, https:\/\/www.tourisme-volvestre.fr\/wp-content\/uploads\/2025\/06\/rieuxvolvestre_ambassadeur_campingplandeau@oti-1480x2048.jpg 1480w\" sizes=\"auto, (max-width: 1850px) 100vw, 1850px\" \/><figcaption class=\"wp-element-caption\">Camping Le Plan d&#8217;eau \u00e0 Rieux-Volvestre<\/figcaption><\/figure>\n\n\n\n<div class=\"wp-block-buttons is-content-justification-center is-layout-flex wp-container-core-buttons-is-layout-a89b3969 wp-block-buttons-is-layout-flex\">\n<div class=\"wp-block-button\"><a class=\"wp-block-button__link wp-element-button\" href=\"https:\/\/www.tourisme-volvestre.fr\/es\/la-red-de-embajadores\/\">La red de embajadores<\/a><\/div>\n<\/div>\n<\/div>\n\n\n\n<div class=\"wp-block-column is-layout-flow wp-block-column-is-layout-flow\">\n<figure class=\"wp-block-image aligncenter size-full has-custom-border\"><img loading=\"lazy\" decoding=\"async\" width=\"587\" height=\"1172\" src=\"https:\/\/www.tourisme-volvestre.fr\/wp-content\/uploads\/2025\/06\/20241112_VD_recto_carte_activites_pleine_nature_page-0001-1.jpg\" alt=\"\" class=\"wp-image-5245\" style=\"border-radius:25px;aspect-ratio:1;object-fit:cover\" srcset=\"https:\/\/www.tourisme-volvestre.fr\/wp-content\/uploads\/2025\/06\/20241112_VD_recto_carte_activites_pleine_nature_page-0001-1.jpg 587w, https:\/\/www.tourisme-volvestre.fr\/wp-content\/uploads\/2025\/06\/20241112_VD_recto_carte_activites_pleine_nature_page-0001-1-150x300.jpg 150w, https:\/\/www.tourisme-volvestre.fr\/wp-content\/uploads\/2025\/06\/20241112_VD_recto_carte_activites_pleine_nature_page-0001-1-513x1024.jpg 513w\" sizes=\"auto, (max-width: 587px) 100vw, 587px\" \/><figcaption class=\"wp-element-caption\">@MathieuCalviac y @PaulaBearzotti<\/figcaption><\/figure>\n\n\n\n<div class=\"wp-block-buttons is-content-justification-center is-layout-flex wp-container-core-buttons-is-layout-a89b3969 wp-block-buttons-is-layout-flex\">\n<div class=\"wp-block-button\"><a class=\"wp-block-button__link wp-element-button\" href=\"https:\/\/www.tourisme-volvestre.fr\/es\/como-venir\/\">\u00bfC\u00f3mo venir?<\/a><\/div>\n<\/div>\n<\/div>\n<\/div>\n<\/div>\n<\/div>\n<\/div>\n","protected":false},"excerpt":{"rendered":"<p>\u00a1Bienvenido a la Oficina de Turismo Intercomunal del Volvestre ! Ya sea usted residente local o visitante de paso, nuestro equipo est\u00e1 a su disposici\u00f3n para asesorarle, guiarle y ayudarle a descubrir todas las risquezas del Volvestre. Nuestra informaci\u00f3n 9, Rue de l\u2019Ev\u00each\u00e9 \u2013 31310 Rieux-Volvestre05 61 87 63 33Cont\u00e1ctenos por correo electr\u00f3nico Nuestro horario [&hellip;]<\/p>\n","protected":false},"author":8,"featured_media":7430,"parent":0,"menu_order":0,"comment_status":"closed","ping_status":"closed","template":"page-no-title","meta":{"_acf_changed":false,"inline_featured_image":false,"footnotes":""},"class_list":["post-9594","page","type-page","status-publish","has-post-thumbnail","hentry"],"acf":[],"yoast_head":"<!-- This site is optimized with the Yoast SEO plugin v27.3 - https:\/\/yoast.com\/product\/yoast-seo-wordpress\/ -->\n<title>Nuestro horario - Volvestre Tourisme<\/title>\n<meta name=\"description\" content=\"\u00bfDesea venir a conocernos? Consulte los horarios de la Oficina de turismo del Volvestre en temporada baja, media y alta.\" \/>\n<meta name=\"robots\" content=\"index, follow, max-snippet:-1, max-image-preview:large, max-video-preview:-1\" \/>\n<link rel=\"canonical\" href=\"https:\/\/www.tourisme-volvestre.fr\/es\/nuestro-horario\/\" \/>\n<meta property=\"og:locale\" content=\"es_ES\" \/>\n<meta property=\"og:type\" content=\"article\" \/>\n<meta property=\"og:title\" content=\"Nuestro horario - Volvestre Tourisme\" \/>\n<meta property=\"og:description\" content=\"\u00bfDesea venir a conocernos? Consulte los horarios de la Oficina de turismo del Volvestre en temporada baja, media y alta.\" \/>\n<meta property=\"og:url\" content=\"https:\/\/www.tourisme-volvestre.fr\/es\/nuestro-horario\/\" \/>\n<meta property=\"og:site_name\" content=\"Volvestre Tourisme\" \/>\n<meta property=\"article:publisher\" content=\"https:\/\/www.facebook.com\/TourismeVolvestre\" \/>\n<meta property=\"article:modified_time\" content=\"2026-03-05T09:05:23+00:00\" \/>\n<meta property=\"og:image\" content=\"https:\/\/www.tourisme-volvestre.fr\/wp-content\/uploads\/2025\/07\/PXL_20250704_162729909.jpg\" \/>\n\t<meta property=\"og:image:width\" content=\"1768\" \/>\n\t<meta property=\"og:image:height\" content=\"2358\" \/>\n\t<meta property=\"og:image:type\" content=\"image\/jpeg\" \/>\n<meta name=\"twitter:card\" content=\"summary_large_image\" \/>\n<meta name=\"twitter:label1\" content=\"Tiempo de lectura\" \/>\n\t<meta name=\"twitter:data1\" content=\"1 minuto\" \/>\n<script type=\"application\/ld+json\" class=\"yoast-schema-graph\">{\"@context\":\"https:\\\/\\\/schema.org\",\"@graph\":[{\"@type\":\"WebPage\",\"@id\":\"https:\\\/\\\/www.tourisme-volvestre.fr\\\/es\\\/nuestro-horario\\\/\",\"url\":\"https:\\\/\\\/www.tourisme-volvestre.fr\\\/es\\\/nuestro-horario\\\/\",\"name\":\"Nuestro horario - Volvestre Tourisme\",\"isPartOf\":{\"@id\":\"https:\\\/\\\/www.tourisme-volvestre.fr\\\/es\\\/#website\"},\"primaryImageOfPage\":{\"@id\":\"https:\\\/\\\/www.tourisme-volvestre.fr\\\/es\\\/nuestro-horario\\\/#primaryimage\"},\"image\":{\"@id\":\"https:\\\/\\\/www.tourisme-volvestre.fr\\\/es\\\/nuestro-horario\\\/#primaryimage\"},\"thumbnailUrl\":\"https:\\\/\\\/www.tourisme-volvestre.fr\\\/wp-content\\\/uploads\\\/2025\\\/07\\\/PXL_20250704_162729909.jpg\",\"datePublished\":\"2025-07-03T14:47:05+00:00\",\"dateModified\":\"2026-03-05T09:05:23+00:00\",\"description\":\"\u00bfDesea venir a conocernos? Consulte los horarios de la Oficina de turismo del Volvestre en temporada baja, media y alta.\",\"breadcrumb\":{\"@id\":\"https:\\\/\\\/www.tourisme-volvestre.fr\\\/es\\\/nuestro-horario\\\/#breadcrumb\"},\"inLanguage\":\"es\",\"potentialAction\":[{\"@type\":\"ReadAction\",\"target\":[\"https:\\\/\\\/www.tourisme-volvestre.fr\\\/es\\\/nuestro-horario\\\/\"]}]},{\"@type\":\"ImageObject\",\"inLanguage\":\"es\",\"@id\":\"https:\\\/\\\/www.tourisme-volvestre.fr\\\/es\\\/nuestro-horario\\\/#primaryimage\",\"url\":\"https:\\\/\\\/www.tourisme-volvestre.fr\\\/wp-content\\\/uploads\\\/2025\\\/07\\\/PXL_20250704_162729909.jpg\",\"contentUrl\":\"https:\\\/\\\/www.tourisme-volvestre.fr\\\/wp-content\\\/uploads\\\/2025\\\/07\\\/PXL_20250704_162729909.jpg\",\"width\":1768,\"height\":2358},{\"@type\":\"BreadcrumbList\",\"@id\":\"https:\\\/\\\/www.tourisme-volvestre.fr\\\/es\\\/nuestro-horario\\\/#breadcrumb\",\"itemListElement\":[{\"@type\":\"ListItem\",\"position\":1,\"name\":\"Accueil\",\"item\":\"https:\\\/\\\/www.tourisme-volvestre.fr\\\/es\\\/?lang=es\"},{\"@type\":\"ListItem\",\"position\":2,\"name\":\"Nuestro horario\"}]},{\"@type\":\"WebSite\",\"@id\":\"https:\\\/\\\/www.tourisme-volvestre.fr\\\/es\\\/#website\",\"url\":\"https:\\\/\\\/www.tourisme-volvestre.fr\\\/es\\\/\",\"name\":\"Volvestre Tourisme\",\"description\":\"\",\"publisher\":{\"@id\":\"https:\\\/\\\/www.tourisme-volvestre.fr\\\/es\\\/#organization\"},\"alternateName\":\"OT Volvestre\",\"potentialAction\":[{\"@type\":\"SearchAction\",\"target\":{\"@type\":\"EntryPoint\",\"urlTemplate\":\"https:\\\/\\\/www.tourisme-volvestre.fr\\\/es\\\/?s={search_term_string}\"},\"query-input\":{\"@type\":\"PropertyValueSpecification\",\"valueRequired\":true,\"valueName\":\"search_term_string\"}}],\"inLanguage\":\"es\"},{\"@type\":\"Organization\",\"@id\":\"https:\\\/\\\/www.tourisme-volvestre.fr\\\/es\\\/#organization\",\"name\":\"Volvestre Tourisme\",\"url\":\"https:\\\/\\\/www.tourisme-volvestre.fr\\\/es\\\/\",\"logo\":{\"@type\":\"ImageObject\",\"inLanguage\":\"es\",\"@id\":\"https:\\\/\\\/www.tourisme-volvestre.fr\\\/es\\\/#\\\/schema\\\/logo\\\/image\\\/\",\"url\":\"https:\\\/\\\/www.tourisme-volvestre.fr\\\/wp-content\\\/uploads\\\/2025\\\/02\\\/logo-site.png\",\"contentUrl\":\"https:\\\/\\\/www.tourisme-volvestre.fr\\\/wp-content\\\/uploads\\\/2025\\\/02\\\/logo-site.png\",\"width\":152,\"height\":152,\"caption\":\"Volvestre Tourisme\"},\"image\":{\"@id\":\"https:\\\/\\\/www.tourisme-volvestre.fr\\\/es\\\/#\\\/schema\\\/logo\\\/image\\\/\"},\"sameAs\":[\"https:\\\/\\\/www.facebook.com\\\/TourismeVolvestre\",\"https:\\\/\\\/www.instagram.com\\\/tourismevolvestre\"]}]}<\/script>\n<!-- \/ Yoast SEO plugin. -->","yoast_head_json":{"title":"Nuestro horario - Volvestre Tourisme","description":"\u00bfDesea venir a conocernos? Consulte los horarios de la Oficina de turismo del Volvestre en temporada baja, media y alta.","robots":{"index":"index","follow":"follow","max-snippet":"max-snippet:-1","max-image-preview":"max-image-preview:large","max-video-preview":"max-video-preview:-1"},"canonical":"https:\/\/www.tourisme-volvestre.fr\/es\/nuestro-horario\/","og_locale":"es_ES","og_type":"article","og_title":"Nuestro horario - Volvestre Tourisme","og_description":"\u00bfDesea venir a conocernos? Consulte los horarios de la Oficina de turismo del Volvestre en temporada baja, media y alta.","og_url":"https:\/\/www.tourisme-volvestre.fr\/es\/nuestro-horario\/","og_site_name":"Volvestre Tourisme","article_publisher":"https:\/\/www.facebook.com\/TourismeVolvestre","article_modified_time":"2026-03-05T09:05:23+00:00","og_image":[{"width":1768,"height":2358,"url":"https:\/\/www.tourisme-volvestre.fr\/wp-content\/uploads\/2025\/07\/PXL_20250704_162729909.jpg","type":"image\/jpeg"}],"twitter_card":"summary_large_image","twitter_misc":{"Tiempo de lectura":"1 minuto"},"schema":{"@context":"https:\/\/schema.org","@graph":[{"@type":"WebPage","@id":"https:\/\/www.tourisme-volvestre.fr\/es\/nuestro-horario\/","url":"https:\/\/www.tourisme-volvestre.fr\/es\/nuestro-horario\/","name":"Nuestro horario - Volvestre Tourisme","isPartOf":{"@id":"https:\/\/www.tourisme-volvestre.fr\/es\/#website"},"primaryImageOfPage":{"@id":"https:\/\/www.tourisme-volvestre.fr\/es\/nuestro-horario\/#primaryimage"},"image":{"@id":"https:\/\/www.tourisme-volvestre.fr\/es\/nuestro-horario\/#primaryimage"},"thumbnailUrl":"https:\/\/www.tourisme-volvestre.fr\/wp-content\/uploads\/2025\/07\/PXL_20250704_162729909.jpg","datePublished":"2025-07-03T14:47:05+00:00","dateModified":"2026-03-05T09:05:23+00:00","description":"\u00bfDesea venir a conocernos? Consulte los horarios de la Oficina de turismo del Volvestre en temporada baja, media y alta.","breadcrumb":{"@id":"https:\/\/www.tourisme-volvestre.fr\/es\/nuestro-horario\/#breadcrumb"},"inLanguage":"es","potentialAction":[{"@type":"ReadAction","target":["https:\/\/www.tourisme-volvestre.fr\/es\/nuestro-horario\/"]}]},{"@type":"ImageObject","inLanguage":"es","@id":"https:\/\/www.tourisme-volvestre.fr\/es\/nuestro-horario\/#primaryimage","url":"https:\/\/www.tourisme-volvestre.fr\/wp-content\/uploads\/2025\/07\/PXL_20250704_162729909.jpg","contentUrl":"https:\/\/www.tourisme-volvestre.fr\/wp-content\/uploads\/2025\/07\/PXL_20250704_162729909.jpg","width":1768,"height":2358},{"@type":"BreadcrumbList","@id":"https:\/\/www.tourisme-volvestre.fr\/es\/nuestro-horario\/#breadcrumb","itemListElement":[{"@type":"ListItem","position":1,"name":"Accueil","item":"https:\/\/www.tourisme-volvestre.fr\/es\/?lang=es"},{"@type":"ListItem","position":2,"name":"Nuestro horario"}]},{"@type":"WebSite","@id":"https:\/\/www.tourisme-volvestre.fr\/es\/#website","url":"https:\/\/www.tourisme-volvestre.fr\/es\/","name":"Volvestre Tourisme","description":"","publisher":{"@id":"https:\/\/www.tourisme-volvestre.fr\/es\/#organization"},"alternateName":"OT Volvestre","potentialAction":[{"@type":"SearchAction","target":{"@type":"EntryPoint","urlTemplate":"https:\/\/www.tourisme-volvestre.fr\/es\/?s={search_term_string}"},"query-input":{"@type":"PropertyValueSpecification","valueRequired":true,"valueName":"search_term_string"}}],"inLanguage":"es"},{"@type":"Organization","@id":"https:\/\/www.tourisme-volvestre.fr\/es\/#organization","name":"Volvestre Tourisme","url":"https:\/\/www.tourisme-volvestre.fr\/es\/","logo":{"@type":"ImageObject","inLanguage":"es","@id":"https:\/\/www.tourisme-volvestre.fr\/es\/#\/schema\/logo\/image\/","url":"https:\/\/www.tourisme-volvestre.fr\/wp-content\/uploads\/2025\/02\/logo-site.png","contentUrl":"https:\/\/www.tourisme-volvestre.fr\/wp-content\/uploads\/2025\/02\/logo-site.png","width":152,"height":152,"caption":"Volvestre Tourisme"},"image":{"@id":"https:\/\/www.tourisme-volvestre.fr\/es\/#\/schema\/logo\/image\/"},"sameAs":["https:\/\/www.facebook.com\/TourismeVolvestre","https:\/\/www.instagram.com\/tourismevolvestre"]}]}},"_links":{"self":[{"href":"https:\/\/www.tourisme-volvestre.fr\/es\/wp-json\/wp\/v2\/pages\/9594","targetHints":{"allow":["GET"]}}],"collection":[{"href":"https:\/\/www.tourisme-volvestre.fr\/es\/wp-json\/wp\/v2\/pages"}],"about":[{"href":"https:\/\/www.tourisme-volvestre.fr\/es\/wp-json\/wp\/v2\/types\/page"}],"author":[{"embeddable":true,"href":"https:\/\/www.tourisme-volvestre.fr\/es\/wp-json\/wp\/v2\/users\/8"}],"replies":[{"embeddable":true,"href":"https:\/\/www.tourisme-volvestre.fr\/es\/wp-json\/wp\/v2\/comments?post=9594"}],"version-history":[{"count":9,"href":"https:\/\/www.tourisme-volvestre.fr\/es\/wp-json\/wp\/v2\/pages\/9594\/revisions"}],"predecessor-version":[{"id":11529,"href":"https:\/\/www.tourisme-volvestre.fr\/es\/wp-json\/wp\/v2\/pages\/9594\/revisions\/11529"}],"wp:featuredmedia":[{"embeddable":true,"href":"https:\/\/www.tourisme-volvestre.fr\/es\/wp-json\/wp\/v2\/media\/7430"}],"wp:attachment":[{"href":"https:\/\/www.tourisme-volvestre.fr\/es\/wp-json\/wp\/v2\/media?parent=9594"}],"curies":[{"name":"wp","href":"https:\/\/api.w.org\/{rel}","templated":true}]}}