{"id":9602,"date":"2025-06-25T17:12:06","date_gmt":"2025-06-25T15:12:06","guid":{"rendered":"https:\/\/www.tourisme-volvestre.fr\/nuestros-alquileres-de-salas\/"},"modified":"2025-09-01T11:43:37","modified_gmt":"2025-09-01T09:43:37","slug":"nuestros-alquileres-de-salas","status":"publish","type":"page","link":"https:\/\/www.tourisme-volvestre.fr\/es\/nuestros-alquileres-de-salas\/","title":{"rendered":"Nuestros alquileres de salas"},"content":{"rendered":"\n<h2 class=\"wp-block-heading has-text-align-center has-contrast-2-color has-text-color has-link-color wp-elements-ea961ba75274370162375f74930d1bb8\"><strong>\u00bfUn evento? \u00bfUn seminario? \u00bfBuscas un lugar especial para tu familia o compa\u00f1eros?   <\/strong><\/h2>\n\n<p class=\"has-text-align-center\"><strong>\u00bfBuscas alquilar una habitaci\u00f3n cerca de Toulouse?<\/strong> <strong>Encuentra nuestras salas de alquiler en el Volvestre aqu\u00ed.<\/strong><\/p>\n\n<div class=\"wp-block-columns is-layout-flex wp-container-core-columns-is-layout-28f84493 wp-block-columns-is-layout-flex\">\n<div class=\"wp-block-column is-layout-flow wp-block-column-is-layout-flow\">\n<figure class=\"wp-block-image size-full is-style-rounded is-style-rounded--1\"><img loading=\"lazy\" decoding=\"async\" width=\"706\" height=\"706\" src=\"https:\/\/www.tourisme-volvestre.fr\/wp-content\/uploads\/2025\/06\/seminaire-Trapeen-carre.jpg\" alt=\"Trap&#xE9;en : alquiler de salas cerca de Toulouse eventos, seminarios, fiestas.\" class=\"wp-image-6744\" srcset=\"https:\/\/www.tourisme-volvestre.fr\/wp-content\/uploads\/2025\/06\/seminaire-Trapeen-carre.jpg 706w, https:\/\/www.tourisme-volvestre.fr\/wp-content\/uploads\/2025\/06\/seminaire-Trapeen-carre-300x300.jpg 300w, https:\/\/www.tourisme-volvestre.fr\/wp-content\/uploads\/2025\/06\/seminaire-Trapeen-carre-150x150.jpg 150w\" sizes=\"auto, (max-width: 706px) 100vw, 706px\" \/><\/figure>\n<\/div>\n\n\n\n<div class=\"wp-block-column is-layout-flow wp-block-column-is-layout-flow\">\n<figure class=\"wp-block-image size-large is-style-rounded is-style-rounded--2\"><a href=\"https:\/\/letrapeen.fr\/\" target=\"_blank\" rel=\" noreferrer noopener\"><img loading=\"lazy\" decoding=\"async\" width=\"1024\" height=\"578\" src=\"https:\/\/www.tourisme-volvestre.fr\/wp-content\/uploads\/2025\/06\/trapeen-1024x578.jpg\" alt=\"Trap&#xE9;en : alquiler de salas cerca de Toulouse eventos, seminarios, fiestas.\" class=\"wp-image-6735\" style=\"aspect-ratio:1;object-fit:cover\" srcset=\"https:\/\/www.tourisme-volvestre.fr\/wp-content\/uploads\/2025\/06\/trapeen-1024x578.jpg 1024w, https:\/\/www.tourisme-volvestre.fr\/wp-content\/uploads\/2025\/06\/trapeen-300x169.jpg 300w, https:\/\/www.tourisme-volvestre.fr\/wp-content\/uploads\/2025\/06\/trapeen-768x433.jpg 768w, https:\/\/www.tourisme-volvestre.fr\/wp-content\/uploads\/2025\/06\/trapeen-1536x867.jpg 1536w, https:\/\/www.tourisme-volvestre.fr\/wp-content\/uploads\/2025\/06\/trapeen.jpg 1600w\" sizes=\"auto, (max-width: 1024px) 100vw, 1024px\" \/><\/a><\/figure>\n<\/div>\n<\/div>\n\n<p class=\"has-text-align-center\"><em>Arriba : <a href=\"https:\/\/letrapeen.fr\/\" target=\"_blank\" rel=\"noreferrer noopener\">Le Trap\u00e9en<\/a>. Con sus 900 m\u00b2 y 43 camas, este edificio se adapta a todos sus gustos.<\/em><\/p>\n\n<div class=\"wp-block-columns is-layout-flex wp-container-core-columns-is-layout-28f84493 wp-block-columns-is-layout-flex\">\n<div class=\"wp-block-column is-layout-flow wp-block-column-is-layout-flow\">\n<figure class=\"wp-block-image aligncenter size-full is-style-rounded is-style-rounded--3\"><img loading=\"lazy\" decoding=\"async\" width=\"800\" height=\"533\" src=\"https:\/\/www.tourisme-volvestre.fr\/wp-content\/uploads\/2025\/06\/domaine-la-terrasse-salle-reception.jpg\" alt=\"Domaine de La Terrasse alquiler de salas cerca de Toulouse eventos, seminarios, fiestas.\" class=\"wp-image-6738\" style=\"aspect-ratio:1;object-fit:cover\" srcset=\"https:\/\/www.tourisme-volvestre.fr\/wp-content\/uploads\/2025\/06\/domaine-la-terrasse-salle-reception.jpg 800w, https:\/\/www.tourisme-volvestre.fr\/wp-content\/uploads\/2025\/06\/domaine-la-terrasse-salle-reception-300x200.jpg 300w, https:\/\/www.tourisme-volvestre.fr\/wp-content\/uploads\/2025\/06\/domaine-la-terrasse-salle-reception-768x512.jpg 768w\" sizes=\"auto, (max-width: 800px) 100vw, 800px\" \/><figcaption class=\"wp-element-caption\">Le Domaine de La Terrasse, Carbonne<\/figcaption><\/figure>\n\n\n\n<div class=\"wp-block-buttons is-content-justification-center is-layout-flex wp-container-core-buttons-is-layout-a89b3969 wp-block-buttons-is-layout-flex\">\n<div class=\"wp-block-button\"><a class=\"wp-block-button__link wp-element-button\" href=\"https:\/\/www.domainedelaterrasse.fr\/\" target=\"_blank\" rel=\"noreferrer noopener\">Descubrir<\/a><\/div>\n<\/div>\n<\/div>\n\n\n\n<div class=\"wp-block-column is-layout-flow wp-block-column-is-layout-flow\">\n<figure class=\"wp-block-image aligncenter size-full is-style-rounded is-style-rounded--4\"><img loading=\"lazy\" decoding=\"async\" width=\"441\" height=\"500\" src=\"https:\/\/www.tourisme-volvestre.fr\/wp-content\/uploads\/2025\/06\/RELAI_daia.jpg\" alt=\"Relais Da&#xEF;a, alquiler de salas cerca de Toulouse para eventos, seminarios y fiestas.\" class=\"wp-image-6741\" style=\"aspect-ratio:1;object-fit:cover\" srcset=\"https:\/\/www.tourisme-volvestre.fr\/wp-content\/uploads\/2025\/06\/RELAI_daia.jpg 441w, https:\/\/www.tourisme-volvestre.fr\/wp-content\/uploads\/2025\/06\/RELAI_daia-265x300.jpg 265w\" sizes=\"auto, (max-width: 441px) 100vw, 441px\" \/><figcaption class=\"wp-element-caption\">Le relais Da\u00efa, Peyssies<\/figcaption><\/figure>\n\n\n\n<div class=\"wp-block-buttons is-content-justification-center is-layout-flex wp-container-core-buttons-is-layout-a89b3969 wp-block-buttons-is-layout-flex\">\n<div class=\"wp-block-button\"><a class=\"wp-block-button__link wp-element-button\" href=\"https:\/\/www.relaisdaia.com\/\" target=\"_blank\" rel=\"noreferrer noopener\">M\u00e1s informaci\u00f3n<\/a><\/div>\n<\/div>\n<\/div>\n\n\n\n<div class=\"wp-block-column is-layout-flow wp-block-column-is-layout-flow\">\n<figure class=\"wp-block-image aligncenter size-large is-style-rounded is-style-rounded--5\"><img loading=\"lazy\" decoding=\"async\" width=\"1024\" height=\"576\" src=\"https:\/\/www.tourisme-volvestre.fr\/wp-content\/uploads\/2025\/06\/wsalle_inf_04-scaled-1-1024x576.jpg\" alt=\"Le jardin de calliop&#xE9;, alquiler de salas cerca de Toulouse para eventos, seminarios y fiestas.\" class=\"wp-image-6747\" style=\"aspect-ratio:1;object-fit:cover\" srcset=\"https:\/\/www.tourisme-volvestre.fr\/wp-content\/uploads\/2025\/06\/wsalle_inf_04-scaled-1-1024x576.jpg 1024w, https:\/\/www.tourisme-volvestre.fr\/wp-content\/uploads\/2025\/06\/wsalle_inf_04-scaled-1-300x169.jpg 300w, https:\/\/www.tourisme-volvestre.fr\/wp-content\/uploads\/2025\/06\/wsalle_inf_04-scaled-1-768x432.jpg 768w, https:\/\/www.tourisme-volvestre.fr\/wp-content\/uploads\/2025\/06\/wsalle_inf_04-scaled-1-1536x864.jpg 1536w, https:\/\/www.tourisme-volvestre.fr\/wp-content\/uploads\/2025\/06\/wsalle_inf_04-scaled-1-2048x1152.jpg 2048w\" sizes=\"auto, (max-width: 1024px) 100vw, 1024px\" \/><figcaption class=\"wp-element-caption\">Le jardin de Calliop\u00e9, Goutevernisse<\/figcaption><\/figure>\n\n\n\n<div class=\"wp-block-buttons is-content-justification-center is-layout-flex wp-container-core-buttons-is-layout-a89b3969 wp-block-buttons-is-layout-flex\">\n<div class=\"wp-block-button\"><a class=\"wp-block-button__link wp-element-button\" href=\"https:\/\/lejardindecalliope.fr\/la-salle\/\" target=\"_blank\" rel=\"noreferrer noopener\">M\u00e1s informaci\u00f3n<\/a><\/div>\n<\/div>\n<\/div>\n<\/div>\n\n<p class=\"has-text-align-center\">En Volvestre, disponemos de <strong>numerosos espacios<\/strong> para alquilar para todos sus eventos, ya sean profesionales o privados. Ya sea un seminario corporativo, una boda o una peque\u00f1a reuni\u00f3n, encontrar\u00e1 espacios de todos los tama\u00f1os, a veces con servicios adicionales, actividades inusuales o un car\u00e1cter excepcional. La Oficina de turismo conoce las caracter\u00edsticas espec\u00edficas de cada espacio y podr\u00e1 recomendarle el que mejor se adapte a sus expectativas. \u00a1No dude en contactarnos!   <span class=\"popup-trigger popmake-3711\" data-popup-id=\"3711\" data-do-default=\"0\">\u00a1No dudes en contactarnos !<\/span><\/p>\n\n<div class=\"wp-block-group alignfull has-accent-4-background-color has-background has-global-padding is-layout-constrained wp-container-core-group-is-layout-4a83cbc0 wp-block-group-is-layout-constrained\" style=\"margin-top:var(--wp--preset--spacing--20);margin-bottom:var(--wp--preset--spacing--20);padding-top:var(--wp--preset--spacing--20);padding-right:var(--wp--preset--spacing--20);padding-bottom:var(--wp--preset--spacing--20);padding-left:var(--wp--preset--spacing--20)\">\n<h2 class=\"wp-block-heading has-text-align-center\">Alquiler de salas de nuestros proveedores de servicios<\/h2>\n\n\n\n<p class=\"has-text-align-center\"><strong>La Oficina de turismo conoce todos los secretos del Volvestre !<\/strong> Ya sea para un seminario, una fiesta o un evento comunitario, siempre encontrar\u00e1 un lugar y servicios que se ajusten a sus necesidades en la lista a continuaci\u00f3n.<\/p>\n\n\n\n<div class=\"wp-block-columns is-layout-flex wp-container-core-columns-is-layout-28f84493 wp-block-columns-is-layout-flex\">\n<div class=\"wp-block-column is-layout-flow wp-block-column-is-layout-flow\">\n<h3 class=\"wp-block-heading\">Carbonne<\/h3>\n\n\n\n<ul class=\"wp-block-list\">\n<li><a href=\"https:\/\/www.domainedelaterrasse.fr\/\" target=\"_blank\" rel=\"noreferrer noopener\">Domaine de La Terrasse <\/a><\/li>\n\n\n\n<li><a href=\"https:\/\/www.lasourcewakepark.fr\/\" target=\"_blank\" rel=\"noreferrer noopener\">La Source Wake Park<\/a><\/li>\n\n\n\n<li><a href=\"https:\/\/www.facebook.com\/profile.php?id=61560311434585\" target=\"_blank\" rel=\"noreferrer noopener\">Le Graingalet<\/a><\/li>\n\n\n\n<li><a href=\"https:\/\/lacaveabieres.com\/\" target=\"_blank\" rel=\"noreferrer noopener\">Le Garage<\/a><\/li>\n<\/ul>\n<\/div>\n\n\n\n<div class=\"wp-block-column is-layout-flow wp-block-column-is-layout-flow\">\n<h3 class=\"wp-block-heading\">Goutevernisse<\/h3>\n\n\n\n<ul class=\"wp-block-list\">\n<li><a href=\"https:\/\/lejardindecalliope.fr\/\" target=\"_blank\" rel=\"noreferrer noopener\">Le jardin de Calliop\u00e9<\/a><\/li>\n<\/ul>\n\n\n\n<h3 class=\"wp-block-heading\">Lacaugne<\/h3>\n\n\n\n<ul class=\"wp-block-list\">\n<li><a href=\"https:\/\/www.abcsalles.com\/lieu\/la-mae\" target=\"_blank\" rel=\"noreferrer noopener\">MAE de Lacaugne<\/a><\/li>\n<\/ul>\n<\/div>\n<\/div>\n\n\n\n<div class=\"wp-block-columns is-layout-flex wp-container-core-columns-is-layout-28f84493 wp-block-columns-is-layout-flex\">\n<div class=\"wp-block-column is-layout-flow wp-block-column-is-layout-flow\">\n<h3 class=\"wp-block-heading\">Latrape<\/h3>\n\n\n\n<ul class=\"wp-block-list\">\n<li><a href=\"https:\/\/letrapeen.fr\/\" target=\"_blank\" rel=\"noreferrer noopener\">Le Trap\u00e9en<\/a><\/li>\n<\/ul>\n<\/div>\n\n\n\n<div class=\"wp-block-column is-layout-flow wp-block-column-is-layout-flow\">\n<h3 class=\"wp-block-heading\">Lavelanet-de-Comminges<\/h3>\n\n\n\n<ul class=\"wp-block-list\">\n<li>Ch\u00e2teau de Lavelanet de Comminges<\/li>\n<\/ul>\n<\/div>\n<\/div>\n\n\n\n<div class=\"wp-block-columns is-layout-flex wp-container-core-columns-is-layout-28f84493 wp-block-columns-is-layout-flex\">\n<div class=\"wp-block-column is-layout-flow wp-block-column-is-layout-flow\">\n<h3 class=\"wp-block-heading\">Marquefave<\/h3>\n\n\n\n<ul class=\"wp-block-list\">\n<li><a href=\"https:\/\/www.domaine-lagrange.fr\/\">D<\/a><a href=\"https:\/\/www.domaine-lagrange.fr\/\" target=\"_blank\" rel=\"noreferrer noopener\">omaine Lagrange<\/a><\/li>\n<\/ul>\n<\/div>\n\n\n\n<div class=\"wp-block-column is-layout-flow wp-block-column-is-layout-flow\">\n<div class=\"wp-block-group is-nowrap is-layout-flex wp-container-core-group-is-layout-6c531013 wp-block-group-is-layout-flex\">\n<h3 class=\"wp-block-heading\">Mauzac<\/h3>\n<\/div>\n\n\n\n<ul class=\"wp-block-list\">\n<li><a href=\"https:\/\/www.brasseriedumoulin.fr\/contact\" target=\"_blank\" rel=\"noreferrer noopener\">La brasserie du Moulin<\/a><\/li>\n<\/ul>\n<\/div>\n<\/div>\n\n\n\n<div class=\"wp-block-columns is-layout-flex wp-container-core-columns-is-layout-28f84493 wp-block-columns-is-layout-flex\">\n<div class=\"wp-block-column is-layout-flow wp-block-column-is-layout-flow\">\n<h3 class=\"wp-block-heading\">Montbrun-Bocage<\/h3>\n\n\n\n<ul class=\"wp-block-list\">\n<li><a href=\"https:\/\/www.sens-coaching.com\/locationhebergement31\" target=\"_blank\" rel=\"noreferrer noopener\">Le Colibri<\/a><\/li>\n<\/ul>\n<\/div>\n\n\n\n<div class=\"wp-block-column is-layout-flow wp-block-column-is-layout-flow\">\n<h3 class=\"wp-block-heading\">Montesquieu-Volvestre<\/h3>\n\n\n\n<ul class=\"wp-block-list\">\n<li><a href=\"https:\/\/www.montesquieu-volvestre.com\/le-tiers-lieu\" target=\"_blank\" rel=\"noreferrer noopener\">Les Oli\u00e8res<\/a><\/li>\n\n\n\n<li><a href=\"https:\/\/www.chateaudepalays.fr\/\" target=\"_blank\" rel=\"noreferrer noopener\">Ch\u00e2teau de Palays<\/a><\/li>\n<\/ul>\n<\/div>\n<\/div>\n\n\n\n<div class=\"wp-block-columns is-layout-flex wp-container-core-columns-is-layout-28f84493 wp-block-columns-is-layout-flex\">\n<div class=\"wp-block-column is-layout-flow wp-block-column-is-layout-flow\">\n<h3 class=\"wp-block-heading\">No\u00e9<\/h3>\n\n\n\n<ul class=\"wp-block-list\">\n<li><a href=\"https:\/\/www.miroirdeslys.com\/\" target=\"_blank\" rel=\"noreferrer noopener\">Le miroir des lys<\/a><\/li>\n<\/ul>\n<\/div>\n\n\n\n<div class=\"wp-block-column is-layout-flow wp-block-column-is-layout-flow\">\n<div class=\"wp-block-group is-nowrap is-layout-flex wp-container-core-group-is-layout-6c531013 wp-block-group-is-layout-flex\">\n<h3 class=\"wp-block-heading\">Peyssies<\/h3>\n<\/div>\n\n\n\n<ul class=\"wp-block-list\">\n<li><a href=\"https:\/\/www.relaisdaia.com\/\" target=\"_blank\" rel=\"noreferrer noopener\">Le relais Da\u00efa<\/a><\/li>\n<\/ul>\n<\/div>\n<\/div>\n\n\n\n<div class=\"wp-block-columns is-layout-flex wp-container-core-columns-is-layout-28f84493 wp-block-columns-is-layout-flex\">\n<div class=\"wp-block-column is-layout-flow wp-block-column-is-layout-flow\">\n<h3 class=\"wp-block-heading\">Rieux-Volvestre<\/h3>\n\n\n\n<ul class=\"wp-block-list\">\n<li><a href=\"https:\/\/www.auptitcoffee.com\/\" target=\"_blank\" rel=\"noreferrer noopener\">Au p&#8217;tit coffee<\/a><\/li>\n\n\n\n<li><a href=\"https:\/\/www.village-gaulois.org\/\" target=\"_blank\" rel=\"noreferrer noopener\">Le Village Gaulois<\/a><\/li>\n<\/ul>\n<\/div>\n\n\n\n<div class=\"wp-block-column is-layout-flow wp-block-column-is-layout-flow\">\n<h3 class=\"wp-block-heading\">Saint-Sulpice-sur-L\u00e8ze<\/h3>\n\n\n\n<ul class=\"wp-block-list\">\n<li><a href=\"https:\/\/www.domaineescons.fr\/privatisation-domaine-evenement-proche-toulouse\/\" target=\"_blank\" rel=\"noreferrer noopener\">Le Domaine d&#8217;Escons<\/a><\/li>\n<\/ul>\n<\/div>\n<\/div>\n<\/div>\n\n<div class=\"wp-block-group has-contrast-2-background-color has-background has-global-padding is-layout-constrained wp-block-group-is-layout-constrained\" style=\"border-radius:0px;padding-top:0;padding-bottom:0\">\n<div style=\"height:3px\" aria-hidden=\"true\" class=\"wp-block-spacer\"><\/div>\n\n\n\n<figure class=\"wp-block-image aligncenter size-full\"><img loading=\"lazy\" decoding=\"async\" width=\"52\" height=\"79\" src=\"https:\/\/www.tourisme-volvestre.fr\/wp-content\/uploads\/2025\/02\/Group-9.png\" alt=\"\" class=\"wp-image-622\"\/><\/figure>\n\n\n\n<p class=\"has-text-align-center has-base-2-color has-text-color has-link-color wp-elements-63af26f71ba3d6a8b3ace1e1fbf0a954\"><strong>\u00bfNecesitas consejo o apoyo?<br\/>Nuestro equipo est\u00e1 aqu\u00ed para ayudarte a planificar tus comidas en el Volvestre.<\/strong><br\/><br\/><strong>\u00bfRecibes grupos en el Volvestre y te gustar\u00eda aparecer en esta p\u00e1gina?<\/strong><br\/><strong>Contacta con un asesor de la Oficina de turismo :<\/strong><br\/><strong>\ud83d\udcde 05 61 87 63 33<\/strong><br\/><strong>\ud83d\udce7 officetourisme@cc-volvestre.fr<\/strong><\/p>\n\n\n\n<div style=\"height:3px\" aria-hidden=\"true\" class=\"wp-block-spacer\"><\/div>\n<\/div>\n\n<div class=\"wp-block-group alignfull has-accent-4-background-color has-background has-global-padding is-layout-constrained wp-container-core-group-is-layout-c385debf wp-block-group-is-layout-constrained\" style=\"padding-top:var(--wp--preset--spacing--20);padding-right:var(--wp--preset--spacing--20);padding-bottom:var(--wp--preset--spacing--20);padding-left:var(--wp--preset--spacing--20)\">\n<h2 class=\"wp-block-heading has-text-align-center\"><mark style=\"background-color:rgba(0, 0, 0, 0)\" class=\"has-inline-color has-custom-bleu-d-grad-color\">Tambi\u00e9n <\/mark>te puede interesar<\/h2>\n\n\n\n<div class=\"wp-block-columns is-layout-flex wp-container-core-columns-is-layout-28f84493 wp-block-columns-is-layout-flex\">\n<div class=\"wp-block-column is-layout-flow wp-block-column-is-layout-flow\">\n<figure class=\"wp-block-image aligncenter size-large is-style-rounded is-style-rounded--6\"><img loading=\"lazy\" decoding=\"async\" width=\"1024\" height=\"768\" src=\"https:\/\/www.tourisme-volvestre.fr\/wp-content\/uploads\/2025\/06\/miroir_des_lys-1024x768.jpg\" alt=\"Miroir des Lys : alquiler de salas cerca de Toulouse para eventos, seminarios y fiestas.\" class=\"wp-image-6763\" style=\"aspect-ratio:1;object-fit:cover\" srcset=\"https:\/\/www.tourisme-volvestre.fr\/wp-content\/uploads\/2025\/06\/miroir_des_lys-1024x768.jpg 1024w, https:\/\/www.tourisme-volvestre.fr\/wp-content\/uploads\/2025\/06\/miroir_des_lys-300x225.jpg 300w, https:\/\/www.tourisme-volvestre.fr\/wp-content\/uploads\/2025\/06\/miroir_des_lys-768x576.jpg 768w, https:\/\/www.tourisme-volvestre.fr\/wp-content\/uploads\/2025\/06\/miroir_des_lys-1536x1152.jpg 1536w, https:\/\/www.tourisme-volvestre.fr\/wp-content\/uploads\/2025\/06\/miroir_des_lys.jpg 1900w\" sizes=\"auto, (max-width: 1024px) 100vw, 1024px\" \/><figcaption class=\"wp-element-caption\">Le miroir des Lys, No\u00e9 @LeMiroirdesLys<\/figcaption><\/figure>\n\n\n\n<div class=\"wp-block-buttons is-content-justification-center is-layout-flex wp-container-core-buttons-is-layout-a89b3969 wp-block-buttons-is-layout-flex\">\n<div class=\"wp-block-button\"><a class=\"wp-block-button__link has-text-align-center wp-element-button\" href=\"https:\/\/www.tourisme-volvestre.fr\/nuestros-alojamientos\/?lang=es\">Nuestros alojamientos<\/a><\/div>\n<\/div>\n<\/div>\n\n\n\n<div class=\"wp-block-column is-layout-flow wp-block-column-is-layout-flow\">\n<figure class=\"wp-block-image aligncenter size-large has-custom-border\"><img loading=\"lazy\" decoding=\"async\" width=\"1024\" height=\"639\" src=\"https:\/\/www.tourisme-volvestre.fr\/wp-content\/uploads\/2025\/06\/carbonne_graingalet_terrasse_tapas@graingalet-1024x639.jpg\" alt=\"Le Graingalet, alquiler de salas cerca de Toulouse para eventos, seminarios y fiestas.\" class=\"wp-image-6760\" style=\"border-radius:25px;aspect-ratio:1;object-fit:cover\" srcset=\"https:\/\/www.tourisme-volvestre.fr\/wp-content\/uploads\/2025\/06\/carbonne_graingalet_terrasse_tapas@graingalet-1024x639.jpg 1024w, https:\/\/www.tourisme-volvestre.fr\/wp-content\/uploads\/2025\/06\/carbonne_graingalet_terrasse_tapas@graingalet-300x187.jpg 300w, https:\/\/www.tourisme-volvestre.fr\/wp-content\/uploads\/2025\/06\/carbonne_graingalet_terrasse_tapas@graingalet-768x480.jpg 768w, https:\/\/www.tourisme-volvestre.fr\/wp-content\/uploads\/2025\/06\/carbonne_graingalet_terrasse_tapas@graingalet-1536x959.jpg 1536w, https:\/\/www.tourisme-volvestre.fr\/wp-content\/uploads\/2025\/06\/carbonne_graingalet_terrasse_tapas@graingalet.jpg 1600w\" sizes=\"auto, (max-width: 1024px) 100vw, 1024px\" \/><figcaption class=\"wp-element-caption\">Le Graingalet, Carbonne @LeGraingalet<\/figcaption><\/figure>\n\n\n\n<div class=\"wp-block-buttons is-content-justification-center is-layout-flex wp-container-core-buttons-is-layout-a89b3969 wp-block-buttons-is-layout-flex\">\n<div class=\"wp-block-button\"><a class=\"wp-block-button__link wp-element-button\" href=\"https:\/\/www.tourisme-volvestre.fr\/donde-comer-en-volvestre\/?lang=es\">Nuestros restaurantes<\/a><\/div>\n<\/div>\n<\/div>\n\n\n\n<div class=\"wp-block-column is-layout-flow wp-block-column-is-layout-flow\">\n<figure class=\"wp-block-image aligncenter size-full is-style-rounded is-style-rounded--7\"><img loading=\"lazy\" decoding=\"async\" width=\"975\" height=\"632\" src=\"https:\/\/www.tourisme-volvestre.fr\/wp-content\/uploads\/2025\/06\/brasserie-du-moulin.jpeg\" alt=\"\" class=\"wp-image-6766\" style=\"aspect-ratio:1;object-fit:cover\" srcset=\"https:\/\/www.tourisme-volvestre.fr\/wp-content\/uploads\/2025\/06\/brasserie-du-moulin.jpeg 975w, https:\/\/www.tourisme-volvestre.fr\/wp-content\/uploads\/2025\/06\/brasserie-du-moulin-300x194.jpeg 300w, https:\/\/www.tourisme-volvestre.fr\/wp-content\/uploads\/2025\/06\/brasserie-du-moulin-768x498.jpeg 768w\" sizes=\"auto, (max-width: 975px) 100vw, 975px\" \/><figcaption class=\"wp-element-caption\">La brasserie du Moulin, Mauzac @LaBrasserieduMoulin<\/figcaption><\/figure>\n\n\n\n<div class=\"wp-block-buttons is-content-justification-center is-layout-flex wp-container-core-buttons-is-layout-a89b3969 wp-block-buttons-is-layout-flex\">\n<div class=\"wp-block-button\"><a class=\"wp-block-button__link wp-element-button\" href=\"https:\/\/www.tourisme-volvestre.fr\/servicios-de-banquetes\/?lang=es\">Servicios de banquetes<\/a><\/div>\n<\/div>\n<\/div>\n<\/div>\n<\/div>\n","protected":false},"excerpt":{"rendered":"<p>\u00bfUn evento? \u00bfUn seminario? \u00bfBuscas un lugar especial para tu familia o compa\u00f1eros? \u00bfBuscas alquilar una habitaci\u00f3n cerca de Toulouse? Encuentra nuestras salas de alquiler en el Volvestre aqu\u00ed. Arriba : Le Trap\u00e9en. Con sus 900 m\u00b2 y 43 camas, este edificio se adapta a todos sus gustos. En Volvestre, disponemos de numerosos espacios para [&hellip;]<\/p>\n","protected":false},"author":5,"featured_media":5316,"parent":0,"menu_order":0,"comment_status":"closed","ping_status":"closed","template":"page-no-title","meta":{"_acf_changed":false,"inline_featured_image":false,"footnotes":""},"class_list":["post-9602","page","type-page","status-publish","has-post-thumbnail","hentry"],"acf":[],"yoast_head":"<!-- This site is optimized with the Yoast SEO plugin v27.3 - https:\/\/yoast.com\/product\/yoast-seo-wordpress\/ -->\n<title>Nuestros alquileres de salas - Volvestre Tourisme<\/title>\n<meta name=\"description\" content=\"\u00bfEst\u00e1 organizando un evento? \u00a1Aqu\u00ed encontrar\u00e1 todas nuestras salas a las afueras de Toulouse para satisfacer sus necesidades!\" \/>\n<meta name=\"robots\" content=\"index, follow, max-snippet:-1, max-image-preview:large, max-video-preview:-1\" \/>\n<link rel=\"canonical\" href=\"https:\/\/www.tourisme-volvestre.fr\/es\/nuestros-alquileres-de-salas\/\" \/>\n<meta property=\"og:locale\" content=\"es_ES\" \/>\n<meta property=\"og:type\" content=\"article\" \/>\n<meta property=\"og:title\" content=\"Nuestros alquileres de salas - Volvestre Tourisme\" \/>\n<meta property=\"og:description\" content=\"\u00bfEst\u00e1 organizando un evento? \u00a1Aqu\u00ed encontrar\u00e1 todas nuestras salas a las afueras de Toulouse para satisfacer sus necesidades!\" \/>\n<meta property=\"og:url\" content=\"https:\/\/www.tourisme-volvestre.fr\/es\/nuestros-alquileres-de-salas\/\" \/>\n<meta property=\"og:site_name\" content=\"Volvestre Tourisme\" \/>\n<meta property=\"article:publisher\" content=\"https:\/\/www.facebook.com\/TourismeVolvestre\" \/>\n<meta property=\"article:modified_time\" content=\"2025-09-01T09:43:37+00:00\" \/>\n<meta property=\"og:image\" content=\"https:\/\/www.tourisme-volvestre.fr\/wp-content\/uploads\/2025\/06\/504546432_1653240485185536_883707372210161525_n.jpg\" \/>\n\t<meta property=\"og:image:width\" content=\"592\" \/>\n\t<meta property=\"og:image:height\" content=\"376\" \/>\n\t<meta property=\"og:image:type\" content=\"image\/jpeg\" \/>\n<meta name=\"twitter:card\" content=\"summary_large_image\" \/>\n<meta name=\"twitter:label1\" content=\"Tiempo de lectura\" \/>\n\t<meta name=\"twitter:data1\" content=\"2 minutos\" \/>\n<script type=\"application\/ld+json\" class=\"yoast-schema-graph\">{\"@context\":\"https:\\\/\\\/schema.org\",\"@graph\":[{\"@type\":\"WebPage\",\"@id\":\"https:\\\/\\\/www.tourisme-volvestre.fr\\\/es\\\/nuestros-alquileres-de-salas\\\/\",\"url\":\"https:\\\/\\\/www.tourisme-volvestre.fr\\\/es\\\/nuestros-alquileres-de-salas\\\/\",\"name\":\"Nuestros alquileres de salas - Volvestre Tourisme\",\"isPartOf\":{\"@id\":\"https:\\\/\\\/www.tourisme-volvestre.fr\\\/es\\\/#website\"},\"primaryImageOfPage\":{\"@id\":\"https:\\\/\\\/www.tourisme-volvestre.fr\\\/es\\\/nuestros-alquileres-de-salas\\\/#primaryimage\"},\"image\":{\"@id\":\"https:\\\/\\\/www.tourisme-volvestre.fr\\\/es\\\/nuestros-alquileres-de-salas\\\/#primaryimage\"},\"thumbnailUrl\":\"https:\\\/\\\/www.tourisme-volvestre.fr\\\/wp-content\\\/uploads\\\/2025\\\/06\\\/504546432_1653240485185536_883707372210161525_n.jpg\",\"datePublished\":\"2025-06-25T15:12:06+00:00\",\"dateModified\":\"2025-09-01T09:43:37+00:00\",\"description\":\"\u00bfEst\u00e1 organizando un evento? \u00a1Aqu\u00ed encontrar\u00e1 todas nuestras salas a las afueras de Toulouse para satisfacer sus necesidades!\",\"breadcrumb\":{\"@id\":\"https:\\\/\\\/www.tourisme-volvestre.fr\\\/es\\\/nuestros-alquileres-de-salas\\\/#breadcrumb\"},\"inLanguage\":\"es\",\"potentialAction\":[{\"@type\":\"ReadAction\",\"target\":[\"https:\\\/\\\/www.tourisme-volvestre.fr\\\/es\\\/nuestros-alquileres-de-salas\\\/\"]}]},{\"@type\":\"ImageObject\",\"inLanguage\":\"es\",\"@id\":\"https:\\\/\\\/www.tourisme-volvestre.fr\\\/es\\\/nuestros-alquileres-de-salas\\\/#primaryimage\",\"url\":\"https:\\\/\\\/www.tourisme-volvestre.fr\\\/wp-content\\\/uploads\\\/2025\\\/06\\\/504546432_1653240485185536_883707372210161525_n.jpg\",\"contentUrl\":\"https:\\\/\\\/www.tourisme-volvestre.fr\\\/wp-content\\\/uploads\\\/2025\\\/06\\\/504546432_1653240485185536_883707372210161525_n.jpg\",\"width\":592,\"height\":376},{\"@type\":\"BreadcrumbList\",\"@id\":\"https:\\\/\\\/www.tourisme-volvestre.fr\\\/es\\\/nuestros-alquileres-de-salas\\\/#breadcrumb\",\"itemListElement\":[{\"@type\":\"ListItem\",\"position\":1,\"name\":\"Accueil\",\"item\":\"https:\\\/\\\/www.tourisme-volvestre.fr\\\/es\\\/?lang=es\"},{\"@type\":\"ListItem\",\"position\":2,\"name\":\"Nuestros alquileres de salas\"}]},{\"@type\":\"WebSite\",\"@id\":\"https:\\\/\\\/www.tourisme-volvestre.fr\\\/es\\\/#website\",\"url\":\"https:\\\/\\\/www.tourisme-volvestre.fr\\\/es\\\/\",\"name\":\"Volvestre Tourisme\",\"description\":\"\",\"publisher\":{\"@id\":\"https:\\\/\\\/www.tourisme-volvestre.fr\\\/es\\\/#organization\"},\"alternateName\":\"OT Volvestre\",\"potentialAction\":[{\"@type\":\"SearchAction\",\"target\":{\"@type\":\"EntryPoint\",\"urlTemplate\":\"https:\\\/\\\/www.tourisme-volvestre.fr\\\/es\\\/?s={search_term_string}\"},\"query-input\":{\"@type\":\"PropertyValueSpecification\",\"valueRequired\":true,\"valueName\":\"search_term_string\"}}],\"inLanguage\":\"es\"},{\"@type\":\"Organization\",\"@id\":\"https:\\\/\\\/www.tourisme-volvestre.fr\\\/es\\\/#organization\",\"name\":\"Volvestre Tourisme\",\"url\":\"https:\\\/\\\/www.tourisme-volvestre.fr\\\/es\\\/\",\"logo\":{\"@type\":\"ImageObject\",\"inLanguage\":\"es\",\"@id\":\"https:\\\/\\\/www.tourisme-volvestre.fr\\\/es\\\/#\\\/schema\\\/logo\\\/image\\\/\",\"url\":\"https:\\\/\\\/www.tourisme-volvestre.fr\\\/wp-content\\\/uploads\\\/2025\\\/02\\\/logo-site.png\",\"contentUrl\":\"https:\\\/\\\/www.tourisme-volvestre.fr\\\/wp-content\\\/uploads\\\/2025\\\/02\\\/logo-site.png\",\"width\":152,\"height\":152,\"caption\":\"Volvestre Tourisme\"},\"image\":{\"@id\":\"https:\\\/\\\/www.tourisme-volvestre.fr\\\/es\\\/#\\\/schema\\\/logo\\\/image\\\/\"},\"sameAs\":[\"https:\\\/\\\/www.facebook.com\\\/TourismeVolvestre\",\"https:\\\/\\\/www.instagram.com\\\/tourismevolvestre\"]}]}<\/script>\n<!-- \/ Yoast SEO plugin. -->","yoast_head_json":{"title":"Nuestros alquileres de salas - Volvestre Tourisme","description":"\u00bfEst\u00e1 organizando un evento? \u00a1Aqu\u00ed encontrar\u00e1 todas nuestras salas a las afueras de Toulouse para satisfacer sus necesidades!","robots":{"index":"index","follow":"follow","max-snippet":"max-snippet:-1","max-image-preview":"max-image-preview:large","max-video-preview":"max-video-preview:-1"},"canonical":"https:\/\/www.tourisme-volvestre.fr\/es\/nuestros-alquileres-de-salas\/","og_locale":"es_ES","og_type":"article","og_title":"Nuestros alquileres de salas - Volvestre Tourisme","og_description":"\u00bfEst\u00e1 organizando un evento? \u00a1Aqu\u00ed encontrar\u00e1 todas nuestras salas a las afueras de Toulouse para satisfacer sus necesidades!","og_url":"https:\/\/www.tourisme-volvestre.fr\/es\/nuestros-alquileres-de-salas\/","og_site_name":"Volvestre Tourisme","article_publisher":"https:\/\/www.facebook.com\/TourismeVolvestre","article_modified_time":"2025-09-01T09:43:37+00:00","og_image":[{"width":592,"height":376,"url":"https:\/\/www.tourisme-volvestre.fr\/wp-content\/uploads\/2025\/06\/504546432_1653240485185536_883707372210161525_n.jpg","type":"image\/jpeg"}],"twitter_card":"summary_large_image","twitter_misc":{"Tiempo de lectura":"2 minutos"},"schema":{"@context":"https:\/\/schema.org","@graph":[{"@type":"WebPage","@id":"https:\/\/www.tourisme-volvestre.fr\/es\/nuestros-alquileres-de-salas\/","url":"https:\/\/www.tourisme-volvestre.fr\/es\/nuestros-alquileres-de-salas\/","name":"Nuestros alquileres de salas - Volvestre Tourisme","isPartOf":{"@id":"https:\/\/www.tourisme-volvestre.fr\/es\/#website"},"primaryImageOfPage":{"@id":"https:\/\/www.tourisme-volvestre.fr\/es\/nuestros-alquileres-de-salas\/#primaryimage"},"image":{"@id":"https:\/\/www.tourisme-volvestre.fr\/es\/nuestros-alquileres-de-salas\/#primaryimage"},"thumbnailUrl":"https:\/\/www.tourisme-volvestre.fr\/wp-content\/uploads\/2025\/06\/504546432_1653240485185536_883707372210161525_n.jpg","datePublished":"2025-06-25T15:12:06+00:00","dateModified":"2025-09-01T09:43:37+00:00","description":"\u00bfEst\u00e1 organizando un evento? \u00a1Aqu\u00ed encontrar\u00e1 todas nuestras salas a las afueras de Toulouse para satisfacer sus necesidades!","breadcrumb":{"@id":"https:\/\/www.tourisme-volvestre.fr\/es\/nuestros-alquileres-de-salas\/#breadcrumb"},"inLanguage":"es","potentialAction":[{"@type":"ReadAction","target":["https:\/\/www.tourisme-volvestre.fr\/es\/nuestros-alquileres-de-salas\/"]}]},{"@type":"ImageObject","inLanguage":"es","@id":"https:\/\/www.tourisme-volvestre.fr\/es\/nuestros-alquileres-de-salas\/#primaryimage","url":"https:\/\/www.tourisme-volvestre.fr\/wp-content\/uploads\/2025\/06\/504546432_1653240485185536_883707372210161525_n.jpg","contentUrl":"https:\/\/www.tourisme-volvestre.fr\/wp-content\/uploads\/2025\/06\/504546432_1653240485185536_883707372210161525_n.jpg","width":592,"height":376},{"@type":"BreadcrumbList","@id":"https:\/\/www.tourisme-volvestre.fr\/es\/nuestros-alquileres-de-salas\/#breadcrumb","itemListElement":[{"@type":"ListItem","position":1,"name":"Accueil","item":"https:\/\/www.tourisme-volvestre.fr\/es\/?lang=es"},{"@type":"ListItem","position":2,"name":"Nuestros alquileres de salas"}]},{"@type":"WebSite","@id":"https:\/\/www.tourisme-volvestre.fr\/es\/#website","url":"https:\/\/www.tourisme-volvestre.fr\/es\/","name":"Volvestre Tourisme","description":"","publisher":{"@id":"https:\/\/www.tourisme-volvestre.fr\/es\/#organization"},"alternateName":"OT Volvestre","potentialAction":[{"@type":"SearchAction","target":{"@type":"EntryPoint","urlTemplate":"https:\/\/www.tourisme-volvestre.fr\/es\/?s={search_term_string}"},"query-input":{"@type":"PropertyValueSpecification","valueRequired":true,"valueName":"search_term_string"}}],"inLanguage":"es"},{"@type":"Organization","@id":"https:\/\/www.tourisme-volvestre.fr\/es\/#organization","name":"Volvestre Tourisme","url":"https:\/\/www.tourisme-volvestre.fr\/es\/","logo":{"@type":"ImageObject","inLanguage":"es","@id":"https:\/\/www.tourisme-volvestre.fr\/es\/#\/schema\/logo\/image\/","url":"https:\/\/www.tourisme-volvestre.fr\/wp-content\/uploads\/2025\/02\/logo-site.png","contentUrl":"https:\/\/www.tourisme-volvestre.fr\/wp-content\/uploads\/2025\/02\/logo-site.png","width":152,"height":152,"caption":"Volvestre Tourisme"},"image":{"@id":"https:\/\/www.tourisme-volvestre.fr\/es\/#\/schema\/logo\/image\/"},"sameAs":["https:\/\/www.facebook.com\/TourismeVolvestre","https:\/\/www.instagram.com\/tourismevolvestre"]}]}},"_links":{"self":[{"href":"https:\/\/www.tourisme-volvestre.fr\/es\/wp-json\/wp\/v2\/pages\/9602","targetHints":{"allow":["GET"]}}],"collection":[{"href":"https:\/\/www.tourisme-volvestre.fr\/es\/wp-json\/wp\/v2\/pages"}],"about":[{"href":"https:\/\/www.tourisme-volvestre.fr\/es\/wp-json\/wp\/v2\/types\/page"}],"author":[{"embeddable":true,"href":"https:\/\/www.tourisme-volvestre.fr\/es\/wp-json\/wp\/v2\/users\/5"}],"replies":[{"embeddable":true,"href":"https:\/\/www.tourisme-volvestre.fr\/es\/wp-json\/wp\/v2\/comments?post=9602"}],"version-history":[{"count":1,"href":"https:\/\/www.tourisme-volvestre.fr\/es\/wp-json\/wp\/v2\/pages\/9602\/revisions"}],"predecessor-version":[{"id":9603,"href":"https:\/\/www.tourisme-volvestre.fr\/es\/wp-json\/wp\/v2\/pages\/9602\/revisions\/9603"}],"wp:featuredmedia":[{"embeddable":true,"href":"https:\/\/www.tourisme-volvestre.fr\/es\/wp-json\/wp\/v2\/media\/5316"}],"wp:attachment":[{"href":"https:\/\/www.tourisme-volvestre.fr\/es\/wp-json\/wp\/v2\/media?parent=9602"}],"curies":[{"name":"wp","href":"https:\/\/api.w.org\/{rel}","templated":true}]}}