{"id":9680,"date":"2025-06-16T17:18:53","date_gmt":"2025-06-16T15:18:53","guid":{"rendered":"https:\/\/www.tourisme-volvestre.fr\/nuestros-sitios-naturales\/"},"modified":"2025-09-01T11:43:56","modified_gmt":"2025-09-01T09:43:56","slug":"nuestros-sitios-naturales","status":"publish","type":"page","link":"https:\/\/www.tourisme-volvestre.fr\/es\/nuestros-sitios-naturales\/","title":{"rendered":"Nuestros sitios naturales"},"content":{"rendered":"\n<div class=\"wp-block-columns is-layout-flex wp-container-core-columns-is-layout-28f84493 wp-block-columns-is-layout-flex\">\n<div class=\"wp-block-column is-layout-flow wp-block-column-is-layout-flow\">\n<h3 class=\"wp-block-heading has-text-align-center\" style=\"font-size:clamp(1.25rem, 1.25rem + ((1vw - 0.2rem) * 1.25), 2rem);\">\ud83c\udf3f \u00a1Descubre la biodiversidad del Volvestre!<\/h3>\n\n\n\n<figure class=\"wp-block-image aligncenter size-full is-style-rounded is-style-rounded--1\"><img loading=\"lazy\" decoding=\"async\" width=\"2048\" height=\"1335\" src=\"https:\/\/www.tourisme-volvestre.fr\/wp-content\/uploads\/2025\/06\/montbrunbocage_laclairiereauxinsectes_animaux_biodiversite_papillons@oti.jpg\" alt=\"\" class=\"wp-image-5794\" srcset=\"https:\/\/www.tourisme-volvestre.fr\/wp-content\/uploads\/2025\/06\/montbrunbocage_laclairiereauxinsectes_animaux_biodiversite_papillons@oti.jpg 2048w, https:\/\/www.tourisme-volvestre.fr\/wp-content\/uploads\/2025\/06\/montbrunbocage_laclairiereauxinsectes_animaux_biodiversite_papillons@oti-300x196.jpg 300w, https:\/\/www.tourisme-volvestre.fr\/wp-content\/uploads\/2025\/06\/montbrunbocage_laclairiereauxinsectes_animaux_biodiversite_papillons@oti-1024x668.jpg 1024w, https:\/\/www.tourisme-volvestre.fr\/wp-content\/uploads\/2025\/06\/montbrunbocage_laclairiereauxinsectes_animaux_biodiversite_papillons@oti-768x501.jpg 768w, https:\/\/www.tourisme-volvestre.fr\/wp-content\/uploads\/2025\/06\/montbrunbocage_laclairiereauxinsectes_animaux_biodiversite_papillons@oti-1536x1001.jpg 1536w\" sizes=\"auto, (max-width: 2048px) 100vw, 2048px\" \/><figcaption class=\"wp-element-caption\">Mariposas en Montbrun-Bocage @laclairi\u00e8reauxinsectes<\/figcaption><\/figure>\n<\/div>\n<\/div>\n\n<div class=\"wp-block-columns is-layout-flex wp-container-core-columns-is-layout-28f84493 wp-block-columns-is-layout-flex\">\n<div class=\"wp-block-column is-layout-flow wp-block-column-is-layout-flow\">\n<h2 class=\"wp-block-heading has-large-font-size\">\u00c1rea natural sensible <\/h2>\n\n\n\n<p>\ud83c\udf3f Le Domaine de la Terrasse es uno de los 20 Espacios Naturales Sensibles de Haute-Garonne debido a su excepcional biodiversidad. M\u00e1s de 2 hect\u00e1reas est\u00e1n clasificadas para mantener y mejorar este sitio. All\u00ed habitan numerosas especies protegidas, entre ellas :  <\/p>\n\n\n\n<p>\ud83e\udda6 10 especies de mam\u00edferos: nutria y 9 especies de murci\u00e9lagos<br \/>\ud83e\udd89 25 especies de aves <\/p>\n\n\n\n<p>\ud83e\udd87 Adem\u00e1s, una bodega de 400 m\u00b2 alberga una gran colonia de murci\u00e9lagos, un h\u00e1bitat importante para estos animales nocturnos.<\/p>\n\n\n\n<p>Puede explorar el sitio a trav\u00e9s de \u00abLa Balade des Remparts\u00bb. No dude en contactar con el Domaine de la Terrasse para planificar su excursi\u00f3n. <\/p>\n\n\n\n<div class=\"wp-block-buttons is-layout-flex wp-block-buttons-is-layout-flex\">\n<div class=\"wp-block-button\"><a class=\"wp-block-button__link wp-element-button\" href=\"https:\/\/www.domainedelaterrasse.fr\/\" target=\"_blank\" rel=\"noreferrer noopener\">DOMAINE DE LA TERRASSE<\/a><\/div>\n<\/div>\n<\/div>\n\n\n\n<div class=\"wp-block-column is-layout-flow wp-block-column-is-layout-flow\">\n<figure class=\"wp-block-image aligncenter size-large is-style-rounded is-style-rounded--2\"><img loading=\"lazy\" decoding=\"async\" width=\"798\" height=\"1024\" src=\"https:\/\/www.tourisme-volvestre.fr\/wp-content\/uploads\/2025\/06\/carbonne_domainedelaterrasse_baladedesremparts_bassin@mathieucalviac-1-798x1024.jpg\" alt=\"\" class=\"wp-image-5827\" style=\"aspect-ratio:1;object-fit:cover\" srcset=\"https:\/\/www.tourisme-volvestre.fr\/wp-content\/uploads\/2025\/06\/carbonne_domainedelaterrasse_baladedesremparts_bassin@mathieucalviac-1-798x1024.jpg 798w, https:\/\/www.tourisme-volvestre.fr\/wp-content\/uploads\/2025\/06\/carbonne_domainedelaterrasse_baladedesremparts_bassin@mathieucalviac-1-234x300.jpg 234w, https:\/\/www.tourisme-volvestre.fr\/wp-content\/uploads\/2025\/06\/carbonne_domainedelaterrasse_baladedesremparts_bassin@mathieucalviac-1-768x985.jpg 768w, https:\/\/www.tourisme-volvestre.fr\/wp-content\/uploads\/2025\/06\/carbonne_domainedelaterrasse_baladedesremparts_bassin@mathieucalviac-1-1198x1536.jpg 1198w, https:\/\/www.tourisme-volvestre.fr\/wp-content\/uploads\/2025\/06\/carbonne_domainedelaterrasse_baladedesremparts_bassin@mathieucalviac-1-1597x2048.jpg 1597w, https:\/\/www.tourisme-volvestre.fr\/wp-content\/uploads\/2025\/06\/carbonne_domainedelaterrasse_baladedesremparts_bassin@mathieucalviac-1.jpg 1996w\" sizes=\"auto, (max-width: 798px) 100vw, 798px\" \/><figcaption class=\"wp-element-caption\">Le Domaine de la Terrasse en Carbonne @mathieucalviac<\/figcaption><\/figure>\n<\/div>\n<\/div>\n\n<div class=\"wp-block-columns is-layout-flex wp-container-core-columns-is-layout-28f84493 wp-block-columns-is-layout-flex\">\n<div class=\"wp-block-column is-layout-flow wp-block-column-is-layout-flow\">\n<figure class=\"wp-block-image aligncenter size-large is-style-rounded is-style-rounded--3\"><img loading=\"lazy\" decoding=\"async\" width=\"683\" height=\"1024\" src=\"https:\/\/www.tourisme-volvestre.fr\/wp-content\/uploads\/2025\/06\/volvestre-2025-134-683x1024.jpg\" alt=\"\" class=\"wp-image-5803\" style=\"aspect-ratio:1;object-fit:cover\" srcset=\"https:\/\/www.tourisme-volvestre.fr\/wp-content\/uploads\/2025\/06\/volvestre-2025-134-683x1024.jpg 683w, https:\/\/www.tourisme-volvestre.fr\/wp-content\/uploads\/2025\/06\/volvestre-2025-134-200x300.jpg 200w, https:\/\/www.tourisme-volvestre.fr\/wp-content\/uploads\/2025\/06\/volvestre-2025-134-768x1152.jpg 768w, https:\/\/www.tourisme-volvestre.fr\/wp-content\/uploads\/2025\/06\/volvestre-2025-134-1024x1536.jpg 1024w, https:\/\/www.tourisme-volvestre.fr\/wp-content\/uploads\/2025\/06\/volvestre-2025-134-1365x2048.jpg 1365w, https:\/\/www.tourisme-volvestre.fr\/wp-content\/uploads\/2025\/06\/volvestre-2025-134.jpg 1600w\" sizes=\"auto, (max-width: 683px) 100vw, 683px\" \/><figcaption class=\"wp-element-caption\">La retenue de Manci\u00e8s en Salles-sur-Garonne @mathieucalviac<\/figcaption><\/figure>\n<\/div>\n\n\n\n<div class=\"wp-block-column is-layout-flow wp-block-column-is-layout-flow\">\n<h2 class=\"wp-block-heading has-large-font-size\">El estanque de Manci\u00e8s<\/h2>\n\n\n\n<p>La Garona alberga un carrizal en el embalse de Manci\u00e8s, en la ribera de Rieux-Volvestre. Este h\u00e1bitat fue restaurado por estudiantes locales en 2015.  <\/p>\n\n\n\n<p>\ud83d\udc1f Esta densa vegetaci\u00f3n sobre la superficie del agua ha atra\u00eddo a muchos animales : all\u00ed viven chinches de agua, ef\u00edmeras, lib\u00e9lulas, crust\u00e1ceos, caracoles de agua dulce, ranas e incluso peces.<\/p>\n\n\n\n<p>\ud83d\udc40 Para observar las aves que viven en la retenue de Manci\u00e8s, se ha instalado un puesto de observaci\u00f3n. Escondido tras este refugio, puede observarlas discretamente. Las mesas de picnic tambi\u00e9n le permiten disfrutar de este remanso de paz.  <\/p>\n\n\n\n<p>\ud83c\udfd4\ufe0f Este es uno de los paisajes m\u00e1s bellos del Volvestre. En la orilla opuesta, en Salles-sur-Garonne, se pueden observar los veleros, la Garona y la cordillera de los Pirineos al fondo.  <\/p>\n<\/div>\n<\/div>\n\n<div class=\"wp-block-columns is-layout-flex wp-container-core-columns-is-layout-28f84493 wp-block-columns-is-layout-flex\">\n<div class=\"wp-block-column is-layout-flow wp-block-column-is-layout-flow\">\n<h2 class=\"wp-block-heading has-large-font-size\">El lago de Peyssies<\/h2>\n\n\n\n<p>\ud83e\udd86 El lago de Peyssies, clasificado como zona natural de inter\u00e9s ecol\u00f3gico para la flora y la fauna (ZNIEFF), alberga una garza. \u00a1S\u00ed, es el hogar de las garzas! \u00a1Pero no solo eso! Esta isla boscosa permite la anidaci\u00f3n de varias especies, como :   <\/p>\n\n\n\n<ul class=\"wp-block-list\">\n<li>La garza nocturna coroninegra (10 parejas)<\/li>\n\n\n\n<li>Garceta com\u00fan (4 parejas)<\/li>\n\n\n\n<li>Garceta bueyera (550 parejas)<\/li>\n<\/ul>\n\n\n\n<p>\ud83d\udd2d Este lago es un para\u00edso para los amantes de las aves. A la sombra de los sauces llorones, se pueden observar estas diferentes especies a simple vista o con la ayuda de un telescopio. <\/p>\n\n\n\n<p>\ud83c\udf37Adem\u00e1s, el gran lago de Peyssies, justo al lado, acoge en los prados de su parte sur la famosa Fritillaria pintade, una flor rara y protegida.<\/p>\n\n\n\n<div class=\"wp-block-buttons is-layout-flex wp-block-buttons-is-layout-flex\">\n<div class=\"wp-block-button\"><a class=\"wp-block-button__link wp-element-button\" href=\"https:\/\/www.tourisme-volvestre.fr\/wp-content\/uploads\/2025\/06\/Peyssies.pdf\">Excursi\u00f3n lago de Peyssies<\/a><\/div>\n<\/div>\n<\/div>\n\n\n\n<div class=\"wp-block-column is-layout-flow wp-block-column-is-layout-flow\">\n<figure class=\"wp-block-image aligncenter size-large is-style-rounded is-style-rounded--4\"><img loading=\"lazy\" decoding=\"async\" width=\"1024\" height=\"683\" src=\"https:\/\/www.tourisme-volvestre.fr\/wp-content\/uploads\/2025\/06\/volvestre-2025-14-1-1024x683.jpg\" alt=\"\" class=\"wp-image-5823\" style=\"aspect-ratio:1;object-fit:cover\" srcset=\"https:\/\/www.tourisme-volvestre.fr\/wp-content\/uploads\/2025\/06\/volvestre-2025-14-1-1024x683.jpg 1024w, https:\/\/www.tourisme-volvestre.fr\/wp-content\/uploads\/2025\/06\/volvestre-2025-14-1-300x200.jpg 300w, https:\/\/www.tourisme-volvestre.fr\/wp-content\/uploads\/2025\/06\/volvestre-2025-14-1-768x512.jpg 768w, https:\/\/www.tourisme-volvestre.fr\/wp-content\/uploads\/2025\/06\/volvestre-2025-14-1-1536x1024.jpg 1536w, https:\/\/www.tourisme-volvestre.fr\/wp-content\/uploads\/2025\/06\/volvestre-2025-14-1-2048x1366.jpg 2048w\" sizes=\"auto, (max-width: 1024px) 100vw, 1024px\" \/><figcaption class=\"wp-element-caption\">Garceta com\u00fan @mathieucalviac<\/figcaption><\/figure>\n<\/div>\n<\/div>\n\n<div class=\"wp-block-columns is-layout-flex wp-container-core-columns-is-layout-28f84493 wp-block-columns-is-layout-flex\">\n<div class=\"wp-block-column is-layout-flow wp-block-column-is-layout-flow\">\n<figure class=\"wp-block-image aligncenter size-large is-style-rounded is-style-rounded--5\"><img loading=\"lazy\" decoding=\"async\" width=\"683\" height=\"1024\" src=\"https:\/\/www.tourisme-volvestre.fr\/wp-content\/uploads\/2025\/06\/orchis_abeille_volvestre_fleurs@antoinefirmin-1-683x1024.jpg\" alt=\"\" class=\"wp-image-5837\" style=\"aspect-ratio:1;object-fit:cover\" srcset=\"https:\/\/www.tourisme-volvestre.fr\/wp-content\/uploads\/2025\/06\/orchis_abeille_volvestre_fleurs@antoinefirmin-1-683x1024.jpg 683w, https:\/\/www.tourisme-volvestre.fr\/wp-content\/uploads\/2025\/06\/orchis_abeille_volvestre_fleurs@antoinefirmin-1-200x300.jpg 200w, https:\/\/www.tourisme-volvestre.fr\/wp-content\/uploads\/2025\/06\/orchis_abeille_volvestre_fleurs@antoinefirmin-1-768x1152.jpg 768w, https:\/\/www.tourisme-volvestre.fr\/wp-content\/uploads\/2025\/06\/orchis_abeille_volvestre_fleurs@antoinefirmin-1-1024x1536.jpg 1024w, https:\/\/www.tourisme-volvestre.fr\/wp-content\/uploads\/2025\/06\/orchis_abeille_volvestre_fleurs@antoinefirmin-1-1366x2048.jpg 1366w, https:\/\/www.tourisme-volvestre.fr\/wp-content\/uploads\/2025\/06\/orchis_abeille_volvestre_fleurs@antoinefirmin-1.jpg 1707w\" sizes=\"auto, (max-width: 683px) 100vw, 683px\" \/><figcaption class=\"wp-element-caption\">Una orqu\u00eddea abeja en Mailholas @antoinefirmin<\/figcaption><\/figure>\n<\/div>\n\n\n\n<div class=\"wp-block-column is-layout-flow wp-block-column-is-layout-flow\">\n<h2 class=\"wp-block-heading has-large-font-size\">Nuestras flores extraordinarias<\/h2>\n\n\n\n<p>\ud83e\udebb Con su paisaje diverso, el Volvestre es una tierra propicia para la floraci\u00f3n. Entre las llanuras y las laderas de la Garona, Arize y L\u00e8ze, se extienden diversas praderas que acogen flores excepcionales como : <\/p>\n\n\n\n<ul class=\"wp-block-list\">\n<li>La fritilaria pintada: especie rara, localizada y protegida en Haute-Garonne, se la puede observar en el Volvestre, especialmente en el lago de Peyssies. <\/li>\n\n\n\n<li>El Tulip\u00e1n de \u00c9cluse : especie protegida a nivel nacional, \u00a1su poblaci\u00f3n en el municipio de Montesquieu-Volvestre es una de las m\u00e1s importantes de la regi\u00f3n! <\/li>\n<\/ul>\n\n\n\n<p>\ud83d\udc1d Adem\u00e1s, muchas especies de orqu\u00eddeas prosperan en nuestros entornos abiertos : orqu\u00eddea cabra, orqu\u00eddea abeja, orqu\u00eddea militar, orqu\u00eddea hombre ahorcado, orqu\u00eddea becada; todas tienen sus propios nombres. \u00a1No dudes en consultar el panel educativo en Mailholas para descubrirlas!  <\/p>\n\n\n\n<div class=\"wp-block-buttons is-layout-flex wp-block-buttons-is-layout-flex\">\n<div class=\"wp-block-button\"><a class=\"wp-block-button__link wp-element-button\" href=\"https:\/\/www.tourisme-volvestre.fr\/wp-content\/uploads\/2025\/06\/Maiholas_coque_chapelle.pdf\" target=\"_blank\" rel=\"noreferrer noopener\">Excursi\u00f3n en Mailholas<\/a><\/div>\n<\/div>\n<\/div>\n<\/div>\n\n<div class=\"wp-block-columns is-layout-flex wp-container-core-columns-is-layout-28f84493 wp-block-columns-is-layout-flex\">\n<div class=\"wp-block-column is-layout-flow wp-block-column-is-layout-flow\">\n<h2 class=\"wp-block-heading has-large-font-size\">\u00c1reas protegidas<\/h2>\n\n\n\n<p>\ud83c\udf33 Para proteger los ecosistemas de nuestra hermosa regi\u00f3n, varias zonas est\u00e1n clasificadas. Nuestros lagos, r\u00edos, p\u00e1ramos y acantilados se monitorean para identificar las especies de plantas y animales que habitan all\u00ed. En total, el Volvestre alberga :  <\/p>\n\n\n\n<ul class=\"wp-block-list\">\n<li>2 zonas Natura 2000 para proteger las v\u00edas fluviales<\/li>\n\n\n\n<li>10 ZNIEFF (zona natural de inter\u00e9s ecol\u00f3gico, faun\u00edstico y flor\u00edstico) para diferentes ambientes<\/li>\n\n\n\n<li>3 decretos prefecturales para la protecci\u00f3n de biotopos <\/li>\n\n\n\n<li>1 \u00c1rea Natural Sensible en el Domaine de la Terrasse<\/li>\n<\/ul>\n\n\n\n<p>Clasificado como territorio comprometido con la Naturaleza, se cre\u00f3 un atlas intercomunitario de biodiversidad entre 2022 y 2024. \u00a1Descubre los incre\u00edbles animales y plantas del Volvestre! <\/p>\n\n\n\n<div class=\"wp-block-buttons is-layout-flex wp-block-buttons-is-layout-flex\">\n<div class=\"wp-block-button\"><a class=\"wp-block-button__link wp-element-button\" href=\"https:\/\/www.volvestre.fr\/biodiversite\/\" target=\"_blank\" rel=\"noreferrer noopener\">Atlas intermunicipal de la biodiversidad del Volvestre<\/a><\/div>\n<\/div>\n<\/div>\n\n\n\n<div class=\"wp-block-column is-layout-flow wp-block-column-is-layout-flow\">\n<figure class=\"wp-block-image size-large is-style-rounded is-style-rounded--6\"><img loading=\"lazy\" decoding=\"async\" width=\"683\" height=\"1024\" src=\"https:\/\/www.tourisme-volvestre.fr\/wp-content\/uploads\/2025\/06\/Insecte_6-683x1024.jpg\" alt=\"\" class=\"wp-image-4355\" style=\"aspect-ratio:1;object-fit:cover\" srcset=\"https:\/\/www.tourisme-volvestre.fr\/wp-content\/uploads\/2025\/06\/Insecte_6-683x1024.jpg 683w, https:\/\/www.tourisme-volvestre.fr\/wp-content\/uploads\/2025\/06\/Insecte_6-200x300.jpg 200w, https:\/\/www.tourisme-volvestre.fr\/wp-content\/uploads\/2025\/06\/Insecte_6-768x1152.jpg 768w, https:\/\/www.tourisme-volvestre.fr\/wp-content\/uploads\/2025\/06\/Insecte_6-1024x1536.jpg 1024w, https:\/\/www.tourisme-volvestre.fr\/wp-content\/uploads\/2025\/06\/Insecte_6-1366x2048.jpg 1366w, https:\/\/www.tourisme-volvestre.fr\/wp-content\/uploads\/2025\/06\/Insecte_6.jpg 1707w\" sizes=\"auto, (max-width: 683px) 100vw, 683px\" \/><\/figure>\n<\/div>\n<\/div>\n\n<div class=\"wp-block-group alignfull has-accent-4-background-color has-background has-global-padding is-layout-constrained wp-container-core-group-is-layout-ed5e8923 wp-block-group-is-layout-constrained\" style=\"margin-top:var(--wp--preset--spacing--20);margin-bottom:0;padding-top:var(--wp--preset--spacing--20);padding-right:var(--wp--preset--spacing--20);padding-bottom:var(--wp--preset--spacing--20);padding-left:var(--wp--preset--spacing--20)\">\n<div class=\"wp-block-group has-global-padding is-layout-constrained wp-container-core-group-is-layout-c385debf wp-block-group-is-layout-constrained\" style=\"padding-top:var(--wp--preset--spacing--20);padding-right:var(--wp--preset--spacing--20);padding-bottom:var(--wp--preset--spacing--20);padding-left:var(--wp--preset--spacing--20)\">\n<h2 class=\"wp-block-heading has-text-align-center\">Tambi\u00e9n te puede <mark style=\"color:#1d1d1b\" class=\"has-inline-color\">interesar\u2026<\/mark><\/h2>\n\n\n\n<div class=\"wp-block-group has-global-padding is-layout-constrained wp-container-core-group-is-layout-c385debf wp-block-group-is-layout-constrained\" style=\"padding-top:var(--wp--preset--spacing--20);padding-right:var(--wp--preset--spacing--20);padding-bottom:var(--wp--preset--spacing--20);padding-left:var(--wp--preset--spacing--20)\">\n<div class=\"wp-block-columns is-layout-flex wp-container-core-columns-is-layout-28f84493 wp-block-columns-is-layout-flex\">\n<div class=\"wp-block-column is-layout-flow wp-block-column-is-layout-flow\">\n<figure class=\"wp-block-image size-full has-custom-border\"><a href=\"https:\/\/www.tourisme-volvestre.fr\/nuestros-senderos-educativos\/?lang=es\"><img loading=\"lazy\" decoding=\"async\" width=\"654\" height=\"895\" src=\"https:\/\/www.tourisme-volvestre.fr\/wp-content\/uploads\/2025\/06\/Capture-decran-2025-05-29-163516.jpg\" alt=\"\" class=\"wp-image-4366\" style=\"border-radius:25px;aspect-ratio:1;object-fit:cover\" srcset=\"https:\/\/www.tourisme-volvestre.fr\/wp-content\/uploads\/2025\/06\/Capture-decran-2025-05-29-163516.jpg 654w, https:\/\/www.tourisme-volvestre.fr\/wp-content\/uploads\/2025\/06\/Capture-decran-2025-05-29-163516-219x300.jpg 219w\" sizes=\"auto, (max-width: 654px) 100vw, 654px\" \/><\/a><\/figure>\n\n\n\n<div class=\"wp-block-buttons is-content-justification-center is-layout-flex wp-container-core-buttons-is-layout-a89b3969 wp-block-buttons-is-layout-flex\">\n<div class=\"wp-block-button\"><a class=\"wp-block-button__link wp-element-button\" href=\"https:\/\/www.tourisme-volvestre.fr\/nuestros-senderos-educativos\/?lang=es\">Los senderos educativos<\/a><\/div>\n<\/div>\n<\/div>\n\n\n\n<div class=\"wp-block-column is-layout-flow wp-block-column-is-layout-flow\">\n<figure class=\"wp-block-image size-full has-custom-border\"><a href=\"https:\/\/www.tourisme-volvestre.fr\/nuestras-actividades\/?lang=es\"><img loading=\"lazy\" decoding=\"async\" width=\"2560\" height=\"1702\" src=\"https:\/\/www.tourisme-volvestre.fr\/wp-content\/uploads\/2025\/06\/Pyrenees_marguerites-IMGP98093-300dpi-1.jpg\" alt=\"\" class=\"wp-image-6145\" style=\"border-radius:25px;aspect-ratio:1;object-fit:cover\" srcset=\"https:\/\/www.tourisme-volvestre.fr\/wp-content\/uploads\/2025\/06\/Pyrenees_marguerites-IMGP98093-300dpi-1.jpg 2560w, https:\/\/www.tourisme-volvestre.fr\/wp-content\/uploads\/2025\/06\/Pyrenees_marguerites-IMGP98093-300dpi-1-300x199.jpg 300w, https:\/\/www.tourisme-volvestre.fr\/wp-content\/uploads\/2025\/06\/Pyrenees_marguerites-IMGP98093-300dpi-1-1024x681.jpg 1024w, https:\/\/www.tourisme-volvestre.fr\/wp-content\/uploads\/2025\/06\/Pyrenees_marguerites-IMGP98093-300dpi-1-768x511.jpg 768w, https:\/\/www.tourisme-volvestre.fr\/wp-content\/uploads\/2025\/06\/Pyrenees_marguerites-IMGP98093-300dpi-1-1536x1021.jpg 1536w, https:\/\/www.tourisme-volvestre.fr\/wp-content\/uploads\/2025\/06\/Pyrenees_marguerites-IMGP98093-300dpi-1-2048x1362.jpg 2048w\" sizes=\"auto, (max-width: 2560px) 100vw, 2560px\" \/><\/a><\/figure>\n\n\n\n<div class=\"wp-block-buttons is-content-justification-center is-layout-flex wp-container-core-buttons-is-layout-a89b3969 wp-block-buttons-is-layout-flex\">\n<div class=\"wp-block-button\"><a class=\"wp-block-button__link wp-element-button\" href=\"https:\/\/www.tourisme-volvestre.fr\/nuestras-actividades\/?lang=es\">Nuestras actividades<\/a><\/div>\n<\/div>\n<\/div>\n\n\n\n<div class=\"wp-block-column is-layout-flow wp-block-column-is-layout-flow\">\n<figure class=\"wp-block-image size-full has-custom-border\"><a href=\"https:\/\/www.tourisme-volvestre.fr\/wp-admin\/post.php?post=2233&amp;action=edit&amp;lang=fr\"><img loading=\"lazy\" decoding=\"async\" width=\"1928\" height=\"2560\" src=\"https:\/\/www.tourisme-volvestre.fr\/wp-content\/uploads\/2025\/06\/mailholas_orchis_mouche@oti.jpg\" alt=\"\" class=\"wp-image-5834\" style=\"border-radius:25px;aspect-ratio:1;object-fit:cover\" srcset=\"https:\/\/www.tourisme-volvestre.fr\/wp-content\/uploads\/2025\/06\/mailholas_orchis_mouche@oti.jpg 1928w, https:\/\/www.tourisme-volvestre.fr\/wp-content\/uploads\/2025\/06\/mailholas_orchis_mouche@oti-226x300.jpg 226w, https:\/\/www.tourisme-volvestre.fr\/wp-content\/uploads\/2025\/06\/mailholas_orchis_mouche@oti-771x1024.jpg 771w, https:\/\/www.tourisme-volvestre.fr\/wp-content\/uploads\/2025\/06\/mailholas_orchis_mouche@oti-768x1020.jpg 768w, https:\/\/www.tourisme-volvestre.fr\/wp-content\/uploads\/2025\/06\/mailholas_orchis_mouche@oti-1157x1536.jpg 1157w, https:\/\/www.tourisme-volvestre.fr\/wp-content\/uploads\/2025\/06\/mailholas_orchis_mouche@oti-1542x2048.jpg 1542w\" sizes=\"auto, (max-width: 1928px) 100vw, 1928px\" \/><\/a><\/figure>\n\n\n\n<div class=\"wp-block-buttons is-content-justification-center is-layout-flex wp-container-core-buttons-is-layout-a89b3969 wp-block-buttons-is-layout-flex\">\n<div class=\"wp-block-button\"><a class=\"wp-block-button__link wp-element-button\" href=\"https:\/\/www.tourisme-volvestre.fr\/wp-admin\/post.php?post=2233&amp;action=edit&amp;lang=fr\">Nuestras excursiones guiadas<\/a><\/div>\n<\/div>\n<\/div>\n<\/div>\n<\/div>\n<\/div>\n<\/div>\n","protected":false},"excerpt":{"rendered":"<p>\ud83c\udf3f \u00a1Descubre la biodiversidad del Volvestre! \u00c1rea natural sensible \ud83c\udf3f Le Domaine de la Terrasse es uno de los 20 Espacios Naturales Sensibles de Haute-Garonne debido a su excepcional biodiversidad. M\u00e1s de 2 hect\u00e1reas est\u00e1n clasificadas para mantener y mejorar este sitio. All\u00ed habitan numerosas especies protegidas, entre ellas : \ud83e\udda6 10 especies de mam\u00edferos: [&hellip;]<\/p>\n","protected":false},"author":6,"featured_media":5836,"parent":0,"menu_order":0,"comment_status":"closed","ping_status":"closed","template":"page-no-title","meta":{"_acf_changed":false,"inline_featured_image":false,"footnotes":""},"class_list":["post-9680","page","type-page","status-publish","has-post-thumbnail","hentry"],"acf":[],"yoast_head":"<!-- This site is optimized with the Yoast SEO plugin v27.3 - https:\/\/yoast.com\/product\/yoast-seo-wordpress\/ -->\n<title>Nuestros sitios naturales - Volvestre Tourisme<\/title>\n<meta name=\"description\" content=\"Descubre nuestros emblem\u00e1ticos parajes naturales : el lago de Peyssies, la retenue de Manci\u00e8s, el espacio natural sensible del Domaine de la Terrasse...\" \/>\n<meta name=\"robots\" content=\"index, follow, max-snippet:-1, max-image-preview:large, max-video-preview:-1\" \/>\n<link rel=\"canonical\" href=\"https:\/\/www.tourisme-volvestre.fr\/es\/nuestros-sitios-naturales\/\" \/>\n<meta property=\"og:locale\" content=\"es_ES\" \/>\n<meta property=\"og:type\" content=\"article\" \/>\n<meta property=\"og:title\" content=\"Nuestros sitios naturales - Volvestre Tourisme\" \/>\n<meta property=\"og:description\" content=\"Descubre nuestros emblem\u00e1ticos parajes naturales : el lago de Peyssies, la retenue de Manci\u00e8s, el espacio natural sensible del Domaine de la Terrasse...\" \/>\n<meta property=\"og:url\" content=\"https:\/\/www.tourisme-volvestre.fr\/es\/nuestros-sitios-naturales\/\" \/>\n<meta property=\"og:site_name\" content=\"Volvestre Tourisme\" \/>\n<meta property=\"article:publisher\" content=\"https:\/\/www.facebook.com\/TourismeVolvestre\" \/>\n<meta property=\"article:modified_time\" content=\"2025-09-01T09:43:56+00:00\" \/>\n<meta property=\"og:image\" content=\"https:\/\/www.tourisme-volvestre.fr\/wp-content\/uploads\/2025\/06\/mailholas_orchis_mouche@oti.jpg\" \/>\n\t<meta property=\"og:image:width\" content=\"1928\" \/>\n\t<meta property=\"og:image:height\" content=\"2560\" \/>\n\t<meta property=\"og:image:type\" content=\"image\/jpeg\" \/>\n<meta name=\"twitter:card\" content=\"summary_large_image\" \/>\n<meta name=\"twitter:label1\" content=\"Tiempo de lectura\" \/>\n\t<meta name=\"twitter:data1\" content=\"3 minutos\" \/>\n<script type=\"application\/ld+json\" class=\"yoast-schema-graph\">{\"@context\":\"https:\\\/\\\/schema.org\",\"@graph\":[{\"@type\":\"WebPage\",\"@id\":\"https:\\\/\\\/www.tourisme-volvestre.fr\\\/es\\\/nuestros-sitios-naturales\\\/\",\"url\":\"https:\\\/\\\/www.tourisme-volvestre.fr\\\/es\\\/nuestros-sitios-naturales\\\/\",\"name\":\"Nuestros sitios naturales - Volvestre Tourisme\",\"isPartOf\":{\"@id\":\"https:\\\/\\\/www.tourisme-volvestre.fr\\\/es\\\/#website\"},\"primaryImageOfPage\":{\"@id\":\"https:\\\/\\\/www.tourisme-volvestre.fr\\\/es\\\/nuestros-sitios-naturales\\\/#primaryimage\"},\"image\":{\"@id\":\"https:\\\/\\\/www.tourisme-volvestre.fr\\\/es\\\/nuestros-sitios-naturales\\\/#primaryimage\"},\"thumbnailUrl\":\"https:\\\/\\\/www.tourisme-volvestre.fr\\\/wp-content\\\/uploads\\\/2025\\\/06\\\/mailholas_orchis_mouche@oti.jpg\",\"datePublished\":\"2025-06-16T15:18:53+00:00\",\"dateModified\":\"2025-09-01T09:43:56+00:00\",\"description\":\"Descubre nuestros emblem\u00e1ticos parajes naturales : el lago de Peyssies, la retenue de Manci\u00e8s, el espacio natural sensible del Domaine de la Terrasse...\",\"breadcrumb\":{\"@id\":\"https:\\\/\\\/www.tourisme-volvestre.fr\\\/es\\\/nuestros-sitios-naturales\\\/#breadcrumb\"},\"inLanguage\":\"es\",\"potentialAction\":[{\"@type\":\"ReadAction\",\"target\":[\"https:\\\/\\\/www.tourisme-volvestre.fr\\\/es\\\/nuestros-sitios-naturales\\\/\"]}]},{\"@type\":\"ImageObject\",\"inLanguage\":\"es\",\"@id\":\"https:\\\/\\\/www.tourisme-volvestre.fr\\\/es\\\/nuestros-sitios-naturales\\\/#primaryimage\",\"url\":\"https:\\\/\\\/www.tourisme-volvestre.fr\\\/wp-content\\\/uploads\\\/2025\\\/06\\\/mailholas_orchis_mouche@oti.jpg\",\"contentUrl\":\"https:\\\/\\\/www.tourisme-volvestre.fr\\\/wp-content\\\/uploads\\\/2025\\\/06\\\/mailholas_orchis_mouche@oti.jpg\",\"width\":1928,\"height\":2560},{\"@type\":\"BreadcrumbList\",\"@id\":\"https:\\\/\\\/www.tourisme-volvestre.fr\\\/es\\\/nuestros-sitios-naturales\\\/#breadcrumb\",\"itemListElement\":[{\"@type\":\"ListItem\",\"position\":1,\"name\":\"Accueil\",\"item\":\"https:\\\/\\\/www.tourisme-volvestre.fr\\\/es\\\/?lang=es\"},{\"@type\":\"ListItem\",\"position\":2,\"name\":\"Nuestros sitios naturales\"}]},{\"@type\":\"WebSite\",\"@id\":\"https:\\\/\\\/www.tourisme-volvestre.fr\\\/es\\\/#website\",\"url\":\"https:\\\/\\\/www.tourisme-volvestre.fr\\\/es\\\/\",\"name\":\"Volvestre Tourisme\",\"description\":\"\",\"publisher\":{\"@id\":\"https:\\\/\\\/www.tourisme-volvestre.fr\\\/es\\\/#organization\"},\"alternateName\":\"OT Volvestre\",\"potentialAction\":[{\"@type\":\"SearchAction\",\"target\":{\"@type\":\"EntryPoint\",\"urlTemplate\":\"https:\\\/\\\/www.tourisme-volvestre.fr\\\/es\\\/?s={search_term_string}\"},\"query-input\":{\"@type\":\"PropertyValueSpecification\",\"valueRequired\":true,\"valueName\":\"search_term_string\"}}],\"inLanguage\":\"es\"},{\"@type\":\"Organization\",\"@id\":\"https:\\\/\\\/www.tourisme-volvestre.fr\\\/es\\\/#organization\",\"name\":\"Volvestre Tourisme\",\"url\":\"https:\\\/\\\/www.tourisme-volvestre.fr\\\/es\\\/\",\"logo\":{\"@type\":\"ImageObject\",\"inLanguage\":\"es\",\"@id\":\"https:\\\/\\\/www.tourisme-volvestre.fr\\\/es\\\/#\\\/schema\\\/logo\\\/image\\\/\",\"url\":\"https:\\\/\\\/www.tourisme-volvestre.fr\\\/wp-content\\\/uploads\\\/2025\\\/02\\\/logo-site.png\",\"contentUrl\":\"https:\\\/\\\/www.tourisme-volvestre.fr\\\/wp-content\\\/uploads\\\/2025\\\/02\\\/logo-site.png\",\"width\":152,\"height\":152,\"caption\":\"Volvestre Tourisme\"},\"image\":{\"@id\":\"https:\\\/\\\/www.tourisme-volvestre.fr\\\/es\\\/#\\\/schema\\\/logo\\\/image\\\/\"},\"sameAs\":[\"https:\\\/\\\/www.facebook.com\\\/TourismeVolvestre\",\"https:\\\/\\\/www.instagram.com\\\/tourismevolvestre\"]}]}<\/script>\n<!-- \/ Yoast SEO plugin. -->","yoast_head_json":{"title":"Nuestros sitios naturales - Volvestre Tourisme","description":"Descubre nuestros emblem\u00e1ticos parajes naturales : el lago de Peyssies, la retenue de Manci\u00e8s, el espacio natural sensible del Domaine de la Terrasse...","robots":{"index":"index","follow":"follow","max-snippet":"max-snippet:-1","max-image-preview":"max-image-preview:large","max-video-preview":"max-video-preview:-1"},"canonical":"https:\/\/www.tourisme-volvestre.fr\/es\/nuestros-sitios-naturales\/","og_locale":"es_ES","og_type":"article","og_title":"Nuestros sitios naturales - Volvestre Tourisme","og_description":"Descubre nuestros emblem\u00e1ticos parajes naturales : el lago de Peyssies, la retenue de Manci\u00e8s, el espacio natural sensible del Domaine de la Terrasse...","og_url":"https:\/\/www.tourisme-volvestre.fr\/es\/nuestros-sitios-naturales\/","og_site_name":"Volvestre Tourisme","article_publisher":"https:\/\/www.facebook.com\/TourismeVolvestre","article_modified_time":"2025-09-01T09:43:56+00:00","og_image":[{"width":1928,"height":2560,"url":"https:\/\/www.tourisme-volvestre.fr\/wp-content\/uploads\/2025\/06\/mailholas_orchis_mouche@oti.jpg","type":"image\/jpeg"}],"twitter_card":"summary_large_image","twitter_misc":{"Tiempo de lectura":"3 minutos"},"schema":{"@context":"https:\/\/schema.org","@graph":[{"@type":"WebPage","@id":"https:\/\/www.tourisme-volvestre.fr\/es\/nuestros-sitios-naturales\/","url":"https:\/\/www.tourisme-volvestre.fr\/es\/nuestros-sitios-naturales\/","name":"Nuestros sitios naturales - Volvestre Tourisme","isPartOf":{"@id":"https:\/\/www.tourisme-volvestre.fr\/es\/#website"},"primaryImageOfPage":{"@id":"https:\/\/www.tourisme-volvestre.fr\/es\/nuestros-sitios-naturales\/#primaryimage"},"image":{"@id":"https:\/\/www.tourisme-volvestre.fr\/es\/nuestros-sitios-naturales\/#primaryimage"},"thumbnailUrl":"https:\/\/www.tourisme-volvestre.fr\/wp-content\/uploads\/2025\/06\/mailholas_orchis_mouche@oti.jpg","datePublished":"2025-06-16T15:18:53+00:00","dateModified":"2025-09-01T09:43:56+00:00","description":"Descubre nuestros emblem\u00e1ticos parajes naturales : el lago de Peyssies, la retenue de Manci\u00e8s, el espacio natural sensible del Domaine de la Terrasse...","breadcrumb":{"@id":"https:\/\/www.tourisme-volvestre.fr\/es\/nuestros-sitios-naturales\/#breadcrumb"},"inLanguage":"es","potentialAction":[{"@type":"ReadAction","target":["https:\/\/www.tourisme-volvestre.fr\/es\/nuestros-sitios-naturales\/"]}]},{"@type":"ImageObject","inLanguage":"es","@id":"https:\/\/www.tourisme-volvestre.fr\/es\/nuestros-sitios-naturales\/#primaryimage","url":"https:\/\/www.tourisme-volvestre.fr\/wp-content\/uploads\/2025\/06\/mailholas_orchis_mouche@oti.jpg","contentUrl":"https:\/\/www.tourisme-volvestre.fr\/wp-content\/uploads\/2025\/06\/mailholas_orchis_mouche@oti.jpg","width":1928,"height":2560},{"@type":"BreadcrumbList","@id":"https:\/\/www.tourisme-volvestre.fr\/es\/nuestros-sitios-naturales\/#breadcrumb","itemListElement":[{"@type":"ListItem","position":1,"name":"Accueil","item":"https:\/\/www.tourisme-volvestre.fr\/es\/?lang=es"},{"@type":"ListItem","position":2,"name":"Nuestros sitios naturales"}]},{"@type":"WebSite","@id":"https:\/\/www.tourisme-volvestre.fr\/es\/#website","url":"https:\/\/www.tourisme-volvestre.fr\/es\/","name":"Volvestre Tourisme","description":"","publisher":{"@id":"https:\/\/www.tourisme-volvestre.fr\/es\/#organization"},"alternateName":"OT Volvestre","potentialAction":[{"@type":"SearchAction","target":{"@type":"EntryPoint","urlTemplate":"https:\/\/www.tourisme-volvestre.fr\/es\/?s={search_term_string}"},"query-input":{"@type":"PropertyValueSpecification","valueRequired":true,"valueName":"search_term_string"}}],"inLanguage":"es"},{"@type":"Organization","@id":"https:\/\/www.tourisme-volvestre.fr\/es\/#organization","name":"Volvestre Tourisme","url":"https:\/\/www.tourisme-volvestre.fr\/es\/","logo":{"@type":"ImageObject","inLanguage":"es","@id":"https:\/\/www.tourisme-volvestre.fr\/es\/#\/schema\/logo\/image\/","url":"https:\/\/www.tourisme-volvestre.fr\/wp-content\/uploads\/2025\/02\/logo-site.png","contentUrl":"https:\/\/www.tourisme-volvestre.fr\/wp-content\/uploads\/2025\/02\/logo-site.png","width":152,"height":152,"caption":"Volvestre Tourisme"},"image":{"@id":"https:\/\/www.tourisme-volvestre.fr\/es\/#\/schema\/logo\/image\/"},"sameAs":["https:\/\/www.facebook.com\/TourismeVolvestre","https:\/\/www.instagram.com\/tourismevolvestre"]}]}},"_links":{"self":[{"href":"https:\/\/www.tourisme-volvestre.fr\/es\/wp-json\/wp\/v2\/pages\/9680","targetHints":{"allow":["GET"]}}],"collection":[{"href":"https:\/\/www.tourisme-volvestre.fr\/es\/wp-json\/wp\/v2\/pages"}],"about":[{"href":"https:\/\/www.tourisme-volvestre.fr\/es\/wp-json\/wp\/v2\/types\/page"}],"author":[{"embeddable":true,"href":"https:\/\/www.tourisme-volvestre.fr\/es\/wp-json\/wp\/v2\/users\/6"}],"replies":[{"embeddable":true,"href":"https:\/\/www.tourisme-volvestre.fr\/es\/wp-json\/wp\/v2\/comments?post=9680"}],"version-history":[{"count":2,"href":"https:\/\/www.tourisme-volvestre.fr\/es\/wp-json\/wp\/v2\/pages\/9680\/revisions"}],"predecessor-version":[{"id":9682,"href":"https:\/\/www.tourisme-volvestre.fr\/es\/wp-json\/wp\/v2\/pages\/9680\/revisions\/9682"}],"wp:featuredmedia":[{"embeddable":true,"href":"https:\/\/www.tourisme-volvestre.fr\/es\/wp-json\/wp\/v2\/media\/5836"}],"wp:attachment":[{"href":"https:\/\/www.tourisme-volvestre.fr\/es\/wp-json\/wp\/v2\/media?parent=9680"}],"curies":[{"name":"wp","href":"https:\/\/api.w.org\/{rel}","templated":true}]}}