{"id":9718,"date":"2025-05-14T14:11:18","date_gmt":"2025-05-14T12:11:18","guid":{"rendered":"https:\/\/www.tourisme-volvestre.fr\/nuestro-patrimonio\/"},"modified":"2025-09-01T11:43:36","modified_gmt":"2025-09-01T09:43:36","slug":"nuestro-patrimonio","status":"publish","type":"page","link":"https:\/\/www.tourisme-volvestre.fr\/es\/nuestro-patrimonio\/","title":{"rendered":"Nuestro patrimonio"},"content":{"rendered":"\n<div class=\"wp-block-group alignfull has-accent-4-background-color has-background has-global-padding is-layout-constrained wp-container-core-group-is-layout-a17fb4a4 wp-block-group-is-layout-constrained\" style=\"margin-top:-2rem;margin-bottom:0;padding-top:var(--wp--preset--spacing--50);padding-right:var(--wp--preset--spacing--50);padding-bottom:var(--wp--preset--spacing--50);padding-left:var(--wp--preset--spacing--50)\">\n<div class=\"wp-block-columns alignwide is-layout-flex wp-container-core-columns-is-layout-1da03c2a wp-block-columns-is-layout-flex\">\n<div class=\"wp-block-column is-vertically-aligned-stretch is-layout-flow wp-block-column-is-layout-flow\" style=\"flex-basis:50%\">\n<div class=\"wp-block-group is-vertical is-content-justification-stretch is-layout-flex wp-container-core-group-is-layout-401b7a8a wp-block-group-is-layout-flex\" style=\"min-height:100%\">\n<h2 class=\"wp-block-heading\"><mark style=\"color:#77b342\" class=\"has-inline-color\">Descubra el extraordinario patrimonio del Volvestre<\/mark><\/h2>\n\n\n\n<div class=\"wp-block-group is-vertical is-layout-flex wp-container-core-group-is-layout-fe9cc265 wp-block-group-is-layout-flex\">\n<p class=\"has-proxima-nova-font-family wp-container-content-0733e5d0\"><mark style=\"color:#1d1d1b\" class=\"has-inline-color\">El Volvestre cautiva con su rico patrimonio, testimonio de su historia. Visitar el Volvestre sin explorar sus ruinas significa perderse lo que lo hace verdaderamente aut\u00e9ntico. <\/mark><\/p>\n\n\n\n<div class=\"wp-block-buttons is-layout-flex wp-block-buttons-is-layout-flex\">\n<div class=\"wp-block-button\"><a class=\"wp-block-button__link wp-element-button\" href=\"https:\/\/www.tourisme-volvestre.fr\/nuestras-visitas-guiadas\/?lang=es\">Nuestras visitas guiadas<\/a><\/div>\n\n\n\n<div class=\"wp-block-button\"><a class=\"wp-block-button__link wp-element-button\" href=\"https:\/\/www.tourisme-volvestre.fr\/nuestros-folletos-turisticos\/?lang=es\">Nuestros folletos<\/a><\/div>\n<\/div>\n<\/div>\n\n\n\n<div style=\"height:15px\" aria-hidden=\"true\" class=\"wp-block-spacer wp-container-content-42c95ffb\"><\/div>\n\n\n\n<h5 class=\"wp-block-heading has-text-align-center\" style=\"font-size:clamp(0.875rem, 0.875rem + ((1vw - 0.2rem) * 0.542), 1.2rem);\"><mark style=\"color:#1d1d1b\" class=\"has-inline-color\">Los pueblos etiquetados <\/mark><\/h5>\n\n\n\n<div class=\"wp-block-columns is-layout-flex wp-container-core-columns-is-layout-28f84493 wp-block-columns-is-layout-flex\">\n<div class=\"wp-block-column is-layout-flow wp-block-column-is-layout-flow\">\n<figure class=\"wp-block-image aligncenter size-large is-style-rounded is-style-rounded--1\"><a href=\"https:\/\/www.tourisme-volvestre.fr\/rieux-volvestre-la-ciudad-de-las-multiples-etiquetas\/?lang=es\"><img loading=\"lazy\" decoding=\"async\" width=\"732\" height=\"1024\" src=\"https:\/\/www.tourisme-volvestre.fr\/wp-content\/uploads\/2025\/06\/rieuxvolvestre_patrimoine_cathedrale_glycines_pansdebois_clocher_pri_marionoti-732x1024.jpg\" alt=\"\" class=\"wp-image-5219\" style=\"aspect-ratio:1;object-fit:cover\" srcset=\"https:\/\/www.tourisme-volvestre.fr\/wp-content\/uploads\/2025\/06\/rieuxvolvestre_patrimoine_cathedrale_glycines_pansdebois_clocher_pri_marionoti-732x1024.jpg 732w, https:\/\/www.tourisme-volvestre.fr\/wp-content\/uploads\/2025\/06\/rieuxvolvestre_patrimoine_cathedrale_glycines_pansdebois_clocher_pri_marionoti-214x300.jpg 214w, https:\/\/www.tourisme-volvestre.fr\/wp-content\/uploads\/2025\/06\/rieuxvolvestre_patrimoine_cathedrale_glycines_pansdebois_clocher_pri_marionoti-768x1075.jpg 768w, https:\/\/www.tourisme-volvestre.fr\/wp-content\/uploads\/2025\/06\/rieuxvolvestre_patrimoine_cathedrale_glycines_pansdebois_clocher_pri_marionoti-1097x1536.jpg 1097w, https:\/\/www.tourisme-volvestre.fr\/wp-content\/uploads\/2025\/06\/rieuxvolvestre_patrimoine_cathedrale_glycines_pansdebois_clocher_pri_marionoti-1463x2048.jpg 1463w, https:\/\/www.tourisme-volvestre.fr\/wp-content\/uploads\/2025\/06\/rieuxvolvestre_patrimoine_cathedrale_glycines_pansdebois_clocher_pri_marionoti.jpg 1829w\" sizes=\"auto, (max-width: 732px) 100vw, 732px\" \/><\/a><figcaption class=\"wp-element-caption\">Campanario de Rieux-Volvestre @oti<\/figcaption><\/figure>\n\n\n\n<div class=\"wp-block-buttons is-content-justification-center is-layout-flex wp-container-core-buttons-is-layout-a89b3969 wp-block-buttons-is-layout-flex\">\n<div class=\"wp-block-button\"><a class=\"wp-block-button__link has-text-align-center wp-element-button\" href=\"https:\/\/www.tourisme-volvestre.fr\/rieux-volvestre-la-ciudad-de-las-multiples-etiquetas\/?lang=es\">Descubrir Rieux-Volvestre<\/a><\/div>\n<\/div>\n<\/div>\n\n\n\n<div class=\"wp-block-column is-layout-flow wp-block-column-is-layout-flow\">\n<figure class=\"wp-block-image aligncenter size-large is-style-rounded is-style-rounded--2\"><a href=\"https:\/\/www.tourisme-volvestre.fr\/saint-sulpice-sur-leze\/?lang=es\"><img loading=\"lazy\" decoding=\"async\" width=\"731\" height=\"1024\" src=\"https:\/\/www.tourisme-volvestre.fr\/wp-content\/uploads\/2025\/06\/saintsulpicesurleze_patrimoine_fleurs_arcades_mariont-731x1024.jpg\" alt=\"\" class=\"wp-image-5180\" style=\"aspect-ratio:1;object-fit:cover\" srcset=\"https:\/\/www.tourisme-volvestre.fr\/wp-content\/uploads\/2025\/06\/saintsulpicesurleze_patrimoine_fleurs_arcades_mariont-731x1024.jpg 731w, https:\/\/www.tourisme-volvestre.fr\/wp-content\/uploads\/2025\/06\/saintsulpicesurleze_patrimoine_fleurs_arcades_mariont-214x300.jpg 214w, https:\/\/www.tourisme-volvestre.fr\/wp-content\/uploads\/2025\/06\/saintsulpicesurleze_patrimoine_fleurs_arcades_mariont-768x1076.jpg 768w, https:\/\/www.tourisme-volvestre.fr\/wp-content\/uploads\/2025\/06\/saintsulpicesurleze_patrimoine_fleurs_arcades_mariont-1097x1536.jpg 1097w, https:\/\/www.tourisme-volvestre.fr\/wp-content\/uploads\/2025\/06\/saintsulpicesurleze_patrimoine_fleurs_arcades_mariont-1462x2048.jpg 1462w, https:\/\/www.tourisme-volvestre.fr\/wp-content\/uploads\/2025\/06\/saintsulpicesurleze_patrimoine_fleurs_arcades_mariont.jpg 1828w\" sizes=\"auto, (max-width: 731px) 100vw, 731px\" \/><\/a><figcaption class=\"wp-element-caption\">Arcadas de St-Sulpice-sur-L\u00e8ze @mariont<\/figcaption><\/figure>\n\n\n\n<div class=\"wp-block-buttons is-content-justification-center is-layout-flex wp-container-core-buttons-is-layout-a89b3969 wp-block-buttons-is-layout-flex\">\n<div class=\"wp-block-button\"><a class=\"wp-block-button__link has-text-align-center wp-element-button\" href=\"https:\/\/www.tourisme-volvestre.fr\/saint-sulpice-sur-leze\/?lang=es\">Saint-Sulpice-sur-L\u00e8ze<\/a><\/div>\n<\/div>\n<\/div>\n<\/div>\n<\/div>\n<\/div>\n\n\n\n<div class=\"wp-block-column is-vertically-aligned-center is-layout-flow wp-block-column-is-layout-flow\" style=\"flex-basis:50%\">\n<figure class=\"wp-block-image aligncenter size-full is-style-rounded is-style-rounded--3\"><a href=\"https:\/\/www.thefrenchwanderess.com\/\" target=\"_blank\" rel=\" noreferrer noopener\"><img decoding=\"async\" src=\"https:\/\/www.tourisme-volvestre.fr\/wp-content\/uploads\/2025\/04\/rieuxvolvestre_patrimoine_pansdebois_fig_ete@thefrenchwanderers-1.jpg\" alt=\"Centro hist&#xF3;rico de Rieux-Volvestre, imprescindinble en Haute-Garonne\" class=\"wp-image-1380\" style=\"aspect-ratio:3\/4;object-fit:cover\" \/><\/a><figcaption class=\"wp-element-caption\">El centro hist\u00f3rico de Rieux-Volvestre @thefrenchwanderers<\/figcaption><\/figure>\n<\/div>\n<\/div>\n<\/div>\n\n<div class=\"wp-block-group alignfull has-base-background-color has-background has-global-padding is-layout-constrained wp-container-core-group-is-layout-d23fa674 wp-block-group-is-layout-constrained\" style=\"margin-top:-49px;margin-bottom:-49px;padding-top:var(--wp--preset--spacing--40);padding-right:var(--wp--preset--spacing--50);padding-bottom:var(--wp--preset--spacing--40);padding-left:var(--wp--preset--spacing--50)\">\n<h2 class=\"wp-block-heading has-text-align-center\">Un patrimonio t\u00edpico del sur de Toulouse<\/h2>\n\n\n\n<p class=\"has-text-align-center\">Castillos y molinos, edificios con car\u00e1cter, iglesias y mercados medievales salpican la regi\u00f3n del Volvestre. Son vestigios de un pasado rural, animado por los r\u00edos y su comercio. Cada regi\u00f3n se distingue por su estilo arquitect\u00f3nico, y nuestros edificios encarnan nuestra identidad local.<br \/>Tierra de bastidas t\u00edpicas del suroeste, el Volvestre revela una arquitectura \u00fanica. \u00a1No la encontrar\u00e1 en ning\u00fan otro lugar, mezclando ladrillo rosa de Toulouse con guijarros de la Garona! Estos materiales locales dan forma a los pueblos, creando una armon\u00eda arquitect\u00f3nica \u00fanica en cada callej\u00f3n, plaza o en nuestras antiguas fachadas. La piedra utilizada proviene de las majestuosas canteras de Comminges, a tiro de piedra.     <\/p>\n\n\n\n<div class=\"wp-block-columns is-layout-flex wp-container-core-columns-is-layout-28f84493 wp-block-columns-is-layout-flex\">\n<div class=\"wp-block-column is-layout-flow wp-block-column-is-layout-flow\">\n<figure class=\"wp-block-image aligncenter size-full is-style-rounded is-style-rounded--4\"><img loading=\"lazy\" decoding=\"async\" width=\"716\" height=\"960\" src=\"https:\/\/www.tourisme-volvestre.fr\/wp-content\/uploads\/2025\/05\/C1F37C0F-39B4-4A77-8046-572D03B0514D.jpg\" alt=\"\" class=\"wp-image-2053\" srcset=\"https:\/\/www.tourisme-volvestre.fr\/wp-content\/uploads\/2025\/05\/C1F37C0F-39B4-4A77-8046-572D03B0514D.jpg 716w, https:\/\/www.tourisme-volvestre.fr\/wp-content\/uploads\/2025\/05\/C1F37C0F-39B4-4A77-8046-572D03B0514D-224x300.jpg 224w\" sizes=\"auto, (max-width: 716px) 100vw, 716px\" \/><figcaption class=\"wp-element-caption\">El centro hist\u00f3rico de Rieux-Volvestre @oti<\/figcaption><\/figure>\n\n\n\n<figure class=\"wp-block-image aligncenter size-large is-style-rounded is-style-rounded--5\"><img loading=\"lazy\" decoding=\"async\" width=\"683\" height=\"1024\" src=\"https:\/\/www.tourisme-volvestre.fr\/wp-content\/uploads\/2025\/05\/noe_patrimoine_divers_pierres@pierrehonore-683x1024.jpg\" alt=\"\" class=\"wp-image-2136\" srcset=\"https:\/\/www.tourisme-volvestre.fr\/wp-content\/uploads\/2025\/05\/noe_patrimoine_divers_pierres@pierrehonore-683x1024.jpg 683w, https:\/\/www.tourisme-volvestre.fr\/wp-content\/uploads\/2025\/05\/noe_patrimoine_divers_pierres@pierrehonore-200x300.jpg 200w, https:\/\/www.tourisme-volvestre.fr\/wp-content\/uploads\/2025\/05\/noe_patrimoine_divers_pierres@pierrehonore-768x1151.jpg 768w, https:\/\/www.tourisme-volvestre.fr\/wp-content\/uploads\/2025\/05\/noe_patrimoine_divers_pierres@pierrehonore-1025x1536.jpg 1025w, https:\/\/www.tourisme-volvestre.fr\/wp-content\/uploads\/2025\/05\/noe_patrimoine_divers_pierres@pierrehonore-1367x2048.jpg 1367w, https:\/\/www.tourisme-volvestre.fr\/wp-content\/uploads\/2025\/05\/noe_patrimoine_divers_pierres@pierrehonore-scaled.jpg 1709w\" sizes=\"auto, (max-width: 683px) 100vw, 683px\" \/><figcaption class=\"wp-element-caption\">La arquitectura t\u00edpica del Volvestre, mezclando ladrillos y guijarros @pierrehonor\u00e9<\/figcaption><\/figure>\n<\/div>\n\n\n\n<div class=\"wp-block-column is-layout-flow wp-block-column-is-layout-flow\">\n<figure class=\"wp-block-image aligncenter size-large is-style-rounded is-style-rounded--6\"><img loading=\"lazy\" decoding=\"async\" width=\"1024\" height=\"768\" src=\"https:\/\/www.tourisme-volvestre.fr\/wp-content\/uploads\/2025\/05\/saintchristaud_patrimoine_pontdudiable-1024x768.jpg\" alt=\"Le pont du Diable en Saint-Christaud, Gensac sur Garonne y cerca de Caz&#xE8;res, en Occitania.\" class=\"wp-image-2128\" srcset=\"https:\/\/www.tourisme-volvestre.fr\/wp-content\/uploads\/2025\/05\/saintchristaud_patrimoine_pontdudiable-1024x768.jpg 1024w, https:\/\/www.tourisme-volvestre.fr\/wp-content\/uploads\/2025\/05\/saintchristaud_patrimoine_pontdudiable-300x225.jpg 300w, https:\/\/www.tourisme-volvestre.fr\/wp-content\/uploads\/2025\/05\/saintchristaud_patrimoine_pontdudiable-768x576.jpg 768w, https:\/\/www.tourisme-volvestre.fr\/wp-content\/uploads\/2025\/05\/saintchristaud_patrimoine_pontdudiable-1536x1152.jpg 1536w, https:\/\/www.tourisme-volvestre.fr\/wp-content\/uploads\/2025\/05\/saintchristaud_patrimoine_pontdudiable.jpg 2000w\" sizes=\"auto, (max-width: 1024px) 100vw, 1024px\" \/><figcaption class=\"wp-element-caption\">Le pont du Diable en Saint-Christaud (31) @lo\u00efcbel<\/figcaption><\/figure>\n\n\n\n<figure class=\"wp-block-image aligncenter size-full is-style-rounded is-style-rounded--7\"><img loading=\"lazy\" decoding=\"async\" width=\"1920\" height=\"2560\" src=\"https:\/\/www.tourisme-volvestre.fr\/wp-content\/uploads\/2025\/05\/rieuxvolvestre_patrimoine_tourasse_theatre_zoom@lisaoti-4-scaled.jpeg\" alt=\"\" class=\"wp-image-1615\" srcset=\"https:\/\/www.tourisme-volvestre.fr\/wp-content\/uploads\/2025\/05\/rieuxvolvestre_patrimoine_tourasse_theatre_zoom@lisaoti-4-scaled.jpeg 1920w, https:\/\/www.tourisme-volvestre.fr\/wp-content\/uploads\/2025\/05\/rieuxvolvestre_patrimoine_tourasse_theatre_zoom@lisaoti-4-225x300.jpeg 225w, https:\/\/www.tourisme-volvestre.fr\/wp-content\/uploads\/2025\/05\/rieuxvolvestre_patrimoine_tourasse_theatre_zoom@lisaoti-4-768x1024.jpeg 768w, https:\/\/www.tourisme-volvestre.fr\/wp-content\/uploads\/2025\/05\/rieuxvolvestre_patrimoine_tourasse_theatre_zoom@lisaoti-4-1152x1536.jpeg 1152w, https:\/\/www.tourisme-volvestre.fr\/wp-content\/uploads\/2025\/05\/rieuxvolvestre_patrimoine_tourasse_theatre_zoom@lisaoti-4-1536x2048.jpeg 1536w\" sizes=\"auto, (max-width: 1920px) 100vw, 1920px\" \/><figcaption class=\"wp-element-caption\">La Tourasse en Rieux-Volvestre @oti<\/figcaption><\/figure>\n\n\n\n<div style=\"height:32px\" aria-hidden=\"true\" class=\"wp-block-spacer\"><\/div>\n\n\n\n<figure class=\"wp-block-image aligncenter size-full\"><img loading=\"lazy\" decoding=\"async\" width=\"64\" height=\"89\" src=\"https:\/\/www.tourisme-volvestre.fr\/wp-content\/uploads\/2025\/02\/Group-19.png\" alt=\"\" class=\"wp-image-612\" \/><\/figure>\n<\/div>\n\n\n\n<div class=\"wp-block-column is-layout-flow wp-block-column-is-layout-flow\">\n<figure class=\"wp-block-image aligncenter size-large is-style-rounded is-style-rounded--8\"><img loading=\"lazy\" decoding=\"async\" width=\"683\" height=\"1024\" src=\"https:\/\/www.tourisme-volvestre.fr\/wp-content\/uploads\/2024\/11\/castagnac_patrimoine_chateau_pri-683x1024.jpg\" alt=\"Ch&#xE2;teau de Castagnac en Occitania, Haute-Garonne\" class=\"wp-image-225\" srcset=\"https:\/\/www.tourisme-volvestre.fr\/wp-content\/uploads\/2024\/11\/castagnac_patrimoine_chateau_pri-683x1024.jpg 683w, https:\/\/www.tourisme-volvestre.fr\/wp-content\/uploads\/2024\/11\/castagnac_patrimoine_chateau_pri-200x300.jpg 200w, https:\/\/www.tourisme-volvestre.fr\/wp-content\/uploads\/2024\/11\/castagnac_patrimoine_chateau_pri-768x1151.jpg 768w, https:\/\/www.tourisme-volvestre.fr\/wp-content\/uploads\/2024\/11\/castagnac_patrimoine_chateau_pri-1025x1536.jpg 1025w, https:\/\/www.tourisme-volvestre.fr\/wp-content\/uploads\/2024\/11\/castagnac_patrimoine_chateau_pri-1367x2048.jpg 1367w, https:\/\/www.tourisme-volvestre.fr\/wp-content\/uploads\/2024\/11\/castagnac_patrimoine_chateau_pri-scaled.jpg 1709w\" sizes=\"auto, (max-width: 683px) 100vw, 683px\" \/><figcaption class=\"wp-element-caption\">Le ch\u00e2teau de Castagnac @pierrehonor\u00e9<\/figcaption><\/figure>\n\n\n\n<figure class=\"wp-block-image aligncenter size-large is-style-rounded is-style-rounded--9\"><img loading=\"lazy\" decoding=\"async\" width=\"1919\" height=\"2560\" src=\"https:\/\/www.tourisme-volvestre.fr\/wp-content\/uploads\/2025\/05\/saintsulpicesurleze_moulindepesquies_fleurs_patrimoine@mariont-edited-scaled.jpg\" alt=\"\" class=\"wp-image-2142\" srcset=\"https:\/\/www.tourisme-volvestre.fr\/wp-content\/uploads\/2025\/05\/saintsulpicesurleze_moulindepesquies_fleurs_patrimoine@mariont-edited-scaled.jpg 1919w, https:\/\/www.tourisme-volvestre.fr\/wp-content\/uploads\/2025\/05\/saintsulpicesurleze_moulindepesquies_fleurs_patrimoine@mariont-edited-225x300.jpg 225w, https:\/\/www.tourisme-volvestre.fr\/wp-content\/uploads\/2025\/05\/saintsulpicesurleze_moulindepesquies_fleurs_patrimoine@mariont-edited-768x1025.jpg 768w, https:\/\/www.tourisme-volvestre.fr\/wp-content\/uploads\/2025\/05\/saintsulpicesurleze_moulindepesquies_fleurs_patrimoine@mariont-edited-1151x1536.jpg 1151w, https:\/\/www.tourisme-volvestre.fr\/wp-content\/uploads\/2025\/05\/saintsulpicesurleze_moulindepesquies_fleurs_patrimoine@mariont-edited-1535x2048.jpg 1535w\" sizes=\"auto, (max-width: 1919px) 100vw, 1919px\" \/><figcaption class=\"wp-element-caption\">El molino de Pesqui\u00e8s en Saint-Sulpice-sur-L\u00e8ze @mariont<\/figcaption><\/figure>\n<\/div>\n<\/div>\n<\/div>\n\n<div class=\"wp-block-group alignfull has-global-padding is-layout-constrained wp-container-core-group-is-layout-669513ed wp-block-group-is-layout-constrained\" style=\"margin-top:0;margin-bottom:0;padding-top:var(--wp--preset--spacing--50);padding-right:var(--wp--preset--spacing--50);padding-bottom:var(--wp--preset--spacing--50);padding-left:var(--wp--preset--spacing--50)\">\n<h2 class=\"wp-block-heading has-text-align-center has-xx-large-font-size\">Nuestros pueblos favoritos<\/h2>\n\n\n\n<p class=\"has-text-align-center\"><a href=\"https:\/\/www.mairie-rieux-volvestre.fr\/fr\/decouvrir-la-ville-cite\/un-nouveau-label-station-verte.html\" target=\"_blank\" rel=\"noreferrer noopener\">Rieux-Volvestre <\/a>destaca como <strong>una<\/strong> aut\u00e9ntica joya patrimonial. El pueblo ostenta esos reconocimientos : &#8220;<a href=\"https:\/\/www.plusbeauxdetours.com\/tous-les-plus-beaux-detours\/detour-par-rieux-volvestre-en-haute-garonne\/\">Plus Beaux D\u00e9tours de France<\/a>&#8220;, &#8220;Station Verte&#8221;, &#8220;Halte Compostelle&#8221; et &#8220;Commune touristique&#8221;. Su impresionante catedral domina el pueblo. Apodado &#8220;el peque\u00f1o pueblo rosa&#8221;, es una parada imprescindible para visitantes y peregrinos que recorren la V\u00eda Garona. Pasear por este pueblo medieval es como viajar en el tiempo entre ladrillos rosas y casas con entramado de madera. Cada callejuela tiene su propio encanto\u2026 con aromas florales que emanan de jardines ocultos.      <br \/><br \/>Adem\u00e1s, los pueblos de Saint-Sulpice-sur-L\u00e8ze, Montesquieu-Volvestre, Saint-Christaud, Montbrun Bocage y Longages deleitar\u00e1n a los amantes de las piedras antiguas. Cada pueblo tiene su alma, su historia. Es imposible elegir entre ellos, cada uno merece un hermoso paseo.  <br \/>Expl\u00f3ralos todos, d\u00e9jate sorprender por sus diferencias y sus tesoros. Aqu\u00ed, cada paso revela una nueva emoci\u00f3n. <br \/><br \/>\u00a1 El Volvestre te invita a un viaje en el tiempo! En el coraz\u00f3n de una regi\u00f3n vibrante y acogedora, orgullosa de sus ra\u00edces.  <br \/><br \/>Adquiera un folleto de visita o deje que uno de nuestros gu\u00eda.<\/p>\n\n\n\n<div class=\"wp-block-buttons alignwide is-content-justification-center is-layout-flex wp-container-core-buttons-is-layout-a89b3969 wp-block-buttons-is-layout-flex\">\n<div class=\"wp-block-button\"><a class=\"wp-block-button__link has-text-align-center wp-element-button\" href=\"https:\/\/www.tourisme-volvestre.fr\/nuestros-folletos-turisticos\/?lang=es\">Nuestros folletos<\/a><\/div>\n<\/div>\n\n\n\n<div class=\"wp-block-columns alignwide is-layout-flex wp-container-core-columns-is-layout-4935966c wp-block-columns-is-layout-flex\" style=\"padding-right:0;padding-left:0\">\n<div class=\"wp-block-column is-layout-flow wp-block-column-is-layout-flow\">\n<figure class=\"wp-block-image aligncenter size-full is-style-rounded is-style-rounded--10\"><img loading=\"lazy\" decoding=\"async\" width=\"1920\" height=\"2560\" src=\"https:\/\/www.tourisme-volvestre.fr\/wp-content\/uploads\/2025\/05\/montesquieuvolvestre_patrimoine_eglise_arcade@mariont-3-scaled.jpg\" alt=\"\" class=\"wp-image-1641\" style=\"aspect-ratio:1;object-fit:cover\" srcset=\"https:\/\/www.tourisme-volvestre.fr\/wp-content\/uploads\/2025\/05\/montesquieuvolvestre_patrimoine_eglise_arcade@mariont-3-scaled.jpg 1920w, https:\/\/www.tourisme-volvestre.fr\/wp-content\/uploads\/2025\/05\/montesquieuvolvestre_patrimoine_eglise_arcade@mariont-3-225x300.jpg 225w, https:\/\/www.tourisme-volvestre.fr\/wp-content\/uploads\/2025\/05\/montesquieuvolvestre_patrimoine_eglise_arcade@mariont-3-768x1024.jpg 768w, https:\/\/www.tourisme-volvestre.fr\/wp-content\/uploads\/2025\/05\/montesquieuvolvestre_patrimoine_eglise_arcade@mariont-3-1152x1536.jpg 1152w, https:\/\/www.tourisme-volvestre.fr\/wp-content\/uploads\/2025\/05\/montesquieuvolvestre_patrimoine_eglise_arcade@mariont-3-1536x2048.jpg 1536w\" sizes=\"auto, (max-width: 1920px) 100vw, 1920px\" \/><figcaption class=\"wp-element-caption\">@pierrehonor\u00e9<\/figcaption><\/figure>\n\n\n\n<div class=\"wp-block-group is-vertical is-content-justification-center is-nowrap is-layout-flex wp-container-core-group-is-layout-21d4e958 wp-block-group-is-layout-flex\">\n<p class=\"has-text-align-center has-hasthon-font-family has-small-font-size\"><strong><mark style=\"color:#77b342\" class=\"has-inline-color\">Montesquieu-Volvestre<\/mark><\/strong><\/p>\n\n\n\n<p class=\"has-text-align-center has-small-font-size\">La bastida medieval<\/p>\n<\/div>\n<\/div>\n\n\n\n<div class=\"wp-block-column is-layout-flow wp-block-column-is-layout-flow\">\n<figure class=\"wp-block-image aligncenter size-full is-style-rounded is-style-rounded--11\"><a href=\"https:\/\/www.calameo.com\/read\/0071118533cad153e767b\"><img loading=\"lazy\" decoding=\"async\" width=\"2560\" height=\"1702\" src=\"https:\/\/www.tourisme-volvestre.fr\/wp-content\/uploads\/2025\/04\/saintsulpicesurleze_moulindepesquies_paysage_patrimoine_sunset@lesphotosdalex_photographe-scaled.jpg\" alt=\"\" class=\"wp-image-1343\" style=\"aspect-ratio:1;object-fit:cover\" srcset=\"https:\/\/www.tourisme-volvestre.fr\/wp-content\/uploads\/2025\/04\/saintsulpicesurleze_moulindepesquies_paysage_patrimoine_sunset@lesphotosdalex_photographe-scaled.jpg 2560w, https:\/\/www.tourisme-volvestre.fr\/wp-content\/uploads\/2025\/04\/saintsulpicesurleze_moulindepesquies_paysage_patrimoine_sunset@lesphotosdalex_photographe-300x199.jpg 300w, https:\/\/www.tourisme-volvestre.fr\/wp-content\/uploads\/2025\/04\/saintsulpicesurleze_moulindepesquies_paysage_patrimoine_sunset@lesphotosdalex_photographe-1024x681.jpg 1024w, https:\/\/www.tourisme-volvestre.fr\/wp-content\/uploads\/2025\/04\/saintsulpicesurleze_moulindepesquies_paysage_patrimoine_sunset@lesphotosdalex_photographe-768x511.jpg 768w, https:\/\/www.tourisme-volvestre.fr\/wp-content\/uploads\/2025\/04\/saintsulpicesurleze_moulindepesquies_paysage_patrimoine_sunset@lesphotosdalex_photographe-1536x1021.jpg 1536w, https:\/\/www.tourisme-volvestre.fr\/wp-content\/uploads\/2025\/04\/saintsulpicesurleze_moulindepesquies_paysage_patrimoine_sunset@lesphotosdalex_photographe-2048x1362.jpg 2048w\" sizes=\"auto, (max-width: 2560px) 100vw, 2560px\" \/><\/a><figcaption class=\"wp-element-caption\">@alexphotographe<\/figcaption><\/figure>\n\n\n\n<div class=\"wp-block-group is-vertical is-content-justification-center is-nowrap is-layout-flex wp-container-core-group-is-layout-21d4e958 wp-block-group-is-layout-flex\">\n<p class=\"has-text-align-center has-hasthon-font-family has-small-font-size\"><strong><mark style=\"color:#77b342\" class=\"has-inline-color\">Saint-Sulpice-sur-L\u00e8ze<\/mark><\/strong><\/p>\n\n\n\n<p class=\"has-text-align-center has-small-font-size\">\u00a1Una visita obligada en el valle de L\u00e8ze!<\/p>\n<\/div>\n<\/div>\n\n\n\n<div class=\"wp-block-column is-layout-flow wp-block-column-is-layout-flow\">\n<figure class=\"wp-block-image aligncenter size-full is-style-rounded is-style-rounded--12\"><img loading=\"lazy\" decoding=\"async\" width=\"2048\" height=\"2560\" src=\"https:\/\/www.tourisme-volvestre.fr\/wp-content\/uploads\/2025\/08\/montbrunbocage_patrimoine_pansdebois@philippeboussion.jpg\" alt=\"\" class=\"wp-image-9425\" style=\"aspect-ratio:1;object-fit:cover\" srcset=\"https:\/\/www.tourisme-volvestre.fr\/wp-content\/uploads\/2025\/08\/montbrunbocage_patrimoine_pansdebois@philippeboussion.jpg 2048w, https:\/\/www.tourisme-volvestre.fr\/wp-content\/uploads\/2025\/08\/montbrunbocage_patrimoine_pansdebois@philippeboussion-240x300.jpg 240w, https:\/\/www.tourisme-volvestre.fr\/wp-content\/uploads\/2025\/08\/montbrunbocage_patrimoine_pansdebois@philippeboussion-819x1024.jpg 819w, https:\/\/www.tourisme-volvestre.fr\/wp-content\/uploads\/2025\/08\/montbrunbocage_patrimoine_pansdebois@philippeboussion-768x960.jpg 768w, https:\/\/www.tourisme-volvestre.fr\/wp-content\/uploads\/2025\/08\/montbrunbocage_patrimoine_pansdebois@philippeboussion-1229x1536.jpg 1229w, https:\/\/www.tourisme-volvestre.fr\/wp-content\/uploads\/2025\/08\/montbrunbocage_patrimoine_pansdebois@philippeboussion-1638x2048.jpg 1638w\" sizes=\"auto, (max-width: 2048px) 100vw, 2048px\" \/><figcaption class=\"wp-element-caption\">@philippeboussion<\/figcaption><\/figure>\n\n\n\n<div class=\"wp-block-group is-vertical is-content-justification-center is-nowrap is-layout-flex wp-container-core-group-is-layout-21d4e958 wp-block-group-is-layout-flex\">\n<p class=\"has-text-align-center has-hasthon-font-family has-small-font-size\"><strong><mark style=\"color:#77b342\" class=\"has-inline-color\">Montbrun-Bocage<\/mark><\/strong><\/p>\n\n\n\n<p class=\"has-text-align-center has-small-font-size\">Una casa de campo cerca de Ari\u00e8ge<\/p>\n<\/div>\n<\/div>\n\n\n\n<div class=\"wp-block-column is-layout-flow wp-block-column-is-layout-flow\">\n<figure class=\"wp-block-image aligncenter size-full is-style-rounded is-style-rounded--13\"><img loading=\"lazy\" decoding=\"async\" width=\"2560\" height=\"2560\" src=\"https:\/\/www.tourisme-volvestre.fr\/wp-content\/uploads\/2025\/05\/saintchristaud_paysage_patrimoine_eglise_ete@mathieucalviac-edited-1-scaled.jpg\" alt=\"\" class=\"wp-image-2105\" style=\"aspect-ratio:1;object-fit:cover\" srcset=\"https:\/\/www.tourisme-volvestre.fr\/wp-content\/uploads\/2025\/05\/saintchristaud_paysage_patrimoine_eglise_ete@mathieucalviac-edited-1-scaled.jpg 2560w, https:\/\/www.tourisme-volvestre.fr\/wp-content\/uploads\/2025\/05\/saintchristaud_paysage_patrimoine_eglise_ete@mathieucalviac-edited-1-300x300.jpg 300w, https:\/\/www.tourisme-volvestre.fr\/wp-content\/uploads\/2025\/05\/saintchristaud_paysage_patrimoine_eglise_ete@mathieucalviac-edited-1-1024x1024.jpg 1024w, https:\/\/www.tourisme-volvestre.fr\/wp-content\/uploads\/2025\/05\/saintchristaud_paysage_patrimoine_eglise_ete@mathieucalviac-edited-1-150x150.jpg 150w, https:\/\/www.tourisme-volvestre.fr\/wp-content\/uploads\/2025\/05\/saintchristaud_paysage_patrimoine_eglise_ete@mathieucalviac-edited-1-768x768.jpg 768w, https:\/\/www.tourisme-volvestre.fr\/wp-content\/uploads\/2025\/05\/saintchristaud_paysage_patrimoine_eglise_ete@mathieucalviac-edited-1-1536x1536.jpg 1536w, https:\/\/www.tourisme-volvestre.fr\/wp-content\/uploads\/2025\/05\/saintchristaud_paysage_patrimoine_eglise_ete@mathieucalviac-edited-1-2048x2048.jpg 2048w\" sizes=\"auto, (max-width: 2560px) 100vw, 2560px\" \/><figcaption class=\"wp-element-caption\">@mathieucalviac<\/figcaption><\/figure>\n\n\n\n<div class=\"wp-block-group is-vertical is-content-justification-center is-nowrap is-layout-flex wp-container-core-group-is-layout-63bfd6c1 wp-block-group-is-layout-flex\">\n<p class=\"has-text-align-center has-contrast-2-color has-text-color has-link-color has-hasthon-font-family has-small-font-size wp-elements-eed73bef555b49982c240a41e5f715c6\"><strong>Saint-Christaud<\/strong><\/p>\n\n\n\n<p class=\"has-text-align-center has-small-font-size\">Una joya escondida<\/p>\n<\/div>\n<\/div>\n\n\n\n<div class=\"wp-block-column is-layout-flow wp-block-column-is-layout-flow\">\n<figure class=\"wp-block-image aligncenter size-full is-style-rounded is-style-rounded--14\"><a href=\"https:\/\/www.calameo.com\/read\/00711185305011c02e076\"><img loading=\"lazy\" decoding=\"async\" width=\"1709\" height=\"2560\" src=\"https:\/\/www.tourisme-volvestre.fr\/wp-content\/uploads\/2025\/05\/longages_patrimoine_halles@pierrehonore-scaled.jpg\" alt=\"Lonja de Longages\" class=\"wp-image-2108\" style=\"aspect-ratio:1;object-fit:cover\" srcset=\"https:\/\/www.tourisme-volvestre.fr\/wp-content\/uploads\/2025\/05\/longages_patrimoine_halles@pierrehonore-scaled.jpg 1709w, https:\/\/www.tourisme-volvestre.fr\/wp-content\/uploads\/2025\/05\/longages_patrimoine_halles@pierrehonore-200x300.jpg 200w, https:\/\/www.tourisme-volvestre.fr\/wp-content\/uploads\/2025\/05\/longages_patrimoine_halles@pierrehonore-683x1024.jpg 683w, https:\/\/www.tourisme-volvestre.fr\/wp-content\/uploads\/2025\/05\/longages_patrimoine_halles@pierrehonore-768x1151.jpg 768w, https:\/\/www.tourisme-volvestre.fr\/wp-content\/uploads\/2025\/05\/longages_patrimoine_halles@pierrehonore-1025x1536.jpg 1025w, https:\/\/www.tourisme-volvestre.fr\/wp-content\/uploads\/2025\/05\/longages_patrimoine_halles@pierrehonore-1367x2048.jpg 1367w\" sizes=\"auto, (max-width: 1709px) 100vw, 1709px\" \/><\/a><figcaption class=\"wp-element-caption\">@pierrehonor\u00e9<\/figcaption><\/figure>\n\n\n\n<div class=\"wp-block-group is-vertical is-content-justification-center is-nowrap is-layout-flex wp-container-core-group-is-layout-63bfd6c1 wp-block-group-is-layout-flex\">\n<p class=\"has-text-align-center has-contrast-2-color has-text-color has-link-color has-hasthon-font-family has-small-font-size wp-elements-65f419483a202544c49002adfd4f9932\"><strong>Longages <\/strong><\/p>\n\n\n\n<p class=\"has-text-align-center has-small-font-size\">Muchas sorpresas inesperadas<\/p>\n<\/div>\n<\/div>\n\n\n\n<div class=\"wp-block-column is-layout-flow wp-block-column-is-layout-flow\">\n<figure class=\"wp-block-image aligncenter size-full is-style-rounded is-style-rounded--15\"><a href=\"https:\/\/www.calameo.com\/read\/00711185305011c02e076\"><img loading=\"lazy\" decoding=\"async\" width=\"2560\" height=\"2560\" src=\"https:\/\/www.tourisme-volvestre.fr\/wp-content\/uploads\/2025\/05\/noe_chateaudecapele_patrimoine@mathieucalviac-edited-scaled.jpg\" alt=\"Ch&#xE2;teau de Capele en No&#xE9; en Haute-Garonne\" class=\"wp-image-2117\" style=\"aspect-ratio:1;object-fit:cover\" srcset=\"https:\/\/www.tourisme-volvestre.fr\/wp-content\/uploads\/2025\/05\/noe_chateaudecapele_patrimoine@mathieucalviac-edited-scaled.jpg 2560w, https:\/\/www.tourisme-volvestre.fr\/wp-content\/uploads\/2025\/05\/noe_chateaudecapele_patrimoine@mathieucalviac-edited-300x300.jpg 300w, https:\/\/www.tourisme-volvestre.fr\/wp-content\/uploads\/2025\/05\/noe_chateaudecapele_patrimoine@mathieucalviac-edited-1024x1024.jpg 1024w, https:\/\/www.tourisme-volvestre.fr\/wp-content\/uploads\/2025\/05\/noe_chateaudecapele_patrimoine@mathieucalviac-edited-150x150.jpg 150w, https:\/\/www.tourisme-volvestre.fr\/wp-content\/uploads\/2025\/05\/noe_chateaudecapele_patrimoine@mathieucalviac-edited-768x768.jpg 768w, https:\/\/www.tourisme-volvestre.fr\/wp-content\/uploads\/2025\/05\/noe_chateaudecapele_patrimoine@mathieucalviac-edited-1536x1536.jpg 1536w, https:\/\/www.tourisme-volvestre.fr\/wp-content\/uploads\/2025\/05\/noe_chateaudecapele_patrimoine@mathieucalviac-edited-2048x2048.jpg 2048w\" sizes=\"auto, (max-width: 2560px) 100vw, 2560px\" \/><\/a><figcaption class=\"wp-element-caption\">@mathieucalviac<\/figcaption><\/figure>\n\n\n\n<div class=\"wp-block-group is-vertical is-content-justification-center is-nowrap is-layout-flex wp-container-core-group-is-layout-21d4e958 wp-block-group-is-layout-flex\">\n<p class=\"has-text-align-center has-contrast-2-color has-text-color has-link-color has-hasthon-font-family has-small-font-size wp-elements-d63fb08dbeeb24435dfd6ef9ffe522a5\"><strong>No\u00e9<\/strong><\/p>\n\n\n\n<p class=\"has-text-align-center has-small-font-size\">Un lugar de memoria<\/p>\n<\/div>\n<\/div>\n<\/div>\n\n\n\n<p><\/p>\n\n\n\n<hr class=\"wp-block-separator has-alpha-channel-opacity\" \/>\n\n\n\n<div class=\"wp-block-columns is-layout-flex wp-container-core-columns-is-layout-28f84493 wp-block-columns-is-layout-flex\">\n<div class=\"wp-block-column is-layout-flow wp-block-column-is-layout-flow\" style=\"flex-basis:33.33%\">\n<h2 class=\"wp-block-heading\">No\u00e9, un lugar de memoria<\/h2>\n\n\n\n<p>El campo de No\u00e9 acogi\u00f3 a miles de refugiados espa\u00f1oles que hu\u00edan de la Guerra Civil. En 1940, el campo fue elegido para alojar a los ancianos, enfermos y d\u00e9biles internos, as\u00ed como a sus familias, convirti\u00e9ndolo en un \u00abcampo hospital\u00bb.  <br \/><br \/>Las personas arrestadas por el r\u00e9gimen de Vichy fueron recluidas en este campo antes de ser enviadas a los campos de exterminio. Hoy en d\u00eda, quedan tres vestigios : la tribuna del estadio, la torre de agua y el actual ALSH. <br \/><br \/>En 2021 se inaugur\u00f3 un monumento en memoria de los deportados : <em>\u00ab Estos nombres grabados son parte integral de la historia de No\u00e9, un pasado que no pasa\u2026 \u00bb.<\/em><br \/><br \/>Explicaci\u00f3n del Memorial, a cargo de su arquitecto, Francis Berg\u00e9: \u00abLas 13 columnas representan a un grupo de humanos : hombres, mujeres y ni\u00f1os que marchan hacia la muerte, de los cuales solo percibimos una p\u00e1lida silueta que se desvanece con el tiempo. La barra inclinada a 45 grados confirma su desaparici\u00f3n. El alambre de p\u00faas evoca la unidad de los campos de concentraci\u00f3n de exterminio. Los 6 trapezoides, placas de granito rosa, corresponden a los 6 millones de jud\u00edos que murieron en la deportaci\u00f3n. Est\u00e1n escritos en franc\u00e9s, espa\u00f1ol, hebreo, alem\u00e1n, yidis e ingl\u00e9s\u00bb.<\/p>\n\n\n\n<div class=\"wp-block-buttons is-layout-flex wp-block-buttons-is-layout-flex\">\n<div class=\"wp-block-button\"><a class=\"wp-block-button__link wp-element-button\" href=\"https:\/\/www.calameo.com\/read\/00711185305011c02e076\" target=\"_blank\" rel=\"noreferrer noopener\">M\u00e1s informaci\u00f3n sobre No\u00e9<\/a><\/div>\n<\/div>\n<\/div>\n\n\n\n<div class=\"wp-block-column is-layout-flow wp-block-column-is-layout-flow\" style=\"flex-basis:66.66%\">\n<div class=\"wp-block-columns is-layout-flex wp-container-core-columns-is-layout-28f84493 wp-block-columns-is-layout-flex\">\n<div class=\"wp-block-column is-layout-flow wp-block-column-is-layout-flow\" style=\"flex-basis:100%\">\n<figure class=\"wp-block-image aligncenter size-large is-resized is-style-rounded wp-duotone-unset-17 is-style-rounded--16\"><a href=\"https:\/\/www.calameo.com\/read\/00711185305011c02e076\"><img loading=\"lazy\" decoding=\"async\" width=\"683\" height=\"1024\" src=\"https:\/\/www.tourisme-volvestre.fr\/wp-content\/uploads\/2025\/05\/noe_patrimoine_memorial_soleilloicbel-683x1024.jpg\" alt=\"Memorial de No&#xE9; por Francis Berg&#xE9;\" class=\"wp-image-2122\" style=\"width:586px;height:auto\" srcset=\"https:\/\/www.tourisme-volvestre.fr\/wp-content\/uploads\/2025\/05\/noe_patrimoine_memorial_soleilloicbel-683x1024.jpg 683w, https:\/\/www.tourisme-volvestre.fr\/wp-content\/uploads\/2025\/05\/noe_patrimoine_memorial_soleilloicbel-200x300.jpg 200w, https:\/\/www.tourisme-volvestre.fr\/wp-content\/uploads\/2025\/05\/noe_patrimoine_memorial_soleilloicbel-768x1152.jpg 768w, https:\/\/www.tourisme-volvestre.fr\/wp-content\/uploads\/2025\/05\/noe_patrimoine_memorial_soleilloicbel-1024x1536.jpg 1024w, https:\/\/www.tourisme-volvestre.fr\/wp-content\/uploads\/2025\/05\/noe_patrimoine_memorial_soleilloicbel-1365x2048.jpg 1365w, https:\/\/www.tourisme-volvestre.fr\/wp-content\/uploads\/2025\/05\/noe_patrimoine_memorial_soleilloicbel-scaled.jpg 1707w\" sizes=\"auto, (max-width: 683px) 100vw, 683px\" \/><\/a><figcaption class=\"wp-element-caption\">Memorial de No\u00e9 (31) @lo\u00efcbel<\/figcaption><\/figure>\n<\/div>\n<\/div>\n<\/div>\n<\/div>\n\n\n\n<div class=\"wp-block-group alignfull has-accent-4-background-color has-background has-global-padding is-layout-constrained wp-container-core-group-is-layout-ed5e8923 wp-block-group-is-layout-constrained\" style=\"margin-top:var(--wp--preset--spacing--20);margin-bottom:0;padding-top:var(--wp--preset--spacing--20);padding-right:var(--wp--preset--spacing--20);padding-bottom:var(--wp--preset--spacing--20);padding-left:var(--wp--preset--spacing--20)\">\n<h2 class=\"wp-block-heading has-text-align-center\">Tambi\u00e9n te puede <mark style=\"color:#1d1d1b\" class=\"has-inline-color\">interesar\u2026<\/mark><\/h2>\n\n\n\n<div class=\"wp-block-group has-global-padding is-layout-constrained wp-container-core-group-is-layout-c385debf wp-block-group-is-layout-constrained\" style=\"padding-top:var(--wp--preset--spacing--20);padding-right:var(--wp--preset--spacing--20);padding-bottom:var(--wp--preset--spacing--20);padding-left:var(--wp--preset--spacing--20)\">\n<div class=\"wp-block-columns is-layout-flex wp-container-core-columns-is-layout-28f84493 wp-block-columns-is-layout-flex\">\n<div class=\"wp-block-column is-layout-flow wp-block-column-is-layout-flow\">\n<figure class=\"wp-block-image aligncenter size-full has-custom-border\"><a href=\"https:\/\/www.tourisme-volvestre.fr\/podcast-historia-historias-de-gabriel-tamalet\/?lang=es\"><img loading=\"lazy\" decoding=\"async\" width=\"1080\" height=\"1350\" src=\"https:\/\/www.tourisme-volvestre.fr\/wp-content\/uploads\/2025\/06\/Histoire-Histoires.jpg\" alt=\"\" class=\"wp-image-3452\" style=\"border-radius:25px;aspect-ratio:1;object-fit:cover\" srcset=\"https:\/\/www.tourisme-volvestre.fr\/wp-content\/uploads\/2025\/06\/Histoire-Histoires.jpg 1080w, https:\/\/www.tourisme-volvestre.fr\/wp-content\/uploads\/2025\/06\/Histoire-Histoires-240x300.jpg 240w, https:\/\/www.tourisme-volvestre.fr\/wp-content\/uploads\/2025\/06\/Histoire-Histoires-819x1024.jpg 819w, https:\/\/www.tourisme-volvestre.fr\/wp-content\/uploads\/2025\/06\/Histoire-Histoires-768x960.jpg 768w\" sizes=\"auto, (max-width: 1080px) 100vw, 1080px\" \/><\/a><figcaption class=\"wp-element-caption\">@Gabriel Tamalet<\/figcaption><\/figure>\n\n\n\n<div class=\"wp-block-buttons is-content-justification-center is-layout-flex wp-container-core-buttons-is-layout-a89b3969 wp-block-buttons-is-layout-flex\">\n<div class=\"wp-block-button\"><a class=\"wp-block-button__link wp-element-button\" href=\"https:\/\/www.tourisme-volvestre.fr\/podcast-historia-historias-de-gabriel-tamalet\/?lang=es\">Podcast histoire-histoires<\/a><\/div>\n<\/div>\n<\/div>\n\n\n\n<div class=\"wp-block-column is-layout-flow wp-block-column-is-layout-flow\">\n<figure class=\"wp-block-image aligncenter size-full has-custom-border\"><a href=\"https:\/\/www.tourisme-volvestre.fr\/nuestros-pueblos-y-ciudades-del-volvestre\/?lang=es\"><img loading=\"lazy\" decoding=\"async\" width=\"2560\" height=\"1709\" src=\"https:\/\/www.tourisme-volvestre.fr\/wp-content\/uploads\/2025\/04\/montesquieuvolvestre_paysage_eglisesaintvictor_pri@pierrehonore-1-min-scaled.jpg\" alt=\"\" class=\"wp-image-1404\" style=\"border-radius:25px;aspect-ratio:1;object-fit:cover\" srcset=\"https:\/\/www.tourisme-volvestre.fr\/wp-content\/uploads\/2025\/04\/montesquieuvolvestre_paysage_eglisesaintvictor_pri@pierrehonore-1-min-scaled.jpg 2560w, https:\/\/www.tourisme-volvestre.fr\/wp-content\/uploads\/2025\/04\/montesquieuvolvestre_paysage_eglisesaintvictor_pri@pierrehonore-1-min-300x200.jpg 300w, https:\/\/www.tourisme-volvestre.fr\/wp-content\/uploads\/2025\/04\/montesquieuvolvestre_paysage_eglisesaintvictor_pri@pierrehonore-1-min-1024x683.jpg 1024w, https:\/\/www.tourisme-volvestre.fr\/wp-content\/uploads\/2025\/04\/montesquieuvolvestre_paysage_eglisesaintvictor_pri@pierrehonore-1-min-768x513.jpg 768w, https:\/\/www.tourisme-volvestre.fr\/wp-content\/uploads\/2025\/04\/montesquieuvolvestre_paysage_eglisesaintvictor_pri@pierrehonore-1-min-1536x1025.jpg 1536w\" sizes=\"auto, (max-width: 2560px) 100vw, 2560px\" \/><\/a><figcaption class=\"wp-element-caption\">Montesquieu-Volvestre @Pierre Honor\u00e9.<\/figcaption><\/figure>\n\n\n\n<div class=\"wp-block-buttons is-content-justification-center is-layout-flex wp-container-core-buttons-is-layout-a89b3969 wp-block-buttons-is-layout-flex\">\n<div class=\"wp-block-button\"><a class=\"wp-block-button__link wp-element-button\" href=\"https:\/\/www.tourisme-volvestre.fr\/nuestros-pueblos-y-ciudades-del-volvestre\/?lang=es\">Explorar nuestros pueblos y ciudades<\/a><\/div>\n<\/div>\n<\/div>\n\n\n\n<div class=\"wp-block-column is-layout-flow wp-block-column-is-layout-flow\">\n<figure class=\"wp-block-image aligncenter size-full has-custom-border\"><img loading=\"lazy\" decoding=\"async\" width=\"1882\" height=\"2366\" src=\"https:\/\/www.tourisme-volvestre.fr\/wp-content\/uploads\/2025\/08\/rieuxvolvestre-animation_visiteguidee_theatralisee_groupe_fig_sebastienriff@lisaot-2.jpeg\" alt=\"\" class=\"wp-image-9451\" style=\"border-radius:25px;aspect-ratio:1;object-fit:cover\" srcset=\"https:\/\/www.tourisme-volvestre.fr\/wp-content\/uploads\/2025\/08\/rieuxvolvestre-animation_visiteguidee_theatralisee_groupe_fig_sebastienriff@lisaot-2.jpeg 1882w, https:\/\/www.tourisme-volvestre.fr\/wp-content\/uploads\/2025\/08\/rieuxvolvestre-animation_visiteguidee_theatralisee_groupe_fig_sebastienriff@lisaot-2-239x300.jpeg 239w, https:\/\/www.tourisme-volvestre.fr\/wp-content\/uploads\/2025\/08\/rieuxvolvestre-animation_visiteguidee_theatralisee_groupe_fig_sebastienriff@lisaot-2-815x1024.jpeg 815w, https:\/\/www.tourisme-volvestre.fr\/wp-content\/uploads\/2025\/08\/rieuxvolvestre-animation_visiteguidee_theatralisee_groupe_fig_sebastienriff@lisaot-2-768x966.jpeg 768w, https:\/\/www.tourisme-volvestre.fr\/wp-content\/uploads\/2025\/08\/rieuxvolvestre-animation_visiteguidee_theatralisee_groupe_fig_sebastienriff@lisaot-2-1222x1536.jpeg 1222w, https:\/\/www.tourisme-volvestre.fr\/wp-content\/uploads\/2025\/08\/rieuxvolvestre-animation_visiteguidee_theatralisee_groupe_fig_sebastienriff@lisaot-2-1629x2048.jpeg 1629w\" sizes=\"auto, (max-width: 1882px) 100vw, 1882px\" \/><figcaption class=\"wp-element-caption\">Visita con S\u00e9bastien Riff @oti<\/figcaption><\/figure>\n\n\n\n<div class=\"wp-block-buttons is-content-justification-center is-layout-flex wp-container-core-buttons-is-layout-a89b3969 wp-block-buttons-is-layout-flex\">\n<div class=\"wp-block-button\"><a class=\"wp-block-button__link wp-element-button\" href=\"https:\/\/www.tourisme-volvestre.fr\/reservar-una-visita\/?lang=es\">Reservar una visita guiada<\/a><\/div>\n<\/div>\n<\/div>\n<\/div>\n<\/div>\n<\/div>\n<\/div>\n\n<p><\/p>\n","protected":false},"excerpt":{"rendered":"<p>Descubra el extraordinario patrimonio del Volvestre El Volvestre cautiva con su rico patrimonio, testimonio de su historia. Visitar el Volvestre sin explorar sus ruinas significa perderse lo que lo hace verdaderamente aut\u00e9ntico. Los pueblos etiquetados Un patrimonio t\u00edpico del sur de Toulouse Castillos y molinos, edificios con car\u00e1cter, iglesias y mercados medievales salpican la regi\u00f3n [&hellip;]<\/p>\n","protected":false},"author":3,"featured_media":1382,"parent":0,"menu_order":0,"comment_status":"closed","ping_status":"closed","template":"page-no-title","meta":{"_acf_changed":false,"inline_featured_image":false,"footnotes":""},"class_list":["post-9718","page","type-page","status-publish","has-post-thumbnail","hentry"],"acf":[],"yoast_head":"<!-- This site is optimized with the Yoast SEO plugin v27.3 - https:\/\/yoast.com\/product\/yoast-seo-wordpress\/ -->\n<title>Nuestro patrimonio - Volvestre Tourisme<\/title>\n<meta name=\"description\" content=\"Descubra el patrimonio del Volvestre. Desde Rieux-Volvestre hasta los encantadores pueblos vecinos, cada callejuela esconde una historia.\" \/>\n<meta name=\"robots\" content=\"index, follow, max-snippet:-1, max-image-preview:large, max-video-preview:-1\" \/>\n<link rel=\"canonical\" href=\"https:\/\/www.tourisme-volvestre.fr\/es\/nuestro-patrimonio\/\" \/>\n<meta property=\"og:locale\" content=\"es_ES\" \/>\n<meta property=\"og:type\" content=\"article\" \/>\n<meta property=\"og:title\" content=\"Nuestro patrimonio - Volvestre Tourisme\" \/>\n<meta property=\"og:description\" content=\"Descubra el patrimonio del Volvestre. Desde Rieux-Volvestre hasta los encantadores pueblos vecinos, cada callejuela esconde una historia.\" \/>\n<meta property=\"og:url\" content=\"https:\/\/www.tourisme-volvestre.fr\/es\/nuestro-patrimonio\/\" \/>\n<meta property=\"og:site_name\" content=\"Volvestre Tourisme\" \/>\n<meta property=\"article:publisher\" content=\"https:\/\/www.facebook.com\/TourismeVolvestre\" \/>\n<meta property=\"article:modified_time\" content=\"2025-09-01T09:43:36+00:00\" \/>\n<meta property=\"og:image\" content=\"https:\/\/www.tourisme-volvestre.fr\/wp-content\/uploads\/2025\/04\/rieuxvolvestre_patrimoine_pansdebois_fig_ete@thefrenchwanderers-1.jpg\" \/>\n\t<meta property=\"og:image:width\" content=\"1\" \/>\n\t<meta property=\"og:image:height\" content=\"1\" \/>\n\t<meta property=\"og:image:type\" content=\"image\/jpeg\" \/>\n<meta name=\"twitter:card\" content=\"summary_large_image\" \/>\n<meta name=\"twitter:label1\" content=\"Tiempo de lectura\" \/>\n\t<meta name=\"twitter:data1\" content=\"4 minutos\" \/>\n<script type=\"application\/ld+json\" class=\"yoast-schema-graph\">{\"@context\":\"https:\\\/\\\/schema.org\",\"@graph\":[{\"@type\":\"WebPage\",\"@id\":\"https:\\\/\\\/www.tourisme-volvestre.fr\\\/es\\\/nuestro-patrimonio\\\/\",\"url\":\"https:\\\/\\\/www.tourisme-volvestre.fr\\\/es\\\/nuestro-patrimonio\\\/\",\"name\":\"Nuestro patrimonio - Volvestre Tourisme\",\"isPartOf\":{\"@id\":\"https:\\\/\\\/www.tourisme-volvestre.fr\\\/es\\\/#website\"},\"primaryImageOfPage\":{\"@id\":\"https:\\\/\\\/www.tourisme-volvestre.fr\\\/es\\\/nuestro-patrimonio\\\/#primaryimage\"},\"image\":{\"@id\":\"https:\\\/\\\/www.tourisme-volvestre.fr\\\/es\\\/nuestro-patrimonio\\\/#primaryimage\"},\"thumbnailUrl\":\"https:\\\/\\\/www.tourisme-volvestre.fr\\\/wp-content\\\/uploads\\\/2025\\\/04\\\/rieuxvolvestre_patrimoine_pansdebois_fig_ete@thefrenchwanderers-1.jpg\",\"datePublished\":\"2025-05-14T12:11:18+00:00\",\"dateModified\":\"2025-09-01T09:43:36+00:00\",\"description\":\"Descubra el patrimonio del Volvestre. Desde Rieux-Volvestre hasta los encantadores pueblos vecinos, cada callejuela esconde una historia.\",\"breadcrumb\":{\"@id\":\"https:\\\/\\\/www.tourisme-volvestre.fr\\\/es\\\/nuestro-patrimonio\\\/#breadcrumb\"},\"inLanguage\":\"es\",\"potentialAction\":[{\"@type\":\"ReadAction\",\"target\":[\"https:\\\/\\\/www.tourisme-volvestre.fr\\\/es\\\/nuestro-patrimonio\\\/\"]}]},{\"@type\":\"ImageObject\",\"inLanguage\":\"es\",\"@id\":\"https:\\\/\\\/www.tourisme-volvestre.fr\\\/es\\\/nuestro-patrimonio\\\/#primaryimage\",\"url\":\"https:\\\/\\\/www.tourisme-volvestre.fr\\\/wp-content\\\/uploads\\\/2025\\\/04\\\/rieuxvolvestre_patrimoine_pansdebois_fig_ete@thefrenchwanderers-1.jpg\",\"contentUrl\":\"https:\\\/\\\/www.tourisme-volvestre.fr\\\/wp-content\\\/uploads\\\/2025\\\/04\\\/rieuxvolvestre_patrimoine_pansdebois_fig_ete@thefrenchwanderers-1.jpg\",\"caption\":\"Coeur historique de Rieux-Volvestre @thefrenchwanderers\"},{\"@type\":\"BreadcrumbList\",\"@id\":\"https:\\\/\\\/www.tourisme-volvestre.fr\\\/es\\\/nuestro-patrimonio\\\/#breadcrumb\",\"itemListElement\":[{\"@type\":\"ListItem\",\"position\":1,\"name\":\"Accueil\",\"item\":\"https:\\\/\\\/www.tourisme-volvestre.fr\\\/es\\\/?lang=es\"},{\"@type\":\"ListItem\",\"position\":2,\"name\":\"Nuestro patrimonio\"}]},{\"@type\":\"WebSite\",\"@id\":\"https:\\\/\\\/www.tourisme-volvestre.fr\\\/es\\\/#website\",\"url\":\"https:\\\/\\\/www.tourisme-volvestre.fr\\\/es\\\/\",\"name\":\"Volvestre Tourisme\",\"description\":\"\",\"publisher\":{\"@id\":\"https:\\\/\\\/www.tourisme-volvestre.fr\\\/es\\\/#organization\"},\"alternateName\":\"OT Volvestre\",\"potentialAction\":[{\"@type\":\"SearchAction\",\"target\":{\"@type\":\"EntryPoint\",\"urlTemplate\":\"https:\\\/\\\/www.tourisme-volvestre.fr\\\/es\\\/?s={search_term_string}\"},\"query-input\":{\"@type\":\"PropertyValueSpecification\",\"valueRequired\":true,\"valueName\":\"search_term_string\"}}],\"inLanguage\":\"es\"},{\"@type\":\"Organization\",\"@id\":\"https:\\\/\\\/www.tourisme-volvestre.fr\\\/es\\\/#organization\",\"name\":\"Volvestre Tourisme\",\"url\":\"https:\\\/\\\/www.tourisme-volvestre.fr\\\/es\\\/\",\"logo\":{\"@type\":\"ImageObject\",\"inLanguage\":\"es\",\"@id\":\"https:\\\/\\\/www.tourisme-volvestre.fr\\\/es\\\/#\\\/schema\\\/logo\\\/image\\\/\",\"url\":\"https:\\\/\\\/www.tourisme-volvestre.fr\\\/wp-content\\\/uploads\\\/2025\\\/02\\\/logo-site.png\",\"contentUrl\":\"https:\\\/\\\/www.tourisme-volvestre.fr\\\/wp-content\\\/uploads\\\/2025\\\/02\\\/logo-site.png\",\"width\":152,\"height\":152,\"caption\":\"Volvestre Tourisme\"},\"image\":{\"@id\":\"https:\\\/\\\/www.tourisme-volvestre.fr\\\/es\\\/#\\\/schema\\\/logo\\\/image\\\/\"},\"sameAs\":[\"https:\\\/\\\/www.facebook.com\\\/TourismeVolvestre\",\"https:\\\/\\\/www.instagram.com\\\/tourismevolvestre\"]}]}<\/script>\n<!-- \/ Yoast SEO plugin. -->","yoast_head_json":{"title":"Nuestro patrimonio - Volvestre Tourisme","description":"Descubra el patrimonio del Volvestre. Desde Rieux-Volvestre hasta los encantadores pueblos vecinos, cada callejuela esconde una historia.","robots":{"index":"index","follow":"follow","max-snippet":"max-snippet:-1","max-image-preview":"max-image-preview:large","max-video-preview":"max-video-preview:-1"},"canonical":"https:\/\/www.tourisme-volvestre.fr\/es\/nuestro-patrimonio\/","og_locale":"es_ES","og_type":"article","og_title":"Nuestro patrimonio - Volvestre Tourisme","og_description":"Descubra el patrimonio del Volvestre. Desde Rieux-Volvestre hasta los encantadores pueblos vecinos, cada callejuela esconde una historia.","og_url":"https:\/\/www.tourisme-volvestre.fr\/es\/nuestro-patrimonio\/","og_site_name":"Volvestre Tourisme","article_publisher":"https:\/\/www.facebook.com\/TourismeVolvestre","article_modified_time":"2025-09-01T09:43:36+00:00","og_image":[{"url":"https:\/\/www.tourisme-volvestre.fr\/wp-content\/uploads\/2025\/04\/rieuxvolvestre_patrimoine_pansdebois_fig_ete@thefrenchwanderers-1.jpg","width":1,"height":1,"type":"image\/jpeg"}],"twitter_card":"summary_large_image","twitter_misc":{"Tiempo de lectura":"4 minutos"},"schema":{"@context":"https:\/\/schema.org","@graph":[{"@type":"WebPage","@id":"https:\/\/www.tourisme-volvestre.fr\/es\/nuestro-patrimonio\/","url":"https:\/\/www.tourisme-volvestre.fr\/es\/nuestro-patrimonio\/","name":"Nuestro patrimonio - Volvestre Tourisme","isPartOf":{"@id":"https:\/\/www.tourisme-volvestre.fr\/es\/#website"},"primaryImageOfPage":{"@id":"https:\/\/www.tourisme-volvestre.fr\/es\/nuestro-patrimonio\/#primaryimage"},"image":{"@id":"https:\/\/www.tourisme-volvestre.fr\/es\/nuestro-patrimonio\/#primaryimage"},"thumbnailUrl":"https:\/\/www.tourisme-volvestre.fr\/wp-content\/uploads\/2025\/04\/rieuxvolvestre_patrimoine_pansdebois_fig_ete@thefrenchwanderers-1.jpg","datePublished":"2025-05-14T12:11:18+00:00","dateModified":"2025-09-01T09:43:36+00:00","description":"Descubra el patrimonio del Volvestre. Desde Rieux-Volvestre hasta los encantadores pueblos vecinos, cada callejuela esconde una historia.","breadcrumb":{"@id":"https:\/\/www.tourisme-volvestre.fr\/es\/nuestro-patrimonio\/#breadcrumb"},"inLanguage":"es","potentialAction":[{"@type":"ReadAction","target":["https:\/\/www.tourisme-volvestre.fr\/es\/nuestro-patrimonio\/"]}]},{"@type":"ImageObject","inLanguage":"es","@id":"https:\/\/www.tourisme-volvestre.fr\/es\/nuestro-patrimonio\/#primaryimage","url":"https:\/\/www.tourisme-volvestre.fr\/wp-content\/uploads\/2025\/04\/rieuxvolvestre_patrimoine_pansdebois_fig_ete@thefrenchwanderers-1.jpg","contentUrl":"https:\/\/www.tourisme-volvestre.fr\/wp-content\/uploads\/2025\/04\/rieuxvolvestre_patrimoine_pansdebois_fig_ete@thefrenchwanderers-1.jpg","caption":"Coeur historique de Rieux-Volvestre @thefrenchwanderers"},{"@type":"BreadcrumbList","@id":"https:\/\/www.tourisme-volvestre.fr\/es\/nuestro-patrimonio\/#breadcrumb","itemListElement":[{"@type":"ListItem","position":1,"name":"Accueil","item":"https:\/\/www.tourisme-volvestre.fr\/es\/?lang=es"},{"@type":"ListItem","position":2,"name":"Nuestro patrimonio"}]},{"@type":"WebSite","@id":"https:\/\/www.tourisme-volvestre.fr\/es\/#website","url":"https:\/\/www.tourisme-volvestre.fr\/es\/","name":"Volvestre Tourisme","description":"","publisher":{"@id":"https:\/\/www.tourisme-volvestre.fr\/es\/#organization"},"alternateName":"OT Volvestre","potentialAction":[{"@type":"SearchAction","target":{"@type":"EntryPoint","urlTemplate":"https:\/\/www.tourisme-volvestre.fr\/es\/?s={search_term_string}"},"query-input":{"@type":"PropertyValueSpecification","valueRequired":true,"valueName":"search_term_string"}}],"inLanguage":"es"},{"@type":"Organization","@id":"https:\/\/www.tourisme-volvestre.fr\/es\/#organization","name":"Volvestre Tourisme","url":"https:\/\/www.tourisme-volvestre.fr\/es\/","logo":{"@type":"ImageObject","inLanguage":"es","@id":"https:\/\/www.tourisme-volvestre.fr\/es\/#\/schema\/logo\/image\/","url":"https:\/\/www.tourisme-volvestre.fr\/wp-content\/uploads\/2025\/02\/logo-site.png","contentUrl":"https:\/\/www.tourisme-volvestre.fr\/wp-content\/uploads\/2025\/02\/logo-site.png","width":152,"height":152,"caption":"Volvestre Tourisme"},"image":{"@id":"https:\/\/www.tourisme-volvestre.fr\/es\/#\/schema\/logo\/image\/"},"sameAs":["https:\/\/www.facebook.com\/TourismeVolvestre","https:\/\/www.instagram.com\/tourismevolvestre"]}]}},"_links":{"self":[{"href":"https:\/\/www.tourisme-volvestre.fr\/es\/wp-json\/wp\/v2\/pages\/9718","targetHints":{"allow":["GET"]}}],"collection":[{"href":"https:\/\/www.tourisme-volvestre.fr\/es\/wp-json\/wp\/v2\/pages"}],"about":[{"href":"https:\/\/www.tourisme-volvestre.fr\/es\/wp-json\/wp\/v2\/types\/page"}],"author":[{"embeddable":true,"href":"https:\/\/www.tourisme-volvestre.fr\/es\/wp-json\/wp\/v2\/users\/3"}],"replies":[{"embeddable":true,"href":"https:\/\/www.tourisme-volvestre.fr\/es\/wp-json\/wp\/v2\/comments?post=9718"}],"version-history":[{"count":5,"href":"https:\/\/www.tourisme-volvestre.fr\/es\/wp-json\/wp\/v2\/pages\/9718\/revisions"}],"predecessor-version":[{"id":9802,"href":"https:\/\/www.tourisme-volvestre.fr\/es\/wp-json\/wp\/v2\/pages\/9718\/revisions\/9802"}],"wp:featuredmedia":[{"embeddable":true,"href":"https:\/\/www.tourisme-volvestre.fr\/es\/wp-json\/wp\/v2\/media\/1382"}],"wp:attachment":[{"href":"https:\/\/www.tourisme-volvestre.fr\/es\/wp-json\/wp\/v2\/media?parent=9718"}],"curies":[{"name":"wp","href":"https:\/\/api.w.org\/{rel}","templated":true}]}}